{"id":2762,"date":"2017-03-12T06:45:10","date_gmt":"2017-03-12T06:45:10","guid":{"rendered":"http:\/\/reendex.via-theme.com\/?page_id=2762"},"modified":"2017-03-12T06:45:10","modified_gmt":"2017-03-12T06:45:10","slug":"north-america","status":"publish","type":"page","link":"https:\/\/tva.cv\/index.php\/world\/north-america\/","title":{"rendered":"North America"},"content":{"rendered":"<p>[vc_row css=&#8221;.vc_custom_1505592050222{padding-bottom: 0px !important;}&#8221;][vc_column]\t\t<div class=\"outer-rss \"> \n\t\t\t<div class=\"breaking-ribbon\"> \n\t\t\t\t<h4>US Breaking News<\/h4> \n\t\t\t<\/div><!-- \/.breaking-ribbon -->\n\t\t\t<div class=\"newsticker-rss\">  \n\t\t\t\t\t\t\t\t\n\n\t\t\t\t\t<div class=\"news-ticker-rss\">\n<div class=\"ticker-wrap ticker-style-modern\" data-id=\"ticker-tab-\"><p><strong>Erro de RSS:<\/strong> WP HTTP Error: N\u00e3o foi fornecido um URL v\u00e1lido.<\/p><\/div>\n\n\t\t\t\t\t\t<div class=\"navi\"> \n\t\t\t\t\t\t\t<button class=\"up\">\n\t\t\t\t\t\t\t\t<i class=\"fa fa-caret-left\"><\/i>\n\t\t\t\t\t\t\t<\/button>                                     \n\t\t\t\t\t\t\t<button class=\"down\">\n\t\t\t\t\t\t\t\t<i class=\"fa fa-caret-right\"><\/i>\n\t\t\t\t\t\t\t<\/button>                                     \n\t\t\t\t\t\t<\/div>\n\t\t\t\t\t<\/div>\n\t\t\t\t\t\n\t\t\t\t\t\n\t\t\t<\/div><!-- \/.newsticker-rss -->\n\t\t<\/div><!-- \/.outer-rss -->    \n\t\t[\/vc_column][\/vc_row][vc_row full_width=&#8221;stretch_row&#8221; css=&#8221;.vc_custom_1505501554910{padding-top: 0px !important;background-color: #fcfcfc !important;}&#8221;][vc_column offset=&#8221;vc_col-lg-8 vc_col-md-12&#8243;]\t\t<div class=\"\">\n\t\t\t<div class=\"flexslider\">\n\t\t\t\t<ul class=\"slides\">\n\t\t\t\t\t\t\t\t\t\t<li>\n\t\t\t\t\t\t\t<img width=\"820\" height=\"440\" src=\"https:\/\/tva.cv\/wp-content\/uploads\/2026\/04\/China-em-Foco-Ep.5.00_00_00_00.Still001-820x440.png\" class=\"attachment-reendex_news6_thumb_1 size-reendex_news6_thumb_1 wp-post-image\" alt=\"\" loading=\"lazy\" \/>\t\t\t\t\t\t\t\t\t\t\t\t\t\t<div class=\"meta\">\n\t\t\t\t\t\t\t<h3><a href=\"https:\/\/tva.cv\/index.php\/2026\/04\/30\/episodio-5-china-em-foco\/\" target=\"_self\">Epis\u00f3dio 5: China em Foco.<\/a><\/h3>\n\t\t\t\t\t\t\t\t\t\t\t\t\t\t\t\t\t\t\t\t\t\t\t\t\t\t\t\t\t\t\t<h4 class='slider-day'>2026-04-30 5:23PM<\/h4>\n\t\t\t\t\t\t\t\t\t\n\t\t\t\t\t\t\t\t\t\t\t\t\t\t<\/div><!-- \/.meta -->\n\t\t\t\t\t\t<\/li>\n\t\t\t\t\t\t\t\t\t\t\t<li>\n\t\t\t\t\t\t\t<img width=\"820\" height=\"440\" src=\"https:\/\/tva.cv\/wp-content\/uploads\/2026\/04\/Dia-dos-Trabalhadores.00_00_23_08.Still001-820x440.png\" class=\"attachment-reendex_news6_thumb_1 size-reendex_news6_thumb_1 wp-post-image\" alt=\"\" loading=\"lazy\" \/>\t\t\t\t\t\t\t\t\t\t\t\t\t\t<div class=\"meta\">\n\t\t\t\t\t\t\t<h3><a href=\"https:\/\/tva.cv\/index.php\/2026\/04\/30\/dia-dos-trabalhadores-trabalhadores-destacam-desafios-e-apelam-a-melhores-condicoes-laborais\/\" target=\"_self\">Dia dos Trabalhadores: Trabalhadores destacam desafios e apelam a melhores condi\u00e7\u00f5es laborais.<\/a><\/h3>\n\t\t\t\t\t\t\t\t\t\t\t\t\t\t\t\t\t\t\t\t\t\t\t\t\t\t\t\t\t\t\t<h4 class='slider-day'>2026-04-30 5:19PM<\/h4>\n\t\t\t\t\t\t\t\t\t\n\t\t\t\t\t\t\t\t\t\t\t\t\t\t<\/div><!-- \/.meta -->\n\t\t\t\t\t\t<\/li>\n\t\t\t\t\t\t\t\t\t\t\t<li>\n\t\t\t\t\t\t\t<img width=\"820\" height=\"440\" src=\"https:\/\/tva.cv\/wp-content\/uploads\/2026\/04\/Djunta-Mo-Soncent-by-Rede-Cabo-Verde-Diaspora.00_00_07_12.Still001-820x440.png\" class=\"attachment-reendex_news6_thumb_1 size-reendex_news6_thumb_1 wp-post-image\" alt=\"\" loading=\"lazy\" \/>\t\t\t\t\t\t\t\t\t\t\t\t\t\t<div class=\"meta\">\n\t\t\t\t\t\t\t<h3><a href=\"https:\/\/tva.cv\/index.php\/2026\/04\/30\/djunta-mo-soncent-by-rede-cabo-verde-diaspora-apoia-cidadaos-afetados-pela-tempestade-erin\/\" target=\"_self\">Djunta Mo Soncent by Rede Cabo Verde Di\u00e1spora apoia cidad\u00e3os afetados pela tempestade Erin.<\/a><\/h3>\n\t\t\t\t\t\t\t\t\t\t\t\t\t\t\t\t\t\t\t\t\t\t\t\t\t\t\t\t\t\t\t<h4 class='slider-day'>2026-04-30 5:17PM<\/h4>\n\t\t\t\t\t\t\t\t\t\n\t\t\t\t\t\t\t\t\t\t\t\t\t\t<\/div><!-- \/.meta -->\n\t\t\t\t\t\t<\/li>\n\t\t\t\t\t\t\t\t\t\t\t<li>\n\t\t\t\t\t\t\t<img width=\"820\" height=\"440\" src=\"https:\/\/tva.cv\/wp-content\/uploads\/2026\/04\/Praia-assinala-o-168.00_00_45_04.Still001-820x440.png\" class=\"attachment-reendex_news6_thumb_1 size-reendex_news6_thumb_1 wp-post-image\" alt=\"\" loading=\"lazy\" \/>\t\t\t\t\t\t\t\t\t\t\t\t\t\t<div class=\"meta\">\n\t\t\t\t\t\t\t<h3><a href=\"https:\/\/tva.cv\/index.php\/2026\/04\/30\/praia-assinala-o-168-o-aniversario\/\" target=\"_self\">Praia assinala o 168.\u00ba anivers\u00e1rio<\/a><\/h3>\n\t\t\t\t\t\t\t\t\t\t\t\t\t\t\t\t\t\t\t\t\t\t\t\t\t\t\t\t\t\t\t<h4 class='slider-day'>2026-04-30 5:15PM<\/h4>\n\t\t\t\t\t\t\t\t\t\n\t\t\t\t\t\t\t\t\t\t\t\t\t\t<\/div><!-- \/.meta -->\n\t\t\t\t\t\t<\/li>\n\t\t\t\t\t\t\t\t\t<\/ul><!-- \/.slides -->\n\t\t\t<\/div><!-- \/.flexslider -->\n\t\t<\/div> \n\t\t[\/vc_column][vc_column offset=&#8221;vc_col-lg-4 vc_col-md-12&#8243; css=&#8221;.vc_custom_1516639422294{margin-bottom: -30px !important;}&#8221;]\t\t<div class=\"sidebar-block\">\n\t\t\t<div class=\"sidebar-schedule mb-30\">\n\t\t\t\t            \n\t\t\t\t<div id=\"sidebar-schedule-slider\" class=\"owl-carousel\">\n\t\t\t\t\t\t\t\t\t\t\t<div class=\"sidebar-schedule-slide\"> \n\t\t\t\t\t\t\t<div class=\"sidebar-schedule-slider-layer\"> \n\t\t\t\t\t\t\t\t<div class=\"content\"> \n\t\t\t\t\t\t\t\t\t<h3 class=\"hour-tag\">2:45<\/h3> \n\t\t\t\t\t\t\t\t\t<h4 class=\"sidebar-show-title bg-1\"><a href=\"https:\/\/tva.cv\/index.php\/tv_schedule\/world-news\/\" target=\"_self\">World News<\/a><\/h4>\n\t\t\t\t\t\t\t\t\t<p><a href=\"https:\/\/tva.cv\/index.php\/tv_schedule\/world-news\/\" target=\"_self\">Join Reendex for a night of news. Kerry. bring you the news that matters to you!<\/a><\/p>\n\t\t\t\t\t\t\t\t<\/div>                                                     \n\t\t\t\t\t\t\t\t<img width=\"400\" height=\"288\" src=\"https:\/\/tva.cv\/wp-content\/uploads\/2017\/03\/watch_576x288-image10-400x288.jpg\" class=\"img-responsive img-not-lazy wp-post-image\" alt=\"\" loading=\"lazy\" \/>\t\t\t\t\t\t\t<\/div><!-- \/.sidebar-schedule-slider-layer -->                                             \n\t\t\t\t\t\t<\/div><!-- \/.sidebar-schedule-slide -->\n\t\t\t\t\t\t\t\t\t\t\t<div class=\"sidebar-schedule-slide\"> \n\t\t\t\t\t\t\t<div class=\"sidebar-schedule-slider-layer\"> \n\t\t\t\t\t\t\t\t<div class=\"content\"> \n\t\t\t\t\t\t\t\t\t<h3 class=\"hour-tag\">1:05<\/h3> \n\t\t\t\t\t\t\t\t\t<h4 class=\"sidebar-show-title bg-1\"><a href=\"https:\/\/tva.cv\/index.php\/tv_schedule\/the-late-talk-show-with-k-c\/\" target=\"_self\">The Late Talk Show with K C<\/a><\/h4>\n\t\t\t\t\t\t\t\t\t<p><a href=\"https:\/\/tva.cv\/index.php\/tv_schedule\/the-late-talk-show-with-k-c\/\" target=\"_self\">Find out who this week&#8217;s guests are on &#8220;The Late Talk Show with K C&#8221;!&#8230;<\/a><\/p>\n\t\t\t\t\t\t\t\t<\/div>                                                     \n\t\t\t\t\t\t\t\t<img width=\"400\" height=\"288\" src=\"https:\/\/tva.cv\/wp-content\/uploads\/2017\/02\/index_824x412-image11-400x288.jpg\" class=\"img-responsive img-not-lazy wp-post-image\" alt=\"\" loading=\"lazy\" \/>\t\t\t\t\t\t\t<\/div><!-- \/.sidebar-schedule-slider-layer -->                                             \n\t\t\t\t\t\t<\/div><!-- \/.sidebar-schedule-slide -->\n\t\t\t\t\t\t\t\t\t\t\t<div class=\"sidebar-schedule-slide\"> \n\t\t\t\t\t\t\t<div class=\"sidebar-schedule-slider-layer\"> \n\t\t\t\t\t\t\t\t<div class=\"content\"> \n\t\t\t\t\t\t\t\t\t<h3 class=\"hour-tag\">23:00<\/h3> \n\t\t\t\t\t\t\t\t\t<h4 class=\"sidebar-show-title bg-1\"><a href=\"https:\/\/tva.cv\/index.php\/tv_schedule\/news-insight\/\" target=\"_self\">News Insight<\/a><\/h4>\n\t\t\t\t\t\t\t\t\t<p><a href=\"https:\/\/tva.cv\/index.php\/tv_schedule\/news-insight\/\" target=\"_self\">Get the context behind the news and find out how it will affect of the world.<\/a><\/p>\n\t\t\t\t\t\t\t\t<\/div>                                                     \n\t\t\t\t\t\t\t\t<img width=\"400\" height=\"288\" src=\"https:\/\/tva.cv\/wp-content\/uploads\/2017\/03\/index_824x412-image17-400x288.jpg\" class=\"img-responsive img-not-lazy wp-post-image\" alt=\"\" loading=\"lazy\" \/>\t\t\t\t\t\t\t<\/div><!-- \/.sidebar-schedule-slider-layer -->                                             \n\t\t\t\t\t\t<\/div><!-- \/.sidebar-schedule-slide -->\n\t\t\t\t\t\t\t\t\t\t\t<div class=\"sidebar-schedule-slide\"> \n\t\t\t\t\t\t\t<div class=\"sidebar-schedule-slider-layer\"> \n\t\t\t\t\t\t\t\t<div class=\"content\"> \n\t\t\t\t\t\t\t\t\t<h3 class=\"hour-tag\">22:00<\/h3> \n\t\t\t\t\t\t\t\t\t<h4 class=\"sidebar-show-title bg-1\"><a href=\"https:\/\/tva.cv\/index.php\/tv_schedule\/reendex-at-ten\/\" target=\"_self\">Reendex at Ten<\/a><\/h4>\n\t\t\t\t\t\t\t\t\t<p><a href=\"https:\/\/tva.cv\/index.php\/tv_schedule\/reendex-at-ten\/\" target=\"_self\">Latest National and International news, with reports correspondents worldwide.<\/a><\/p>\n\t\t\t\t\t\t\t\t<\/div>                                                     \n\t\t\t\t\t\t\t\t<img width=\"400\" height=\"288\" src=\"https:\/\/tva.cv\/wp-content\/uploads\/2017\/03\/news-store_576x288-image11-400x288.jpg\" class=\"img-responsive img-not-lazy wp-post-image\" alt=\"\" loading=\"lazy\" \/>\t\t\t\t\t\t\t<\/div><!-- \/.sidebar-schedule-slider-layer -->                                             \n\t\t\t\t\t\t<\/div><!-- \/.sidebar-schedule-slide -->\n\t\t\t\t\t\t\t\t\t<\/div><!-- \/#sidebar-schedule-slider -->\n\t\t\t<\/div><!-- \/.sidebar-schedule -->\n\t\t<\/div><!-- \/.sidebar-block -->\n\t\t\t\t<div class=\"sidebar-social-icons aside\"> \n\t\t\t                                   \n\t\t\t\t<div class=\"sidebar-social-icons-inner\"> \n\t\t\t\t\t<h5>Stay Connected<\/h5> \n\t\t\t\t<\/div>                                     \n\t\t\t                                     \n\t\t\t<div class=\"sidebar-social-icons-wrapper\">\n\t\t\t\t<ul>\n\t\t\t\t\t \n\t\t\t\t\t\t<li> \n\t\t\t\t\t\t\t<a class=\"facebook\" href=\"#\" target=\"_self\">\n\t\t\t\t\t\t\t\t<i class=\"fa fa-facebook\"><\/i>\n\t\t\t\t\t\t\t<\/a> \n\t\t\t\t\t\t<\/li>                                         \n\t\t\t\t\t \n\t\t\t\t\t\t<li> \n\t\t\t\t\t\t\t<a class=\"youtube\" href=\"#\" target=\"_self\">\n\t\t\t\t\t\t\t\t<i class=\"fa fa-youtube\"><\/i>\n\t\t\t\t\t\t\t<\/a> \n\t\t\t\t\t\t<\/li>                                         \n\t\t\t\t\t \n\t\t\t\t\t\t<li> \n\t\t\t\t\t\t\t<a class=\"twitter\" href=\"#\" target=\"_self\">\n\t\t\t\t\t\t\t\t<i class=\"fa fa-twitter\"><\/i>\n\t\t\t\t\t\t\t<\/a> \n\t\t\t\t\t\t<\/li>                                         \n\t\t\t\t\t \n\t\t\t\t\t\t<li> \n\t\t\t\t\t\t\t<a class=\"linkedin\" href=\"#\" target=\"_self\">\n\t\t\t\t\t\t\t\t<i class=\"fa fa-linkedin\"><\/i>\n\t\t\t\t\t\t\t<\/a> \n\t\t\t\t\t\t<\/li>                                         \n\t\t\t\t\t \n\t\t\t\t\t\t<li> \n\t\t\t\t\t\t\t<a class=\"pinterest\" href=\"#\" target=\"_self\">\n\t\t\t\t\t\t\t\t<i class=\"fa fa-pinterest\"><\/i>\n\t\t\t\t\t\t\t<\/a> \n\t\t\t\t\t\t<\/li>                                         \n\t\t\t\t\t \n\t\t\t\t\t\t<li> \n\t\t\t\t\t\t\t<a class=\"google-plus\" href=\"#\" target=\"_self\">\n\t\t\t\t\t\t\t\t<i class=\"fa fa-google-plus\"><\/i>\n\t\t\t\t\t\t\t<\/a> \n\t\t\t\t\t\t<\/li>                                         \n\t\t\t\t\t \n\t\t\t\t\t\t<li> \n\t\t\t\t\t\t\t<a class=\"rss\" href=\"#\" target=\"_self\">\n\t\t\t\t\t\t\t\t<i class=\"fa fa-rss\"><\/i>\n\t\t\t\t\t\t\t<\/a> \n\t\t\t\t\t\t<\/li>                                         \n\t\t\t\t\t \n\t\t\t\t\t\t<li> \n\t\t\t\t\t\t\t<a class=\"tumblr\" href=\"#\" target=\"_self\">\n\t\t\t\t\t\t\t\t<i class=\"fa fa-tumblr\"><\/i>\n\t\t\t\t\t\t\t<\/a> \n\t\t\t\t\t\t<\/li>                                         \n\t\t\t\t\t                                        \n\t\t\t\t<\/ul>\n\t\t\t<\/div><!-- \/.sidebar-social-icons-wrapper -->\n\t\t<\/div><!-- \/.sidebar-social-icons -->\n\t\t[\/vc_column][\/vc_row][vc_row full_width=&#8221;stretch_row&#8221; css=&#8221;.vc_custom_1516217598893{margin-bottom: -35px !important;background-color: #ececed !important;}&#8221;][vc_column]\t\t<div class=\"section-header-left \">\n\t\t\t<h2 class=\"section-title-left\">North America News is LIVE online<span class=\"dot\">.<\/span><\/h2>\n\t\t\t\t\t\t\t<h4 class=\"section-subtitle\">Get the latest Northern America news from Reendex News in North America: breaking news, features, analysis and special reports plus audio and video from across the Northern America.<\/h4>\n\t\t\t\t\t<\/div><!-- \/.section-header-left -->\n\t\t[\/vc_column][\/vc_row][vc_row full_width=&#8221;stretch_row&#8221; css=&#8221;.vc_custom_1509048300871{background-color: #ececed !important;}&#8221; el_class=&#8221;visible&#8221;][vc_column offset=&#8221;vc_col-lg-8 vc_col-md-12&#8243; el_class=&#8221;sticky-module&#8221;]\t\t<div class=\"\n\t\t\t\">\n\t\t\t\t\t\t\t \n\t\t\t\t\t<div class=\"module-title\">\n\t\t\t\t\t\t \n\t\t\t\t\t\t\t<h3 class=\"title\">\n\t\t\t\t\t\t\t\t<span class=\"bg-1\" style=\"\n\t\t\t\t\t\t\t\t\tbackground-color:#d4000e;\">\n\t\t\t\t\t\t\t\t\tUSA Today\t\t\t\t\t\t\t\t<\/span>\n\t\t\t\t\t\t\t<\/h3>\n\t\t\t\t\t\t\t\t\t\t\t\t  \n\t\t\t\t\t\t\t<h3 class=\"subtitle\">Latest News in details<\/h3>\n\t\t\t\t\t\t \n\t\t\t\t\t<\/div>\n\t\t\t\t\t\t\t<div class=\"article\">\n\t\t\t\t\t\t\t\t\t<div class=\"entry-block\">\n\t\t\t\t\t\t<div class=\"entry-image\">\n\t\t\t\t\t\t\t<a href=\"https:\/\/tva.cv\/index.php\/2022\/03\/29\/cmp-vai-ter-plataforma-de-investimento-da-diaspora-cabo-verdiana\/\" class=\"img-link\" target=\"_self\">\n\t\t\t\t\t\t\t\t\t\t\t\t\t\t\t\t\t\t\t\t\t\t\t<\/a>\n\t\t\t\t\t\t\t\t\t\t\t\t\t\t\t\t\t\t\t\t<span>\n\t\t\t\t\t\t\t\t\t\t\t\t\t\t<a class=\"label-5\" href=\"https:\/\/tva.cv\/index.php\/tag\/diaspora\/\" target=\"_self\">\n\t\t\t\t\t\t\t\t\t\t\t\t\t\t\tDiaspora\t\t\t\t\t\t\t\t\t\t\t\t\t\t<\/a>\n\t\t\t\t\t\t\t\t\t\t\t\t\t<\/span>\n\t\t\t\t\t\t\t\t\t\t\t\t\t\t\t\t\t\t\t\t\t\n\t\t\t\t\t\t<\/div><!-- \/.image -->\t\t\t\t\t\t\n\t\t\t\t\t\t<div class=\"entry-content\">\n\t\t\t\t\t\t\t\t\t\t\t\t\t\t\t<div class=\"title-left title-style04 underline04\"> \n\t\t\t\t\t\t\t\t\t<h3>\n\t\t\t\t\t\t\t\t\t\t<a href=\"https:\/\/tva.cv\/index.php\/2022\/03\/29\/cmp-vai-ter-plataforma-de-investimento-da-diaspora-cabo-verdiana\/\" target=\"_self\">CMP Plataforma de...<\/a>\n\t\t\t\t\t\t\t\t\t<\/h3> \n\t\t\t\t\t\t\t\t<\/div>\n\t\t\t\t\t\t\t\t\t\t\t\t\t        \n\t\t\t\t\t\t\t\t\t\t\t\t\t\t\t<p class=\"meta-date\">\n\t\t\t\t\t\t\t\t\t<i class=\"fa fa-clock-o\"><\/i>\n\t\t\t\t\t\t\t\t\t\t\t\t\t\t\t\t\t\t\t<span class=\"day\">abr 26, 2022<\/span>\n\t\t\t\t\t\t\t\t\t\t<span class=\"hour\">5:22 pm<\/span>\n\t\t\t\t\t\t\t\t\t\t\t\t\t\t\t\t\t<\/p>\n\t\t\t\t\t\t\t\t\t\t\t\t\t\t\t\t\t\t\t\t\t\t<p class=\"external-link\"><a href=\"https:\/\/tva.cv\/index.php\/2022\/03\/29\/cmp-vai-ter-plataforma-de-investimento-da-diaspora-cabo-verdiana\/\" target=\"_self\">\ufeff A C\u00e2mara Municipal da Praia, em parceria com a empresa portuguesa&#8230;<\/a><\/p>\n\t\t\t\t\t\t\t\t\t\t\t\t\t\t\t\n\t\t\t\t\t\t\t<div>\n\t\t\t\t\t\t\t\t\t\t\t\t\t\t\t\t\t<a href=\"https:\/\/tva.cv\/index.php\/2022\/03\/29\/cmp-vai-ter-plataforma-de-investimento-da-diaspora-cabo-verdiana\/\" target=\"_self\">\n\t\t\t\t\t\t\t\t\t\t<span class=\"read-more\">\n\t\t\t\t\t\t\t\t\t\t\tContinue reading\t\t\t\t\t\t\t\t\t\t<\/span>\n\t\t\t\t\t\t\t\t\t<\/a>\n\t\t\t\t\t\t\t\t\t\t\t\t\t\t\t<\/div>\n\t\t\t\t\t\t<\/div><!-- \/.entry-content -->\n\t\t\t\t\t<\/div><!-- \/.entry-block -->\n\t\t\t\t\t\t\t\t\t<div class=\"entry-block\">\n\t\t\t\t\t\t<div class=\"entry-image\">\n\t\t\t\t\t\t\t<a href=\"https:\/\/tva.cv\/index.php\/2022\/03\/30\/cmp-vai-construir-centro-comunitario-em-agua-funda\/\" class=\"img-link\" target=\"_self\">\n\t\t\t\t\t\t\t\t\t\t\t\t\t\t\t\t\t\t\t\t\t\t\t<\/a>\n\t\t\t\t\t\t\t\t\t\t\t\t\t\t\t\t\t\t\t\t<span>\n\t\t\t\t\t\t\t\t\t\t\t\t\t\t<a class=\"label-6\" href=\"https:\/\/tva.cv\/index.php\/tag\/agua\/\" target=\"_self\">\n\t\t\t\t\t\t\t\t\t\t\t\t\t\t\tAgua\t\t\t\t\t\t\t\t\t\t\t\t\t\t<\/a>\n\t\t\t\t\t\t\t\t\t\t\t\t\t<\/span>\n\t\t\t\t\t\t\t\t\t\t\t\t\t\t\t\t\t\t\t\t\t\n\t\t\t\t\t\t<\/div><!-- \/.image -->\t\t\t\t\t\t\n\t\t\t\t\t\t<div class=\"entry-content\">\n\t\t\t\t\t\t\t\t\t\t\t\t\t\t\t<div class=\"title-left title-style04 underline04\"> \n\t\t\t\t\t\t\t\t\t<h3>\n\t\t\t\t\t\t\t\t\t\t<a href=\"https:\/\/tva.cv\/index.php\/2022\/03\/30\/cmp-vai-construir-centro-comunitario-em-agua-funda\/\" target=\"_self\">CMP vai construir...<\/a>\n\t\t\t\t\t\t\t\t\t<\/h3> \n\t\t\t\t\t\t\t\t<\/div>\n\t\t\t\t\t\t\t\t\t\t\t\t\t        \n\t\t\t\t\t\t\t\t\t\t\t\t\t\t\t<p class=\"meta-date\">\n\t\t\t\t\t\t\t\t\t<i class=\"fa fa-clock-o\"><\/i>\n\t\t\t\t\t\t\t\t\t\t\t\t\t\t\t\t\t\t\t<span class=\"day\">abr 26, 2022<\/span>\n\t\t\t\t\t\t\t\t\t\t<span class=\"hour\">5:28 pm<\/span>\n\t\t\t\t\t\t\t\t\t\t\t\t\t\t\t\t\t<\/p>\n\t\t\t\t\t\t\t\t\t\t\t\t\t\t\t\t\t\t\t\t\t\t<p class=\"external-link\"><a href=\"https:\/\/tva.cv\/index.php\/2022\/03\/30\/cmp-vai-construir-centro-comunitario-em-agua-funda\/\" target=\"_self\">Moradores e profissionais da \u00e1rea de Constru\u00e7\u00e3o Civil da Comunidade&#8230;<\/a><\/p>\n\t\t\t\t\t\t\t\t\t\t\t\t\t\t\t\n\t\t\t\t\t\t\t<div>\n\t\t\t\t\t\t\t\t\t\t\t\t\t\t\t\t\t<a href=\"https:\/\/tva.cv\/index.php\/2022\/03\/30\/cmp-vai-construir-centro-comunitario-em-agua-funda\/\" target=\"_self\">\n\t\t\t\t\t\t\t\t\t\t<span class=\"read-more\">\n\t\t\t\t\t\t\t\t\t\t\tContinue reading\t\t\t\t\t\t\t\t\t\t<\/span>\n\t\t\t\t\t\t\t\t\t<\/a>\n\t\t\t\t\t\t\t\t\t\t\t\t\t\t\t<\/div>\n\t\t\t\t\t\t<\/div><!-- \/.entry-content -->\n\t\t\t\t\t<\/div><!-- \/.entry-block -->\n\t\t\t\t\t\t\t\t\t<div class=\"entry-block\">\n\t\t\t\t\t\t<div class=\"entry-image\">\n\t\t\t\t\t\t\t<a href=\"https:\/\/tva.cv\/index.php\/2022\/04\/12\/ine-lanca-inquerito-as-despesas-e-receitas-familiares\/\" class=\"img-link\" target=\"_self\">\n\t\t\t\t\t\t\t\t\t\t\t\t\t\t\t\t\t\t\t\t\t\t\t<\/a>\n\t\t\t\t\t\t\t\t\t\t\t\t\t\t\t\t\n\t\t\t\t\t\t<\/div><!-- \/.image -->\t\t\t\t\t\t\n\t\t\t\t\t\t<div class=\"entry-content\">\n\t\t\t\t\t\t\t\t\t\t\t\t\t\t\t<div class=\"title-left title-style04 underline04\"> \n\t\t\t\t\t\t\t\t\t<h3>\n\t\t\t\t\t\t\t\t\t\t<a href=\"https:\/\/tva.cv\/index.php\/2022\/04\/12\/ine-lanca-inquerito-as-despesas-e-receitas-familiares\/\" target=\"_self\">INE lan\u00e7a Inqu\u00e9rito...<\/a>\n\t\t\t\t\t\t\t\t\t<\/h3> \n\t\t\t\t\t\t\t\t<\/div>\n\t\t\t\t\t\t\t\t\t\t\t\t\t        \n\t\t\t\t\t\t\t\t\t\t\t\t\t\t\t<p class=\"meta-date\">\n\t\t\t\t\t\t\t\t\t<i class=\"fa fa-clock-o\"><\/i>\n\t\t\t\t\t\t\t\t\t\t\t\t\t\t\t\t\t\t\t<span class=\"day\">abr 26, 2022<\/span>\n\t\t\t\t\t\t\t\t\t\t<span class=\"hour\">5:29 pm<\/span>\n\t\t\t\t\t\t\t\t\t\t\t\t\t\t\t\t\t<\/p>\n\t\t\t\t\t\t\t\t\t\t\t\t\t\t\t\t\t\t\t\t\t\t<p class=\"external-link\"><a href=\"https:\/\/tva.cv\/index.php\/2022\/04\/12\/ine-lanca-inquerito-as-despesas-e-receitas-familiares\/\" target=\"_self\">\ufeff Determinar o n\u00edvel da pobreza em toda a dimens\u00e3o, em termos de pobreza&#8230;<\/a><\/p>\n\t\t\t\t\t\t\t\t\t\t\t\t\t\t\t\n\t\t\t\t\t\t\t<div>\n\t\t\t\t\t\t\t\t\t\t\t\t\t\t\t\t\t<a href=\"https:\/\/tva.cv\/index.php\/2022\/04\/12\/ine-lanca-inquerito-as-despesas-e-receitas-familiares\/\" target=\"_self\">\n\t\t\t\t\t\t\t\t\t\t<span class=\"read-more\">\n\t\t\t\t\t\t\t\t\t\t\tContinue reading\t\t\t\t\t\t\t\t\t\t<\/span>\n\t\t\t\t\t\t\t\t\t<\/a>\n\t\t\t\t\t\t\t\t\t\t\t\t\t\t\t<\/div>\n\t\t\t\t\t\t<\/div><!-- \/.entry-content -->\n\t\t\t\t\t<\/div><!-- \/.entry-block -->\n\t\t\t\t\t\t\t\t\t<div class=\"entry-block\">\n\t\t\t\t\t\t<div class=\"entry-image\">\n\t\t\t\t\t\t\t<a href=\"https:\/\/tva.cv\/index.php\/2022\/04\/13\/cmp-homenageia-pugilista-sifonelo-borges\/\" class=\"img-link\" target=\"_self\">\n\t\t\t\t\t\t\t\t<img width=\"1920\" height=\"1080\" src=\"https:\/\/tva.cv\/wp-content\/uploads\/2022\/04\/vlcsnap-2022-04-13-09h49m52s758.png\" class=\"img-responsive img-full wp-post-image\" alt=\"\" loading=\"lazy\" srcset=\"https:\/\/tva.cv\/wp-content\/uploads\/2022\/04\/vlcsnap-2022-04-13-09h49m52s758.png 1920w, https:\/\/tva.cv\/wp-content\/uploads\/2022\/04\/vlcsnap-2022-04-13-09h49m52s758-300x169.png 300w, https:\/\/tva.cv\/wp-content\/uploads\/2022\/04\/vlcsnap-2022-04-13-09h49m52s758-1024x576.png 1024w, https:\/\/tva.cv\/wp-content\/uploads\/2022\/04\/vlcsnap-2022-04-13-09h49m52s758-768x432.png 768w, https:\/\/tva.cv\/wp-content\/uploads\/2022\/04\/vlcsnap-2022-04-13-09h49m52s758-1536x864.png 1536w, https:\/\/tva.cv\/wp-content\/uploads\/2022\/04\/vlcsnap-2022-04-13-09h49m52s758-822x462.png 822w\" sizes=\"(max-width: 1920px) 100vw, 1920px\" \/>\t\t\t\t\t\t\t\t\t\t\t\t\t\t\t<\/a>\n\t\t\t\t\t\t\t\t\t\t\t\t\t\t\t\t\n\t\t\t\t\t\t<\/div><!-- \/.image -->\t\t\t\t\t\t\n\t\t\t\t\t\t<div class=\"entry-content\">\n\t\t\t\t\t\t\t\t\t\t\t\t\t\t\t<div class=\"title-left title-style04 underline04\"> \n\t\t\t\t\t\t\t\t\t<h3>\n\t\t\t\t\t\t\t\t\t\t<a href=\"https:\/\/tva.cv\/index.php\/2022\/04\/13\/cmp-homenageia-pugilista-sifonelo-borges\/\" target=\"_self\">CMP homenageia pugilista...<\/a>\n\t\t\t\t\t\t\t\t\t<\/h3> \n\t\t\t\t\t\t\t\t<\/div>\n\t\t\t\t\t\t\t\t\t\t\t\t\t        \n\t\t\t\t\t\t\t\t\t\t\t\t\t\t\t<p class=\"meta-date\">\n\t\t\t\t\t\t\t\t\t<i class=\"fa fa-clock-o\"><\/i>\n\t\t\t\t\t\t\t\t\t\t\t\t\t\t\t\t\t\t\t<span class=\"day\">abr 26, 2022<\/span>\n\t\t\t\t\t\t\t\t\t\t<span class=\"hour\">6:19 pm<\/span>\n\t\t\t\t\t\t\t\t\t\t\t\t\t\t\t\t\t<\/p>\n\t\t\t\t\t\t\t\t\t\t\t\t\t\t\t\t\t\t\t\t\t\t<p class=\"external-link\"><a href=\"https:\/\/tva.cv\/index.php\/2022\/04\/13\/cmp-homenageia-pugilista-sifonelo-borges\/\" target=\"_self\">\ufeff O pugilista cabo-verdiano, Sifonelo Borges foi homenageado esta segunda-feira,&#8230;<\/a><\/p>\n\t\t\t\t\t\t\t\t\t\t\t\t\t\t\t\n\t\t\t\t\t\t\t<div>\n\t\t\t\t\t\t\t\t\t\t\t\t\t\t\t\t\t<a href=\"https:\/\/tva.cv\/index.php\/2022\/04\/13\/cmp-homenageia-pugilista-sifonelo-borges\/\" target=\"_self\">\n\t\t\t\t\t\t\t\t\t\t<span class=\"read-more\">\n\t\t\t\t\t\t\t\t\t\t\tContinue reading\t\t\t\t\t\t\t\t\t\t<\/span>\n\t\t\t\t\t\t\t\t\t<\/a>\n\t\t\t\t\t\t\t\t\t\t\t\t\t\t\t<\/div>\n\t\t\t\t\t\t<\/div><!-- \/.entry-content -->\n\t\t\t\t\t<\/div><!-- \/.entry-block -->\n\t\t\t\t\t\t\t\t\t<div class=\"entry-block\">\n\t\t\t\t\t\t<div class=\"entry-image\">\n\t\t\t\t\t\t\t<a href=\"https:\/\/tva.cv\/index.php\/2022\/04\/13\/vendedeiras-pedem-dinheiro-investido-na-compra-de-lojas-no-mercado-de-coco\/\" class=\"img-link\" target=\"_self\">\n\t\t\t\t\t\t\t\t<img width=\"1920\" height=\"1080\" src=\"https:\/\/tva.cv\/wp-content\/uploads\/2022\/04\/vlcsnap-2022-04-13-10h03m59s671.png\" class=\"img-responsive img-full wp-post-image\" alt=\"\" loading=\"lazy\" srcset=\"https:\/\/tva.cv\/wp-content\/uploads\/2022\/04\/vlcsnap-2022-04-13-10h03m59s671.png 1920w, https:\/\/tva.cv\/wp-content\/uploads\/2022\/04\/vlcsnap-2022-04-13-10h03m59s671-300x169.png 300w, https:\/\/tva.cv\/wp-content\/uploads\/2022\/04\/vlcsnap-2022-04-13-10h03m59s671-1024x576.png 1024w, https:\/\/tva.cv\/wp-content\/uploads\/2022\/04\/vlcsnap-2022-04-13-10h03m59s671-768x432.png 768w, https:\/\/tva.cv\/wp-content\/uploads\/2022\/04\/vlcsnap-2022-04-13-10h03m59s671-1536x864.png 1536w, https:\/\/tva.cv\/wp-content\/uploads\/2022\/04\/vlcsnap-2022-04-13-10h03m59s671-822x462.png 822w\" sizes=\"(max-width: 1920px) 100vw, 1920px\" \/>\t\t\t\t\t\t\t\t\t\t\t\t\t\t\t<\/a>\n\t\t\t\t\t\t\t\t\t\t\t\t\t\t\t\t\n\t\t\t\t\t\t<\/div><!-- \/.image -->\t\t\t\t\t\t\n\t\t\t\t\t\t<div class=\"entry-content\">\n\t\t\t\t\t\t\t\t\t\t\t\t\t\t\t<div class=\"title-left title-style04 underline04\"> \n\t\t\t\t\t\t\t\t\t<h3>\n\t\t\t\t\t\t\t\t\t\t<a href=\"https:\/\/tva.cv\/index.php\/2022\/04\/13\/vendedeiras-pedem-dinheiro-investido-na-compra-de-lojas-no-mercado-de-coco\/\" target=\"_self\">Vendedeiras pedem dinheiro...<\/a>\n\t\t\t\t\t\t\t\t\t<\/h3> \n\t\t\t\t\t\t\t\t<\/div>\n\t\t\t\t\t\t\t\t\t\t\t\t\t        \n\t\t\t\t\t\t\t\t\t\t\t\t\t\t\t<p class=\"meta-date\">\n\t\t\t\t\t\t\t\t\t<i class=\"fa fa-clock-o\"><\/i>\n\t\t\t\t\t\t\t\t\t\t\t\t\t\t\t\t\t\t\t<span class=\"day\">abr 14, 2022<\/span>\n\t\t\t\t\t\t\t\t\t\t<span class=\"hour\">10:34 am<\/span>\n\t\t\t\t\t\t\t\t\t\t\t\t\t\t\t\t\t<\/p>\n\t\t\t\t\t\t\t\t\t\t\t\t\t\t\t\t\t\t\t\t\t\t<p class=\"external-link\"><a href=\"https:\/\/tva.cv\/index.php\/2022\/04\/13\/vendedeiras-pedem-dinheiro-investido-na-compra-de-lojas-no-mercado-de-coco\/\" target=\"_self\">\ufeff O pol\u00e9mico mercado de coco voltou a ser assunto de debate na Assembleia&#8230;<\/a><\/p>\n\t\t\t\t\t\t\t\t\t\t\t\t\t\t\t\n\t\t\t\t\t\t\t<div>\n\t\t\t\t\t\t\t\t\t\t\t\t\t\t\t\t\t<a href=\"https:\/\/tva.cv\/index.php\/2022\/04\/13\/vendedeiras-pedem-dinheiro-investido-na-compra-de-lojas-no-mercado-de-coco\/\" target=\"_self\">\n\t\t\t\t\t\t\t\t\t\t<span class=\"read-more\">\n\t\t\t\t\t\t\t\t\t\t\tContinue reading\t\t\t\t\t\t\t\t\t\t<\/span>\n\t\t\t\t\t\t\t\t\t<\/a>\n\t\t\t\t\t\t\t\t\t\t\t\t\t\t\t<\/div>\n\t\t\t\t\t\t<\/div><!-- \/.entry-content -->\n\t\t\t\t\t<\/div><!-- \/.entry-block -->\n\t\t\t\t\t\t\t\t\t<div class=\"entry-block\">\n\t\t\t\t\t\t<div class=\"entry-image\">\n\t\t\t\t\t\t\t<a href=\"https:\/\/tva.cv\/index.php\/2022\/04\/13\/cv-recebe-mais-de-3700-pedidos-de-residencia-de-estrangeiros\/\" class=\"img-link\" target=\"_self\">\n\t\t\t\t\t\t\t\t<img width=\"1920\" height=\"1080\" src=\"https:\/\/tva.cv\/wp-content\/uploads\/2022\/04\/vlcsnap-2022-04-13-10h15m50s008.png\" class=\"img-responsive img-full wp-post-image\" alt=\"\" loading=\"lazy\" srcset=\"https:\/\/tva.cv\/wp-content\/uploads\/2022\/04\/vlcsnap-2022-04-13-10h15m50s008.png 1920w, https:\/\/tva.cv\/wp-content\/uploads\/2022\/04\/vlcsnap-2022-04-13-10h15m50s008-300x169.png 300w, https:\/\/tva.cv\/wp-content\/uploads\/2022\/04\/vlcsnap-2022-04-13-10h15m50s008-1024x576.png 1024w, https:\/\/tva.cv\/wp-content\/uploads\/2022\/04\/vlcsnap-2022-04-13-10h15m50s008-768x432.png 768w, https:\/\/tva.cv\/wp-content\/uploads\/2022\/04\/vlcsnap-2022-04-13-10h15m50s008-1536x864.png 1536w, https:\/\/tva.cv\/wp-content\/uploads\/2022\/04\/vlcsnap-2022-04-13-10h15m50s008-822x462.png 822w\" sizes=\"(max-width: 1920px) 100vw, 1920px\" \/>\t\t\t\t\t\t\t\t\t\t\t\t\t\t\t<\/a>\n\t\t\t\t\t\t\t\t\t\t\t\t\t\t\t\t\n\t\t\t\t\t\t<\/div><!-- \/.image -->\t\t\t\t\t\t\n\t\t\t\t\t\t<div class=\"entry-content\">\n\t\t\t\t\t\t\t\t\t\t\t\t\t\t\t<div class=\"title-left title-style04 underline04\"> \n\t\t\t\t\t\t\t\t\t<h3>\n\t\t\t\t\t\t\t\t\t\t<a href=\"https:\/\/tva.cv\/index.php\/2022\/04\/13\/cv-recebe-mais-de-3700-pedidos-de-residencia-de-estrangeiros\/\" target=\"_self\">CV  recebe...<\/a>\n\t\t\t\t\t\t\t\t\t<\/h3> \n\t\t\t\t\t\t\t\t<\/div>\n\t\t\t\t\t\t\t\t\t\t\t\t\t        \n\t\t\t\t\t\t\t\t\t\t\t\t\t\t\t<p class=\"meta-date\">\n\t\t\t\t\t\t\t\t\t<i class=\"fa fa-clock-o\"><\/i>\n\t\t\t\t\t\t\t\t\t\t\t\t\t\t\t\t\t\t\t<span class=\"day\">abr 14, 2022<\/span>\n\t\t\t\t\t\t\t\t\t\t<span class=\"hour\">10:33 am<\/span>\n\t\t\t\t\t\t\t\t\t\t\t\t\t\t\t\t\t<\/p>\n\t\t\t\t\t\t\t\t\t\t\t\t\t\t\t\t\t\t\t\t\t\t<p class=\"external-link\"><a href=\"https:\/\/tva.cv\/index.php\/2022\/04\/13\/cv-recebe-mais-de-3700-pedidos-de-residencia-de-estrangeiros\/\" target=\"_self\">\ufeff O ministro da Administra\u00e7\u00e3o Interna assegurou esta ter\u00e7a-feira&#8230;<\/a><\/p>\n\t\t\t\t\t\t\t\t\t\t\t\t\t\t\t\n\t\t\t\t\t\t\t<div>\n\t\t\t\t\t\t\t\t\t\t\t\t\t\t\t\t\t<a href=\"https:\/\/tva.cv\/index.php\/2022\/04\/13\/cv-recebe-mais-de-3700-pedidos-de-residencia-de-estrangeiros\/\" target=\"_self\">\n\t\t\t\t\t\t\t\t\t\t<span class=\"read-more\">\n\t\t\t\t\t\t\t\t\t\t\tContinue reading\t\t\t\t\t\t\t\t\t\t<\/span>\n\t\t\t\t\t\t\t\t\t<\/a>\n\t\t\t\t\t\t\t\t\t\t\t\t\t\t\t<\/div>\n\t\t\t\t\t\t<\/div><!-- \/.entry-content -->\n\t\t\t\t\t<\/div><!-- \/.entry-block -->\n\t\t\t\t\t\t\t<\/div><!-- \/.article --> \n\t\t<\/div> \n\t\t[\/vc_column][vc_column offset=&#8221;vc_col-lg-4 vc_col-md-12&#8243;]\t\t\t\t\t<div class=\"\n\t\t\t\ttitle-style02\"\n\t\t\t\tstyle=\"\n\t\t\t\t\tmargin-bottom:30px;\"> \n\t\t\t\t<h3>Watch Live 24\/7<\/h3> \n\t\t\t<\/div>\n\t\t\t\t<div class=\"sidebar-newsfeed\n\t\t\t\"> \n\t\t\t<div class=\"\n\t\t\t\tnewsfeed-6\">\n\t\t\t\t \n\t\t\t\t<ul class=\"flex-module\"> \n\t\t\t\t\t\t\t\t\t\t\t<li> \n\t\t\t\t\t\t\t<div class=\"item\">\n\t\t\t\t\t\t\t\t \n\t\t\t\t\t\t\t\t\t<div class=\"item-image\">\n\t\t\t\t\t\t\t\t\t\t<a class=\"img-link\" href=\"https:\/\/tva.cv\/index.php\/2026\/04\/30\/episodio-5-china-em-foco\/\">\n\t\t\t\t\t\t\t\t\t\t\t<img width=\"400\" height=\"200\" src=\"https:\/\/tva.cv\/wp-content\/uploads\/2026\/04\/China-em-Foco-Ep.5.00_00_00_00.Still001-400x200.png\" class=\"img-responsive img-full wp-post-image\" alt=\"\" loading=\"lazy\" srcset=\"https:\/\/tva.cv\/wp-content\/uploads\/2026\/04\/China-em-Foco-Ep.5.00_00_00_00.Still001-400x200.png 400w, https:\/\/tva.cv\/wp-content\/uploads\/2026\/04\/China-em-Foco-Ep.5.00_00_00_00.Still001-576x288.png 576w\" sizes=\"(max-width: 400px) 100vw, 400px\" \/>\t\t\t\t\t\t\t\t\t\t\t\t\t\t\t\t\t\t\t\t\t<\/a>\n\t\t\t\t\t\t\t\t\t<\/div><!-- \/.item-image -->\n\t\t\t\t\t\t\t\t \n\t\t\t\t\t\t\t\t<div class=\"item-content text\">\n\t\t\t\t\t\t\t\t\t \n\t\t\t\t\t\t\t\t\t\t<h4 class=\"ellipsis\">\n\t\t\t\t\t\t\t\t\t\t\t<a href=\"https:\/\/tva.cv\/index.php\/2026\/04\/30\/episodio-5-china-em-foco\/\" target=\"_self\">\n\t\t\t\t\t\t\t\t\t\t\t\tEpis\u00f3dio 5: China\t\t\t\t\t\t\t\t\t\t\t\t\t\t\t\t\t\t\t\t\t\t\t\n\t\t\t\t\t\t\t\t\t\t\t<\/a>\n\t\t\t\t\t\t\t\t\t\t<\/h4>\n\t\t\t\t\t\t\t\t\t\t\t\t\t\t\t\t\t\t \n\t\t\t\t\t\t\t\t\t\t<p><a class=\"text-concat\" href=\"https:\/\/tva.cv\/index.php\/2026\/04\/30\/episodio-5-china-em-foco\/\">Uma produ\u00e7\u00e3o especial do Grupo de M\u00eddia da China e da TVA. Venha conhecer o Oriente e todos os aspectos da China.<\/a><a href=\"https:\/\/tva.cv\/index.php\/2026\/04\/30\/episodio-5-china-em-foco\/\" target=\"_self\"><span>Read more...<\/span><\/a><\/p>\n\t\t\t\t\t\t\t\t\t\t\t\t\t\t\t\t\t<\/div><!-- \/.item-content text -->                                                    \n\t\t\t\t\t\t\t<\/div><!-- \/.item -->                                                \n\t\t\t\t\t\t<\/li>\n\t\t\t\t\t\t\t\t\t\t\t<li> \n\t\t\t\t\t\t\t<div class=\"item\">\n\t\t\t\t\t\t\t\t \n\t\t\t\t\t\t\t\t\t<div class=\"item-image\">\n\t\t\t\t\t\t\t\t\t\t<a class=\"img-link\" href=\"https:\/\/tva.cv\/index.php\/2026\/04\/30\/dia-dos-trabalhadores-trabalhadores-destacam-desafios-e-apelam-a-melhores-condicoes-laborais\/\">\n\t\t\t\t\t\t\t\t\t\t\t<img width=\"400\" height=\"200\" src=\"https:\/\/tva.cv\/wp-content\/uploads\/2026\/04\/Dia-dos-Trabalhadores.00_00_23_08.Still001-400x200.png\" class=\"img-responsive img-full wp-post-image\" alt=\"\" loading=\"lazy\" srcset=\"https:\/\/tva.cv\/wp-content\/uploads\/2026\/04\/Dia-dos-Trabalhadores.00_00_23_08.Still001-400x200.png 400w, https:\/\/tva.cv\/wp-content\/uploads\/2026\/04\/Dia-dos-Trabalhadores.00_00_23_08.Still001-576x288.png 576w\" sizes=\"(max-width: 400px) 100vw, 400px\" \/>\t\t\t\t\t\t\t\t\t\t\t\t\t\t\t\t\t\t\t\t\t<\/a>\n\t\t\t\t\t\t\t\t\t<\/div><!-- \/.item-image -->\n\t\t\t\t\t\t\t\t \n\t\t\t\t\t\t\t\t<div class=\"item-content text\">\n\t\t\t\t\t\t\t\t\t \n\t\t\t\t\t\t\t\t\t\t<h4 class=\"ellipsis\">\n\t\t\t\t\t\t\t\t\t\t\t<a href=\"https:\/\/tva.cv\/index.php\/2026\/04\/30\/dia-dos-trabalhadores-trabalhadores-destacam-desafios-e-apelam-a-melhores-condicoes-laborais\/\" target=\"_self\">\n\t\t\t\t\t\t\t\t\t\t\t\tDia dos Trabalhadores:\t\t\t\t\t\t\t\t\t\t\t\t\t\t\t\t\t\t\t\t\t\t\t\n\t\t\t\t\t\t\t\t\t\t\t<\/a>\n\t\t\t\t\t\t\t\t\t\t<\/h4>\n\t\t\t\t\t\t\t\t\t\t\t\t\t\t\t\t\t\t \n\t\t\t\t\t\t\t\t\t\t<p><a class=\"text-concat\" href=\"https:\/\/tva.cv\/index.php\/2026\/04\/30\/dia-dos-trabalhadores-trabalhadores-destacam-desafios-e-apelam-a-melhores-condicoes-laborais\/\">O Dia do Trabalhador, celebrado a 1 de maio em Cabo Verde, assinala a import\u00e2ncia do contributo da classe trabalhadora para o crescimento do pa\u00eds. A data \u00e9 tamb\u00e9m marcada por reflex\u00f5es sobre as condi\u00e7\u00f5es de trabalho, com destaque para os desafios enfrentados diariamente e os apelos \u00e0 melhoria dos sal\u00e1rios e da valoriza\u00e7\u00e3o profissional.<\/a><a href=\"https:\/\/tva.cv\/index.php\/2026\/04\/30\/dia-dos-trabalhadores-trabalhadores-destacam-desafios-e-apelam-a-melhores-condicoes-laborais\/\" target=\"_self\"><span>Read more...<\/span><\/a><\/p>\n\t\t\t\t\t\t\t\t\t\t\t\t\t\t\t\t\t<\/div><!-- \/.item-content text -->                                                    \n\t\t\t\t\t\t\t<\/div><!-- \/.item -->                                                \n\t\t\t\t\t\t<\/li>\n\t\t\t\t\t\t\t\t\t\t\t<li> \n\t\t\t\t\t\t\t<div class=\"item\">\n\t\t\t\t\t\t\t\t \n\t\t\t\t\t\t\t\t\t<div class=\"item-image\">\n\t\t\t\t\t\t\t\t\t\t<a class=\"img-link\" href=\"https:\/\/tva.cv\/index.php\/2026\/04\/30\/djunta-mo-soncent-by-rede-cabo-verde-diaspora-apoia-cidadaos-afetados-pela-tempestade-erin\/\">\n\t\t\t\t\t\t\t\t\t\t\t<img width=\"400\" height=\"200\" src=\"https:\/\/tva.cv\/wp-content\/uploads\/2026\/04\/Djunta-Mo-Soncent-by-Rede-Cabo-Verde-Diaspora.00_00_07_12.Still001-400x200.png\" class=\"img-responsive img-full wp-post-image\" alt=\"\" loading=\"lazy\" srcset=\"https:\/\/tva.cv\/wp-content\/uploads\/2026\/04\/Djunta-Mo-Soncent-by-Rede-Cabo-Verde-Diaspora.00_00_07_12.Still001-400x200.png 400w, https:\/\/tva.cv\/wp-content\/uploads\/2026\/04\/Djunta-Mo-Soncent-by-Rede-Cabo-Verde-Diaspora.00_00_07_12.Still001-576x288.png 576w\" sizes=\"(max-width: 400px) 100vw, 400px\" \/>\t\t\t\t\t\t\t\t\t\t\t\t\t\t\t\t\t\t\t\t\t<\/a>\n\t\t\t\t\t\t\t\t\t<\/div><!-- \/.item-image -->\n\t\t\t\t\t\t\t\t \n\t\t\t\t\t\t\t\t<div class=\"item-content text\">\n\t\t\t\t\t\t\t\t\t \n\t\t\t\t\t\t\t\t\t\t<h4 class=\"ellipsis\">\n\t\t\t\t\t\t\t\t\t\t\t<a href=\"https:\/\/tva.cv\/index.php\/2026\/04\/30\/djunta-mo-soncent-by-rede-cabo-verde-diaspora-apoia-cidadaos-afetados-pela-tempestade-erin\/\" target=\"_self\">\n\t\t\t\t\t\t\t\t\t\t\t\tDjunta Mo Soncent\t\t\t\t\t\t\t\t\t\t\t\t\t\t\t\t\t\t\t\t\t\t\t\n\t\t\t\t\t\t\t\t\t\t\t<\/a>\n\t\t\t\t\t\t\t\t\t\t<\/h4>\n\t\t\t\t\t\t\t\t\t\t\t\t\t\t\t\t\t\t \n\t\t\t\t\t\t\t\t\t\t<p><a class=\"text-concat\" href=\"https:\/\/tva.cv\/index.php\/2026\/04\/30\/djunta-mo-soncent-by-rede-cabo-verde-diaspora-apoia-cidadaos-afetados-pela-tempestade-erin\/\">A Rede Cabo Verde Di\u00e1spora est\u00e1 a realizar a\u00e7\u00f5es de solidariedade no sentido de apoiar cidad\u00e3os afetados pela tempestade erin que assolou a ilha de S\u00e3o Vicente no m\u00eas de agosto de 2025. A Rede Cabo Verde Di\u00e1spora tem em marcha uma opera\u00e7\u00e3o de distribui\u00e7\u00e3o de donativos em v\u00e1rias zonas afetadas da ilha de S\u00e3o Vicente, em coordena\u00e7\u00e3o com os seus parceiros locais.<\/a><a href=\"https:\/\/tva.cv\/index.php\/2026\/04\/30\/djunta-mo-soncent-by-rede-cabo-verde-diaspora-apoia-cidadaos-afetados-pela-tempestade-erin\/\" target=\"_self\"><span>Read more...<\/span><\/a><\/p>\n\t\t\t\t\t\t\t\t\t\t\t\t\t\t\t\t\t<\/div><!-- \/.item-content text -->                                                    \n\t\t\t\t\t\t\t<\/div><!-- \/.item -->                                                \n\t\t\t\t\t\t<\/li>\n\t\t\t\t\t\t\t\t\t\t\t<li> \n\t\t\t\t\t\t\t<div class=\"item\">\n\t\t\t\t\t\t\t\t \n\t\t\t\t\t\t\t\t\t<div class=\"item-image\">\n\t\t\t\t\t\t\t\t\t\t<a class=\"img-link\" href=\"https:\/\/tva.cv\/index.php\/2026\/04\/30\/praia-assinala-o-168-o-aniversario\/\">\n\t\t\t\t\t\t\t\t\t\t\t<img width=\"400\" height=\"200\" src=\"https:\/\/tva.cv\/wp-content\/uploads\/2026\/04\/Praia-assinala-o-168.00_00_45_04.Still001-400x200.png\" class=\"img-responsive img-full wp-post-image\" alt=\"\" loading=\"lazy\" srcset=\"https:\/\/tva.cv\/wp-content\/uploads\/2026\/04\/Praia-assinala-o-168.00_00_45_04.Still001-400x200.png 400w, https:\/\/tva.cv\/wp-content\/uploads\/2026\/04\/Praia-assinala-o-168.00_00_45_04.Still001-576x288.png 576w\" sizes=\"(max-width: 400px) 100vw, 400px\" \/>\t\t\t\t\t\t\t\t\t\t\t\t\t\t\t\t\t\t\t\t\t<\/a>\n\t\t\t\t\t\t\t\t\t<\/div><!-- \/.item-image -->\n\t\t\t\t\t\t\t\t \n\t\t\t\t\t\t\t\t<div class=\"item-content text\">\n\t\t\t\t\t\t\t\t\t \n\t\t\t\t\t\t\t\t\t\t<h4 class=\"ellipsis\">\n\t\t\t\t\t\t\t\t\t\t\t<a href=\"https:\/\/tva.cv\/index.php\/2026\/04\/30\/praia-assinala-o-168-o-aniversario\/\" target=\"_self\">\n\t\t\t\t\t\t\t\t\t\t\t\tPraia assinala o\t\t\t\t\t\t\t\t\t\t\t\t\t\t\t\t\t\t\t\t\t\t\t\n\t\t\t\t\t\t\t\t\t\t\t<\/a>\n\t\t\t\t\t\t\t\t\t\t<\/h4>\n\t\t\t\t\t\t\t\t\t\t\t\t\t\t\t\t\t\t \n\t\t\t\t\t\t\t\t\t\t<p><a class=\"text-concat\" href=\"https:\/\/tva.cv\/index.php\/2026\/04\/30\/praia-assinala-o-168-o-aniversario\/\">A Cidade da Praia celebra 168 anos desde a sua eleva\u00e7\u00e3o \u00e0 categoria de cidade, um marco hist\u00f3rico que remonta a 1858. Mais do que assinalar a data, este \u00e9 tamb\u00e9m um momento de reflex\u00e3o sobre o caminho percorrido, os avan\u00e7os alcan\u00e7ados e os desafios que ainda persistem no dia a dia. Por esse motivo, a nossa equipa de reportagem saiu \u00e0s ruas para ouvir os praienses sobre os progressos, os problemas por resolver para o futuro mais sustent\u00e1vel.<\/a><a href=\"https:\/\/tva.cv\/index.php\/2026\/04\/30\/praia-assinala-o-168-o-aniversario\/\" target=\"_self\"><span>Read more...<\/span><\/a><\/p>\n\t\t\t\t\t\t\t\t\t\t\t\t\t\t\t\t\t<\/div><!-- \/.item-content text -->                                                    \n\t\t\t\t\t\t\t<\/div><!-- \/.item -->                                                \n\t\t\t\t\t\t<\/li>\n\t\t\t\t\t\t\t\t\t\t\t<li> \n\t\t\t\t\t\t\t<div class=\"item\">\n\t\t\t\t\t\t\t\t \n\t\t\t\t\t\t\t\t\t<div class=\"item-image\">\n\t\t\t\t\t\t\t\t\t\t<a class=\"img-link\" href=\"https:\/\/tva.cv\/index.php\/2026\/04\/30\/tremor-de-terra-de-magnitude-41-na-escala-de-richter-provoca-susto-em-cidadaos-na-ilha-brava\/\">\n\t\t\t\t\t\t\t\t\t\t\t<img width=\"400\" height=\"200\" src=\"https:\/\/tva.cv\/wp-content\/uploads\/2026\/04\/Brava-Populacao-relata-susto-apos-tremor-de-terra-de-magnitude-41.00_00_33_20.Still001-400x200.png\" class=\"img-responsive img-full wp-post-image\" alt=\"\" loading=\"lazy\" srcset=\"https:\/\/tva.cv\/wp-content\/uploads\/2026\/04\/Brava-Populacao-relata-susto-apos-tremor-de-terra-de-magnitude-41.00_00_33_20.Still001-400x200.png 400w, https:\/\/tva.cv\/wp-content\/uploads\/2026\/04\/Brava-Populacao-relata-susto-apos-tremor-de-terra-de-magnitude-41.00_00_33_20.Still001-576x288.png 576w\" sizes=\"(max-width: 400px) 100vw, 400px\" \/>\t\t\t\t\t\t\t\t\t\t\t\t\t\t\t\t\t\t\t\t\t<\/a>\n\t\t\t\t\t\t\t\t\t<\/div><!-- \/.item-image -->\n\t\t\t\t\t\t\t\t \n\t\t\t\t\t\t\t\t<div class=\"item-content text\">\n\t\t\t\t\t\t\t\t\t \n\t\t\t\t\t\t\t\t\t\t<h4 class=\"ellipsis\">\n\t\t\t\t\t\t\t\t\t\t\t<a href=\"https:\/\/tva.cv\/index.php\/2026\/04\/30\/tremor-de-terra-de-magnitude-41-na-escala-de-richter-provoca-susto-em-cidadaos-na-ilha-brava\/\" target=\"_self\">\n\t\t\t\t\t\t\t\t\t\t\t\tTremor de terra\t\t\t\t\t\t\t\t\t\t\t\t\t\t\t\t\t\t\t\t\t\t\t\n\t\t\t\t\t\t\t\t\t\t\t<\/a>\n\t\t\t\t\t\t\t\t\t\t<\/h4>\n\t\t\t\t\t\t\t\t\t\t\t\t\t\t\t\t\t\t \n\t\t\t\t\t\t\t\t\t\t<p><a class=\"text-concat\" href=\"https:\/\/tva.cv\/index.php\/2026\/04\/30\/tremor-de-terra-de-magnitude-41-na-escala-de-richter-provoca-susto-em-cidadaos-na-ilha-brava\/\">A ilha Brava foi afetada na \u00faltima quarta-feira, 29 de abril, por um tremor de terra, que segundo o Instituto Nacional de Meteorologia e Geof\u00edsica, atingiu a magnitude 4,1 na escala de Richter. A atividade s\u00edsmica provocou quedas de rochas, alguns danos materiais e abalos que causaram susto \u00e0 popula\u00e7\u00e3o.<\/a><a href=\"https:\/\/tva.cv\/index.php\/2026\/04\/30\/tremor-de-terra-de-magnitude-41-na-escala-de-richter-provoca-susto-em-cidadaos-na-ilha-brava\/\" target=\"_self\"><span>Read more...<\/span><\/a><\/p>\n\t\t\t\t\t\t\t\t\t\t\t\t\t\t\t\t\t<\/div><!-- \/.item-content text -->                                                    \n\t\t\t\t\t\t\t<\/div><!-- \/.item -->                                                \n\t\t\t\t\t\t<\/li>\n\t\t\t\t\t\t\t\t\t\t\t<li> \n\t\t\t\t\t\t\t<div class=\"item\">\n\t\t\t\t\t\t\t\t \n\t\t\t\t\t\t\t\t\t<div class=\"item-image\">\n\t\t\t\t\t\t\t\t\t\t<a class=\"img-link\" href=\"https:\/\/tva.cv\/index.php\/2026\/04\/28\/cne-divulga-listas-de-candidaturas-dados-eleitorais-e-entrega-fac-simile-dos-boletins-de-voto\/\">\n\t\t\t\t\t\t\t\t\t\t\t<img width=\"400\" height=\"200\" src=\"https:\/\/tva.cv\/wp-content\/uploads\/2026\/04\/CNE-divulga-listas-de-candidaturas-dados-eleitorais-e-entrega-fac-simile-dos-boletins-de-voto.00_00_07_16.Still001-400x200.png\" class=\"img-responsive img-full wp-post-image\" alt=\"\" loading=\"lazy\" srcset=\"https:\/\/tva.cv\/wp-content\/uploads\/2026\/04\/CNE-divulga-listas-de-candidaturas-dados-eleitorais-e-entrega-fac-simile-dos-boletins-de-voto.00_00_07_16.Still001-400x200.png 400w, https:\/\/tva.cv\/wp-content\/uploads\/2026\/04\/CNE-divulga-listas-de-candidaturas-dados-eleitorais-e-entrega-fac-simile-dos-boletins-de-voto.00_00_07_16.Still001-576x288.png 576w\" sizes=\"(max-width: 400px) 100vw, 400px\" \/>\t\t\t\t\t\t\t\t\t\t\t\t\t\t\t\t\t\t\t\t\t<\/a>\n\t\t\t\t\t\t\t\t\t<\/div><!-- \/.item-image -->\n\t\t\t\t\t\t\t\t \n\t\t\t\t\t\t\t\t<div class=\"item-content text\">\n\t\t\t\t\t\t\t\t\t \n\t\t\t\t\t\t\t\t\t\t<h4 class=\"ellipsis\">\n\t\t\t\t\t\t\t\t\t\t\t<a href=\"https:\/\/tva.cv\/index.php\/2026\/04\/28\/cne-divulga-listas-de-candidaturas-dados-eleitorais-e-entrega-fac-simile-dos-boletins-de-voto\/\" target=\"_self\">\n\t\t\t\t\t\t\t\t\t\t\t\tCNE divulga listas\t\t\t\t\t\t\t\t\t\t\t\t\t\t\t\t\t\t\t\t\t\t\t\n\t\t\t\t\t\t\t\t\t\t\t<\/a>\n\t\t\t\t\t\t\t\t\t\t<\/h4>\n\t\t\t\t\t\t\t\t\t\t\t\t\t\t\t\t\t\t \n\t\t\t\t\t\t\t\t\t\t<p><a class=\"text-concat\" href=\"https:\/\/tva.cv\/index.php\/2026\/04\/28\/cne-divulga-listas-de-candidaturas-dados-eleitorais-e-entrega-fac-simile-dos-boletins-de-voto\/\">As elei\u00e7\u00f5es legislativas em Cabo Verde est\u00e3o marcadas para o dia 17 de maio, e Comiss\u00e3o Nacional de Elei\u00e7\u00f5es, como entidade competente de administra\u00e7\u00e3o do processo eleitoral prestou esclarecimentos p\u00fablicos acerca do n\u00famero de partidos que concorrem, as estat\u00edsticas, a distribui\u00e7\u00e3o dos mandatos, bem como os respons\u00e1veis da CNE abordaram outros assuntos inerentes ao processo de sufr\u00e1gio em Cabo Verde.<\/a><a href=\"https:\/\/tva.cv\/index.php\/2026\/04\/28\/cne-divulga-listas-de-candidaturas-dados-eleitorais-e-entrega-fac-simile-dos-boletins-de-voto\/\" target=\"_self\"><span>Read more...<\/span><\/a><\/p>\n\t\t\t\t\t\t\t\t\t\t\t\t\t\t\t\t\t<\/div><!-- \/.item-content text -->                                                    \n\t\t\t\t\t\t\t<\/div><!-- \/.item -->                                                \n\t\t\t\t\t\t<\/li>\n\t\t\t\t\t\t\t\t\t\t\t<li> \n\t\t\t\t\t\t\t<div class=\"item\">\n\t\t\t\t\t\t\t\t \n\t\t\t\t\t\t\t\t\t<div class=\"item-image\">\n\t\t\t\t\t\t\t\t\t\t<a class=\"img-link\" href=\"https:\/\/tva.cv\/index.php\/2026\/04\/28\/aviacao-civil-governo-formaliza-privatizacao-da-cabo-verde-handling-com-a-swissport\/\">\n\t\t\t\t\t\t\t\t\t\t\t<img width=\"400\" height=\"200\" src=\"https:\/\/tva.cv\/wp-content\/uploads\/2026\/04\/Aviacao-Civil.00_00_08_13.Still001-400x200.png\" class=\"img-responsive img-full wp-post-image\" alt=\"\" loading=\"lazy\" srcset=\"https:\/\/tva.cv\/wp-content\/uploads\/2026\/04\/Aviacao-Civil.00_00_08_13.Still001-400x200.png 400w, https:\/\/tva.cv\/wp-content\/uploads\/2026\/04\/Aviacao-Civil.00_00_08_13.Still001-576x288.png 576w\" sizes=\"(max-width: 400px) 100vw, 400px\" \/>\t\t\t\t\t\t\t\t\t\t\t\t\t\t\t\t\t\t\t\t\t<\/a>\n\t\t\t\t\t\t\t\t\t<\/div><!-- \/.item-image -->\n\t\t\t\t\t\t\t\t \n\t\t\t\t\t\t\t\t<div class=\"item-content text\">\n\t\t\t\t\t\t\t\t\t \n\t\t\t\t\t\t\t\t\t\t<h4 class=\"ellipsis\">\n\t\t\t\t\t\t\t\t\t\t\t<a href=\"https:\/\/tva.cv\/index.php\/2026\/04\/28\/aviacao-civil-governo-formaliza-privatizacao-da-cabo-verde-handling-com-a-swissport\/\" target=\"_self\">\n\t\t\t\t\t\t\t\t\t\t\t\tAviacao Civil: Governo\t\t\t\t\t\t\t\t\t\t\t\t\t\t\t\t\t\t\t\t\t\t\t\n\t\t\t\t\t\t\t\t\t\t\t<\/a>\n\t\t\t\t\t\t\t\t\t\t<\/h4>\n\t\t\t\t\t\t\t\t\t\t\t\t\t\t\t\t\t\t \n\t\t\t\t\t\t\t\t\t\t<p><a class=\"text-concat\" href=\"https:\/\/tva.cv\/index.php\/2026\/04\/28\/aviacao-civil-governo-formaliza-privatizacao-da-cabo-verde-handling-com-a-swissport\/\">O Governo de Cabo Verde formalizou nesta ter\u00e7a-feira, o contrato de compra e venda de a\u00e7\u00f5es da Cabo Verde Handling, qualidade de vendedora, e a Swissport, na qualidade de compradora, um marco que assinala uma nova etapa no processo de moderniza\u00e7\u00e3o, efici\u00eancia e refor\u00e7o da competitividade dos servi\u00e7os de handling no pa\u00eds.<\/a><a href=\"https:\/\/tva.cv\/index.php\/2026\/04\/28\/aviacao-civil-governo-formaliza-privatizacao-da-cabo-verde-handling-com-a-swissport\/\" target=\"_self\"><span>Read more...<\/span><\/a><\/p>\n\t\t\t\t\t\t\t\t\t\t\t\t\t\t\t\t\t<\/div><!-- \/.item-content text -->                                                    \n\t\t\t\t\t\t\t<\/div><!-- \/.item -->                                                \n\t\t\t\t\t\t<\/li>\n\t\t\t\t\t\t\t\t\t\t\t<li> \n\t\t\t\t\t\t\t<div class=\"item\">\n\t\t\t\t\t\t\t\t \n\t\t\t\t\t\t\t\t\t<div class=\"item-image\">\n\t\t\t\t\t\t\t\t\t\t<a class=\"img-link\" href=\"https:\/\/tva.cv\/index.php\/2026\/04\/28\/certame-acontera-nos-dias-26-27-e-28-de-junho-e-prestara-homenagem-a-romeu-di-lurdes\/\">\n\t\t\t\t\t\t\t\t\t\t\t<img width=\"400\" height=\"200\" src=\"https:\/\/tva.cv\/wp-content\/uploads\/2026\/04\/Festival-da-Gamboa-2026-peca-final.00_00_23_21.Still001-400x200.png\" class=\"img-responsive img-full wp-post-image\" alt=\"\" loading=\"lazy\" srcset=\"https:\/\/tva.cv\/wp-content\/uploads\/2026\/04\/Festival-da-Gamboa-2026-peca-final.00_00_23_21.Still001-400x200.png 400w, https:\/\/tva.cv\/wp-content\/uploads\/2026\/04\/Festival-da-Gamboa-2026-peca-final.00_00_23_21.Still001-576x288.png 576w\" sizes=\"(max-width: 400px) 100vw, 400px\" \/>\t\t\t\t\t\t\t\t\t\t\t\t\t\t\t\t\t\t\t\t\t<\/a>\n\t\t\t\t\t\t\t\t\t<\/div><!-- \/.item-image -->\n\t\t\t\t\t\t\t\t \n\t\t\t\t\t\t\t\t<div class=\"item-content text\">\n\t\t\t\t\t\t\t\t\t \n\t\t\t\t\t\t\t\t\t\t<h4 class=\"ellipsis\">\n\t\t\t\t\t\t\t\t\t\t\t<a href=\"https:\/\/tva.cv\/index.php\/2026\/04\/28\/certame-acontera-nos-dias-26-27-e-28-de-junho-e-prestara-homenagem-a-romeu-di-lurdes\/\" target=\"_self\">\n\t\t\t\t\t\t\t\t\t\t\t\tCertame aconter\u00e1 nos\t\t\t\t\t\t\t\t\t\t\t\t\t\t\t\t\t\t\t\t\t\t\t\n\t\t\t\t\t\t\t\t\t\t\t<\/a>\n\t\t\t\t\t\t\t\t\t\t<\/h4>\n\t\t\t\t\t\t\t\t\t\t\t\t\t\t\t\t\t\t \n\t\t\t\t\t\t\t\t\t\t<p><a class=\"text-concat\" href=\"https:\/\/tva.cv\/index.php\/2026\/04\/28\/certame-acontera-nos-dias-26-27-e-28-de-junho-e-prestara-homenagem-a-romeu-di-lurdes\/\">A cidade da Praia acolhe, no pr\u00f3ximo m\u00eas de junho, a 32\u00aa edi\u00e7\u00e3o do Festival da Gamboa, que este ano foi adiado devido ao calend\u00e1rio eleitoral. O evento, que decorrer\u00e1 ao longo de tr\u00eas dias, contar\u00e1 com a participa\u00e7\u00e3o de 27 artistas selecionados por concurso p\u00fablico, numa iniciativa que visa garantir maior transpar\u00eancia e igualdade de oportunidades, al\u00e9m de homenagear o m\u00fasico Romeu de Lurdes e valorizar os talentos locais.<\/a><a href=\"https:\/\/tva.cv\/index.php\/2026\/04\/28\/certame-acontera-nos-dias-26-27-e-28-de-junho-e-prestara-homenagem-a-romeu-di-lurdes\/\" target=\"_self\"><span>Read more...<\/span><\/a><\/p>\n\t\t\t\t\t\t\t\t\t\t\t\t\t\t\t\t\t<\/div><!-- \/.item-content text -->                                                    \n\t\t\t\t\t\t\t<\/div><!-- \/.item -->                                                \n\t\t\t\t\t\t<\/li>\n\t\t\t\t\t\t\t\t\t\t\t<li> \n\t\t\t\t\t\t\t<div class=\"item\">\n\t\t\t\t\t\t\t\t \n\t\t\t\t\t\t\t\t\t<div class=\"item-image\">\n\t\t\t\t\t\t\t\t\t\t<a class=\"img-link\" href=\"https:\/\/tva.cv\/index.php\/2026\/04\/28\/kontornu-2026-danca-pensamento-e-transformacao-social-em-movimento\/\">\n\t\t\t\t\t\t\t\t\t\t\t<img width=\"400\" height=\"200\" src=\"https:\/\/tva.cv\/wp-content\/uploads\/2026\/04\/Festival-Kontornu-peca-1.00_00_28_05.Still001-400x200.png\" class=\"img-responsive img-full wp-post-image\" alt=\"\" loading=\"lazy\" srcset=\"https:\/\/tva.cv\/wp-content\/uploads\/2026\/04\/Festival-Kontornu-peca-1.00_00_28_05.Still001-400x200.png 400w, https:\/\/tva.cv\/wp-content\/uploads\/2026\/04\/Festival-Kontornu-peca-1.00_00_28_05.Still001-576x288.png 576w\" sizes=\"(max-width: 400px) 100vw, 400px\" \/>\t\t\t\t\t\t\t\t\t\t\t\t\t\t\t\t\t\t\t\t\t<\/a>\n\t\t\t\t\t\t\t\t\t<\/div><!-- \/.item-image -->\n\t\t\t\t\t\t\t\t \n\t\t\t\t\t\t\t\t<div class=\"item-content text\">\n\t\t\t\t\t\t\t\t\t \n\t\t\t\t\t\t\t\t\t\t<h4 class=\"ellipsis\">\n\t\t\t\t\t\t\t\t\t\t\t<a href=\"https:\/\/tva.cv\/index.php\/2026\/04\/28\/kontornu-2026-danca-pensamento-e-transformacao-social-em-movimento\/\" target=\"_self\">\n\t\t\t\t\t\t\t\t\t\t\t\tKontornu 2026: Dan\u00e7a,\t\t\t\t\t\t\t\t\t\t\t\t\t\t\t\t\t\t\t\t\t\t\t\n\t\t\t\t\t\t\t\t\t\t\t<\/a>\n\t\t\t\t\t\t\t\t\t\t<\/h4>\n\t\t\t\t\t\t\t\t\t\t\t\t\t\t\t\t\t\t \n\t\t\t\t\t\t\t\t\t\t<p><a class=\"text-concat\" href=\"https:\/\/tva.cv\/index.php\/2026\/04\/28\/kontornu-2026-danca-pensamento-e-transformacao-social-em-movimento\/\">A cidade da Praia acolhe, de 11 a 16 de maio, a quarta edi\u00e7\u00e3o do Festival Kontornu. Um evento que cruza dan\u00e7a, reflex\u00e3o e interven\u00e7\u00e3o social. A apresenta\u00e7\u00e3o oficial decorreu esta segunda-feira e revelou uma programa\u00e7\u00e3o ambiciosa, com dimens\u00e3o internacional e forte liga\u00e7\u00e3o \u00e0s causas sociais.<\/a><a href=\"https:\/\/tva.cv\/index.php\/2026\/04\/28\/kontornu-2026-danca-pensamento-e-transformacao-social-em-movimento\/\" target=\"_self\"><span>Read more...<\/span><\/a><\/p>\n\t\t\t\t\t\t\t\t\t\t\t\t\t\t\t\t\t<\/div><!-- \/.item-content text -->                                                    \n\t\t\t\t\t\t\t<\/div><!-- \/.item -->                                                \n\t\t\t\t\t\t<\/li>\n\t\t\t\t\t\t\t\t\t<\/ul><!-- \/.flex-module -->                                         \n\t\t\t<\/div>                                     \n\t\t<\/div><!-- \/.sidebar-newsfeed -->\n\t\t[\/vc_column][\/vc_row][vc_row full_width=&#8221;stretch_row&#8221; equal_height=&#8221;yes&#8221; css=&#8221;.vc_custom_1508438770950{background-color: #fcfcfc !important;}&#8221;][vc_column width=&#8221;1\/2&#8243; offset=&#8221;vc_col-lg-3 vc_col-md-6&#8243;]<a class=\"container-full\" href=\"http:\/\/reendex.via-theme.com\/american-football-get-inspired-how-to-get-into-american-football\/\" title=\"\" target=\"_blank\">\n\t\t\t<div class=\"entry-media\">\n\t\t\t\t<div class=\"image\" style=\"background-image: url(https:\/\/tva.cv\/wp-content\/uploads\/2017\/04\/sport_1000x750-image01.jpg)\">\n\t\t\t\t\t<div class=\"container-full-box-overlay\">\n\t\t\t\t\t\t<div class=\"content\">\n\t\t\t\t\t\t\t<h2>How to get into American Football<\/h2>\n\t\t\t\t\t\t\t<h4 class=\"external-link\">The heart of North America beats through towering forests<\/h4>\n\t\t\t\t\t\t<\/div>\n\t\t\t\t\t<\/div>\n\t\t\t\t<\/div>\n\t\t\t<\/div>\n\t\t<\/a>[\/vc_column][vc_column width=&#8221;1\/2&#8243; offset=&#8221;vc_col-lg-3 vc_col-md-6&#8243;]<a class=\"container-full light\" href=\"http:\/\/reendex.via-theme.com\/american-travel-best-national-park-cape-royal-in-grand-canyon-grand-canyon\/\" title=\"\" target=\"_blank\">\n\t\t\t<div class=\"entry-media\">\n\t\t\t\t<div class=\"image\" style=\"background-image: url(https:\/\/tva.cv\/wp-content\/uploads\/2017\/03\/north-america_1000x750.jpg)\">\n\t\t\t\t\t<div class=\"item-content\">\n\t\t\t\t\t\t<h3 class=\"day\">11 Feb, 2018<\/h3>\n\t\t\t\t\t\t<h2>American Travel Best National Park<\/h2>\n\t\t\t\t\t\t<h4 class=\"external-link\">The heart of North America beats through towering forests<\/h4>\n\t\t\t\t\t<\/div>\n\t\t\t\t<\/div>\n\t\t\t<\/div>\n\t\t<\/a>[\/vc_column][vc_column width=&#8221;1\/2&#8243; offset=&#8221;vc_col-lg-3 vc_col-md-6&#8243; css=&#8221;.vc_custom_1509357925196{margin-bottom: -30px !important;}&#8221;]\t\t<div class=\"article\n\t\t\t\"> \n\t\t\t\t\t\t\t<div class=\"container-half\">\n\t\t\t\t\t<div class=\"image\">\n\t\t\t\t\t\t\t\t\t\t\t\t\t<a href=\"https:\/\/tva.cv\/index.php\/2026\/04\/30\/episodio-5-china-em-foco\/\" title=\"Epis\u00f3dio 5: China em Foco.\" target=\"_self\">\n\t\t\t\t\t\t\t\t<img width=\"1920\" height=\"1080\" src=\"https:\/\/tva.cv\/wp-content\/uploads\/2026\/04\/China-em-Foco-Ep.5.00_00_00_00.Still001.png\" class=\"attachment-full size-full wp-post-image\" alt=\"\" loading=\"lazy\" srcset=\"https:\/\/tva.cv\/wp-content\/uploads\/2026\/04\/China-em-Foco-Ep.5.00_00_00_00.Still001.png 1920w, https:\/\/tva.cv\/wp-content\/uploads\/2026\/04\/China-em-Foco-Ep.5.00_00_00_00.Still001-300x169.png 300w, https:\/\/tva.cv\/wp-content\/uploads\/2026\/04\/China-em-Foco-Ep.5.00_00_00_00.Still001-1024x576.png 1024w, https:\/\/tva.cv\/wp-content\/uploads\/2026\/04\/China-em-Foco-Ep.5.00_00_00_00.Still001-768x432.png 768w, https:\/\/tva.cv\/wp-content\/uploads\/2026\/04\/China-em-Foco-Ep.5.00_00_00_00.Still001-1536x864.png 1536w, https:\/\/tva.cv\/wp-content\/uploads\/2026\/04\/China-em-Foco-Ep.5.00_00_00_00.Still001-822x462.png 822w\" sizes=\"(max-width: 1920px) 100vw, 1920px\" \/>\t\t\t\t\t\t\t\t\t\t\t\t\t\t\t\t\t\t\t\t\t\t<span class=\"label-1\" style=\"\">\n\t\t\t\t\t\t\t\t\t\t\t\t\t\t\tDestaque\t\t\t\t\t\t\t\t\t\t\t\t\t\t<\/span>\n\t\t\t\t\t\t\t\t\t\t\t\t\t\t\t\t\t\t\t\t\t\t\t\t\t\t\t\t<\/a>\n\t\t\t\t\t\t\t\t\t\t\t<\/div><!-- \/.image -->\n\t\t\t\t\t<div class=\"item-content\">\n\t\t\t\t\t\t\t\t\t\t\t\t\t\t\t\t\t\t\t\t\t<div class=\"title-left title-style04\n\t\t\t\t\t\t\t\t\tunderline04\">\n\t\t\t\t\t\t\t\t\t<h3>\n\t\t\t\t\t\t\t\t\t\t<a href=\"https:\/\/tva.cv\/index.php\/2026\/04\/30\/episodio-5-china-em-foco\/\" target=\"_self\">Epis\u00f3dio 5: China...<\/a>\n\t\t\t\t\t\t\t\t\t<\/h3>\n\t\t\t\t\t\t\t\t<\/div>\n\t\t\t\t\t\t\t\t\t\t\t\t\t\t\t\t\t\t\t\t\t\t\t\t\t\t<div class=\"date\">\n\t\t\t\t\t\t\t\t<i class=\"fa fa-clock-o\"><\/i>\n\t\t\t\t\t\t\t\t\t\t\t\t\t\t\t\t\t<span class=\"day\">abr 30, 2026<\/span>\n\t\t\t\t\t\t\t\t\t<span class=\"hour\">5:23 pm<\/span>\n\t\t\t\t\t\t\t\t\t\t\t\t\t\t\t<\/div>\t\t\t\t\t\t\t\t\t\n\t\t\t\t\t\t\t\t\t\t\t\t\t\t\t\t\t\t\t<p class=\"external-link\"><a href=\"https:\/\/tva.cv\/index.php\/2026\/04\/30\/episodio-5-china-em-foco\/\" target=\"_self\">Uma produ\u00e7\u00e3o especial do Grupo de M\u00eddia da China e da TVA. Venha conhecer o Oriente&#8230;<\/a><\/p>\n\t\t\t\t\t\t\t\t\t\t\t<\/div><!-- \/.item-content -->\n\t\t\t\t<\/div><!-- \/.container-half -->\n\t\t\t\t\t\t\t<div class=\"container-half\">\n\t\t\t\t\t<div class=\"image\">\n\t\t\t\t\t\t\t\t\t\t\t\t\t<a href=\"https:\/\/tva.cv\/index.php\/2026\/04\/30\/dia-dos-trabalhadores-trabalhadores-destacam-desafios-e-apelam-a-melhores-condicoes-laborais\/\" title=\"Dia dos Trabalhadores: Trabalhadores destacam desafios e apelam a melhores condi\u00e7\u00f5es laborais.\" target=\"_self\">\n\t\t\t\t\t\t\t\t<img width=\"1920\" height=\"1080\" src=\"https:\/\/tva.cv\/wp-content\/uploads\/2026\/04\/Dia-dos-Trabalhadores.00_00_23_08.Still001.png\" class=\"attachment-full size-full wp-post-image\" alt=\"\" loading=\"lazy\" srcset=\"https:\/\/tva.cv\/wp-content\/uploads\/2026\/04\/Dia-dos-Trabalhadores.00_00_23_08.Still001.png 1920w, https:\/\/tva.cv\/wp-content\/uploads\/2026\/04\/Dia-dos-Trabalhadores.00_00_23_08.Still001-300x169.png 300w, https:\/\/tva.cv\/wp-content\/uploads\/2026\/04\/Dia-dos-Trabalhadores.00_00_23_08.Still001-1024x576.png 1024w, https:\/\/tva.cv\/wp-content\/uploads\/2026\/04\/Dia-dos-Trabalhadores.00_00_23_08.Still001-768x432.png 768w, https:\/\/tva.cv\/wp-content\/uploads\/2026\/04\/Dia-dos-Trabalhadores.00_00_23_08.Still001-1536x864.png 1536w, https:\/\/tva.cv\/wp-content\/uploads\/2026\/04\/Dia-dos-Trabalhadores.00_00_23_08.Still001-822x462.png 822w\" sizes=\"(max-width: 1920px) 100vw, 1920px\" \/>\t\t\t\t\t\t\t\t\t\t\t\t\t\t\t\t\t\t\t\t\t\t<span class=\"label-1\" style=\"\">\n\t\t\t\t\t\t\t\t\t\t\t\t\t\t\tDestaque\t\t\t\t\t\t\t\t\t\t\t\t\t\t<\/span>\n\t\t\t\t\t\t\t\t\t\t\t\t\t\t\t\t\t\t\t\t\t\t\t\t\t\t\t\t<\/a>\n\t\t\t\t\t\t\t\t\t\t\t<\/div><!-- \/.image -->\n\t\t\t\t\t<div class=\"item-content\">\n\t\t\t\t\t\t\t\t\t\t\t\t\t\t\t\t\t\t\t\t\t<div class=\"title-left title-style04\n\t\t\t\t\t\t\t\t\tunderline04\">\n\t\t\t\t\t\t\t\t\t<h3>\n\t\t\t\t\t\t\t\t\t\t<a href=\"https:\/\/tva.cv\/index.php\/2026\/04\/30\/dia-dos-trabalhadores-trabalhadores-destacam-desafios-e-apelam-a-melhores-condicoes-laborais\/\" target=\"_self\">Dia dos Trabalhadores:...<\/a>\n\t\t\t\t\t\t\t\t\t<\/h3>\n\t\t\t\t\t\t\t\t<\/div>\n\t\t\t\t\t\t\t\t\t\t\t\t\t\t\t\t\t\t\t\t\t\t\t\t\t\t<div class=\"date\">\n\t\t\t\t\t\t\t\t<i class=\"fa fa-clock-o\"><\/i>\n\t\t\t\t\t\t\t\t\t\t\t\t\t\t\t\t\t<span class=\"day\">abr 30, 2026<\/span>\n\t\t\t\t\t\t\t\t\t<span class=\"hour\">5:19 pm<\/span>\n\t\t\t\t\t\t\t\t\t\t\t\t\t\t\t<\/div>\t\t\t\t\t\t\t\t\t\n\t\t\t\t\t\t\t\t\t\t\t\t\t\t\t\t\t\t\t<p class=\"external-link\"><a href=\"https:\/\/tva.cv\/index.php\/2026\/04\/30\/dia-dos-trabalhadores-trabalhadores-destacam-desafios-e-apelam-a-melhores-condicoes-laborais\/\" target=\"_self\">O Dia do Trabalhador, celebrado a 1 de maio em Cabo Verde, assinala a import\u00e2ncia&#8230;<\/a><\/p>\n\t\t\t\t\t\t\t\t\t\t\t<\/div><!-- \/.item-content -->\n\t\t\t\t<\/div><!-- \/.container-half -->\n\t\t\t\t\t<\/div><!-- \/.article --> \n\t\t[\/vc_column][vc_column width=&#8221;1\/2&#8243; offset=&#8221;vc_col-lg-3 vc_col-md-6&#8243;]<a class=\"container-full light\" href=\"http:\/\/reendex.via-theme.com\/american-food-rustle\/\" title=\"\" target=\"_blank\">\n\t\t\t<div class=\"entry-media\">\n\t\t\t\t<div class=\"image\" style=\"background-image: url(https:\/\/tva.cv\/wp-content\/uploads\/2017\/03\/north-america_1000x750-image02.jpg)\">\n\t\t\t\t\t<div class=\"item-content\">\n\t\t\t\t\t\t<h3 class=\"day\">12 Feb, 2018<\/h3>\n\t\t\t\t\t\t<h2>American Food Rustle<\/h2>\n\t\t\t\t\t\t<h4 class=\"external-link\">Rustle up famous dishes from American popular culture<\/h4>\n\t\t\t\t\t<\/div>\n\t\t\t\t<\/div>\n\t\t\t<\/div>\n\t\t<\/a>[\/vc_column][\/vc_row][vc_row full_width=&#8221;stretch_row_content_no_spaces&#8221; el_class=&#8221;vc_padding_t-0&#8243;][vc_column css=&#8221;.vc_custom_1505501888023{padding-top: 0px !important;}&#8221;]\t\t<div class=\"\">\n\t\t\t<div id=\"parallax-section1\"> \n\t\t\t\t<div class=\"image3 img-overlay1\" style=\"\n\t\t\t\t\tbackground-image:url( https:\/\/tva.cv\/wp-content\/uploads\/2017\/02\/parallax-image05.jpg )\"> \n\t\t\t\t\t<div class=\"container\"> \n\t\t\t\t\t\t<div class=\"caption text-center\"> \n\t\t\t\t\t\t\t<h2 class=\"color-white weight-300 small-caption\">We introduce you our Reendex Team! Get more information about us here!<\/h2> \n\t\t\t\t\t\t\t<a href=\"#\" target=\"_self\" class=\"btn btn-default\">About Us<\/a> \n\t\t\t\t\t\t<\/div>                             \n\t\t\t\t\t<\/div><!-- \/.container -->                         \n\t\t\t\t<\/div><!-- \/.image3 img-overlay1 -->                     \n\t\t\t<\/div><!-- \/#parallax-section1 -->\n\t\t<\/div>\n\t\t\t\t<div class=\"ad-wrapper \">\n\t\t\t\t\t\t<div class=\"ad-place\">\n\t\t\t\t<a href='#'><img class='ad-image' src='https:\/\/tva.cv\/wp-content\/uploads\/2017\/03\/ad_820x100.jpg' alt=''><\/a>                                    \n\t\t\t<\/div><!-- \/.sidebar-ad-place -->\n\t\t<\/div>\t\n\t\t\t\t<div class=\"title-area mt-30\">\n\t\t\t<h2 class=\"title-style05 style-02\">\n\t\t\t\tmore headlines in our\t\t\t\t<span><a href=\"#\" target=\"_self\">item sections<\/a><\/span>\n\t\t\t<\/h2>\n\t\t\t\t\t\t\t<div class=\"center-title\">\n\t\t\t\t\t<span class=\"title-line-left\"><\/span>\n\t\t\t\t\t<h4 class=\"title-style05 style-01\">latest # news<\/h4>\n\t\t\t\t\t<span class=\"title-line-right\"><\/span>\n\t\t\t\t<\/div>\n\t\t\t\t\t<\/div><!-- \/.title-area -->\n\t\t[\/vc_column][\/vc_row][vc_row full_width=&#8221;stretch_row&#8221;][vc_column]\t\t<div class=\"gallery-image \">\n\t\t\t\t\t\t\t<div class=\"carousel-title\" style=\"\n\t\t\t\t\tbackground-color:#212126;\t\t\t\t\tmargin-bottom:5px;\">\n\t\t\t\t\tFeatured Videos You might like\t\t\t\t<\/div><!-- \/.carousel-title -->\n\t\t\t\t\t\t<div id=\"big-gallery-slider-3\" class=\"owl-carousel\">\n\t\t\t\t\t\t\t\t\t<div class=\"big-gallery\">\n\t\t\t\t\t\t<a href=\"https:\/\/tva.cv\/index.php\/2022\/03\/29\/cmp-vai-ter-plataforma-de-investimento-da-diaspora-cabo-verdiana\/\" target=\"_self\">\n\t\t\t\t\t\t\t\t\t\t\t\t<\/a>\n\t\t\t\t\t\t<a href=\"https:\/\/tva.cv\/index.php\/2022\/03\/29\/cmp-vai-ter-plataforma-de-investimento-da-diaspora-cabo-verdiana\/\" target=\"_self\">\n\t\t\t\t\t\t\t\t\t\t\t\t\t\t\t\t\t\t\t\t<span class=\"label-14\">\n\t\t\t\t\t\t\t\t\t\t\t\t\t\tDiaspora\t\t\t\t\t\t\t\t\t\t\t\t\t<\/span>                                                 \n\t\t\t\t\t\t\t\t\t\t\t\t\t\t\t\t\t\t\t\t\t\t\t\t\t<\/a> \n\t\t\t\t\t<\/div><!-- \/.big-gallery -->\n\t\t\t\t\t\t\t\t\t<div class=\"big-gallery\">\n\t\t\t\t\t\t<a href=\"https:\/\/tva.cv\/index.php\/2022\/03\/30\/cmp-vai-construir-centro-comunitario-em-agua-funda\/\" target=\"_self\">\n\t\t\t\t\t\t\t\t\t\t\t\t<\/a>\n\t\t\t\t\t\t<a href=\"https:\/\/tva.cv\/index.php\/2022\/03\/30\/cmp-vai-construir-centro-comunitario-em-agua-funda\/\" target=\"_self\">\n\t\t\t\t\t\t\t\t\t\t\t\t\t\t\t\t\t\t\t\t<span class=\"label-14\">\n\t\t\t\t\t\t\t\t\t\t\t\t\t\tAgua\t\t\t\t\t\t\t\t\t\t\t\t\t<\/span>                                                 \n\t\t\t\t\t\t\t\t\t\t\t\t\t\t\t\t\t\t\t\t\t\t\t\t\t<\/a> \n\t\t\t\t\t<\/div><!-- \/.big-gallery -->\n\t\t\t\t\t\t\t\t\t<div class=\"big-gallery\">\n\t\t\t\t\t\t<a href=\"https:\/\/tva.cv\/index.php\/2022\/04\/12\/ine-lanca-inquerito-as-despesas-e-receitas-familiares\/\" target=\"_self\">\n\t\t\t\t\t\t\t\t\t\t\t\t<\/a>\n\t\t\t\t\t\t<a href=\"https:\/\/tva.cv\/index.php\/2022\/04\/12\/ine-lanca-inquerito-as-despesas-e-receitas-familiares\/\" target=\"_self\">\n\t\t\t\t\t\t\t\t\t\t\t\t\t\t\t\t\t\t\t\t<\/a> \n\t\t\t\t\t<\/div><!-- \/.big-gallery -->\n\t\t\t\t\t\t\t\t\t<div class=\"big-gallery\">\n\t\t\t\t\t\t<a href=\"https:\/\/tva.cv\/index.php\/2022\/04\/13\/cmp-homenageia-pugilista-sifonelo-borges\/\" target=\"_self\">\n\t\t\t\t\t\t<img width=\"350\" height=\"247\" src=\"https:\/\/tva.cv\/wp-content\/uploads\/2022\/04\/vlcsnap-2022-04-13-09h49m52s758-350x247.png\" class=\"img-not-lazy wp-post-image\" alt=\"\" loading=\"lazy\" \/>\t\t\t\t\t\t<\/a>\n\t\t\t\t\t\t<a href=\"https:\/\/tva.cv\/index.php\/2022\/04\/13\/cmp-homenageia-pugilista-sifonelo-borges\/\" target=\"_self\">\n\t\t\t\t\t\t\t\t\t\t\t\t\t\t\t\t\t\t\t\t<\/a> \n\t\t\t\t\t<\/div><!-- \/.big-gallery -->\n\t\t\t\t\t\t\t\t\t<div class=\"big-gallery\">\n\t\t\t\t\t\t<a href=\"https:\/\/tva.cv\/index.php\/2022\/04\/13\/vendedeiras-pedem-dinheiro-investido-na-compra-de-lojas-no-mercado-de-coco\/\" target=\"_self\">\n\t\t\t\t\t\t<img width=\"350\" height=\"247\" src=\"https:\/\/tva.cv\/wp-content\/uploads\/2022\/04\/vlcsnap-2022-04-13-10h03m59s671-350x247.png\" class=\"img-not-lazy wp-post-image\" alt=\"\" loading=\"lazy\" \/>\t\t\t\t\t\t<\/a>\n\t\t\t\t\t\t<a href=\"https:\/\/tva.cv\/index.php\/2022\/04\/13\/vendedeiras-pedem-dinheiro-investido-na-compra-de-lojas-no-mercado-de-coco\/\" target=\"_self\">\n\t\t\t\t\t\t\t\t\t\t\t\t\t\t\t\t\t\t\t\t<\/a> \n\t\t\t\t\t<\/div><!-- \/.big-gallery -->\n\t\t\t\t\t\t\t\t\t<div class=\"big-gallery\">\n\t\t\t\t\t\t<a href=\"https:\/\/tva.cv\/index.php\/2022\/04\/13\/cv-recebe-mais-de-3700-pedidos-de-residencia-de-estrangeiros\/\" target=\"_self\">\n\t\t\t\t\t\t<img width=\"350\" height=\"247\" src=\"https:\/\/tva.cv\/wp-content\/uploads\/2022\/04\/vlcsnap-2022-04-13-10h15m50s008-350x247.png\" class=\"img-not-lazy wp-post-image\" alt=\"\" loading=\"lazy\" \/>\t\t\t\t\t\t<\/a>\n\t\t\t\t\t\t<a href=\"https:\/\/tva.cv\/index.php\/2022\/04\/13\/cv-recebe-mais-de-3700-pedidos-de-residencia-de-estrangeiros\/\" target=\"_self\">\n\t\t\t\t\t\t\t\t\t\t\t\t\t\t\t\t\t\t\t\t<\/a> \n\t\t\t\t\t<\/div><!-- \/.big-gallery -->\n\t\t\t\t\t\t\t\t\t<div class=\"big-gallery\">\n\t\t\t\t\t\t<a href=\"https:\/\/tva.cv\/index.php\/2022\/04\/13\/cabo-verde-e-visto-como-um-exemplo-na-prevencao-de-lavagem-de-capitais\/\" target=\"_self\">\n\t\t\t\t\t\t<img width=\"350\" height=\"247\" src=\"https:\/\/tva.cv\/wp-content\/uploads\/2022\/04\/vlcsnap-2022-04-13-11h01m44s413-350x247.png\" class=\"img-not-lazy wp-post-image\" alt=\"\" loading=\"lazy\" \/>\t\t\t\t\t\t<\/a>\n\t\t\t\t\t\t<a href=\"https:\/\/tva.cv\/index.php\/2022\/04\/13\/cabo-verde-e-visto-como-um-exemplo-na-prevencao-de-lavagem-de-capitais\/\" target=\"_self\">\n\t\t\t\t\t\t\t\t\t\t\t\t\t\t\t\t\t\t\t\t<\/a> \n\t\t\t\t\t<\/div><!-- \/.big-gallery -->\n\t\t\t\t\t\t\t\t\t<div class=\"big-gallery\">\n\t\t\t\t\t\t<a href=\"https:\/\/tva.cv\/index.php\/2022\/04\/14\/estudantes-de-enfermagem-querem-acabar-com-a-disparidade-na-saude\/\" target=\"_self\">\n\t\t\t\t\t\t<img width=\"350\" height=\"247\" src=\"https:\/\/tva.cv\/wp-content\/uploads\/2022\/04\/vlcsnap-2022-04-14-10h13m38s160-350x247.png\" class=\"img-not-lazy wp-post-image\" alt=\"\" loading=\"lazy\" \/>\t\t\t\t\t\t<\/a>\n\t\t\t\t\t\t<a href=\"https:\/\/tva.cv\/index.php\/2022\/04\/14\/estudantes-de-enfermagem-querem-acabar-com-a-disparidade-na-saude\/\" target=\"_self\">\n\t\t\t\t\t\t\t\t\t\t\t\t\t\t\t\t\t\t\t\t<\/a> \n\t\t\t\t\t<\/div><!-- \/.big-gallery -->\n\t\t\t\t\t\t\t<\/div>\n\t\t<\/div><!-- \/.gallery-image -->\n\t\t[\/vc_column][\/vc_row][vc_row full_width=&#8221;stretch_row&#8221; css=&#8221;.vc_custom_1495031491529{background-color: #ececed !important;}&#8221; el_class=&#8221;visible&#8221;][vc_column offset=&#8221;vc_col-lg-8 vc_col-md-12&#8243; el_class=&#8221;sticky-module&#8221; css=&#8221;.vc_custom_1519726111579{margin-bottom: -10px !important;}&#8221;]\t\t<div class=\"\n\t\t\t\">\n\t\t\t\t\t\t\t \n\t\t\t\t\t<div class=\"module-title\">\n\t\t\t\t\t\t \n\t\t\t\t\t\t\t<h3 class=\"title\">\n\t\t\t\t\t\t\t\t<span class=\"bg-1\" style=\"\n\t\t\t\t\t\t\t\t\tbackground-color:#ff9800;\">\n\t\t\t\t\t\t\t\t\tNorth America News\t\t\t\t\t\t\t\t<\/span>\n\t\t\t\t\t\t\t<\/h3>\n\t\t\t\t\t\t\t\t\t\t\t\t \n\t\t\t\t\t<\/div>\n\t\t\t\t\t\t\t<div class=\"article\">\n\t\t\t\t\t\t\t\t\t<div class=\"entry-block\">\n\t\t\t\t\t\t<div class=\"entry-image\">\n\t\t\t\t\t\t\t<a href=\"https:\/\/tva.cv\/index.php\/2022\/03\/29\/cmp-vai-ter-plataforma-de-investimento-da-diaspora-cabo-verdiana\/\" class=\"img-link\" target=\"_self\">\n\t\t\t\t\t\t\t\t\t\t\t\t\t\t\t\t\t\t\t\t\t\t\t<\/a>\n\t\t\t\t\t\t\t\t\t\t\t\t\t\t\t\t\t\t\t<span><a class=\"label-5\" href=\"https:\/\/tva.cv\/index.php\/category\/economia\/\" target=\"_self\">Economia<\/a><\/span>\n\t\t\t\t\t\t\t\t\t\t\t\t\t\t\t\t\t\t\t\t\n\t\t\t\t\t\t<\/div><!-- \/.image -->\t\t\t\t\t\t\n\t\t\t\t\t\t<div class=\"entry-content\">\n\t\t\t\t\t\t\t\t\t\t\t\t\t\t\t<div class=\"title-left title-style04 underline04\"> \n\t\t\t\t\t\t\t\t\t<h3>\n\t\t\t\t\t\t\t\t\t\t<a href=\"https:\/\/tva.cv\/index.php\/2022\/03\/29\/cmp-vai-ter-plataforma-de-investimento-da-diaspora-cabo-verdiana\/\" target=\"_self\">CMP Plataforma de...<\/a>\n\t\t\t\t\t\t\t\t\t<\/h3> \n\t\t\t\t\t\t\t\t<\/div>\n\t\t\t\t\t\t\t\t\t\t\t\t\t        \n\t\t\t\t\t\t\t\t\t\t\t\t\t\t\t<p class=\"meta-date\">\n\t\t\t\t\t\t\t\t\t<i class=\"fa fa-clock-o\"><\/i>\n\t\t\t\t\t\t\t\t\t\t\t\t\t\t\t\t\t\t\t<span class=\"day\">abr 26, 2022<\/span>\n\t\t\t\t\t\t\t\t\t\t<span class=\"hour\">5:22 pm<\/span>\n\t\t\t\t\t\t\t\t\t\t\t\t\t\t\t\t\t<\/p>\n\t\t\t\t\t\t\t\t\t\t\t\t\t\t\t\t\t\t\t\t\t\t<p class=\"external-link\"><a href=\"https:\/\/tva.cv\/index.php\/2022\/03\/29\/cmp-vai-ter-plataforma-de-investimento-da-diaspora-cabo-verdiana\/\" target=\"_self\">\ufeff A C\u00e2mara Municipal da Praia, em parceria com a empresa portuguesa&#8230;<\/a><\/p>\n\t\t\t\t\t\t\t\t\t\t\t\t\t\t\t\n\t\t\t\t\t\t\t<div>\n\t\t\t\t\t\t\t\t\t\t\t\t\t\t\t\t\t<a href=\"https:\/\/tva.cv\/index.php\/2022\/03\/29\/cmp-vai-ter-plataforma-de-investimento-da-diaspora-cabo-verdiana\/\" target=\"_self\">\n\t\t\t\t\t\t\t\t\t\t<span class=\"read-more\">\n\t\t\t\t\t\t\t\t\t\t\tRead more\t\t\t\t\t\t\t\t\t\t<\/span>\n\t\t\t\t\t\t\t\t\t<\/a>\n\t\t\t\t\t\t\t\t\t\t\t\t\t\t\t<\/div>\n\t\t\t\t\t\t<\/div><!-- \/.entry-content -->\n\t\t\t\t\t<\/div><!-- \/.entry-block -->\n\t\t\t\t\t\t\t\t\t<div class=\"entry-block\">\n\t\t\t\t\t\t<div class=\"entry-image\">\n\t\t\t\t\t\t\t<a href=\"https:\/\/tva.cv\/index.php\/2022\/03\/30\/cmp-vai-construir-centro-comunitario-em-agua-funda\/\" class=\"img-link\" target=\"_self\">\n\t\t\t\t\t\t\t\t\t\t\t\t\t\t\t\t\t\t\t\t\t\t\t<\/a>\n\t\t\t\t\t\t\t\t\t\t\t\t\t\t\t\t\t\t\t<span><a class=\"label-6\" href=\"https:\/\/tva.cv\/index.php\/category\/cultura\/\" target=\"_self\">Cultura<\/a><\/span>\n\t\t\t\t\t\t\t\t\t\t\t\t\t\t\t\t\t\t\t\t\n\t\t\t\t\t\t<\/div><!-- \/.image -->\t\t\t\t\t\t\n\t\t\t\t\t\t<div class=\"entry-content\">\n\t\t\t\t\t\t\t\t\t\t\t\t\t\t\t<div class=\"title-left title-style04 underline04\"> \n\t\t\t\t\t\t\t\t\t<h3>\n\t\t\t\t\t\t\t\t\t\t<a href=\"https:\/\/tva.cv\/index.php\/2022\/03\/30\/cmp-vai-construir-centro-comunitario-em-agua-funda\/\" target=\"_self\">CMP vai construir...<\/a>\n\t\t\t\t\t\t\t\t\t<\/h3> \n\t\t\t\t\t\t\t\t<\/div>\n\t\t\t\t\t\t\t\t\t\t\t\t\t        \n\t\t\t\t\t\t\t\t\t\t\t\t\t\t\t<p class=\"meta-date\">\n\t\t\t\t\t\t\t\t\t<i class=\"fa fa-clock-o\"><\/i>\n\t\t\t\t\t\t\t\t\t\t\t\t\t\t\t\t\t\t\t<span class=\"day\">abr 26, 2022<\/span>\n\t\t\t\t\t\t\t\t\t\t<span class=\"hour\">5:28 pm<\/span>\n\t\t\t\t\t\t\t\t\t\t\t\t\t\t\t\t\t<\/p>\n\t\t\t\t\t\t\t\t\t\t\t\t\t\t\t\t\t\t\t\t\t\t<p class=\"external-link\"><a href=\"https:\/\/tva.cv\/index.php\/2022\/03\/30\/cmp-vai-construir-centro-comunitario-em-agua-funda\/\" target=\"_self\">Moradores e profissionais da \u00e1rea de Constru\u00e7\u00e3o Civil da Comunidade&#8230;<\/a><\/p>\n\t\t\t\t\t\t\t\t\t\t\t\t\t\t\t\n\t\t\t\t\t\t\t<div>\n\t\t\t\t\t\t\t\t\t\t\t\t\t\t\t\t\t<a href=\"https:\/\/tva.cv\/index.php\/2022\/03\/30\/cmp-vai-construir-centro-comunitario-em-agua-funda\/\" target=\"_self\">\n\t\t\t\t\t\t\t\t\t\t<span class=\"read-more\">\n\t\t\t\t\t\t\t\t\t\t\tRead more\t\t\t\t\t\t\t\t\t\t<\/span>\n\t\t\t\t\t\t\t\t\t<\/a>\n\t\t\t\t\t\t\t\t\t\t\t\t\t\t\t<\/div>\n\t\t\t\t\t\t<\/div><!-- \/.entry-content -->\n\t\t\t\t\t<\/div><!-- \/.entry-block -->\n\t\t\t\t\t\t\t\t\t<div class=\"entry-block\">\n\t\t\t\t\t\t<div class=\"entry-image\">\n\t\t\t\t\t\t\t<a href=\"https:\/\/tva.cv\/index.php\/2022\/04\/12\/ine-lanca-inquerito-as-despesas-e-receitas-familiares\/\" class=\"img-link\" target=\"_self\">\n\t\t\t\t\t\t\t\t\t\t\t\t\t\t\t\t\t\t\t\t\t\t\t<\/a>\n\t\t\t\t\t\t\t\t\t\t\t\t\t\t\t\t\t\t\t<span><a class=\"label-7\" href=\"https:\/\/tva.cv\/index.php\/category\/economia\/\" target=\"_self\">Economia<\/a><\/span>\n\t\t\t\t\t\t\t\t\t\t\t\t\t\t\t\t\t\t\t\t\n\t\t\t\t\t\t<\/div><!-- \/.image -->\t\t\t\t\t\t\n\t\t\t\t\t\t<div class=\"entry-content\">\n\t\t\t\t\t\t\t\t\t\t\t\t\t\t\t<div class=\"title-left title-style04 underline04\"> \n\t\t\t\t\t\t\t\t\t<h3>\n\t\t\t\t\t\t\t\t\t\t<a href=\"https:\/\/tva.cv\/index.php\/2022\/04\/12\/ine-lanca-inquerito-as-despesas-e-receitas-familiares\/\" target=\"_self\">INE lan\u00e7a Inqu\u00e9rito...<\/a>\n\t\t\t\t\t\t\t\t\t<\/h3> \n\t\t\t\t\t\t\t\t<\/div>\n\t\t\t\t\t\t\t\t\t\t\t\t\t        \n\t\t\t\t\t\t\t\t\t\t\t\t\t\t\t<p class=\"meta-date\">\n\t\t\t\t\t\t\t\t\t<i class=\"fa fa-clock-o\"><\/i>\n\t\t\t\t\t\t\t\t\t\t\t\t\t\t\t\t\t\t\t<span class=\"day\">abr 26, 2022<\/span>\n\t\t\t\t\t\t\t\t\t\t<span class=\"hour\">5:29 pm<\/span>\n\t\t\t\t\t\t\t\t\t\t\t\t\t\t\t\t\t<\/p>\n\t\t\t\t\t\t\t\t\t\t\t\t\t\t\t\t\t\t\t\t\t\t<p class=\"external-link\"><a href=\"https:\/\/tva.cv\/index.php\/2022\/04\/12\/ine-lanca-inquerito-as-despesas-e-receitas-familiares\/\" target=\"_self\">\ufeff Determinar o n\u00edvel da pobreza em toda a dimens\u00e3o, em termos de pobreza&#8230;<\/a><\/p>\n\t\t\t\t\t\t\t\t\t\t\t\t\t\t\t\n\t\t\t\t\t\t\t<div>\n\t\t\t\t\t\t\t\t\t\t\t\t\t\t\t\t\t<a href=\"https:\/\/tva.cv\/index.php\/2022\/04\/12\/ine-lanca-inquerito-as-despesas-e-receitas-familiares\/\" target=\"_self\">\n\t\t\t\t\t\t\t\t\t\t<span class=\"read-more\">\n\t\t\t\t\t\t\t\t\t\t\tRead more\t\t\t\t\t\t\t\t\t\t<\/span>\n\t\t\t\t\t\t\t\t\t<\/a>\n\t\t\t\t\t\t\t\t\t\t\t\t\t\t\t<\/div>\n\t\t\t\t\t\t<\/div><!-- \/.entry-content -->\n\t\t\t\t\t<\/div><!-- \/.entry-block -->\n\t\t\t\t\t\t\t\t\t<div class=\"entry-block\">\n\t\t\t\t\t\t<div class=\"entry-image\">\n\t\t\t\t\t\t\t<a href=\"https:\/\/tva.cv\/index.php\/2022\/04\/13\/cmp-homenageia-pugilista-sifonelo-borges\/\" class=\"img-link\" target=\"_self\">\n\t\t\t\t\t\t\t\t<img width=\"1920\" height=\"1080\" src=\"https:\/\/tva.cv\/wp-content\/uploads\/2022\/04\/vlcsnap-2022-04-13-09h49m52s758.png\" class=\"img-responsive img-full wp-post-image\" alt=\"\" loading=\"lazy\" srcset=\"https:\/\/tva.cv\/wp-content\/uploads\/2022\/04\/vlcsnap-2022-04-13-09h49m52s758.png 1920w, https:\/\/tva.cv\/wp-content\/uploads\/2022\/04\/vlcsnap-2022-04-13-09h49m52s758-300x169.png 300w, https:\/\/tva.cv\/wp-content\/uploads\/2022\/04\/vlcsnap-2022-04-13-09h49m52s758-1024x576.png 1024w, https:\/\/tva.cv\/wp-content\/uploads\/2022\/04\/vlcsnap-2022-04-13-09h49m52s758-768x432.png 768w, https:\/\/tva.cv\/wp-content\/uploads\/2022\/04\/vlcsnap-2022-04-13-09h49m52s758-1536x864.png 1536w, https:\/\/tva.cv\/wp-content\/uploads\/2022\/04\/vlcsnap-2022-04-13-09h49m52s758-822x462.png 822w\" sizes=\"(max-width: 1920px) 100vw, 1920px\" \/>\t\t\t\t\t\t\t\t\t\t\t\t\t\t\t<\/a>\n\t\t\t\t\t\t\t\t\t\t\t\t\t\t\t\t\t\t\t<span><a class=\"label-8\" href=\"https:\/\/tva.cv\/index.php\/category\/desporto\/\" target=\"_self\">Desporto<\/a><\/span>\n\t\t\t\t\t\t\t\t\t\t\t\t\t\t\t\t\t\t\t\t\n\t\t\t\t\t\t<\/div><!-- \/.image -->\t\t\t\t\t\t\n\t\t\t\t\t\t<div class=\"entry-content\">\n\t\t\t\t\t\t\t\t\t\t\t\t\t\t\t<div class=\"title-left title-style04 underline04\"> \n\t\t\t\t\t\t\t\t\t<h3>\n\t\t\t\t\t\t\t\t\t\t<a href=\"https:\/\/tva.cv\/index.php\/2022\/04\/13\/cmp-homenageia-pugilista-sifonelo-borges\/\" target=\"_self\">CMP homenageia pugilista...<\/a>\n\t\t\t\t\t\t\t\t\t<\/h3> \n\t\t\t\t\t\t\t\t<\/div>\n\t\t\t\t\t\t\t\t\t\t\t\t\t        \n\t\t\t\t\t\t\t\t\t\t\t\t\t\t\t<p class=\"meta-date\">\n\t\t\t\t\t\t\t\t\t<i class=\"fa fa-clock-o\"><\/i>\n\t\t\t\t\t\t\t\t\t\t\t\t\t\t\t\t\t\t\t<span class=\"day\">abr 26, 2022<\/span>\n\t\t\t\t\t\t\t\t\t\t<span class=\"hour\">6:19 pm<\/span>\n\t\t\t\t\t\t\t\t\t\t\t\t\t\t\t\t\t<\/p>\n\t\t\t\t\t\t\t\t\t\t\t\t\t\t\t\t\t\t\t\t\t\t<p class=\"external-link\"><a href=\"https:\/\/tva.cv\/index.php\/2022\/04\/13\/cmp-homenageia-pugilista-sifonelo-borges\/\" target=\"_self\">\ufeff O pugilista cabo-verdiano, Sifonelo Borges foi homenageado esta segunda-feira,&#8230;<\/a><\/p>\n\t\t\t\t\t\t\t\t\t\t\t\t\t\t\t\n\t\t\t\t\t\t\t<div>\n\t\t\t\t\t\t\t\t\t\t\t\t\t\t\t\t\t<a href=\"https:\/\/tva.cv\/index.php\/2022\/04\/13\/cmp-homenageia-pugilista-sifonelo-borges\/\" target=\"_self\">\n\t\t\t\t\t\t\t\t\t\t<span class=\"read-more\">\n\t\t\t\t\t\t\t\t\t\t\tRead more\t\t\t\t\t\t\t\t\t\t<\/span>\n\t\t\t\t\t\t\t\t\t<\/a>\n\t\t\t\t\t\t\t\t\t\t\t\t\t\t\t<\/div>\n\t\t\t\t\t\t<\/div><!-- \/.entry-content -->\n\t\t\t\t\t<\/div><!-- \/.entry-block -->\n\t\t\t\t\t\t\t\t\t<div class=\"entry-block\">\n\t\t\t\t\t\t<div class=\"entry-image\">\n\t\t\t\t\t\t\t<a href=\"https:\/\/tva.cv\/index.php\/2022\/04\/13\/vendedeiras-pedem-dinheiro-investido-na-compra-de-lojas-no-mercado-de-coco\/\" class=\"img-link\" target=\"_self\">\n\t\t\t\t\t\t\t\t<img width=\"1920\" height=\"1080\" src=\"https:\/\/tva.cv\/wp-content\/uploads\/2022\/04\/vlcsnap-2022-04-13-10h03m59s671.png\" class=\"img-responsive img-full wp-post-image\" alt=\"\" loading=\"lazy\" srcset=\"https:\/\/tva.cv\/wp-content\/uploads\/2022\/04\/vlcsnap-2022-04-13-10h03m59s671.png 1920w, https:\/\/tva.cv\/wp-content\/uploads\/2022\/04\/vlcsnap-2022-04-13-10h03m59s671-300x169.png 300w, https:\/\/tva.cv\/wp-content\/uploads\/2022\/04\/vlcsnap-2022-04-13-10h03m59s671-1024x576.png 1024w, https:\/\/tva.cv\/wp-content\/uploads\/2022\/04\/vlcsnap-2022-04-13-10h03m59s671-768x432.png 768w, https:\/\/tva.cv\/wp-content\/uploads\/2022\/04\/vlcsnap-2022-04-13-10h03m59s671-1536x864.png 1536w, https:\/\/tva.cv\/wp-content\/uploads\/2022\/04\/vlcsnap-2022-04-13-10h03m59s671-822x462.png 822w\" sizes=\"(max-width: 1920px) 100vw, 1920px\" \/>\t\t\t\t\t\t\t\t\t\t\t\t\t\t\t<\/a>\n\t\t\t\t\t\t\t\t\t\t\t\t\t\t\t\t\t\t\t<span><a class=\"label-9\" href=\"https:\/\/tva.cv\/index.php\/category\/economia\/\" target=\"_self\">Economia<\/a><\/span>\n\t\t\t\t\t\t\t\t\t\t\t\t\t\t\t\t\t\t\t\t\n\t\t\t\t\t\t<\/div><!-- \/.image -->\t\t\t\t\t\t\n\t\t\t\t\t\t<div class=\"entry-content\">\n\t\t\t\t\t\t\t\t\t\t\t\t\t\t\t<div class=\"title-left title-style04 underline04\"> \n\t\t\t\t\t\t\t\t\t<h3>\n\t\t\t\t\t\t\t\t\t\t<a href=\"https:\/\/tva.cv\/index.php\/2022\/04\/13\/vendedeiras-pedem-dinheiro-investido-na-compra-de-lojas-no-mercado-de-coco\/\" target=\"_self\">Vendedeiras pedem dinheiro...<\/a>\n\t\t\t\t\t\t\t\t\t<\/h3> \n\t\t\t\t\t\t\t\t<\/div>\n\t\t\t\t\t\t\t\t\t\t\t\t\t        \n\t\t\t\t\t\t\t\t\t\t\t\t\t\t\t<p class=\"meta-date\">\n\t\t\t\t\t\t\t\t\t<i class=\"fa fa-clock-o\"><\/i>\n\t\t\t\t\t\t\t\t\t\t\t\t\t\t\t\t\t\t\t<span class=\"day\">abr 14, 2022<\/span>\n\t\t\t\t\t\t\t\t\t\t<span class=\"hour\">10:34 am<\/span>\n\t\t\t\t\t\t\t\t\t\t\t\t\t\t\t\t\t<\/p>\n\t\t\t\t\t\t\t\t\t\t\t\t\t\t\t\t\t\t\t\t\t\t<p class=\"external-link\"><a href=\"https:\/\/tva.cv\/index.php\/2022\/04\/13\/vendedeiras-pedem-dinheiro-investido-na-compra-de-lojas-no-mercado-de-coco\/\" target=\"_self\">\ufeff O pol\u00e9mico mercado de coco voltou a ser assunto de debate na Assembleia&#8230;<\/a><\/p>\n\t\t\t\t\t\t\t\t\t\t\t\t\t\t\t\n\t\t\t\t\t\t\t<div>\n\t\t\t\t\t\t\t\t\t\t\t\t\t\t\t\t\t<a href=\"https:\/\/tva.cv\/index.php\/2022\/04\/13\/vendedeiras-pedem-dinheiro-investido-na-compra-de-lojas-no-mercado-de-coco\/\" target=\"_self\">\n\t\t\t\t\t\t\t\t\t\t<span class=\"read-more\">\n\t\t\t\t\t\t\t\t\t\t\tRead more\t\t\t\t\t\t\t\t\t\t<\/span>\n\t\t\t\t\t\t\t\t\t<\/a>\n\t\t\t\t\t\t\t\t\t\t\t\t\t\t\t<\/div>\n\t\t\t\t\t\t<\/div><!-- \/.entry-content -->\n\t\t\t\t\t<\/div><!-- \/.entry-block -->\n\t\t\t\t\t\t\t\t\t<div class=\"entry-block\">\n\t\t\t\t\t\t<div class=\"entry-image\">\n\t\t\t\t\t\t\t<a href=\"https:\/\/tva.cv\/index.php\/2022\/04\/13\/cv-recebe-mais-de-3700-pedidos-de-residencia-de-estrangeiros\/\" class=\"img-link\" target=\"_self\">\n\t\t\t\t\t\t\t\t<img width=\"1920\" height=\"1080\" src=\"https:\/\/tva.cv\/wp-content\/uploads\/2022\/04\/vlcsnap-2022-04-13-10h15m50s008.png\" class=\"img-responsive img-full wp-post-image\" alt=\"\" loading=\"lazy\" srcset=\"https:\/\/tva.cv\/wp-content\/uploads\/2022\/04\/vlcsnap-2022-04-13-10h15m50s008.png 1920w, https:\/\/tva.cv\/wp-content\/uploads\/2022\/04\/vlcsnap-2022-04-13-10h15m50s008-300x169.png 300w, https:\/\/tva.cv\/wp-content\/uploads\/2022\/04\/vlcsnap-2022-04-13-10h15m50s008-1024x576.png 1024w, https:\/\/tva.cv\/wp-content\/uploads\/2022\/04\/vlcsnap-2022-04-13-10h15m50s008-768x432.png 768w, https:\/\/tva.cv\/wp-content\/uploads\/2022\/04\/vlcsnap-2022-04-13-10h15m50s008-1536x864.png 1536w, https:\/\/tva.cv\/wp-content\/uploads\/2022\/04\/vlcsnap-2022-04-13-10h15m50s008-822x462.png 822w\" sizes=\"(max-width: 1920px) 100vw, 1920px\" \/>\t\t\t\t\t\t\t\t\t\t\t\t\t\t\t<\/a>\n\t\t\t\t\t\t\t\t\t\t\t\t\t\t\t\t\t\t\t<span><a class=\"label-10\" href=\"https:\/\/tva.cv\/index.php\/category\/nacional\/\" target=\"_self\">Nacional<\/a><\/span>\n\t\t\t\t\t\t\t\t\t\t\t\t\t\t\t\t\t\t\t\t\n\t\t\t\t\t\t<\/div><!-- \/.image -->\t\t\t\t\t\t\n\t\t\t\t\t\t<div class=\"entry-content\">\n\t\t\t\t\t\t\t\t\t\t\t\t\t\t\t<div class=\"title-left title-style04 underline04\"> \n\t\t\t\t\t\t\t\t\t<h3>\n\t\t\t\t\t\t\t\t\t\t<a href=\"https:\/\/tva.cv\/index.php\/2022\/04\/13\/cv-recebe-mais-de-3700-pedidos-de-residencia-de-estrangeiros\/\" target=\"_self\">CV  recebe...<\/a>\n\t\t\t\t\t\t\t\t\t<\/h3> \n\t\t\t\t\t\t\t\t<\/div>\n\t\t\t\t\t\t\t\t\t\t\t\t\t        \n\t\t\t\t\t\t\t\t\t\t\t\t\t\t\t<p class=\"meta-date\">\n\t\t\t\t\t\t\t\t\t<i class=\"fa fa-clock-o\"><\/i>\n\t\t\t\t\t\t\t\t\t\t\t\t\t\t\t\t\t\t\t<span class=\"day\">abr 14, 2022<\/span>\n\t\t\t\t\t\t\t\t\t\t<span class=\"hour\">10:33 am<\/span>\n\t\t\t\t\t\t\t\t\t\t\t\t\t\t\t\t\t<\/p>\n\t\t\t\t\t\t\t\t\t\t\t\t\t\t\t\t\t\t\t\t\t\t<p class=\"external-link\"><a href=\"https:\/\/tva.cv\/index.php\/2022\/04\/13\/cv-recebe-mais-de-3700-pedidos-de-residencia-de-estrangeiros\/\" target=\"_self\">\ufeff O ministro da Administra\u00e7\u00e3o Interna assegurou esta ter\u00e7a-feira&#8230;<\/a><\/p>\n\t\t\t\t\t\t\t\t\t\t\t\t\t\t\t\n\t\t\t\t\t\t\t<div>\n\t\t\t\t\t\t\t\t\t\t\t\t\t\t\t\t\t<a href=\"https:\/\/tva.cv\/index.php\/2022\/04\/13\/cv-recebe-mais-de-3700-pedidos-de-residencia-de-estrangeiros\/\" target=\"_self\">\n\t\t\t\t\t\t\t\t\t\t<span class=\"read-more\">\n\t\t\t\t\t\t\t\t\t\t\tRead more\t\t\t\t\t\t\t\t\t\t<\/span>\n\t\t\t\t\t\t\t\t\t<\/a>\n\t\t\t\t\t\t\t\t\t\t\t\t\t\t\t<\/div>\n\t\t\t\t\t\t<\/div><!-- \/.entry-content -->\n\t\t\t\t\t<\/div><!-- \/.entry-block -->\n\t\t\t\t\t\t\t<\/div><!-- \/.article --> \n\t\t<\/div> \n\t\t[\/vc_column][vc_column css=&#8221;.vc_custom_1505826210233{margin-bottom: -35px !important;}&#8221; offset=&#8221;vc_col-lg-4 vc_col-md-12&#8243;]\t\t\t\t\t<div class=\"title-style02\n\t\t\t\tmb-30\">\n\t\t\t\t<h3>USA \/ Canada Road Trips<\/h3>\n\t\t\t<\/div>\n\t\t\t\t<div class=\"video-promo-item mb-30\">\n\t\t\t<div class=\"video-promo-image\">\n\t\t\t\t<div class=\"video-full\">\n\t\t\t\t\t<div class=\"fitvids-video embed-container\">\n\t\t\t\t\t\t<iframe id=\"embeddedVideo\" src=\"https:\/\/player.vimeo.com\/video\/170085166?api=1&player_id=vimeo_player&autoplay=1&loop=1\" allow=\"autoplay; fullscreen\"><\/iframe>\n\t\t\t\t\t\t<input type=\"hidden\" id=\"video_mute\" value=\"1\">\n\t\t\t\t\t<\/div>\t\n\t\t\t\t<\/div>\n\t\t\t<\/div>\n\t\t\t<div class=\"video-promo-wrapper\">\n\t\t\t\t<div class=\"video-promo-content\" style=\"background:#212126;\">\n\t\t\t\t\t<span class=\"section-highlight-inner\"><a href=\" \" target=\"_self\">Tourism<\/a><\/span>\n\t\t\t\t\t<div class=\"programme-header\" style=\"color:#ced2d9; font-size:24px;\">Best Road Trips<\/div>\n\t\t\t\t\t<div class=\"programme-name\" style=\"color:#fff; font-size:28px;\">10 Days, 8 States, 3 Provinces, 6000km<\/div>\n\t\t\t\t\t<p style=\"color:#ced2d9; font-size:14px; line-height:24px;\">Starting in Ontario, through Michigan, Indiana, Illinois, Wisconsin, Minnesota, South Dakota, Wyoming, and Montana, Canada to explore Alberta and back to Vancouver Island.<\/p>\n\t\t\t\t<\/div>\n\t\t\t<\/div><\/div>\t\t<div class=\"\n\t\t\tmb-30\"> \n\t\t\t\t\t\t\t<div class=\"\n\t\t\t\t\tblock-title-1\"\n\t\t\t\t\tstyle=\"\n\t\t\t\t\tmargin-bottom:30px;\"> \n\t\t\t\t\t<h3>USA News<\/h3> \n\t\t\t\t<\/div>\n\t\t\t\t\t\t<div class=\"rss-feed-tabs\">  \n\t\t\t\t\t\t\t\t\n<div class=\"news-ticker-rss-widget ticker-style-smodern\">\n<div class=\"ticker-wrap ticker-style-modern\" data-id=\"ticker-tab-\"><p><strong>Erro de RSS:<\/strong> WP HTTP Error: N\u00e3o foi fornecido um URL v\u00e1lido.<\/p><\/div>\n<\/div>\n\t\t\t\t\n\t\t\t<\/div><!-- \/.rss-feed-tabs -->\n\t\t<\/div>    \n\t\t[\/vc_column][\/vc_row][vc_row full_width=&#8221;stretch_row&#8221; el_class=&#8221;module dark&#8221; css=&#8221;.vc_custom_1505501782259{padding-bottom: 0px !important;}&#8221;][vc_column css=&#8221;.vc_custom_1494505180368{padding-top: 0px !important;}&#8221;]\t\t<div class=\"tvbanner-area \"> \n\t\t\t<div class=\"show-info\">\n\t\t\t\t\t\t\t\t\t<h4 class=\"schedule-logo bg-1\">This morning, at 09 a.m.<\/h4>\n\t\t\t\t\t\t\t\t<div class=\"show-title\">\n\t\t\t\t\t \n\t\t\t\t\t\t<h2>News Insight<\/h2>\n\t\t\t\t\t \n\t\t\t\t\t<h3>Hosted by Neal Bailey<\/h3> \n\t\t\t\t<\/div>\n\t\t\t\t                             \n\t\t\t\t\t<h4 class=\"show-info-button bg-1\"><a href=\"\" target=\"_self\">Richard Mclaughlin bring you the news that matters to you!<\/a><\/h4>\n\t\t\t\t \n\t\t\t\t<div class=\"figure\">\n\t\t\t\t\t<img src=\" https:\/\/tva.cv\/wp-content\/uploads\/2017\/01\/schedule_figure.png \" alt=\"Hosted by Neal Bailey\">\t\t\t\t<\/div><!-- \/.figure -->                             \n\t\t\t<\/div><!-- \/.show-info -->\n\t\t\t                         \n\t\t\t\t<div class=\"schedule-squares\">\n\t\t\t\t\t<span class=\"square2\"><\/span>\n\t\t\t\t\t<span class=\"square3\"><\/span>\n\t\t\t\t\t<span class=\"square4\"><\/span> \n\t\t\t\t\t<span class=\"square5\"><\/span>\n\t\t\t\t\t<span class=\"square6\"><\/span>\n\t\t\t\t\t<span class=\"square7\"><\/span>\n\t\t\t\t\t<span class=\"square8\"><\/span>\n\t\t\t\t\t<span class=\"square9\"><\/span>\n\t\t\t\t\t<span class=\"square10\"><\/span>\n\t\t\t\t\t<span class=\"square11\"><\/span>\n\t\t\t\t<\/div><!-- \/.schedule-squares -->\n\t\t\t                         \n\t\t<\/div><!-- \/.tvbanner-area -->\n\t\t[\/vc_column][\/vc_row][vc_row full_width=&#8221;stretch_row&#8221; css=&#8221;.vc_custom_1509048848508{background-color: #ececed !important;}&#8221; el_class=&#8221;visible&#8221;][vc_column offset=&#8221;vc_col-lg-8 vc_col-md-12&#8243; el_class=&#8221;sticky-module&#8221;]\t\t<div class=\"\n\t\t\t\">\n\t\t\t\t\t\t\t \n\t\t\t\t\t<div class=\"module-title\">\n\t\t\t\t\t\t \n\t\t\t\t\t\t\t<h3 class=\"title\">\n\t\t\t\t\t\t\t\t<span class=\"bg-1\" style=\"\n\t\t\t\t\t\t\t\t\tbackground-color:#d40004;\">\n\t\t\t\t\t\t\t\t\tCanada Today\t\t\t\t\t\t\t\t<\/span>\n\t\t\t\t\t\t\t<\/h3>\n\t\t\t\t\t\t\t\t\t\t\t\t  \n\t\t\t\t\t\t\t<h3 class=\"subtitle\">Latest News in details<\/h3>\n\t\t\t\t\t\t \n\t\t\t\t\t<\/div>\n\t\t\t\t\t\t\t<div class=\"article\">\n\t\t\t\t\t\t\t\t\t<div class=\"entry-block\">\n\t\t\t\t\t\t<div class=\"entry-image\">\n\t\t\t\t\t\t\t<a href=\"https:\/\/tva.cv\/index.php\/2022\/03\/29\/cmp-vai-ter-plataforma-de-investimento-da-diaspora-cabo-verdiana\/\" class=\"img-link\" target=\"_self\">\n\t\t\t\t\t\t\t\t\t\t\t\t\t\t\t\t\t\t\t\t\t\t\t<\/a>\n\t\t\t\t\t\t\t\t\t\t\t\t\t\t\t\t\t\t\t<span><a class=\"label-5\" href=\"https:\/\/tva.cv\/index.php\/category\/economia\/\" target=\"_self\">Economia<\/a><\/span>\n\t\t\t\t\t\t\t\t\t\t\t\t\t\t\t\t\t\t\t\t\n\t\t\t\t\t\t<\/div><!-- \/.image -->\t\t\t\t\t\t\n\t\t\t\t\t\t<div class=\"entry-content\">\n\t\t\t\t\t\t\t\t\t\t\t\t\t\t\t<div class=\"title-left title-style04 underline04\"> \n\t\t\t\t\t\t\t\t\t<h3>\n\t\t\t\t\t\t\t\t\t\t<a href=\"https:\/\/tva.cv\/index.php\/2022\/03\/29\/cmp-vai-ter-plataforma-de-investimento-da-diaspora-cabo-verdiana\/\" target=\"_self\">CMP Plataforma de...<\/a>\n\t\t\t\t\t\t\t\t\t<\/h3> \n\t\t\t\t\t\t\t\t<\/div>\n\t\t\t\t\t\t\t\t\t\t\t\t\t        \n\t\t\t\t\t\t\t\t\t\t\t\t\t\t\t<p class=\"meta-date\">\n\t\t\t\t\t\t\t\t\t<i class=\"fa fa-clock-o\"><\/i>\n\t\t\t\t\t\t\t\t\t\t\t\t\t\t\t\t\t\t\t<span class=\"day\">abr 26, 2022<\/span>\n\t\t\t\t\t\t\t\t\t\t<span class=\"hour\">5:22 pm<\/span>\n\t\t\t\t\t\t\t\t\t\t\t\t\t\t\t\t\t<\/p>\n\t\t\t\t\t\t\t\t\t\t\t\t\t\t\t\t\t\t\t\t\t\t<p class=\"external-link\"><a href=\"https:\/\/tva.cv\/index.php\/2022\/03\/29\/cmp-vai-ter-plataforma-de-investimento-da-diaspora-cabo-verdiana\/\" target=\"_self\">\ufeff A C\u00e2mara Municipal da Praia, em parceria com a empresa portuguesa Decisions Kingdom Consultoria&#8230;<\/a><\/p>\n\t\t\t\t\t\t\t\t\t\t\t\t\t\t\t\n\t\t\t\t\t\t\t<div>\n\t\t\t\t\t\t\t\t\t\t\t\t\t\t\t\t\t<a href=\"https:\/\/tva.cv\/index.php\/2022\/03\/29\/cmp-vai-ter-plataforma-de-investimento-da-diaspora-cabo-verdiana\/\" target=\"_self\">\n\t\t\t\t\t\t\t\t\t\t<span class=\"read-more\">\n\t\t\t\t\t\t\t\t\t\t\tContinue reading\t\t\t\t\t\t\t\t\t\t<\/span>\n\t\t\t\t\t\t\t\t\t<\/a>\n\t\t\t\t\t\t\t\t\t\t\t\t\t\t\t<\/div>\n\t\t\t\t\t\t<\/div><!-- \/.entry-content -->\n\t\t\t\t\t<\/div><!-- \/.entry-block -->\n\t\t\t\t\t\t\t\t\t<div class=\"entry-block\">\n\t\t\t\t\t\t<div class=\"entry-image\">\n\t\t\t\t\t\t\t<a href=\"https:\/\/tva.cv\/index.php\/2022\/03\/30\/cmp-vai-construir-centro-comunitario-em-agua-funda\/\" class=\"img-link\" target=\"_self\">\n\t\t\t\t\t\t\t\t\t\t\t\t\t\t\t\t\t\t\t\t\t\t\t<\/a>\n\t\t\t\t\t\t\t\t\t\t\t\t\t\t\t\t\t\t\t<span><a class=\"label-6\" href=\"https:\/\/tva.cv\/index.php\/category\/cultura\/\" target=\"_self\">Cultura<\/a><\/span>\n\t\t\t\t\t\t\t\t\t\t\t\t\t\t\t\t\t\t\t\t\n\t\t\t\t\t\t<\/div><!-- \/.image -->\t\t\t\t\t\t\n\t\t\t\t\t\t<div class=\"entry-content\">\n\t\t\t\t\t\t\t\t\t\t\t\t\t\t\t<div class=\"title-left title-style04 underline04\"> \n\t\t\t\t\t\t\t\t\t<h3>\n\t\t\t\t\t\t\t\t\t\t<a href=\"https:\/\/tva.cv\/index.php\/2022\/03\/30\/cmp-vai-construir-centro-comunitario-em-agua-funda\/\" target=\"_self\">CMP vai construir...<\/a>\n\t\t\t\t\t\t\t\t\t<\/h3> \n\t\t\t\t\t\t\t\t<\/div>\n\t\t\t\t\t\t\t\t\t\t\t\t\t        \n\t\t\t\t\t\t\t\t\t\t\t\t\t\t\t<p class=\"meta-date\">\n\t\t\t\t\t\t\t\t\t<i class=\"fa fa-clock-o\"><\/i>\n\t\t\t\t\t\t\t\t\t\t\t\t\t\t\t\t\t\t\t<span class=\"day\">abr 26, 2022<\/span>\n\t\t\t\t\t\t\t\t\t\t<span class=\"hour\">5:28 pm<\/span>\n\t\t\t\t\t\t\t\t\t\t\t\t\t\t\t\t\t<\/p>\n\t\t\t\t\t\t\t\t\t\t\t\t\t\t\t\t\t\t\t\t\t\t<p class=\"external-link\"><a href=\"https:\/\/tva.cv\/index.php\/2022\/03\/30\/cmp-vai-construir-centro-comunitario-em-agua-funda\/\" target=\"_self\">Moradores e profissionais da \u00e1rea de Constru\u00e7\u00e3o Civil da Comunidade de \u00c1gua Funda v\u00e3o construir&#8230;<\/a><\/p>\n\t\t\t\t\t\t\t\t\t\t\t\t\t\t\t\n\t\t\t\t\t\t\t<div>\n\t\t\t\t\t\t\t\t\t\t\t\t\t\t\t\t\t<a href=\"https:\/\/tva.cv\/index.php\/2022\/03\/30\/cmp-vai-construir-centro-comunitario-em-agua-funda\/\" target=\"_self\">\n\t\t\t\t\t\t\t\t\t\t<span class=\"read-more\">\n\t\t\t\t\t\t\t\t\t\t\tContinue reading\t\t\t\t\t\t\t\t\t\t<\/span>\n\t\t\t\t\t\t\t\t\t<\/a>\n\t\t\t\t\t\t\t\t\t\t\t\t\t\t\t<\/div>\n\t\t\t\t\t\t<\/div><!-- \/.entry-content -->\n\t\t\t\t\t<\/div><!-- \/.entry-block -->\n\t\t\t\t\t\t\t\t\t<div class=\"entry-block\">\n\t\t\t\t\t\t<div class=\"entry-image\">\n\t\t\t\t\t\t\t<a href=\"https:\/\/tva.cv\/index.php\/2022\/04\/12\/ine-lanca-inquerito-as-despesas-e-receitas-familiares\/\" class=\"img-link\" target=\"_self\">\n\t\t\t\t\t\t\t\t\t\t\t\t\t\t\t\t\t\t\t\t\t\t\t<\/a>\n\t\t\t\t\t\t\t\t\t\t\t\t\t\t\t\t\t\t\t<span><a class=\"label-7\" href=\"https:\/\/tva.cv\/index.php\/category\/economia\/\" target=\"_self\">Economia<\/a><\/span>\n\t\t\t\t\t\t\t\t\t\t\t\t\t\t\t\t\t\t\t\t\n\t\t\t\t\t\t<\/div><!-- \/.image -->\t\t\t\t\t\t\n\t\t\t\t\t\t<div class=\"entry-content\">\n\t\t\t\t\t\t\t\t\t\t\t\t\t\t\t<div class=\"title-left title-style04 underline04\"> \n\t\t\t\t\t\t\t\t\t<h3>\n\t\t\t\t\t\t\t\t\t\t<a href=\"https:\/\/tva.cv\/index.php\/2022\/04\/12\/ine-lanca-inquerito-as-despesas-e-receitas-familiares\/\" target=\"_self\">INE lan\u00e7a Inqu\u00e9rito...<\/a>\n\t\t\t\t\t\t\t\t\t<\/h3> \n\t\t\t\t\t\t\t\t<\/div>\n\t\t\t\t\t\t\t\t\t\t\t\t\t        \n\t\t\t\t\t\t\t\t\t\t\t\t\t\t\t<p class=\"meta-date\">\n\t\t\t\t\t\t\t\t\t<i class=\"fa fa-clock-o\"><\/i>\n\t\t\t\t\t\t\t\t\t\t\t\t\t\t\t\t\t\t\t<span class=\"day\">abr 26, 2022<\/span>\n\t\t\t\t\t\t\t\t\t\t<span class=\"hour\">5:29 pm<\/span>\n\t\t\t\t\t\t\t\t\t\t\t\t\t\t\t\t\t<\/p>\n\t\t\t\t\t\t\t\t\t\t\t\t\t\t\t\t\t\t\t\t\t\t<p class=\"external-link\"><a href=\"https:\/\/tva.cv\/index.php\/2022\/04\/12\/ine-lanca-inquerito-as-despesas-e-receitas-familiares\/\" target=\"_self\">\ufeff Determinar o n\u00edvel da pobreza em toda a dimens\u00e3o, em termos de pobreza extrema e absoluta, avaliar&#8230;<\/a><\/p>\n\t\t\t\t\t\t\t\t\t\t\t\t\t\t\t\n\t\t\t\t\t\t\t<div>\n\t\t\t\t\t\t\t\t\t\t\t\t\t\t\t\t\t<a href=\"https:\/\/tva.cv\/index.php\/2022\/04\/12\/ine-lanca-inquerito-as-despesas-e-receitas-familiares\/\" target=\"_self\">\n\t\t\t\t\t\t\t\t\t\t<span class=\"read-more\">\n\t\t\t\t\t\t\t\t\t\t\tContinue reading\t\t\t\t\t\t\t\t\t\t<\/span>\n\t\t\t\t\t\t\t\t\t<\/a>\n\t\t\t\t\t\t\t\t\t\t\t\t\t\t\t<\/div>\n\t\t\t\t\t\t<\/div><!-- \/.entry-content -->\n\t\t\t\t\t<\/div><!-- \/.entry-block -->\n\t\t\t\t\t\t\t<\/div><!-- \/.article --> \n\t\t<\/div> \n\t\t\t\t<div class=\"\n\t\t\tmt-30\">\n\t\t\t\t\t\t\t \n\t\t\t\t\t<div class=\"module-title\">\n\t\t\t\t\t\t \n\t\t\t\t\t\t\t<h3 class=\"title\">\n\t\t\t\t\t\t\t\t<span class=\"bg-1\" style=\"\n\t\t\t\t\t\t\t\t\tbackground-color:#5db761;\">\n\t\t\t\t\t\t\t\t\tMexico Today\t\t\t\t\t\t\t\t<\/span>\n\t\t\t\t\t\t\t<\/h3>\n\t\t\t\t\t\t\t\t\t\t\t\t  \n\t\t\t\t\t\t\t<h3 class=\"subtitle\">Latest News in details<\/h3>\n\t\t\t\t\t\t \n\t\t\t\t\t<\/div>\n\t\t\t\t\t\t\t<div class=\"article\">\n\t\t\t\t\t\t\t\t\t<div class=\"entry-block\">\n\t\t\t\t\t\t<div class=\"entry-image\">\n\t\t\t\t\t\t\t<a href=\"https:\/\/tva.cv\/index.php\/2026\/04\/30\/episodio-5-china-em-foco\/\" class=\"img-link\" target=\"_self\">\n\t\t\t\t\t\t\t\t<img width=\"1920\" height=\"1080\" src=\"https:\/\/tva.cv\/wp-content\/uploads\/2026\/04\/China-em-Foco-Ep.5.00_00_00_00.Still001.png\" class=\"img-responsive img-full wp-post-image\" alt=\"\" loading=\"lazy\" srcset=\"https:\/\/tva.cv\/wp-content\/uploads\/2026\/04\/China-em-Foco-Ep.5.00_00_00_00.Still001.png 1920w, https:\/\/tva.cv\/wp-content\/uploads\/2026\/04\/China-em-Foco-Ep.5.00_00_00_00.Still001-300x169.png 300w, https:\/\/tva.cv\/wp-content\/uploads\/2026\/04\/China-em-Foco-Ep.5.00_00_00_00.Still001-1024x576.png 1024w, https:\/\/tva.cv\/wp-content\/uploads\/2026\/04\/China-em-Foco-Ep.5.00_00_00_00.Still001-768x432.png 768w, https:\/\/tva.cv\/wp-content\/uploads\/2026\/04\/China-em-Foco-Ep.5.00_00_00_00.Still001-1536x864.png 1536w, https:\/\/tva.cv\/wp-content\/uploads\/2026\/04\/China-em-Foco-Ep.5.00_00_00_00.Still001-822x462.png 822w\" sizes=\"(max-width: 1920px) 100vw, 1920px\" \/>\t\t\t\t\t\t\t\t\t\t\t\t\t\t\t<\/a>\n\t\t\t\t\t\t\t\t\t\t\t\t\t\t\t\t\t\t\t<span><a class=\"label-5\" href=\"https:\/\/tva.cv\/index.php\/category\/mundo\/\" target=\"_self\">Mundo<\/a><\/span>\n\t\t\t\t\t\t\t\t\t\t\t\t\t\t\t\t\t\t\t\t\n\t\t\t\t\t\t<\/div><!-- \/.image -->\t\t\t\t\t\t\n\t\t\t\t\t\t<div class=\"entry-content\">\n\t\t\t\t\t\t\t\t\t\t\t\t\t\t\t<div class=\"title-left title-style04 underline04\"> \n\t\t\t\t\t\t\t\t\t<h3>\n\t\t\t\t\t\t\t\t\t\t<a href=\"https:\/\/tva.cv\/index.php\/2026\/04\/30\/episodio-5-china-em-foco\/\" target=\"_self\">Epis\u00f3dio 5: China...<\/a>\n\t\t\t\t\t\t\t\t\t<\/h3> \n\t\t\t\t\t\t\t\t<\/div>\n\t\t\t\t\t\t\t\t\t\t\t\t\t        \n\t\t\t\t\t\t\t\t\t\t\t\t\t\t\t<p class=\"meta-date\">\n\t\t\t\t\t\t\t\t\t<i class=\"fa fa-clock-o\"><\/i>\n\t\t\t\t\t\t\t\t\t\t\t\t\t\t\t\t\t\t\t<span class=\"day\">abr 30, 2026<\/span>\n\t\t\t\t\t\t\t\t\t\t<span class=\"hour\">5:23 pm<\/span>\n\t\t\t\t\t\t\t\t\t\t\t\t\t\t\t\t\t<\/p>\n\t\t\t\t\t\t\t\t\t\t\t\t\t\t\t\t\t\t\t\t\t\t<p class=\"external-link\"><a href=\"https:\/\/tva.cv\/index.php\/2026\/04\/30\/episodio-5-china-em-foco\/\" target=\"_self\">Uma produ\u00e7\u00e3o especial do Grupo de M\u00eddia da China e da TVA. Venha conhecer o Oriente e todos os aspectos&#8230;<\/a><\/p>\n\t\t\t\t\t\t\t\t\t\t\t\t\t\t\t\n\t\t\t\t\t\t\t<div>\n\t\t\t\t\t\t\t\t\t\t\t\t\t\t\t\t\t<a href=\"https:\/\/tva.cv\/index.php\/2026\/04\/30\/episodio-5-china-em-foco\/\" target=\"_self\">\n\t\t\t\t\t\t\t\t\t\t<span class=\"read-more\">\n\t\t\t\t\t\t\t\t\t\t\tRead more\t\t\t\t\t\t\t\t\t\t<\/span>\n\t\t\t\t\t\t\t\t\t<\/a>\n\t\t\t\t\t\t\t\t\t\t\t\t\t\t\t<\/div>\n\t\t\t\t\t\t<\/div><!-- \/.entry-content -->\n\t\t\t\t\t<\/div><!-- \/.entry-block -->\n\t\t\t\t\t\t\t\t\t<div class=\"entry-block\">\n\t\t\t\t\t\t<div class=\"entry-image\">\n\t\t\t\t\t\t\t<a href=\"https:\/\/tva.cv\/index.php\/2026\/04\/30\/dia-dos-trabalhadores-trabalhadores-destacam-desafios-e-apelam-a-melhores-condicoes-laborais\/\" class=\"img-link\" target=\"_self\">\n\t\t\t\t\t\t\t\t<img width=\"1920\" height=\"1080\" src=\"https:\/\/tva.cv\/wp-content\/uploads\/2026\/04\/Dia-dos-Trabalhadores.00_00_23_08.Still001.png\" class=\"img-responsive img-full wp-post-image\" alt=\"\" loading=\"lazy\" srcset=\"https:\/\/tva.cv\/wp-content\/uploads\/2026\/04\/Dia-dos-Trabalhadores.00_00_23_08.Still001.png 1920w, https:\/\/tva.cv\/wp-content\/uploads\/2026\/04\/Dia-dos-Trabalhadores.00_00_23_08.Still001-300x169.png 300w, https:\/\/tva.cv\/wp-content\/uploads\/2026\/04\/Dia-dos-Trabalhadores.00_00_23_08.Still001-1024x576.png 1024w, https:\/\/tva.cv\/wp-content\/uploads\/2026\/04\/Dia-dos-Trabalhadores.00_00_23_08.Still001-768x432.png 768w, https:\/\/tva.cv\/wp-content\/uploads\/2026\/04\/Dia-dos-Trabalhadores.00_00_23_08.Still001-1536x864.png 1536w, https:\/\/tva.cv\/wp-content\/uploads\/2026\/04\/Dia-dos-Trabalhadores.00_00_23_08.Still001-822x462.png 822w\" sizes=\"(max-width: 1920px) 100vw, 1920px\" \/>\t\t\t\t\t\t\t\t\t\t\t\t\t\t\t<\/a>\n\t\t\t\t\t\t\t\t\t\t\t\t\t\t\t\t\t\t\t<span><a class=\"label-6\" href=\"https:\/\/tva.cv\/index.php\/category\/nacional\/\" target=\"_self\">Nacional<\/a><\/span>\n\t\t\t\t\t\t\t\t\t\t\t\t\t\t\t\t\t\t\t\t\n\t\t\t\t\t\t<\/div><!-- \/.image -->\t\t\t\t\t\t\n\t\t\t\t\t\t<div class=\"entry-content\">\n\t\t\t\t\t\t\t\t\t\t\t\t\t\t\t<div class=\"title-left title-style04 underline04\"> \n\t\t\t\t\t\t\t\t\t<h3>\n\t\t\t\t\t\t\t\t\t\t<a href=\"https:\/\/tva.cv\/index.php\/2026\/04\/30\/dia-dos-trabalhadores-trabalhadores-destacam-desafios-e-apelam-a-melhores-condicoes-laborais\/\" target=\"_self\">Dia dos Trabalhadores:...<\/a>\n\t\t\t\t\t\t\t\t\t<\/h3> \n\t\t\t\t\t\t\t\t<\/div>\n\t\t\t\t\t\t\t\t\t\t\t\t\t        \n\t\t\t\t\t\t\t\t\t\t\t\t\t\t\t<p class=\"meta-date\">\n\t\t\t\t\t\t\t\t\t<i class=\"fa fa-clock-o\"><\/i>\n\t\t\t\t\t\t\t\t\t\t\t\t\t\t\t\t\t\t\t<span class=\"day\">abr 30, 2026<\/span>\n\t\t\t\t\t\t\t\t\t\t<span class=\"hour\">5:19 pm<\/span>\n\t\t\t\t\t\t\t\t\t\t\t\t\t\t\t\t\t<\/p>\n\t\t\t\t\t\t\t\t\t\t\t\t\t\t\t\t\t\t\t\t\t\t<p class=\"external-link\"><a href=\"https:\/\/tva.cv\/index.php\/2026\/04\/30\/dia-dos-trabalhadores-trabalhadores-destacam-desafios-e-apelam-a-melhores-condicoes-laborais\/\" target=\"_self\">O Dia do Trabalhador, celebrado a 1 de maio em Cabo Verde, assinala a import\u00e2ncia do contributo da&#8230;<\/a><\/p>\n\t\t\t\t\t\t\t\t\t\t\t\t\t\t\t\n\t\t\t\t\t\t\t<div>\n\t\t\t\t\t\t\t\t\t\t\t\t\t\t\t\t\t<a href=\"https:\/\/tva.cv\/index.php\/2026\/04\/30\/dia-dos-trabalhadores-trabalhadores-destacam-desafios-e-apelam-a-melhores-condicoes-laborais\/\" target=\"_self\">\n\t\t\t\t\t\t\t\t\t\t<span class=\"read-more\">\n\t\t\t\t\t\t\t\t\t\t\tRead more\t\t\t\t\t\t\t\t\t\t<\/span>\n\t\t\t\t\t\t\t\t\t<\/a>\n\t\t\t\t\t\t\t\t\t\t\t\t\t\t\t<\/div>\n\t\t\t\t\t\t<\/div><!-- \/.entry-content -->\n\t\t\t\t\t<\/div><!-- \/.entry-block -->\n\t\t\t\t\t\t\t\t\t<div class=\"entry-block\">\n\t\t\t\t\t\t<div class=\"entry-image\">\n\t\t\t\t\t\t\t<a href=\"https:\/\/tva.cv\/index.php\/2026\/04\/30\/djunta-mo-soncent-by-rede-cabo-verde-diaspora-apoia-cidadaos-afetados-pela-tempestade-erin\/\" class=\"img-link\" target=\"_self\">\n\t\t\t\t\t\t\t\t<img width=\"1920\" height=\"1080\" src=\"https:\/\/tva.cv\/wp-content\/uploads\/2026\/04\/Djunta-Mo-Soncent-by-Rede-Cabo-Verde-Diaspora.00_00_07_12.Still001.png\" class=\"img-responsive img-full wp-post-image\" alt=\"\" loading=\"lazy\" srcset=\"https:\/\/tva.cv\/wp-content\/uploads\/2026\/04\/Djunta-Mo-Soncent-by-Rede-Cabo-Verde-Diaspora.00_00_07_12.Still001.png 1920w, https:\/\/tva.cv\/wp-content\/uploads\/2026\/04\/Djunta-Mo-Soncent-by-Rede-Cabo-Verde-Diaspora.00_00_07_12.Still001-300x169.png 300w, https:\/\/tva.cv\/wp-content\/uploads\/2026\/04\/Djunta-Mo-Soncent-by-Rede-Cabo-Verde-Diaspora.00_00_07_12.Still001-1024x576.png 1024w, https:\/\/tva.cv\/wp-content\/uploads\/2026\/04\/Djunta-Mo-Soncent-by-Rede-Cabo-Verde-Diaspora.00_00_07_12.Still001-768x432.png 768w, https:\/\/tva.cv\/wp-content\/uploads\/2026\/04\/Djunta-Mo-Soncent-by-Rede-Cabo-Verde-Diaspora.00_00_07_12.Still001-1536x864.png 1536w, https:\/\/tva.cv\/wp-content\/uploads\/2026\/04\/Djunta-Mo-Soncent-by-Rede-Cabo-Verde-Diaspora.00_00_07_12.Still001-822x462.png 822w\" sizes=\"(max-width: 1920px) 100vw, 1920px\" \/>\t\t\t\t\t\t\t\t\t\t\t\t\t\t\t<\/a>\n\t\t\t\t\t\t\t\t\t\t\t\t\t\t\t\t\t\t\t<span><a class=\"label-7\" href=\"https:\/\/tva.cv\/index.php\/category\/social\/\" target=\"_self\">Social<\/a><\/span>\n\t\t\t\t\t\t\t\t\t\t\t\t\t\t\t\t\t\t\t\t\n\t\t\t\t\t\t<\/div><!-- \/.image -->\t\t\t\t\t\t\n\t\t\t\t\t\t<div class=\"entry-content\">\n\t\t\t\t\t\t\t\t\t\t\t\t\t\t\t<div class=\"title-left title-style04 underline04\"> \n\t\t\t\t\t\t\t\t\t<h3>\n\t\t\t\t\t\t\t\t\t\t<a href=\"https:\/\/tva.cv\/index.php\/2026\/04\/30\/djunta-mo-soncent-by-rede-cabo-verde-diaspora-apoia-cidadaos-afetados-pela-tempestade-erin\/\" target=\"_self\">Djunta Mo Soncent...<\/a>\n\t\t\t\t\t\t\t\t\t<\/h3> \n\t\t\t\t\t\t\t\t<\/div>\n\t\t\t\t\t\t\t\t\t\t\t\t\t        \n\t\t\t\t\t\t\t\t\t\t\t\t\t\t\t<p class=\"meta-date\">\n\t\t\t\t\t\t\t\t\t<i class=\"fa fa-clock-o\"><\/i>\n\t\t\t\t\t\t\t\t\t\t\t\t\t\t\t\t\t\t\t<span class=\"day\">abr 30, 2026<\/span>\n\t\t\t\t\t\t\t\t\t\t<span class=\"hour\">5:17 pm<\/span>\n\t\t\t\t\t\t\t\t\t\t\t\t\t\t\t\t\t<\/p>\n\t\t\t\t\t\t\t\t\t\t\t\t\t\t\t\t\t\t\t\t\t\t<p class=\"external-link\"><a href=\"https:\/\/tva.cv\/index.php\/2026\/04\/30\/djunta-mo-soncent-by-rede-cabo-verde-diaspora-apoia-cidadaos-afetados-pela-tempestade-erin\/\" target=\"_self\">A Rede Cabo Verde Di\u00e1spora est\u00e1 a realizar a\u00e7\u00f5es de solidariedade no sentido de apoiar cidad\u00e3os&#8230;<\/a><\/p>\n\t\t\t\t\t\t\t\t\t\t\t\t\t\t\t\n\t\t\t\t\t\t\t<div>\n\t\t\t\t\t\t\t\t\t\t\t\t\t\t\t\t\t<a href=\"https:\/\/tva.cv\/index.php\/2026\/04\/30\/djunta-mo-soncent-by-rede-cabo-verde-diaspora-apoia-cidadaos-afetados-pela-tempestade-erin\/\" target=\"_self\">\n\t\t\t\t\t\t\t\t\t\t<span class=\"read-more\">\n\t\t\t\t\t\t\t\t\t\t\tRead more\t\t\t\t\t\t\t\t\t\t<\/span>\n\t\t\t\t\t\t\t\t\t<\/a>\n\t\t\t\t\t\t\t\t\t\t\t\t\t\t\t<\/div>\n\t\t\t\t\t\t<\/div><!-- \/.entry-content -->\n\t\t\t\t\t<\/div><!-- \/.entry-block -->\n\t\t\t\t\t\t\t\t\t<div class=\"entry-block\">\n\t\t\t\t\t\t<div class=\"entry-image\">\n\t\t\t\t\t\t\t<a href=\"https:\/\/tva.cv\/index.php\/2026\/04\/30\/praia-assinala-o-168-o-aniversario\/\" class=\"img-link\" target=\"_self\">\n\t\t\t\t\t\t\t\t<img width=\"1920\" height=\"1080\" src=\"https:\/\/tva.cv\/wp-content\/uploads\/2026\/04\/Praia-assinala-o-168.00_00_45_04.Still001.png\" class=\"img-responsive img-full wp-post-image\" alt=\"\" loading=\"lazy\" srcset=\"https:\/\/tva.cv\/wp-content\/uploads\/2026\/04\/Praia-assinala-o-168.00_00_45_04.Still001.png 1920w, https:\/\/tva.cv\/wp-content\/uploads\/2026\/04\/Praia-assinala-o-168.00_00_45_04.Still001-300x169.png 300w, https:\/\/tva.cv\/wp-content\/uploads\/2026\/04\/Praia-assinala-o-168.00_00_45_04.Still001-1024x576.png 1024w, https:\/\/tva.cv\/wp-content\/uploads\/2026\/04\/Praia-assinala-o-168.00_00_45_04.Still001-768x432.png 768w, https:\/\/tva.cv\/wp-content\/uploads\/2026\/04\/Praia-assinala-o-168.00_00_45_04.Still001-1536x864.png 1536w, https:\/\/tva.cv\/wp-content\/uploads\/2026\/04\/Praia-assinala-o-168.00_00_45_04.Still001-822x462.png 822w\" sizes=\"(max-width: 1920px) 100vw, 1920px\" \/>\t\t\t\t\t\t\t\t\t\t\t\t\t\t\t<\/a>\n\t\t\t\t\t\t\t\t\t\t\t\t\t\t\t\t\t\t\t<span><a class=\"label-8\" href=\"https:\/\/tva.cv\/index.php\/category\/sociedade\/\" target=\"_self\">Sociedade<\/a><\/span>\n\t\t\t\t\t\t\t\t\t\t\t\t\t\t\t\t\t\t\t\t\n\t\t\t\t\t\t<\/div><!-- \/.image -->\t\t\t\t\t\t\n\t\t\t\t\t\t<div class=\"entry-content\">\n\t\t\t\t\t\t\t\t\t\t\t\t\t\t\t<div class=\"title-left title-style04 underline04\"> \n\t\t\t\t\t\t\t\t\t<h3>\n\t\t\t\t\t\t\t\t\t\t<a href=\"https:\/\/tva.cv\/index.php\/2026\/04\/30\/praia-assinala-o-168-o-aniversario\/\" target=\"_self\">Praia assinala o...<\/a>\n\t\t\t\t\t\t\t\t\t<\/h3> \n\t\t\t\t\t\t\t\t<\/div>\n\t\t\t\t\t\t\t\t\t\t\t\t\t        \n\t\t\t\t\t\t\t\t\t\t\t\t\t\t\t<p class=\"meta-date\">\n\t\t\t\t\t\t\t\t\t<i class=\"fa fa-clock-o\"><\/i>\n\t\t\t\t\t\t\t\t\t\t\t\t\t\t\t\t\t\t\t<span class=\"day\">abr 30, 2026<\/span>\n\t\t\t\t\t\t\t\t\t\t<span class=\"hour\">5:15 pm<\/span>\n\t\t\t\t\t\t\t\t\t\t\t\t\t\t\t\t\t<\/p>\n\t\t\t\t\t\t\t\t\t\t\t\t\t\t\t\t\t\t\t\t\t\t<p class=\"external-link\"><a href=\"https:\/\/tva.cv\/index.php\/2026\/04\/30\/praia-assinala-o-168-o-aniversario\/\" target=\"_self\">A Cidade da Praia celebra 168 anos desde a sua eleva\u00e7\u00e3o \u00e0 categoria de cidade, um marco hist\u00f3rico&#8230;<\/a><\/p>\n\t\t\t\t\t\t\t\t\t\t\t\t\t\t\t\n\t\t\t\t\t\t\t<div>\n\t\t\t\t\t\t\t\t\t\t\t\t\t\t\t\t\t<a href=\"https:\/\/tva.cv\/index.php\/2026\/04\/30\/praia-assinala-o-168-o-aniversario\/\" target=\"_self\">\n\t\t\t\t\t\t\t\t\t\t<span class=\"read-more\">\n\t\t\t\t\t\t\t\t\t\t\tRead more\t\t\t\t\t\t\t\t\t\t<\/span>\n\t\t\t\t\t\t\t\t\t<\/a>\n\t\t\t\t\t\t\t\t\t\t\t\t\t\t\t<\/div>\n\t\t\t\t\t\t<\/div><!-- \/.entry-content -->\n\t\t\t\t\t<\/div><!-- \/.entry-block -->\n\t\t\t\t\t\t\t\t\t<div class=\"entry-block\">\n\t\t\t\t\t\t<div class=\"entry-image\">\n\t\t\t\t\t\t\t<a href=\"https:\/\/tva.cv\/index.php\/2026\/04\/30\/tremor-de-terra-de-magnitude-41-na-escala-de-richter-provoca-susto-em-cidadaos-na-ilha-brava\/\" class=\"img-link\" target=\"_self\">\n\t\t\t\t\t\t\t\t<img width=\"1920\" height=\"1080\" src=\"https:\/\/tva.cv\/wp-content\/uploads\/2026\/04\/Brava-Populacao-relata-susto-apos-tremor-de-terra-de-magnitude-41.00_00_33_20.Still001.png\" class=\"img-responsive img-full wp-post-image\" alt=\"\" loading=\"lazy\" srcset=\"https:\/\/tva.cv\/wp-content\/uploads\/2026\/04\/Brava-Populacao-relata-susto-apos-tremor-de-terra-de-magnitude-41.00_00_33_20.Still001.png 1920w, https:\/\/tva.cv\/wp-content\/uploads\/2026\/04\/Brava-Populacao-relata-susto-apos-tremor-de-terra-de-magnitude-41.00_00_33_20.Still001-300x169.png 300w, https:\/\/tva.cv\/wp-content\/uploads\/2026\/04\/Brava-Populacao-relata-susto-apos-tremor-de-terra-de-magnitude-41.00_00_33_20.Still001-1024x576.png 1024w, https:\/\/tva.cv\/wp-content\/uploads\/2026\/04\/Brava-Populacao-relata-susto-apos-tremor-de-terra-de-magnitude-41.00_00_33_20.Still001-768x432.png 768w, https:\/\/tva.cv\/wp-content\/uploads\/2026\/04\/Brava-Populacao-relata-susto-apos-tremor-de-terra-de-magnitude-41.00_00_33_20.Still001-1536x864.png 1536w, https:\/\/tva.cv\/wp-content\/uploads\/2026\/04\/Brava-Populacao-relata-susto-apos-tremor-de-terra-de-magnitude-41.00_00_33_20.Still001-822x462.png 822w\" sizes=\"(max-width: 1920px) 100vw, 1920px\" \/>\t\t\t\t\t\t\t\t\t\t\t\t\t\t\t<\/a>\n\t\t\t\t\t\t\t\t\t\t\t\t\t\t\t\t\t\t\t<span><a class=\"label-9\" href=\"https:\/\/tva.cv\/index.php\/category\/sociedade\/\" target=\"_self\">Sociedade<\/a><\/span>\n\t\t\t\t\t\t\t\t\t\t\t\t\t\t\t\t\t\t\t\t\n\t\t\t\t\t\t<\/div><!-- \/.image -->\t\t\t\t\t\t\n\t\t\t\t\t\t<div class=\"entry-content\">\n\t\t\t\t\t\t\t\t\t\t\t\t\t\t\t<div class=\"title-left title-style04 underline04\"> \n\t\t\t\t\t\t\t\t\t<h3>\n\t\t\t\t\t\t\t\t\t\t<a href=\"https:\/\/tva.cv\/index.php\/2026\/04\/30\/tremor-de-terra-de-magnitude-41-na-escala-de-richter-provoca-susto-em-cidadaos-na-ilha-brava\/\" target=\"_self\">Tremor de terra...<\/a>\n\t\t\t\t\t\t\t\t\t<\/h3> \n\t\t\t\t\t\t\t\t<\/div>\n\t\t\t\t\t\t\t\t\t\t\t\t\t        \n\t\t\t\t\t\t\t\t\t\t\t\t\t\t\t<p class=\"meta-date\">\n\t\t\t\t\t\t\t\t\t<i class=\"fa fa-clock-o\"><\/i>\n\t\t\t\t\t\t\t\t\t\t\t\t\t\t\t\t\t\t\t<span class=\"day\">abr 30, 2026<\/span>\n\t\t\t\t\t\t\t\t\t\t<span class=\"hour\">5:14 pm<\/span>\n\t\t\t\t\t\t\t\t\t\t\t\t\t\t\t\t\t<\/p>\n\t\t\t\t\t\t\t\t\t\t\t\t\t\t\t\t\t\t\t\t\t\t<p class=\"external-link\"><a href=\"https:\/\/tva.cv\/index.php\/2026\/04\/30\/tremor-de-terra-de-magnitude-41-na-escala-de-richter-provoca-susto-em-cidadaos-na-ilha-brava\/\" target=\"_self\">A ilha Brava foi afetada na \u00faltima quarta-feira, 29 de abril, por um tremor de terra, que segundo o&#8230;<\/a><\/p>\n\t\t\t\t\t\t\t\t\t\t\t\t\t\t\t\n\t\t\t\t\t\t\t<div>\n\t\t\t\t\t\t\t\t\t\t\t\t\t\t\t\t\t<a href=\"https:\/\/tva.cv\/index.php\/2026\/04\/30\/tremor-de-terra-de-magnitude-41-na-escala-de-richter-provoca-susto-em-cidadaos-na-ilha-brava\/\" target=\"_self\">\n\t\t\t\t\t\t\t\t\t\t<span class=\"read-more\">\n\t\t\t\t\t\t\t\t\t\t\tRead more\t\t\t\t\t\t\t\t\t\t<\/span>\n\t\t\t\t\t\t\t\t\t<\/a>\n\t\t\t\t\t\t\t\t\t\t\t\t\t\t\t<\/div>\n\t\t\t\t\t\t<\/div><!-- \/.entry-content -->\n\t\t\t\t\t<\/div><!-- \/.entry-block -->\n\t\t\t\t\t\t\t\t\t<div class=\"entry-block\">\n\t\t\t\t\t\t<div class=\"entry-image\">\n\t\t\t\t\t\t\t<a href=\"https:\/\/tva.cv\/index.php\/2026\/04\/28\/cne-divulga-listas-de-candidaturas-dados-eleitorais-e-entrega-fac-simile-dos-boletins-de-voto\/\" class=\"img-link\" target=\"_self\">\n\t\t\t\t\t\t\t\t<img width=\"1920\" height=\"1080\" src=\"https:\/\/tva.cv\/wp-content\/uploads\/2026\/04\/CNE-divulga-listas-de-candidaturas-dados-eleitorais-e-entrega-fac-simile-dos-boletins-de-voto.00_00_07_16.Still001.png\" class=\"img-responsive img-full wp-post-image\" alt=\"\" loading=\"lazy\" srcset=\"https:\/\/tva.cv\/wp-content\/uploads\/2026\/04\/CNE-divulga-listas-de-candidaturas-dados-eleitorais-e-entrega-fac-simile-dos-boletins-de-voto.00_00_07_16.Still001.png 1920w, https:\/\/tva.cv\/wp-content\/uploads\/2026\/04\/CNE-divulga-listas-de-candidaturas-dados-eleitorais-e-entrega-fac-simile-dos-boletins-de-voto.00_00_07_16.Still001-300x169.png 300w, https:\/\/tva.cv\/wp-content\/uploads\/2026\/04\/CNE-divulga-listas-de-candidaturas-dados-eleitorais-e-entrega-fac-simile-dos-boletins-de-voto.00_00_07_16.Still001-1024x576.png 1024w, https:\/\/tva.cv\/wp-content\/uploads\/2026\/04\/CNE-divulga-listas-de-candidaturas-dados-eleitorais-e-entrega-fac-simile-dos-boletins-de-voto.00_00_07_16.Still001-768x432.png 768w, https:\/\/tva.cv\/wp-content\/uploads\/2026\/04\/CNE-divulga-listas-de-candidaturas-dados-eleitorais-e-entrega-fac-simile-dos-boletins-de-voto.00_00_07_16.Still001-1536x864.png 1536w, https:\/\/tva.cv\/wp-content\/uploads\/2026\/04\/CNE-divulga-listas-de-candidaturas-dados-eleitorais-e-entrega-fac-simile-dos-boletins-de-voto.00_00_07_16.Still001-822x462.png 822w\" sizes=\"(max-width: 1920px) 100vw, 1920px\" \/>\t\t\t\t\t\t\t\t\t\t\t\t\t\t\t<\/a>\n\t\t\t\t\t\t\t\t\t\t\t\t\t\t\t\t\t\t\t<span><a class=\"label-10\" href=\"https:\/\/tva.cv\/index.php\/category\/politica\/\" target=\"_self\">Pol\u00edtica<\/a><\/span>\n\t\t\t\t\t\t\t\t\t\t\t\t\t\t\t\t\t\t\t\t\n\t\t\t\t\t\t<\/div><!-- \/.image -->\t\t\t\t\t\t\n\t\t\t\t\t\t<div class=\"entry-content\">\n\t\t\t\t\t\t\t\t\t\t\t\t\t\t\t<div class=\"title-left title-style04 underline04\"> \n\t\t\t\t\t\t\t\t\t<h3>\n\t\t\t\t\t\t\t\t\t\t<a href=\"https:\/\/tva.cv\/index.php\/2026\/04\/28\/cne-divulga-listas-de-candidaturas-dados-eleitorais-e-entrega-fac-simile-dos-boletins-de-voto\/\" target=\"_self\">CNE divulga listas...<\/a>\n\t\t\t\t\t\t\t\t\t<\/h3> \n\t\t\t\t\t\t\t\t<\/div>\n\t\t\t\t\t\t\t\t\t\t\t\t\t        \n\t\t\t\t\t\t\t\t\t\t\t\t\t\t\t<p class=\"meta-date\">\n\t\t\t\t\t\t\t\t\t<i class=\"fa fa-clock-o\"><\/i>\n\t\t\t\t\t\t\t\t\t\t\t\t\t\t\t\t\t\t\t<span class=\"day\">abr 28, 2026<\/span>\n\t\t\t\t\t\t\t\t\t\t<span class=\"hour\">8:20 pm<\/span>\n\t\t\t\t\t\t\t\t\t\t\t\t\t\t\t\t\t<\/p>\n\t\t\t\t\t\t\t\t\t\t\t\t\t\t\t\t\t\t\t\t\t\t<p class=\"external-link\"><a href=\"https:\/\/tva.cv\/index.php\/2026\/04\/28\/cne-divulga-listas-de-candidaturas-dados-eleitorais-e-entrega-fac-simile-dos-boletins-de-voto\/\" target=\"_self\">As elei\u00e7\u00f5es legislativas em Cabo Verde est\u00e3o marcadas para o dia 17 de maio, e Comiss\u00e3o Nacional&#8230;<\/a><\/p>\n\t\t\t\t\t\t\t\t\t\t\t\t\t\t\t\n\t\t\t\t\t\t\t<div>\n\t\t\t\t\t\t\t\t\t\t\t\t\t\t\t\t\t<a href=\"https:\/\/tva.cv\/index.php\/2026\/04\/28\/cne-divulga-listas-de-candidaturas-dados-eleitorais-e-entrega-fac-simile-dos-boletins-de-voto\/\" target=\"_self\">\n\t\t\t\t\t\t\t\t\t\t<span class=\"read-more\">\n\t\t\t\t\t\t\t\t\t\t\tRead more\t\t\t\t\t\t\t\t\t\t<\/span>\n\t\t\t\t\t\t\t\t\t<\/a>\n\t\t\t\t\t\t\t\t\t\t\t\t\t\t\t<\/div>\n\t\t\t\t\t\t<\/div><!-- \/.entry-content -->\n\t\t\t\t\t<\/div><!-- \/.entry-block -->\n\t\t\t\t\t\t\t<\/div><!-- \/.article --> \n\t\t<\/div> \n\t\t\t\t<div class=\"news\n\t\t\tmt-30\">\n\t\t\t\t\t\t\t<div class=\"\n\t\t\t\t\tblock-title-2\"\n\t\t\t\t\tstyle=\"\n\t\t\t\t\t\t\"> \n\t\t\t\t\t<h3>North America in Pictures<\/h3> \n\t\t\t\t<\/div>\n\t\t\t\t\n\t\t\t<ul class=\"rollover-thumbnail\">\n\t\t\t\t\t\t\t\t\t<li>\n\t\t\t\t\t\t<div class=\"rollover-thumbnail\"> \n\t\t\t\t\t\t\t<a href=\"\" rel=\"lightbox\" data-lightbox=\"rollover\" title=\"<a href= ''>CMP Plataforma de Investimentos<\/a>\"> \n\t\t\t\t\t\t\t\t<span class=\"rollover\"><\/span> \n\t\t\t\t\t\t\t\t \n\t\t\t\t\t\t\t<\/a> \n\t\t\t\t\t\t<\/div><!-- \/.rollover-thumbnail -->\n\t\t\t\t\t\t\t\t\t\t\t\t\t\t\t\t\t\t\t\t\t\n\t\t\t\t\t\t\t\t\t\t\t\t\t<div class=\"date\">\n\t\t\t\t\t\t\t\t<i class=\"fa fa-calendar\"><\/i>\n\t\t\t\t\t\t\t\t\t\t\t\t\t\t\t\t\t<span class=\"day\">abr 26, 2022<\/span>\n\t\t\t\t\t\t\t\t\t\t\t\t\t\t\t<\/div><!-- \/.date -->\t\t\t\t\t\t\t\t\t\n\t\t\t\t\t\t\t\t\t\t\t<\/li>\n\t\t\t\t\t\t\t\t\t<li>\n\t\t\t\t\t\t<div class=\"rollover-thumbnail\"> \n\t\t\t\t\t\t\t<a href=\"\" rel=\"lightbox\" data-lightbox=\"rollover\" title=\"<a href= ''>CMP vai construir Centro Comunit\u00e1rio em \u00c1gua Funda<\/a>\"> \n\t\t\t\t\t\t\t\t<span class=\"rollover\"><\/span> \n\t\t\t\t\t\t\t\t \n\t\t\t\t\t\t\t<\/a> \n\t\t\t\t\t\t<\/div><!-- \/.rollover-thumbnail -->\n\t\t\t\t\t\t\t\t\t\t\t\t\t\t\t\t\t\t\t\t\t\n\t\t\t\t\t\t\t\t\t\t\t\t\t<div class=\"date\">\n\t\t\t\t\t\t\t\t<i class=\"fa fa-calendar\"><\/i>\n\t\t\t\t\t\t\t\t\t\t\t\t\t\t\t\t\t<span class=\"day\">abr 26, 2022<\/span>\n\t\t\t\t\t\t\t\t\t\t\t\t\t\t\t<\/div><!-- \/.date -->\t\t\t\t\t\t\t\t\t\n\t\t\t\t\t\t\t\t\t\t\t<\/li>\n\t\t\t\t\t\t\t\t\t<li>\n\t\t\t\t\t\t<div class=\"rollover-thumbnail\"> \n\t\t\t\t\t\t\t<a href=\"\" rel=\"lightbox\" data-lightbox=\"rollover\" title=\"<a href= ''>INE lan\u00e7a Inqu\u00e9rito \u00e0s Despesas e Receitas Familiares<\/a>\"> \n\t\t\t\t\t\t\t\t<span class=\"rollover\"><\/span> \n\t\t\t\t\t\t\t\t \n\t\t\t\t\t\t\t<\/a> \n\t\t\t\t\t\t<\/div><!-- \/.rollover-thumbnail -->\n\t\t\t\t\t\t\t\t\t\t\t\t\t\t\t\t\t\t\t\t\t\n\t\t\t\t\t\t\t\t\t\t\t\t\t<div class=\"date\">\n\t\t\t\t\t\t\t\t<i class=\"fa fa-calendar\"><\/i>\n\t\t\t\t\t\t\t\t\t\t\t\t\t\t\t\t\t<span class=\"day\">abr 26, 2022<\/span>\n\t\t\t\t\t\t\t\t\t\t\t\t\t\t\t<\/div><!-- \/.date -->\t\t\t\t\t\t\t\t\t\n\t\t\t\t\t\t\t\t\t\t\t<\/li>\n\t\t\t\t\t\t\t\t\t<li>\n\t\t\t\t\t\t<div class=\"rollover-thumbnail\"> \n\t\t\t\t\t\t\t<a href=\"https:\/\/tva.cv\/wp-content\/uploads\/2022\/04\/vlcsnap-2022-04-13-09h49m52s758.png\" rel=\"lightbox\" data-lightbox=\"rollover\" title=\"<a href= ''>CMP homenageia pugilista Sifonelo Borges<\/a>\"> \n\t\t\t\t\t\t\t\t<span class=\"rollover\"><\/span> \n\t\t\t\t\t\t\t\t<img width=\"400\" height=\"240\" src=\"https:\/\/tva.cv\/wp-content\/uploads\/2022\/04\/vlcsnap-2022-04-13-09h49m52s758-400x240.png\" class=\"attachment-reendex_news_gallery_thumb size-reendex_news_gallery_thumb wp-post-image\" alt=\"\" loading=\"lazy\" \/> \n\t\t\t\t\t\t\t<\/a> \n\t\t\t\t\t\t<\/div><!-- \/.rollover-thumbnail -->\n\t\t\t\t\t\t\t\t\t\t\t\t\t\t\t\t\t\t\t\t\t\n\t\t\t\t\t\t\t\t\t\t\t\t\t<div class=\"date\">\n\t\t\t\t\t\t\t\t<i class=\"fa fa-calendar\"><\/i>\n\t\t\t\t\t\t\t\t\t\t\t\t\t\t\t\t\t<span class=\"day\">abr 26, 2022<\/span>\n\t\t\t\t\t\t\t\t\t\t\t\t\t\t\t<\/div><!-- \/.date -->\t\t\t\t\t\t\t\t\t\n\t\t\t\t\t\t\t\t\t\t\t<\/li>\n\t\t\t\t\t\t\t\t\t<li>\n\t\t\t\t\t\t<div class=\"rollover-thumbnail\"> \n\t\t\t\t\t\t\t<a href=\"https:\/\/tva.cv\/wp-content\/uploads\/2022\/04\/vlcsnap-2022-04-13-10h03m59s671.png\" rel=\"lightbox\" data-lightbox=\"rollover\" title=\"<a href= ''>Vendedeiras pedem dinheiro investido na compra de lojas no mercado de coco<\/a>\"> \n\t\t\t\t\t\t\t\t<span class=\"rollover\"><\/span> \n\t\t\t\t\t\t\t\t<img width=\"400\" height=\"240\" src=\"https:\/\/tva.cv\/wp-content\/uploads\/2022\/04\/vlcsnap-2022-04-13-10h03m59s671-400x240.png\" class=\"attachment-reendex_news_gallery_thumb size-reendex_news_gallery_thumb wp-post-image\" alt=\"\" loading=\"lazy\" \/> \n\t\t\t\t\t\t\t<\/a> \n\t\t\t\t\t\t<\/div><!-- \/.rollover-thumbnail -->\n\t\t\t\t\t\t\t\t\t\t\t\t\t\t\t\t\t\t\t\t\t\n\t\t\t\t\t\t\t\t\t\t\t\t\t<div class=\"date\">\n\t\t\t\t\t\t\t\t<i class=\"fa fa-calendar\"><\/i>\n\t\t\t\t\t\t\t\t\t\t\t\t\t\t\t\t\t<span class=\"day\">abr 14, 2022<\/span>\n\t\t\t\t\t\t\t\t\t\t\t\t\t\t\t<\/div><!-- \/.date -->\t\t\t\t\t\t\t\t\t\n\t\t\t\t\t\t\t\t\t\t\t<\/li>\n\t\t\t\t\t\t\t\t\t<li>\n\t\t\t\t\t\t<div class=\"rollover-thumbnail\"> \n\t\t\t\t\t\t\t<a href=\"https:\/\/tva.cv\/wp-content\/uploads\/2022\/04\/vlcsnap-2022-04-13-10h15m50s008.png\" rel=\"lightbox\" data-lightbox=\"rollover\" title=\"<a href= ''>CV  recebe mais de 3700 pedidos de resid\u00eancia de estrangeiros<\/a>\"> \n\t\t\t\t\t\t\t\t<span class=\"rollover\"><\/span> \n\t\t\t\t\t\t\t\t<img width=\"400\" height=\"240\" src=\"https:\/\/tva.cv\/wp-content\/uploads\/2022\/04\/vlcsnap-2022-04-13-10h15m50s008-400x240.png\" class=\"attachment-reendex_news_gallery_thumb size-reendex_news_gallery_thumb wp-post-image\" alt=\"\" loading=\"lazy\" \/> \n\t\t\t\t\t\t\t<\/a> \n\t\t\t\t\t\t<\/div><!-- \/.rollover-thumbnail -->\n\t\t\t\t\t\t\t\t\t\t\t\t\t\t\t\t\t\t\t\t\t\n\t\t\t\t\t\t\t\t\t\t\t\t\t<div class=\"date\">\n\t\t\t\t\t\t\t\t<i class=\"fa fa-calendar\"><\/i>\n\t\t\t\t\t\t\t\t\t\t\t\t\t\t\t\t\t<span class=\"day\">abr 14, 2022<\/span>\n\t\t\t\t\t\t\t\t\t\t\t\t\t\t\t<\/div><!-- \/.date -->\t\t\t\t\t\t\t\t\t\n\t\t\t\t\t\t\t\t\t\t\t<\/li>\n\t\t\t\t\t\t\t\t\t<li>\n\t\t\t\t\t\t<div class=\"rollover-thumbnail\"> \n\t\t\t\t\t\t\t<a href=\"https:\/\/tva.cv\/wp-content\/uploads\/2022\/04\/vlcsnap-2022-04-13-11h01m44s413.png\" rel=\"lightbox\" data-lightbox=\"rollover\" title=\"<a href= ''>Cabo Verde \u00e9 visto como um exemplo na preven\u00e7\u00e3o de lavagem de capitais<\/a>\"> \n\t\t\t\t\t\t\t\t<span class=\"rollover\"><\/span> \n\t\t\t\t\t\t\t\t<img width=\"400\" height=\"240\" src=\"https:\/\/tva.cv\/wp-content\/uploads\/2022\/04\/vlcsnap-2022-04-13-11h01m44s413-400x240.png\" class=\"attachment-reendex_news_gallery_thumb size-reendex_news_gallery_thumb wp-post-image\" alt=\"\" loading=\"lazy\" \/> \n\t\t\t\t\t\t\t<\/a> \n\t\t\t\t\t\t<\/div><!-- \/.rollover-thumbnail -->\n\t\t\t\t\t\t\t\t\t\t\t\t\t\t\t\t\t\t\t\t\t\n\t\t\t\t\t\t\t\t\t\t\t\t\t<div class=\"date\">\n\t\t\t\t\t\t\t\t<i class=\"fa fa-calendar\"><\/i>\n\t\t\t\t\t\t\t\t\t\t\t\t\t\t\t\t\t<span class=\"day\">abr 14, 2022<\/span>\n\t\t\t\t\t\t\t\t\t\t\t\t\t\t\t<\/div><!-- \/.date -->\t\t\t\t\t\t\t\t\t\n\t\t\t\t\t\t\t\t\t\t\t<\/li>\n\t\t\t\t\t\t\t\t\t<li>\n\t\t\t\t\t\t<div class=\"rollover-thumbnail\"> \n\t\t\t\t\t\t\t<a href=\"https:\/\/tva.cv\/wp-content\/uploads\/2022\/04\/vlcsnap-2022-04-14-10h13m38s160.png\" rel=\"lightbox\" data-lightbox=\"rollover\" title=\"<a href= ''>Estudantes de Enfermagem querem acabar com a disparidade na sa\u00fade<\/a>\"> \n\t\t\t\t\t\t\t\t<span class=\"rollover\"><\/span> \n\t\t\t\t\t\t\t\t<img width=\"400\" height=\"240\" src=\"https:\/\/tva.cv\/wp-content\/uploads\/2022\/04\/vlcsnap-2022-04-14-10h13m38s160-400x240.png\" class=\"attachment-reendex_news_gallery_thumb size-reendex_news_gallery_thumb wp-post-image\" alt=\"\" loading=\"lazy\" \/> \n\t\t\t\t\t\t\t<\/a> \n\t\t\t\t\t\t<\/div><!-- \/.rollover-thumbnail -->\n\t\t\t\t\t\t\t\t\t\t\t\t\t\t\t\t\t\t\t\t\t\n\t\t\t\t\t\t\t\t\t\t\t\t\t<div class=\"date\">\n\t\t\t\t\t\t\t\t<i class=\"fa fa-calendar\"><\/i>\n\t\t\t\t\t\t\t\t\t\t\t\t\t\t\t\t\t<span class=\"day\">abr 26, 2022<\/span>\n\t\t\t\t\t\t\t\t\t\t\t\t\t\t\t<\/div><!-- \/.date -->\t\t\t\t\t\t\t\t\t\n\t\t\t\t\t\t\t\t\t\t\t<\/li>\n\t\t\t\t\t\t\t<\/ul><!-- \/.rollover-thumbnail -->\n\t\t<\/div><!-- \/.news --> \n\t\t[\/vc_column][vc_column offset=&#8221;vc_col-lg-4 vc_col-md-12&#8243; css=&#8221;.vc_custom_1519726568833{margin-bottom: -35px !important;}&#8221;]\t\t<div class=\"video-promo-item news camera-live mb-30\">\n\t\t\t<div class=\"video-post_content\">\n\t\t\t\t\t\t\t\t\t<div class=\"\n\t\t\t\t\t\ttitle-style02\"\n\t\t\t\t\t\tstyle=\"\n\t\t\t\t\t\t\tmargin-bottom:30px;\"> \n\t\t\t\t\t\t<h3>North America Video News<\/h3> \n\t\t\t\t\t<\/div>\n\t\t\t\t\t\t\t<\/div><!-- \/.video-post_content -->\n\t\t\t<div class=\"video-full\">\n\t\t\t\t<div class=\"fitvids-video\">\t        \n\t\t\t\t\t<iframe src=\"https:\/\/player.vimeo.com\/video\/58332316?title=0&#038;byline=0&#038;portrait=0\"><\/iframe>\n\t\t\t\t<\/div><!-- \/.fitvids-video -->\n\t\t\t<\/div><!-- \/.video-full -->\n\t\t\t\t\t\t\t<div class=\"video-promo-wrapper\">\n\t\t\t\t\t<div class=\"video-promo-content\" style=\"background:#212126\">\n\t\t\t\t\t\t<span class=\"section-highlight-inner\">\n\t\t\t\t\t\t\t<a href=\"\" target=\"blank\">Tourism<\/a>\n\t\t\t\t\t\t<\/span>\n\t\t\t\t\t\t<div class=\"programme-header\" style=\"color:#ced2d9; font-size:18px;\">\n\t\t\t\t\t\t\t\u201cCity by the Bay.\u201d\t\t\t\t\t\t<\/div>\n\t\t\t\t\t\t<div class=\"programme-name\" style=\"color:#fff; font-size:28px;\">\n\t\t\t\t\t\t\tNorth America Today\t\t\t\t\t\t<\/div>\n\t\t\t\t\t\t<div class=\"content-wrapper\">\n\t\t\t\t\t\t\t<p style=\"color:#ced2d9; font-size:14px; line-height:24px;\">\n\t\t\t\t\t\t\t\tLeave the regular world behind when you step into the fog-swathed \u201cCity by the Bay.\u201d From shopping adventures in Union Square to a trip on the city\u2019s legendary cable cars, a trip to San Francisco is bound to leave you with incredible memories.\t\t\t\t\t\t\t<\/p>\n\t\t\t\t\t\t\t<a class=\"read-more\" href=\"https:\/\/reendex.via-theme.com\/north-america-news\/\" style=\"color:#ddd\" target=\"_blank\">Read More<\/a>\n\t\t\t\t\t\t<\/div>\n\t\t\t\t\t<\/div><!-- \/.video-promo-content-->\n\t\t\t\t<\/div><!-- \/.video-promo-wrapper-->\n\t\t\t\t\t<\/div><!-- \/.video-promo-item news camera-live-->\n\t\t\t\t<div id=\"weather\" class=\"sidebar-weather mb-30\">\n\t\t\t<div class='panel'>\n\t\t\t\t<div class=\"block-title-1\">\n\t\t\t\t\t<span class='city' id='city'><\/span>\n\t\t\t\t<\/div>\n\t\t\t\t<div class=\"weather-card\">\n\t\t\t\t\t<div class='weather'>\n\t\t\t\t\t\t<div class='temperature' id='temperature'>\n\t\t\t\t\t\t\t<div class='temp' id='temp'>\n\t\t\t\t\t\t\t\t<i id='condition'><\/i>\n\t\t\t\t\t\t\t\t<span id='num'><\/span>\n\t\t\t\t\t\t\t\t<a class='fahrenheit active' id='fahrenheit' href=\"#\">&deg;F<\/a>\n\t\t\t\t\t\t\t\t<span class='divider secondary'>|<\/span>\n\t\t\t\t\t\t\t\t<a class='celsius' id='celsius' href=\"#\">&deg;C<\/a>\n\t\t\t\t\t\t\t<\/div>\n\t\t\t\t\t\t<\/div>\n\t\t\t\t\t\t<div class='group secondary'>\n\t\t\t\t\t\t\t<div id='haze' class=\"desc-text\"><\/div>\n\t\t\t\t\t\t\t<div id='wind' class=\"desc-text\"><\/div>\n\t\t\t\t\t\t\t<div id='humidity' class=\"desc-text\"><\/div>\n\t\t\t\t\t\t<\/div>\n\t\t\t\t\t\t<div class='forecast' id='forecast'><\/div>\t\t\t\t\t\n\t\t\t\t\t<\/div><!-- \/.weather --> \n\t\t\t\t<\/div><!-- \/.weather-card --> \n\t\t\t<\/div><!-- \/.panel -->\n\t\t<\/div><!-- \/#weather --> \n\t\t[vc_wp_calendar el_class=&#8221;mt-30&#8243;][vc_column_text css=&#8221;.vc_custom_1519726527478{margin-top: 30px !important;}&#8221;]<script>(function() {\n\twindow.mc4wp = window.mc4wp || {\n\t\tlisteners: [],\n\t\tforms: {\n\t\t\ton: function(evt, cb) {\n\t\t\t\twindow.mc4wp.listeners.push(\n\t\t\t\t\t{\n\t\t\t\t\t\tevent   : evt,\n\t\t\t\t\t\tcallback: cb\n\t\t\t\t\t}\n\t\t\t\t);\n\t\t\t}\n\t\t}\n\t}\n})();\n<\/script><!-- Mailchimp for WordPress v4.8.10 - https:\/\/wordpress.org\/plugins\/mailchimp-for-wp\/ --><form id=\"mc4wp-form-1\" class=\"mc4wp-form mc4wp-form-261\" method=\"post\" data-id=\"261\" data-name=\"Newsletter\" ><div class=\"mc4wp-form-fields\"><div id=\"sidebar-newsletter\">\n  <div class=\"sidebar-newsletter-inner\">\n    <h5>Newsletter<\/h5> \n  <\/div>  \n  <div class=\"sidebar-newsletter-form\">\n    <div class=\"input-group\">\n        <input type=\"email\" name=\"EMAIL\" class=\"form-control\" placeholder=\"Your email address\" required \/>\n      \t<span class=\"input-group-btn\"><button type=\"submit\" class=\"btn btn-success\"> SUBSCRIBE  <\/button><\/span>\n    <\/div>\n  <\/div>\n<\/div><\/div><label style=\"display: none !important;\">Leave this field empty if you're human: <input type=\"text\" name=\"_mc4wp_honeypot\" value=\"\" tabindex=\"-1\" autocomplete=\"off\" \/><\/label><input type=\"hidden\" name=\"_mc4wp_timestamp\" value=\"1777621295\" \/><input type=\"hidden\" name=\"_mc4wp_form_id\" value=\"261\" \/><input type=\"hidden\" name=\"_mc4wp_form_element_id\" value=\"mc4wp-form-1\" \/><div class=\"mc4wp-response\"><\/div><\/form><!-- \/ Mailchimp for WordPress Plugin -->[\/vc_column_text][\/vc_column][\/vc_row][vc_row full_width=&#8221;stretch_row&#8221; el_class=&#8221;vc_padding_t-0&#8243;][vc_column]\t\t<div class=\"\">\n\t\t\t\t\t\t\t<div class=\"carousel-title\" style=\"\n\t\t\t\t\t\t\t\t\t\tmargin-bottom:5px;\">\n\t\t\t\t\tPrimetime News World\t\t\t\t<\/div><!-- \/.carousel-title -->\n\t\t\t\t\t\t<div id=\"small-gallery-slider\" class=\"owl-carousel\">\n\t\t\t\t\t\t\t\t\t<div class=\"small-gallery\">\n\t\t\t\t\t\t<a href=\"https:\/\/tva.cv\/index.php\/2026\/04\/30\/episodio-5-china-em-foco\/\" target=\"_self\">\n\t\t\t\t\t\t\t<img width=\"108\" height=\"108\" src=\"https:\/\/tva.cv\/wp-content\/uploads\/2026\/04\/China-em-Foco-Ep.5.00_00_00_00.Still001-108x108.png\" class=\"img-responsive wp-post-image\" alt=\"\" loading=\"lazy\" srcset=\"https:\/\/tva.cv\/wp-content\/uploads\/2026\/04\/China-em-Foco-Ep.5.00_00_00_00.Still001-108x108.png 108w, https:\/\/tva.cv\/wp-content\/uploads\/2026\/04\/China-em-Foco-Ep.5.00_00_00_00.Still001-150x150.png 150w\" sizes=\"(max-width: 108px) 100vw, 108px\" \/>\t\t\t\t\t\t<\/a>\n\t\t\t\t\t\t<div class=\"post-content\">\n\t\t\t\t\t\t\t\t\t\t\t\t\t\t\t\t\t\t\t<a href=\"https:\/\/tva.cv\/index.php\/tag\/destaque\/\" target=\"_self\">\n\t\t\t\t\t\t\t\t\t\t\t\t\tDestaque\t\t\t\t\t\t\t\t\t\t\t\t<\/a>\n\t\t\t\t\t\t\t\t\t\t\t\t\t\t\t\t\t\t\n\t\t\t\t\t\t\t<p><a href=\"https:\/\/tva.cv\/index.php\/2026\/04\/30\/episodio-5-china-em-foco\/\" target=\"_self\">Epis\u00f3dio 5: China em<\/a><\/p>\n\t\t\t\t\t\t\t<i class=\"fa fa-clock-o\"><\/i>\n\t\t\t\t\t\t\t\t\t\t\t\t\t\t\t<span class=\"day\">qui, 30 abr, 2026<\/span>\n\t\t\t\t\t\t\t\t\t\t\t\t\t<\/div><!-- \/.post-content -->                                 \n\t\t\t\t\t<\/div><!-- \/.small-gallery -->\n\t\t\t\t\t\t\t\t\t<div class=\"small-gallery\">\n\t\t\t\t\t\t<a href=\"https:\/\/tva.cv\/index.php\/2026\/04\/30\/dia-dos-trabalhadores-trabalhadores-destacam-desafios-e-apelam-a-melhores-condicoes-laborais\/\" target=\"_self\">\n\t\t\t\t\t\t\t<img width=\"108\" height=\"108\" src=\"https:\/\/tva.cv\/wp-content\/uploads\/2026\/04\/Dia-dos-Trabalhadores.00_00_23_08.Still001-108x108.png\" class=\"img-responsive wp-post-image\" alt=\"\" loading=\"lazy\" srcset=\"https:\/\/tva.cv\/wp-content\/uploads\/2026\/04\/Dia-dos-Trabalhadores.00_00_23_08.Still001-108x108.png 108w, https:\/\/tva.cv\/wp-content\/uploads\/2026\/04\/Dia-dos-Trabalhadores.00_00_23_08.Still001-150x150.png 150w\" sizes=\"(max-width: 108px) 100vw, 108px\" \/>\t\t\t\t\t\t<\/a>\n\t\t\t\t\t\t<div class=\"post-content\">\n\t\t\t\t\t\t\t\t\t\t\t\t\t\t\t\t\t\t\t<a href=\"https:\/\/tva.cv\/index.php\/tag\/destaque\/\" target=\"_self\">\n\t\t\t\t\t\t\t\t\t\t\t\t\tDestaque\t\t\t\t\t\t\t\t\t\t\t\t<\/a>\n\t\t\t\t\t\t\t\t\t\t\t\t\t\t\t\t\t\t\n\t\t\t\t\t\t\t<p><a href=\"https:\/\/tva.cv\/index.php\/2026\/04\/30\/dia-dos-trabalhadores-trabalhadores-destacam-desafios-e-apelam-a-melhores-condicoes-laborais\/\" target=\"_self\">Dia dos Trabalhadores: Trabalhadores<\/a><\/p>\n\t\t\t\t\t\t\t<i class=\"fa fa-clock-o\"><\/i>\n\t\t\t\t\t\t\t\t\t\t\t\t\t\t\t<span class=\"day\">qui, 30 abr, 2026<\/span>\n\t\t\t\t\t\t\t\t\t\t\t\t\t<\/div><!-- \/.post-content -->                                 \n\t\t\t\t\t<\/div><!-- \/.small-gallery -->\n\t\t\t\t\t\t\t\t\t<div class=\"small-gallery\">\n\t\t\t\t\t\t<a href=\"https:\/\/tva.cv\/index.php\/2026\/04\/30\/djunta-mo-soncent-by-rede-cabo-verde-diaspora-apoia-cidadaos-afetados-pela-tempestade-erin\/\" target=\"_self\">\n\t\t\t\t\t\t\t<img width=\"108\" height=\"108\" src=\"https:\/\/tva.cv\/wp-content\/uploads\/2026\/04\/Djunta-Mo-Soncent-by-Rede-Cabo-Verde-Diaspora.00_00_07_12.Still001-108x108.png\" class=\"img-responsive wp-post-image\" alt=\"\" loading=\"lazy\" srcset=\"https:\/\/tva.cv\/wp-content\/uploads\/2026\/04\/Djunta-Mo-Soncent-by-Rede-Cabo-Verde-Diaspora.00_00_07_12.Still001-108x108.png 108w, https:\/\/tva.cv\/wp-content\/uploads\/2026\/04\/Djunta-Mo-Soncent-by-Rede-Cabo-Verde-Diaspora.00_00_07_12.Still001-150x150.png 150w\" sizes=\"(max-width: 108px) 100vw, 108px\" \/>\t\t\t\t\t\t<\/a>\n\t\t\t\t\t\t<div class=\"post-content\">\n\t\t\t\t\t\t\t\t\t\t\t\t\t\t\t\t\t\t\t<a href=\"https:\/\/tva.cv\/index.php\/tag\/destaque\/\" target=\"_self\">\n\t\t\t\t\t\t\t\t\t\t\t\t\tDestaque\t\t\t\t\t\t\t\t\t\t\t\t<\/a>\n\t\t\t\t\t\t\t\t\t\t\t\t\t\t\t\t\t\t\n\t\t\t\t\t\t\t<p><a href=\"https:\/\/tva.cv\/index.php\/2026\/04\/30\/djunta-mo-soncent-by-rede-cabo-verde-diaspora-apoia-cidadaos-afetados-pela-tempestade-erin\/\" target=\"_self\">Djunta Mo Soncent by<\/a><\/p>\n\t\t\t\t\t\t\t<i class=\"fa fa-clock-o\"><\/i>\n\t\t\t\t\t\t\t\t\t\t\t\t\t\t\t<span class=\"day\">qui, 30 abr, 2026<\/span>\n\t\t\t\t\t\t\t\t\t\t\t\t\t<\/div><!-- \/.post-content -->                                 \n\t\t\t\t\t<\/div><!-- \/.small-gallery -->\n\t\t\t\t\t\t\t\t\t<div class=\"small-gallery\">\n\t\t\t\t\t\t<a href=\"https:\/\/tva.cv\/index.php\/2026\/04\/30\/praia-assinala-o-168-o-aniversario\/\" target=\"_self\">\n\t\t\t\t\t\t\t<img width=\"108\" height=\"108\" src=\"https:\/\/tva.cv\/wp-content\/uploads\/2026\/04\/Praia-assinala-o-168.00_00_45_04.Still001-108x108.png\" class=\"img-responsive wp-post-image\" alt=\"\" loading=\"lazy\" srcset=\"https:\/\/tva.cv\/wp-content\/uploads\/2026\/04\/Praia-assinala-o-168.00_00_45_04.Still001-108x108.png 108w, https:\/\/tva.cv\/wp-content\/uploads\/2026\/04\/Praia-assinala-o-168.00_00_45_04.Still001-150x150.png 150w\" sizes=\"(max-width: 108px) 100vw, 108px\" \/>\t\t\t\t\t\t<\/a>\n\t\t\t\t\t\t<div class=\"post-content\">\n\t\t\t\t\t\t\t\t\t\t\t\t\t\t\t\t\t\t\t<a href=\"https:\/\/tva.cv\/index.php\/tag\/destaque\/\" target=\"_self\">\n\t\t\t\t\t\t\t\t\t\t\t\t\tDestaque\t\t\t\t\t\t\t\t\t\t\t\t<\/a>\n\t\t\t\t\t\t\t\t\t\t\t\t\t\t\t\t\t\t\n\t\t\t\t\t\t\t<p><a href=\"https:\/\/tva.cv\/index.php\/2026\/04\/30\/praia-assinala-o-168-o-aniversario\/\" target=\"_self\">Praia assinala o 168.\u00ba<\/a><\/p>\n\t\t\t\t\t\t\t<i class=\"fa fa-clock-o\"><\/i>\n\t\t\t\t\t\t\t\t\t\t\t\t\t\t\t<span class=\"day\">qui, 30 abr, 2026<\/span>\n\t\t\t\t\t\t\t\t\t\t\t\t\t<\/div><!-- \/.post-content -->                                 \n\t\t\t\t\t<\/div><!-- \/.small-gallery -->\n\t\t\t\t\t\t\t\t\t<div class=\"small-gallery\">\n\t\t\t\t\t\t<a href=\"https:\/\/tva.cv\/index.php\/2026\/04\/30\/tremor-de-terra-de-magnitude-41-na-escala-de-richter-provoca-susto-em-cidadaos-na-ilha-brava\/\" target=\"_self\">\n\t\t\t\t\t\t\t<img width=\"108\" height=\"108\" src=\"https:\/\/tva.cv\/wp-content\/uploads\/2026\/04\/Brava-Populacao-relata-susto-apos-tremor-de-terra-de-magnitude-41.00_00_33_20.Still001-108x108.png\" class=\"img-responsive wp-post-image\" alt=\"\" loading=\"lazy\" srcset=\"https:\/\/tva.cv\/wp-content\/uploads\/2026\/04\/Brava-Populacao-relata-susto-apos-tremor-de-terra-de-magnitude-41.00_00_33_20.Still001-108x108.png 108w, https:\/\/tva.cv\/wp-content\/uploads\/2026\/04\/Brava-Populacao-relata-susto-apos-tremor-de-terra-de-magnitude-41.00_00_33_20.Still001-150x150.png 150w\" sizes=\"(max-width: 108px) 100vw, 108px\" \/>\t\t\t\t\t\t<\/a>\n\t\t\t\t\t\t<div class=\"post-content\">\n\t\t\t\t\t\t\t\t\t\t\t\t\t\t\t\t\t\t\t<a href=\"https:\/\/tva.cv\/index.php\/tag\/destaque\/\" target=\"_self\">\n\t\t\t\t\t\t\t\t\t\t\t\t\tDestaque\t\t\t\t\t\t\t\t\t\t\t\t<\/a>\n\t\t\t\t\t\t\t\t\t\t\t\t\t\t\t\t\t\t\n\t\t\t\t\t\t\t<p><a href=\"https:\/\/tva.cv\/index.php\/2026\/04\/30\/tremor-de-terra-de-magnitude-41-na-escala-de-richter-provoca-susto-em-cidadaos-na-ilha-brava\/\" target=\"_self\">Tremor de terra de<\/a><\/p>\n\t\t\t\t\t\t\t<i class=\"fa fa-clock-o\"><\/i>\n\t\t\t\t\t\t\t\t\t\t\t\t\t\t\t<span class=\"day\">qui, 30 abr, 2026<\/span>\n\t\t\t\t\t\t\t\t\t\t\t\t\t<\/div><!-- \/.post-content -->                                 \n\t\t\t\t\t<\/div><!-- \/.small-gallery -->\n\t\t\t\t\t\t\t\t\t<div class=\"small-gallery\">\n\t\t\t\t\t\t<a href=\"https:\/\/tva.cv\/index.php\/2026\/04\/28\/cne-divulga-listas-de-candidaturas-dados-eleitorais-e-entrega-fac-simile-dos-boletins-de-voto\/\" target=\"_self\">\n\t\t\t\t\t\t\t<img width=\"108\" height=\"108\" src=\"https:\/\/tva.cv\/wp-content\/uploads\/2026\/04\/CNE-divulga-listas-de-candidaturas-dados-eleitorais-e-entrega-fac-simile-dos-boletins-de-voto.00_00_07_16.Still001-108x108.png\" class=\"img-responsive wp-post-image\" alt=\"\" loading=\"lazy\" srcset=\"https:\/\/tva.cv\/wp-content\/uploads\/2026\/04\/CNE-divulga-listas-de-candidaturas-dados-eleitorais-e-entrega-fac-simile-dos-boletins-de-voto.00_00_07_16.Still001-108x108.png 108w, https:\/\/tva.cv\/wp-content\/uploads\/2026\/04\/CNE-divulga-listas-de-candidaturas-dados-eleitorais-e-entrega-fac-simile-dos-boletins-de-voto.00_00_07_16.Still001-150x150.png 150w\" sizes=\"(max-width: 108px) 100vw, 108px\" \/>\t\t\t\t\t\t<\/a>\n\t\t\t\t\t\t<div class=\"post-content\">\n\t\t\t\t\t\t\t\t\t\t\t\t\t\t\t\t\t\t\t<a href=\"https:\/\/tva.cv\/index.php\/tag\/destaque\/\" target=\"_self\">\n\t\t\t\t\t\t\t\t\t\t\t\t\tDestaque\t\t\t\t\t\t\t\t\t\t\t\t<\/a>\n\t\t\t\t\t\t\t\t\t\t\t\t\t\t\t\t\t\t\n\t\t\t\t\t\t\t<p><a href=\"https:\/\/tva.cv\/index.php\/2026\/04\/28\/cne-divulga-listas-de-candidaturas-dados-eleitorais-e-entrega-fac-simile-dos-boletins-de-voto\/\" target=\"_self\">CNE divulga listas de<\/a><\/p>\n\t\t\t\t\t\t\t<i class=\"fa fa-clock-o\"><\/i>\n\t\t\t\t\t\t\t\t\t\t\t\t\t\t\t<span class=\"day\">ter, 28 abr, 2026<\/span>\n\t\t\t\t\t\t\t\t\t\t\t\t\t<\/div><!-- \/.post-content -->                                 \n\t\t\t\t\t<\/div><!-- \/.small-gallery -->\n\t\t\t\t\t\t\t\t\t<div class=\"small-gallery\">\n\t\t\t\t\t\t<a href=\"https:\/\/tva.cv\/index.php\/2026\/04\/28\/aviacao-civil-governo-formaliza-privatizacao-da-cabo-verde-handling-com-a-swissport\/\" target=\"_self\">\n\t\t\t\t\t\t\t<img width=\"108\" height=\"108\" src=\"https:\/\/tva.cv\/wp-content\/uploads\/2026\/04\/Aviacao-Civil.00_00_08_13.Still001-108x108.png\" class=\"img-responsive wp-post-image\" alt=\"\" loading=\"lazy\" srcset=\"https:\/\/tva.cv\/wp-content\/uploads\/2026\/04\/Aviacao-Civil.00_00_08_13.Still001-108x108.png 108w, https:\/\/tva.cv\/wp-content\/uploads\/2026\/04\/Aviacao-Civil.00_00_08_13.Still001-150x150.png 150w\" sizes=\"(max-width: 108px) 100vw, 108px\" \/>\t\t\t\t\t\t<\/a>\n\t\t\t\t\t\t<div class=\"post-content\">\n\t\t\t\t\t\t\t\t\t\t\t\t\t\t\t\t\t\t\t<a href=\"https:\/\/tva.cv\/index.php\/tag\/destaque\/\" target=\"_self\">\n\t\t\t\t\t\t\t\t\t\t\t\t\tDestaque\t\t\t\t\t\t\t\t\t\t\t\t<\/a>\n\t\t\t\t\t\t\t\t\t\t\t\t\t\t\t\t\t\t\n\t\t\t\t\t\t\t<p><a href=\"https:\/\/tva.cv\/index.php\/2026\/04\/28\/aviacao-civil-governo-formaliza-privatizacao-da-cabo-verde-handling-com-a-swissport\/\" target=\"_self\">Aviacao Civil: Governo formaliza<\/a><\/p>\n\t\t\t\t\t\t\t<i class=\"fa fa-clock-o\"><\/i>\n\t\t\t\t\t\t\t\t\t\t\t\t\t\t\t<span class=\"day\">ter, 28 abr, 2026<\/span>\n\t\t\t\t\t\t\t\t\t\t\t\t\t<\/div><!-- \/.post-content -->                                 \n\t\t\t\t\t<\/div><!-- \/.small-gallery -->\n\t\t\t\t\t\t\t\t\t<div class=\"small-gallery\">\n\t\t\t\t\t\t<a href=\"https:\/\/tva.cv\/index.php\/2026\/04\/28\/certame-acontera-nos-dias-26-27-e-28-de-junho-e-prestara-homenagem-a-romeu-di-lurdes\/\" target=\"_self\">\n\t\t\t\t\t\t\t<img width=\"108\" height=\"108\" src=\"https:\/\/tva.cv\/wp-content\/uploads\/2026\/04\/Festival-da-Gamboa-2026-peca-final.00_00_23_21.Still001-108x108.png\" class=\"img-responsive wp-post-image\" alt=\"\" loading=\"lazy\" srcset=\"https:\/\/tva.cv\/wp-content\/uploads\/2026\/04\/Festival-da-Gamboa-2026-peca-final.00_00_23_21.Still001-108x108.png 108w, https:\/\/tva.cv\/wp-content\/uploads\/2026\/04\/Festival-da-Gamboa-2026-peca-final.00_00_23_21.Still001-150x150.png 150w\" sizes=\"(max-width: 108px) 100vw, 108px\" \/>\t\t\t\t\t\t<\/a>\n\t\t\t\t\t\t<div class=\"post-content\">\n\t\t\t\t\t\t\t\t\t\t\t\t\t\t\t\t\t\t\t<a href=\"https:\/\/tva.cv\/index.php\/tag\/destaque\/\" target=\"_self\">\n\t\t\t\t\t\t\t\t\t\t\t\t\tDestaque\t\t\t\t\t\t\t\t\t\t\t\t<\/a>\n\t\t\t\t\t\t\t\t\t\t\t\t\t\t\t\t\t\t\n\t\t\t\t\t\t\t<p><a href=\"https:\/\/tva.cv\/index.php\/2026\/04\/28\/certame-acontera-nos-dias-26-27-e-28-de-junho-e-prestara-homenagem-a-romeu-di-lurdes\/\" target=\"_self\">Certame aconter\u00e1 nos dias<\/a><\/p>\n\t\t\t\t\t\t\t<i class=\"fa fa-clock-o\"><\/i>\n\t\t\t\t\t\t\t\t\t\t\t\t\t\t\t<span class=\"day\">ter, 28 abr, 2026<\/span>\n\t\t\t\t\t\t\t\t\t\t\t\t\t<\/div><!-- \/.post-content -->                                 \n\t\t\t\t\t<\/div><!-- \/.small-gallery -->\n\t\t\t\t\t\t\t\t\t<div class=\"small-gallery\">\n\t\t\t\t\t\t<a href=\"https:\/\/tva.cv\/index.php\/2026\/04\/28\/kontornu-2026-danca-pensamento-e-transformacao-social-em-movimento\/\" target=\"_self\">\n\t\t\t\t\t\t\t<img width=\"108\" height=\"108\" src=\"https:\/\/tva.cv\/wp-content\/uploads\/2026\/04\/Festival-Kontornu-peca-1.00_00_28_05.Still001-108x108.png\" class=\"img-responsive wp-post-image\" alt=\"\" loading=\"lazy\" srcset=\"https:\/\/tva.cv\/wp-content\/uploads\/2026\/04\/Festival-Kontornu-peca-1.00_00_28_05.Still001-108x108.png 108w, https:\/\/tva.cv\/wp-content\/uploads\/2026\/04\/Festival-Kontornu-peca-1.00_00_28_05.Still001-150x150.png 150w\" sizes=\"(max-width: 108px) 100vw, 108px\" \/>\t\t\t\t\t\t<\/a>\n\t\t\t\t\t\t<div class=\"post-content\">\n\t\t\t\t\t\t\t\t\t\t\t\t\t\t\t\t\t\t\t<a href=\"https:\/\/tva.cv\/index.php\/tag\/destaque\/\" target=\"_self\">\n\t\t\t\t\t\t\t\t\t\t\t\t\tDestaque\t\t\t\t\t\t\t\t\t\t\t\t<\/a>\n\t\t\t\t\t\t\t\t\t\t\t\t\t\t\t\t\t\t\n\t\t\t\t\t\t\t<p><a href=\"https:\/\/tva.cv\/index.php\/2026\/04\/28\/kontornu-2026-danca-pensamento-e-transformacao-social-em-movimento\/\" target=\"_self\">Kontornu 2026: Dan\u00e7a, pensamento<\/a><\/p>\n\t\t\t\t\t\t\t<i class=\"fa fa-clock-o\"><\/i>\n\t\t\t\t\t\t\t\t\t\t\t\t\t\t\t<span class=\"day\">ter, 28 abr, 2026<\/span>\n\t\t\t\t\t\t\t\t\t\t\t\t\t<\/div><!-- \/.post-content -->                                 \n\t\t\t\t\t<\/div><!-- \/.small-gallery -->\n\t\t\t\t\t\t\t\t\t<div class=\"small-gallery\">\n\t\t\t\t\t\t<a href=\"https:\/\/tva.cv\/index.php\/2026\/04\/28\/arte-que-denuncia-sueline-furtado-leva-o-lixo-ao-palco-do-kontornu\/\" target=\"_self\">\n\t\t\t\t\t\t\t<img width=\"108\" height=\"108\" src=\"https:\/\/tva.cv\/wp-content\/uploads\/2026\/04\/Festival-Kontornu-peca-2.00_00_04_02.Still001-108x108.png\" class=\"img-responsive wp-post-image\" alt=\"\" loading=\"lazy\" srcset=\"https:\/\/tva.cv\/wp-content\/uploads\/2026\/04\/Festival-Kontornu-peca-2.00_00_04_02.Still001-108x108.png 108w, https:\/\/tva.cv\/wp-content\/uploads\/2026\/04\/Festival-Kontornu-peca-2.00_00_04_02.Still001-150x150.png 150w\" sizes=\"(max-width: 108px) 100vw, 108px\" \/>\t\t\t\t\t\t<\/a>\n\t\t\t\t\t\t<div class=\"post-content\">\n\t\t\t\t\t\t\t\t\t\t\t\t\t\t\t\t\t\t\t<a href=\"https:\/\/tva.cv\/index.php\/tag\/destaque\/\" target=\"_self\">\n\t\t\t\t\t\t\t\t\t\t\t\t\tDestaque\t\t\t\t\t\t\t\t\t\t\t\t<\/a>\n\t\t\t\t\t\t\t\t\t\t\t\t\t\t\t\t\t\t\n\t\t\t\t\t\t\t<p><a href=\"https:\/\/tva.cv\/index.php\/2026\/04\/28\/arte-que-denuncia-sueline-furtado-leva-o-lixo-ao-palco-do-kontornu\/\" target=\"_self\">Arte que denuncia: Sueline<\/a><\/p>\n\t\t\t\t\t\t\t<i class=\"fa fa-clock-o\"><\/i>\n\t\t\t\t\t\t\t\t\t\t\t\t\t\t\t<span class=\"day\">ter, 28 abr, 2026<\/span>\n\t\t\t\t\t\t\t\t\t\t\t\t\t<\/div><!-- \/.post-content -->                                 \n\t\t\t\t\t<\/div><!-- \/.small-gallery -->\n\t\t\t\t\t\t\t<\/div><!-- \/.small-gallery-slider -->\n\t\t<\/div>\n\t\t\t\t<div class=\"ad-wrapper \">\n\t\t\t\t\t\t<div class=\"ad-place\">\n\t\t\t\t<a href='#'><img class='ad-image' src='https:\/\/tva.cv\/wp-content\/uploads\/2018\/07\/ad_1248x100.jpg' alt=''><\/a>                                    \n\t\t\t<\/div><!-- \/.sidebar-ad-place -->\n\t\t<\/div>\t\n\t\t[\/vc_column][\/vc_row]<\/p>\n","protected":false},"excerpt":{"rendered":"<p>[vc_row css=&#8221;.vc_custom_1505592050222{padding-bottom: 0px !important;}&#8221;][vc_column][\/vc_column][\/vc_row][vc_row full_width=&#8221;stretch_row&#8221; css=&#8221;.vc_custom_1505501554910{padding-top: 0px !important;background-color: #fcfcfc !important;}&#8221;][vc_column offset=&#8221;vc_col-lg-8 vc_col-md-12&#8243;][\/vc_column][vc_column offset=&#8221;vc_col-lg-4 vc_col-md-12&#8243; css=&#8221;.vc_custom_1516639422294{margin-bottom: -30px !important;}&#8221;][\/vc_column][\/vc_row][vc_row full_width=&#8221;stretch_row&#8221; css=&#8221;.vc_custom_1516217598893{margin-bottom: -35px !important;background-color: #ececed !important;}&#8221;][vc_column][\/vc_column][\/vc_row][vc_row full_width=&#8221;stretch_row&#8221; css=&#8221;.vc_custom_1509048300871{background-color: #ececed !important;}&#8221; el_class=&#8221;visible&#8221;][vc_column offset=&#8221;vc_col-lg-8 vc_col-md-12&#8243; el_class=&#8221;sticky-module&#8221;][\/vc_column][vc_column offset=&#8221;vc_col-lg-4 vc_col-md-12&#8243;][\/vc_column][\/vc_row][vc_row full_width=&#8221;stretch_row&#8221; equal_height=&#8221;yes&#8221; css=&#8221;.vc_custom_1508438770950{background-color: #fcfcfc !important;}&#8221;][vc_column width=&#8221;1\/2&#8243; offset=&#8221;vc_col-lg-3 vc_col-md-6&#8243;][\/vc_column][vc_column width=&#8221;1\/2&#8243; offset=&#8221;vc_col-lg-3 vc_col-md-6&#8243;][\/vc_column][vc_column width=&#8221;1\/2&#8243; offset=&#8221;vc_col-lg-3 vc_col-md-6&#8243; css=&#8221;.vc_custom_1509357925196{margin-bottom: -30px !important;}&#8221;][\/vc_column][vc_column width=&#8221;1\/2&#8243; offset=&#8221;vc_col-lg-3 vc_col-md-6&#8243;][\/vc_column][\/vc_row][vc_row full_width=&#8221;stretch_row_content_no_spaces&#8221; el_class=&#8221;vc_padding_t-0&#8243;][vc_column css=&#8221;.vc_custom_1505501888023{padding-top: 0px !important;}&#8221;][\/vc_column][\/vc_row][vc_row full_width=&#8221;stretch_row&#8221;][vc_column][\/vc_column][\/vc_row][vc_row full_width=&#8221;stretch_row&#8221; css=&#8221;.vc_custom_1495031491529{background-color: #ececed !important;}&#8221; el_class=&#8221;visible&#8221;][vc_column offset=&#8221;vc_col-lg-8 vc_col-md-12&#8243; el_class=&#8221;sticky-module&#8221; css=&#8221;.vc_custom_1519726111579{margin-bottom: -10px !important;}&#8221;][\/vc_column][vc_column css=&#8221;.vc_custom_1505826210233{margin-bottom: -35px !important;}&#8221; offset=&#8221;vc_col-lg-4 vc_col-md-12&#8243;][\/vc_column][\/vc_row][vc_row full_width=&#8221;stretch_row&#8221; el_class=&#8221;module dark&#8221; css=&#8221;.vc_custom_1505501782259{padding-bottom: 0px !important;}&#8221;][vc_column css=&#8221;.vc_custom_1494505180368{padding-top: 0px !important;}&#8221;][\/vc_column][\/vc_row][vc_row full_width=&#8221;stretch_row&#8221; css=&#8221;.vc_custom_1509048848508{background-color: #ececed !important;}&#8221; el_class=&#8221;visible&#8221;][vc_column offset=&#8221;vc_col-lg-8 vc_col-md-12&#8243; el_class=&#8221;sticky-module&#8221;][\/vc_column][vc_column offset=&#8221;vc_col-lg-4 vc_col-md-12&#8243; css=&#8221;.vc_custom_1519726568833{margin-bottom: -35px !important;}&#8221;][vc_wp_calendar el_class=&#8221;mt-30&#8243;][vc_column_text css=&#8221;.vc_custom_1519726527478{margin-top: 30px [&hellip;]<\/p>\n","protected":false},"author":1,"featured_media":0,"parent":685,"menu_order":0,"comment_status":"closed","ping_status":"closed","template":"template-parts\/front-page.php","meta":{"om_disable_all_campaigns":false,"_monsterinsights_skip_tracking":false,"_monsterinsights_sitenote_active":false,"_monsterinsights_sitenote_note":"","_monsterinsights_sitenote_category":0},"aioseo_notices":[],"_links":{"self":[{"href":"https:\/\/tva.cv\/index.php\/wp-json\/wp\/v2\/pages\/2762"}],"collection":[{"href":"https:\/\/tva.cv\/index.php\/wp-json\/wp\/v2\/pages"}],"about":[{"href":"https:\/\/tva.cv\/index.php\/wp-json\/wp\/v2\/types\/page"}],"author":[{"embeddable":true,"href":"https:\/\/tva.cv\/index.php\/wp-json\/wp\/v2\/users\/1"}],"replies":[{"embeddable":true,"href":"https:\/\/tva.cv\/index.php\/wp-json\/wp\/v2\/comments?post=2762"}],"version-history":[{"count":0,"href":"https:\/\/tva.cv\/index.php\/wp-json\/wp\/v2\/pages\/2762\/revisions"}],"up":[{"embeddable":true,"href":"https:\/\/tva.cv\/index.php\/wp-json\/wp\/v2\/pages\/685"}],"wp:attachment":[{"href":"https:\/\/tva.cv\/index.php\/wp-json\/wp\/v2\/media?parent=2762"}],"curies":[{"name":"wp","href":"https:\/\/api.w.org\/{rel}","templated":true}]}}