{"id":2723,"date":"2017-03-12T03:53:21","date_gmt":"2017-03-12T03:53:21","guid":{"rendered":"http:\/\/reendex.via-theme.com\/?page_id=2723"},"modified":"2017-03-12T03:53:21","modified_gmt":"2017-03-12T03:53:21","slug":"europe","status":"publish","type":"page","link":"https:\/\/tva.cv\/index.php\/world\/europe\/","title":{"rendered":"Europe"},"content":{"rendered":"<p>[vc_row css=&#8221;.vc_custom_1505592010522{padding-bottom: 0px !important;}&#8221;][vc_column]\t\t<div class=\"outer-rss \"> \n\t\t\t<div class=\"breaking-ribbon\"> \n\t\t\t\t<h4>World News<\/h4> \n\t\t\t<\/div><!-- \/.breaking-ribbon -->\n\t\t\t<div class=\"newsticker-rss\">  \n\t\t\t\t\t\t\t\t\n\n\t\t\t\t\t<div class=\"news-ticker-rss\">\n<div class=\"ticker-wrap ticker-style-modern\" data-id=\"ticker-tab-\"><p><strong>Erro de RSS:<\/strong> WP HTTP Error: N\u00e3o foi fornecido um URL v\u00e1lido.<\/p><\/div>\n\n\t\t\t\t\t\t<div class=\"navi\"> \n\t\t\t\t\t\t\t<button class=\"up\">\n\t\t\t\t\t\t\t\t<i class=\"fa fa-caret-left\"><\/i>\n\t\t\t\t\t\t\t<\/button>                                     \n\t\t\t\t\t\t\t<button class=\"down\">\n\t\t\t\t\t\t\t\t<i class=\"fa fa-caret-right\"><\/i>\n\t\t\t\t\t\t\t<\/button>                                     \n\t\t\t\t\t\t<\/div>\n\t\t\t\t\t<\/div>\n\t\t\t\t\t\n\t\t\t\t\t\n\t\t\t<\/div><!-- \/.newsticker-rss -->\n\t\t<\/div><!-- \/.outer-rss -->    \n\t\t[\/vc_column][\/vc_row][vc_row full_width=&#8221;stretch_row&#8221; css=&#8221;.vc_custom_1505636005549{padding-top: 0px !important;background-color: #fcfcfc !important;}&#8221;][vc_column offset=&#8221;vc_col-lg-8 vc_col-md-12&#8243;]\t\t<div class=\"\">\n\t\t\t<div class=\"flexslider\">\n\t\t\t\t<ul class=\"slides\">\n\t\t\t\t\t\t\t\t\t\t<li>\n\t\t\t\t\t\t\t\t\t\t\t\t\t\t\t\t\t\t\t\t\t<div class=\"meta\">\n\t\t\t\t\t\t\t<h3><a href=\"https:\/\/tva.cv\/index.php\/2022\/03\/29\/cmp-vai-ter-plataforma-de-investimento-da-diaspora-cabo-verdiana\/\" target=\"_self\">CMP Plataforma de Investimentos<\/a><\/h3>\n\t\t\t\t\t\t\t\t\t\t\t\t\t\t\t\t\t\t\t\t\t\t\t\t\t\t\t\t\t\t\t<h4 class='slider-day'>2022-04-26 5:22PM<\/h4>\n\t\t\t\t\t\t\t\t\t\n\t\t\t\t\t\t\t\t\t\t\t\t\t\t<\/div><!-- \/.meta -->\n\t\t\t\t\t\t<\/li>\n\t\t\t\t\t\t\t\t\t\t\t<li>\n\t\t\t\t\t\t\t\t\t\t\t\t\t\t\t\t\t\t\t\t\t<div class=\"meta\">\n\t\t\t\t\t\t\t<h3><a href=\"https:\/\/tva.cv\/index.php\/2022\/03\/30\/cmp-vai-construir-centro-comunitario-em-agua-funda\/\" target=\"_self\">CMP vai construir Centro Comunit\u00e1rio em \u00c1gua Funda<\/a><\/h3>\n\t\t\t\t\t\t\t\t\t\t\t\t\t\t\t\t\t\t\t\t\t\t\t\t\t\t\t\t\t\t\t<h4 class='slider-day'>2022-04-26 5:28PM<\/h4>\n\t\t\t\t\t\t\t\t\t\n\t\t\t\t\t\t\t\t\t\t\t\t\t\t<\/div><!-- \/.meta -->\n\t\t\t\t\t\t<\/li>\n\t\t\t\t\t\t\t\t\t\t\t<li>\n\t\t\t\t\t\t\t\t\t\t\t\t\t\t\t\t\t\t\t\t\t<div class=\"meta\">\n\t\t\t\t\t\t\t<h3><a href=\"https:\/\/tva.cv\/index.php\/2022\/04\/12\/ine-lanca-inquerito-as-despesas-e-receitas-familiares\/\" target=\"_self\">INE lan\u00e7a Inqu\u00e9rito \u00e0s Despesas e Receitas Familiares<\/a><\/h3>\n\t\t\t\t\t\t\t\t\t\t\t\t\t\t\t\t\t\t\t\t\t\t\t\t\t\t\t\t\t\t\t<h4 class='slider-day'>2022-04-26 5:29PM<\/h4>\n\t\t\t\t\t\t\t\t\t\n\t\t\t\t\t\t\t\t\t\t\t\t\t\t<\/div><!-- \/.meta -->\n\t\t\t\t\t\t<\/li>\n\t\t\t\t\t\t\t\t\t\t\t<li>\n\t\t\t\t\t\t\t<img width=\"820\" height=\"440\" src=\"https:\/\/tva.cv\/wp-content\/uploads\/2022\/04\/vlcsnap-2022-04-13-09h49m52s758-820x440.png\" class=\"attachment-reendex_news6_thumb_1 size-reendex_news6_thumb_1 wp-post-image\" alt=\"\" loading=\"lazy\" \/>\t\t\t\t\t\t\t\t\t\t\t\t\t\t<div class=\"meta\">\n\t\t\t\t\t\t\t<h3><a href=\"https:\/\/tva.cv\/index.php\/2022\/04\/13\/cmp-homenageia-pugilista-sifonelo-borges\/\" target=\"_self\">CMP homenageia pugilista Sifonelo Borges<\/a><\/h3>\n\t\t\t\t\t\t\t\t\t\t\t\t\t\t\t\t\t\t\t\t\t\t\t\t\t\t\t\t\t\t\t<h4 class='slider-day'>2022-04-26 6:19PM<\/h4>\n\t\t\t\t\t\t\t\t\t\n\t\t\t\t\t\t\t\t\t\t\t\t\t\t<\/div><!-- \/.meta -->\n\t\t\t\t\t\t<\/li>\n\t\t\t\t\t\t\t\t\t<\/ul><!-- \/.slides -->\n\t\t\t<\/div><!-- \/.flexslider -->\n\t\t<\/div> \n\t\t[\/vc_column][vc_column offset=&#8221;vc_col-lg-4 vc_col-md-12&#8243; css=&#8221;.vc_custom_1519716456679{margin-bottom: -30px !important;}&#8221;]\t\t<div class=\"sidebar-block\">\n\t\t\t<div class=\"sidebar-schedule mb-30\">\n\t\t\t\t            \n\t\t\t\t<div id=\"sidebar-schedule-slider\" class=\"owl-carousel\">\n\t\t\t\t\t\t\t\t\t\t\t<div class=\"sidebar-schedule-slide\"> \n\t\t\t\t\t\t\t<div class=\"sidebar-schedule-slider-layer\"> \n\t\t\t\t\t\t\t\t<div class=\"content\"> \n\t\t\t\t\t\t\t\t\t<h3 class=\"hour-tag\">2:45<\/h3> \n\t\t\t\t\t\t\t\t\t<h4 class=\"sidebar-show-title bg-1\"><a href=\"https:\/\/tva.cv\/index.php\/tv_schedule\/world-news\/\" target=\"_self\">World News<\/a><\/h4>\n\t\t\t\t\t\t\t\t\t<p><a href=\"https:\/\/tva.cv\/index.php\/tv_schedule\/world-news\/\" target=\"_self\">Join Reendex for a night of news. Kerry. bring you the news that matters to you!<\/a><\/p>\n\t\t\t\t\t\t\t\t<\/div>                                                     \n\t\t\t\t\t\t\t\t<img width=\"400\" height=\"288\" src=\"https:\/\/tva.cv\/wp-content\/uploads\/2017\/03\/watch_576x288-image10-400x288.jpg\" class=\"img-responsive img-not-lazy wp-post-image\" alt=\"\" loading=\"lazy\" \/>\t\t\t\t\t\t\t<\/div><!-- \/.sidebar-schedule-slider-layer -->                                             \n\t\t\t\t\t\t<\/div><!-- \/.sidebar-schedule-slide -->\n\t\t\t\t\t\t\t\t\t\t\t<div class=\"sidebar-schedule-slide\"> \n\t\t\t\t\t\t\t<div class=\"sidebar-schedule-slider-layer\"> \n\t\t\t\t\t\t\t\t<div class=\"content\"> \n\t\t\t\t\t\t\t\t\t<h3 class=\"hour-tag\">1:05<\/h3> \n\t\t\t\t\t\t\t\t\t<h4 class=\"sidebar-show-title bg-1\"><a href=\"https:\/\/tva.cv\/index.php\/tv_schedule\/the-late-talk-show-with-k-c\/\" target=\"_self\">The Late Talk Show with K C<\/a><\/h4>\n\t\t\t\t\t\t\t\t\t<p><a href=\"https:\/\/tva.cv\/index.php\/tv_schedule\/the-late-talk-show-with-k-c\/\" target=\"_self\">Find out who this week&#8217;s guests are on &#8220;The Late Talk Show with K C&#8221;!&#8230;<\/a><\/p>\n\t\t\t\t\t\t\t\t<\/div>                                                     \n\t\t\t\t\t\t\t\t<img width=\"400\" height=\"288\" src=\"https:\/\/tva.cv\/wp-content\/uploads\/2017\/02\/index_824x412-image11-400x288.jpg\" class=\"img-responsive img-not-lazy wp-post-image\" alt=\"\" loading=\"lazy\" \/>\t\t\t\t\t\t\t<\/div><!-- \/.sidebar-schedule-slider-layer -->                                             \n\t\t\t\t\t\t<\/div><!-- \/.sidebar-schedule-slide -->\n\t\t\t\t\t\t\t\t\t\t\t<div class=\"sidebar-schedule-slide\"> \n\t\t\t\t\t\t\t<div class=\"sidebar-schedule-slider-layer\"> \n\t\t\t\t\t\t\t\t<div class=\"content\"> \n\t\t\t\t\t\t\t\t\t<h3 class=\"hour-tag\">23:00<\/h3> \n\t\t\t\t\t\t\t\t\t<h4 class=\"sidebar-show-title bg-1\"><a href=\"https:\/\/tva.cv\/index.php\/tv_schedule\/news-insight\/\" target=\"_self\">News Insight<\/a><\/h4>\n\t\t\t\t\t\t\t\t\t<p><a href=\"https:\/\/tva.cv\/index.php\/tv_schedule\/news-insight\/\" target=\"_self\">Get the context behind the news and find out how it will affect of the world.<\/a><\/p>\n\t\t\t\t\t\t\t\t<\/div>                                                     \n\t\t\t\t\t\t\t\t<img width=\"400\" height=\"288\" src=\"https:\/\/tva.cv\/wp-content\/uploads\/2017\/03\/index_824x412-image17-400x288.jpg\" class=\"img-responsive img-not-lazy wp-post-image\" alt=\"\" loading=\"lazy\" \/>\t\t\t\t\t\t\t<\/div><!-- \/.sidebar-schedule-slider-layer -->                                             \n\t\t\t\t\t\t<\/div><!-- \/.sidebar-schedule-slide -->\n\t\t\t\t\t\t\t\t\t\t\t<div class=\"sidebar-schedule-slide\"> \n\t\t\t\t\t\t\t<div class=\"sidebar-schedule-slider-layer\"> \n\t\t\t\t\t\t\t\t<div class=\"content\"> \n\t\t\t\t\t\t\t\t\t<h3 class=\"hour-tag\">22:00<\/h3> \n\t\t\t\t\t\t\t\t\t<h4 class=\"sidebar-show-title bg-1\"><a href=\"https:\/\/tva.cv\/index.php\/tv_schedule\/reendex-at-ten\/\" target=\"_self\">Reendex at Ten<\/a><\/h4>\n\t\t\t\t\t\t\t\t\t<p><a href=\"https:\/\/tva.cv\/index.php\/tv_schedule\/reendex-at-ten\/\" target=\"_self\">Latest National and International news, with reports correspondents worldwide.<\/a><\/p>\n\t\t\t\t\t\t\t\t<\/div>                                                     \n\t\t\t\t\t\t\t\t<img width=\"400\" height=\"288\" src=\"https:\/\/tva.cv\/wp-content\/uploads\/2017\/03\/news-store_576x288-image11-400x288.jpg\" class=\"img-responsive img-not-lazy wp-post-image\" alt=\"\" loading=\"lazy\" \/>\t\t\t\t\t\t\t<\/div><!-- \/.sidebar-schedule-slider-layer -->                                             \n\t\t\t\t\t\t<\/div><!-- \/.sidebar-schedule-slide -->\n\t\t\t\t\t\t\t\t\t<\/div><!-- \/#sidebar-schedule-slider -->\n\t\t\t<\/div><!-- \/.sidebar-schedule -->\n\t\t<\/div><!-- \/.sidebar-block -->\n\t\t\t\t<div class=\"sidebar-social-icons aside\"> \n\t\t\t                                   \n\t\t\t\t<div class=\"sidebar-social-icons-inner\"> \n\t\t\t\t\t<h5>Stay Connected<\/h5> \n\t\t\t\t<\/div>                                     \n\t\t\t                                     \n\t\t\t<div class=\"sidebar-social-icons-wrapper\">\n\t\t\t\t<ul>\n\t\t\t\t\t \n\t\t\t\t\t\t<li> \n\t\t\t\t\t\t\t<a class=\"facebook\" href=\"#\" target=\"_self\">\n\t\t\t\t\t\t\t\t<i class=\"fa fa-facebook\"><\/i>\n\t\t\t\t\t\t\t<\/a> \n\t\t\t\t\t\t<\/li>                                         \n\t\t\t\t\t \n\t\t\t\t\t\t<li> \n\t\t\t\t\t\t\t<a class=\"youtube\" href=\"#\" target=\"_self\">\n\t\t\t\t\t\t\t\t<i class=\"fa fa-youtube\"><\/i>\n\t\t\t\t\t\t\t<\/a> \n\t\t\t\t\t\t<\/li>                                         \n\t\t\t\t\t \n\t\t\t\t\t\t<li> \n\t\t\t\t\t\t\t<a class=\"twitter\" href=\"#\" target=\"_self\">\n\t\t\t\t\t\t\t\t<i class=\"fa fa-twitter\"><\/i>\n\t\t\t\t\t\t\t<\/a> \n\t\t\t\t\t\t<\/li>                                         \n\t\t\t\t\t \n\t\t\t\t\t\t<li> \n\t\t\t\t\t\t\t<a class=\"linkedin\" href=\"#\" target=\"_self\">\n\t\t\t\t\t\t\t\t<i class=\"fa fa-linkedin\"><\/i>\n\t\t\t\t\t\t\t<\/a> \n\t\t\t\t\t\t<\/li>                                         \n\t\t\t\t\t \n\t\t\t\t\t\t<li> \n\t\t\t\t\t\t\t<a class=\"pinterest\" href=\"#\" target=\"_self\">\n\t\t\t\t\t\t\t\t<i class=\"fa fa-pinterest\"><\/i>\n\t\t\t\t\t\t\t<\/a> \n\t\t\t\t\t\t<\/li>                                         \n\t\t\t\t\t \n\t\t\t\t\t\t<li> \n\t\t\t\t\t\t\t<a class=\"google-plus\" href=\"#\" target=\"_self\">\n\t\t\t\t\t\t\t\t<i class=\"fa fa-google-plus\"><\/i>\n\t\t\t\t\t\t\t<\/a> \n\t\t\t\t\t\t<\/li>                                         \n\t\t\t\t\t \n\t\t\t\t\t\t<li> \n\t\t\t\t\t\t\t<a class=\"rss\" href=\"#\" target=\"_self\">\n\t\t\t\t\t\t\t\t<i class=\"fa fa-rss\"><\/i>\n\t\t\t\t\t\t\t<\/a> \n\t\t\t\t\t\t<\/li>                                         \n\t\t\t\t\t \n\t\t\t\t\t\t<li> \n\t\t\t\t\t\t\t<a class=\"tumblr\" href=\"#\" target=\"_self\">\n\t\t\t\t\t\t\t\t<i class=\"fa fa-tumblr\"><\/i>\n\t\t\t\t\t\t\t<\/a> \n\t\t\t\t\t\t<\/li>                                         \n\t\t\t\t\t                                        \n\t\t\t\t<\/ul>\n\t\t\t<\/div><!-- \/.sidebar-social-icons-wrapper -->\n\t\t<\/div><!-- \/.sidebar-social-icons -->\n\t\t[\/vc_column][\/vc_row][vc_row full_width=&#8221;stretch_row&#8221; css=&#8221;.vc_custom_1516216885920{margin-bottom: -35px !important;background-color: #ececed !important;}&#8221;][vc_column]\t\t<div class=\"section-header-left \">\n\t\t\t<h2 class=\"section-title-left\">Europe News is LIVE online<span class=\"dot\">.<\/span><\/h2>\n\t\t\t\t\t\t\t<h4 class=\"section-subtitle\">Get the latest European news from Reendex News in Europe: breaking news, features, analysis and special reports plus audio and video from across the European continent.<\/h4>\n\t\t\t\t\t<\/div><!-- \/.section-header-left -->\n\t\t[\/vc_column][\/vc_row][vc_row full_width=&#8221;stretch_row&#8221; css=&#8221;.vc_custom_1519713198334{background-color: #ececed !important;}&#8221; el_class=&#8221;visible&#8221;][vc_column offset=&#8221;vc_col-lg-8 vc_col-md-12&#8243; el_class=&#8221;sticky-module&#8221; css=&#8221;.vc_custom_1519713351118{margin-bottom: -35px !important;}&#8221;]\t\t\t\t\t \n\t\t\t\t<div class=\"module-title\n\t\t\t\t\tmb-30\">\n\t\t\t\t\t \n\t\t\t\t\t\t<h3 class=\"title\">\n\t\t\t\t\t\t\t<span class=\"bg-1\" style=\"\n\t\t\t\t\t\t\t\tbackground-color:#ff9800;\">\n\t\t\t\t\t\t\t\tWestern\t\t\t\t\t\t\t<\/span>\n\t\t\t\t\t\t<\/h3>\n\t\t\t\t\t\t\t\t\t\t  \n\t\t\t\t\t\t<h3 class=\"subtitle\">Europe<\/h3>\n\t\t\t\t\t \n\t\t\t\t<\/div><!-- \/.module-title -->\n\t\t\t\t\t\t\t<div class=\"\">\n\t\t\t<div class=\"news-block\">\n\t\t\t\t\t\t\t\t\t<div class=\"item-block\"> \n\t\t\t\t\t\t<div class=\"item-image\">\n\t\t\t\t\t\t\t<a href=\"https:\/\/tva.cv\/index.php\/2022\/03\/29\/cmp-vai-ter-plataforma-de-investimento-da-diaspora-cabo-verdiana\/\" target=\"_self\">\n\t\t\t\t\t\t\t\t\t\t\t\t\t\t\t\t\t\t\t\t\t\t\t<\/a>\n\t\t\t\t\t\t\t\t\t\t\t\t\t\n\t\t\t\t\t\t<\/div><!-- \/.item-image -->                                             \n\t\t\t\t\t\t<div class=\"item-content\">\n\t\t\t\t\t\t\t\t\t\t\t\t\t\t\t<i class=\"fa fa-clock-o\"><\/i>\n\t\t\t\t\t\t\t\t\t\t\t\t\t\t\t\t\t<span class=\"day\">\n\t\t\t\t\t\t\t\t\t\tter, abr 26, 2022\t\t\t\t\t\t\t\t\t<\/span>\n\t\t\t\t\t\t\t\t\t\t\t\t\t\t\t\t\t\t\t\t\t\t\t\t\t\t\t\t\t\t<p><a href=\"https:\/\/tva.cv\/index.php\/2022\/03\/29\/cmp-vai-ter-plataforma-de-investimento-da-diaspora-cabo-verdiana\/\" target=\"_self\">CMP Plataforma<\/a><\/p>\n\t\t\t\t\t\t\t\t\t\t\t\t\t<\/div><!-- \/.item-content -->                                              \n\t\t\t\t\t<\/div><!-- \/.item-block --> \n\t\t\t\t\t\t\t\t\t<div class=\"item-block\"> \n\t\t\t\t\t\t<div class=\"item-image\">\n\t\t\t\t\t\t\t<a href=\"https:\/\/tva.cv\/index.php\/2022\/03\/30\/cmp-vai-construir-centro-comunitario-em-agua-funda\/\" target=\"_self\">\n\t\t\t\t\t\t\t\t\t\t\t\t\t\t\t\t\t\t\t\t\t\t\t<\/a>\n\t\t\t\t\t\t\t\t\t\t\t\t\t\n\t\t\t\t\t\t<\/div><!-- \/.item-image -->                                             \n\t\t\t\t\t\t<div class=\"item-content\">\n\t\t\t\t\t\t\t\t\t\t\t\t\t\t\t<i class=\"fa fa-clock-o\"><\/i>\n\t\t\t\t\t\t\t\t\t\t\t\t\t\t\t\t\t<span class=\"day\">\n\t\t\t\t\t\t\t\t\t\tter, abr 26, 2022\t\t\t\t\t\t\t\t\t<\/span>\n\t\t\t\t\t\t\t\t\t\t\t\t\t\t\t\t\t\t\t\t\t\t\t\t\t\t\t\t\t\t<p><a href=\"https:\/\/tva.cv\/index.php\/2022\/03\/30\/cmp-vai-construir-centro-comunitario-em-agua-funda\/\" target=\"_self\">CMP vai<\/a><\/p>\n\t\t\t\t\t\t\t\t\t\t\t\t\t<\/div><!-- \/.item-content -->                                              \n\t\t\t\t\t<\/div><!-- \/.item-block --> \n\t\t\t\t\t\t\t\t\t<div class=\"item-block\"> \n\t\t\t\t\t\t<div class=\"item-image\">\n\t\t\t\t\t\t\t<a href=\"https:\/\/tva.cv\/index.php\/2022\/04\/12\/ine-lanca-inquerito-as-despesas-e-receitas-familiares\/\" target=\"_self\">\n\t\t\t\t\t\t\t\t\t\t\t\t\t\t\t\t\t\t\t\t\t\t\t<\/a>\n\t\t\t\t\t\t\t\t\t\t\t\t\t\n\t\t\t\t\t\t<\/div><!-- \/.item-image -->                                             \n\t\t\t\t\t\t<div class=\"item-content\">\n\t\t\t\t\t\t\t\t\t\t\t\t\t\t\t<i class=\"fa fa-clock-o\"><\/i>\n\t\t\t\t\t\t\t\t\t\t\t\t\t\t\t\t\t<span class=\"day\">\n\t\t\t\t\t\t\t\t\t\tter, abr 26, 2022\t\t\t\t\t\t\t\t\t<\/span>\n\t\t\t\t\t\t\t\t\t\t\t\t\t\t\t\t\t\t\t\t\t\t\t\t\t\t\t\t\t\t<p><a href=\"https:\/\/tva.cv\/index.php\/2022\/04\/12\/ine-lanca-inquerito-as-despesas-e-receitas-familiares\/\" target=\"_self\">INE lan\u00e7a<\/a><\/p>\n\t\t\t\t\t\t\t\t\t\t\t\t\t<\/div><!-- \/.item-content -->                                              \n\t\t\t\t\t<\/div><!-- \/.item-block --> \n\t\t\t\t\t\t\t\t\t<div class=\"item-block\"> \n\t\t\t\t\t\t<div class=\"item-image\">\n\t\t\t\t\t\t\t<a href=\"https:\/\/tva.cv\/index.php\/2022\/04\/13\/cmp-homenageia-pugilista-sifonelo-borges\/\" target=\"_self\">\n\t\t\t\t\t\t\t\t<img width=\"576\" height=\"288\" src=\"https:\/\/tva.cv\/wp-content\/uploads\/2022\/04\/vlcsnap-2022-04-13-09h49m52s758-576x288.png\" class=\"img-responsive img-full wp-post-image\" alt=\"\" loading=\"lazy\" srcset=\"https:\/\/tva.cv\/wp-content\/uploads\/2022\/04\/vlcsnap-2022-04-13-09h49m52s758-576x288.png 576w, https:\/\/tva.cv\/wp-content\/uploads\/2022\/04\/vlcsnap-2022-04-13-09h49m52s758-400x200.png 400w\" sizes=\"(max-width: 576px) 100vw, 576px\" \/>\t\t\t\t\t\t\t\t\t\t\t\t\t\t\t<\/a>\n\t\t\t\t\t\t\t\t\t\t\t\t\t\n\t\t\t\t\t\t<\/div><!-- \/.item-image -->                                             \n\t\t\t\t\t\t<div class=\"item-content\">\n\t\t\t\t\t\t\t\t\t\t\t\t\t\t\t<i class=\"fa fa-clock-o\"><\/i>\n\t\t\t\t\t\t\t\t\t\t\t\t\t\t\t\t\t<span class=\"day\">\n\t\t\t\t\t\t\t\t\t\tter, abr 26, 2022\t\t\t\t\t\t\t\t\t<\/span>\n\t\t\t\t\t\t\t\t\t\t\t\t\t\t\t\t\t\t\t\t\t\t\t\t\t\t\t\t\t\t<p><a href=\"https:\/\/tva.cv\/index.php\/2022\/04\/13\/cmp-homenageia-pugilista-sifonelo-borges\/\" target=\"_self\">CMP homenageia<\/a><\/p>\n\t\t\t\t\t\t\t\t\t\t\t\t\t<\/div><!-- \/.item-content -->                                              \n\t\t\t\t\t<\/div><!-- \/.item-block --> \n\t\t\t\t\t\t\t\t\t<div class=\"item-block\"> \n\t\t\t\t\t\t<div class=\"item-image\">\n\t\t\t\t\t\t\t<a href=\"https:\/\/tva.cv\/index.php\/2022\/04\/13\/vendedeiras-pedem-dinheiro-investido-na-compra-de-lojas-no-mercado-de-coco\/\" target=\"_self\">\n\t\t\t\t\t\t\t\t<img width=\"576\" height=\"288\" src=\"https:\/\/tva.cv\/wp-content\/uploads\/2022\/04\/vlcsnap-2022-04-13-10h03m59s671-576x288.png\" class=\"img-responsive img-full wp-post-image\" alt=\"\" loading=\"lazy\" srcset=\"https:\/\/tva.cv\/wp-content\/uploads\/2022\/04\/vlcsnap-2022-04-13-10h03m59s671-576x288.png 576w, https:\/\/tva.cv\/wp-content\/uploads\/2022\/04\/vlcsnap-2022-04-13-10h03m59s671-400x200.png 400w\" sizes=\"(max-width: 576px) 100vw, 576px\" \/>\t\t\t\t\t\t\t\t\t\t\t\t\t\t\t<\/a>\n\t\t\t\t\t\t\t\t\t\t\t\t\t\n\t\t\t\t\t\t<\/div><!-- \/.item-image -->                                             \n\t\t\t\t\t\t<div class=\"item-content\">\n\t\t\t\t\t\t\t\t\t\t\t\t\t\t\t<i class=\"fa fa-clock-o\"><\/i>\n\t\t\t\t\t\t\t\t\t\t\t\t\t\t\t\t\t<span class=\"day\">\n\t\t\t\t\t\t\t\t\t\tqui, abr 14, 2022\t\t\t\t\t\t\t\t\t<\/span>\n\t\t\t\t\t\t\t\t\t\t\t\t\t\t\t\t\t\t\t\t\t\t\t\t\t\t\t\t\t\t<p><a href=\"https:\/\/tva.cv\/index.php\/2022\/04\/13\/vendedeiras-pedem-dinheiro-investido-na-compra-de-lojas-no-mercado-de-coco\/\" target=\"_self\">Vendedeiras pedem<\/a><\/p>\n\t\t\t\t\t\t\t\t\t\t\t\t\t<\/div><!-- \/.item-content -->                                              \n\t\t\t\t\t<\/div><!-- \/.item-block --> \n\t\t\t\t\t\t\t\t\t<div class=\"item-block\"> \n\t\t\t\t\t\t<div class=\"item-image\">\n\t\t\t\t\t\t\t<a href=\"https:\/\/tva.cv\/index.php\/2022\/04\/13\/cv-recebe-mais-de-3700-pedidos-de-residencia-de-estrangeiros\/\" target=\"_self\">\n\t\t\t\t\t\t\t\t<img width=\"576\" height=\"288\" src=\"https:\/\/tva.cv\/wp-content\/uploads\/2022\/04\/vlcsnap-2022-04-13-10h15m50s008-576x288.png\" class=\"img-responsive img-full wp-post-image\" alt=\"\" loading=\"lazy\" srcset=\"https:\/\/tva.cv\/wp-content\/uploads\/2022\/04\/vlcsnap-2022-04-13-10h15m50s008-576x288.png 576w, https:\/\/tva.cv\/wp-content\/uploads\/2022\/04\/vlcsnap-2022-04-13-10h15m50s008-400x200.png 400w\" sizes=\"(max-width: 576px) 100vw, 576px\" \/>\t\t\t\t\t\t\t\t\t\t\t\t\t\t\t<\/a>\n\t\t\t\t\t\t\t\t\t\t\t\t\t\n\t\t\t\t\t\t<\/div><!-- \/.item-image -->                                             \n\t\t\t\t\t\t<div class=\"item-content\">\n\t\t\t\t\t\t\t\t\t\t\t\t\t\t\t<i class=\"fa fa-clock-o\"><\/i>\n\t\t\t\t\t\t\t\t\t\t\t\t\t\t\t\t\t<span class=\"day\">\n\t\t\t\t\t\t\t\t\t\tqui, abr 14, 2022\t\t\t\t\t\t\t\t\t<\/span>\n\t\t\t\t\t\t\t\t\t\t\t\t\t\t\t\t\t\t\t\t\t\t\t\t\t\t\t\t\t\t<p><a href=\"https:\/\/tva.cv\/index.php\/2022\/04\/13\/cv-recebe-mais-de-3700-pedidos-de-residencia-de-estrangeiros\/\" target=\"_self\">CV <\/a><\/p>\n\t\t\t\t\t\t\t\t\t\t\t\t\t<\/div><!-- \/.item-content -->                                              \n\t\t\t\t\t<\/div><!-- \/.item-block --> \n\t\t\t\t\t\t\t\t\t<div class=\"item-block\"> \n\t\t\t\t\t\t<div class=\"item-image\">\n\t\t\t\t\t\t\t<a href=\"https:\/\/tva.cv\/index.php\/2022\/04\/13\/cabo-verde-e-visto-como-um-exemplo-na-prevencao-de-lavagem-de-capitais\/\" target=\"_self\">\n\t\t\t\t\t\t\t\t<img width=\"576\" height=\"288\" src=\"https:\/\/tva.cv\/wp-content\/uploads\/2022\/04\/vlcsnap-2022-04-13-11h01m44s413-576x288.png\" class=\"img-responsive img-full wp-post-image\" alt=\"\" loading=\"lazy\" srcset=\"https:\/\/tva.cv\/wp-content\/uploads\/2022\/04\/vlcsnap-2022-04-13-11h01m44s413-576x288.png 576w, https:\/\/tva.cv\/wp-content\/uploads\/2022\/04\/vlcsnap-2022-04-13-11h01m44s413-400x200.png 400w\" sizes=\"(max-width: 576px) 100vw, 576px\" \/>\t\t\t\t\t\t\t\t\t\t\t\t\t\t\t<\/a>\n\t\t\t\t\t\t\t\t\t\t\t\t\t\n\t\t\t\t\t\t<\/div><!-- \/.item-image -->                                             \n\t\t\t\t\t\t<div class=\"item-content\">\n\t\t\t\t\t\t\t\t\t\t\t\t\t\t\t<i class=\"fa fa-clock-o\"><\/i>\n\t\t\t\t\t\t\t\t\t\t\t\t\t\t\t\t\t<span class=\"day\">\n\t\t\t\t\t\t\t\t\t\tqui, abr 14, 2022\t\t\t\t\t\t\t\t\t<\/span>\n\t\t\t\t\t\t\t\t\t\t\t\t\t\t\t\t\t\t\t\t\t\t\t\t\t\t\t\t\t\t<p><a href=\"https:\/\/tva.cv\/index.php\/2022\/04\/13\/cabo-verde-e-visto-como-um-exemplo-na-prevencao-de-lavagem-de-capitais\/\" target=\"_self\">Cabo Verde<\/a><\/p>\n\t\t\t\t\t\t\t\t\t\t\t\t\t<\/div><!-- \/.item-content -->                                              \n\t\t\t\t\t<\/div><!-- \/.item-block --> \n\t\t\t\t\t\t\t\t\t<div class=\"item-block\"> \n\t\t\t\t\t\t<div class=\"item-image\">\n\t\t\t\t\t\t\t<a href=\"https:\/\/tva.cv\/index.php\/2022\/04\/14\/estudantes-de-enfermagem-querem-acabar-com-a-disparidade-na-saude\/\" target=\"_self\">\n\t\t\t\t\t\t\t\t<img width=\"576\" height=\"288\" src=\"https:\/\/tva.cv\/wp-content\/uploads\/2022\/04\/vlcsnap-2022-04-14-10h13m38s160-576x288.png\" class=\"img-responsive img-full wp-post-image\" alt=\"\" loading=\"lazy\" srcset=\"https:\/\/tva.cv\/wp-content\/uploads\/2022\/04\/vlcsnap-2022-04-14-10h13m38s160-576x288.png 576w, https:\/\/tva.cv\/wp-content\/uploads\/2022\/04\/vlcsnap-2022-04-14-10h13m38s160-400x200.png 400w\" sizes=\"(max-width: 576px) 100vw, 576px\" \/>\t\t\t\t\t\t\t\t\t\t\t\t\t\t\t<\/a>\n\t\t\t\t\t\t\t\t\t\t\t\t\t\n\t\t\t\t\t\t<\/div><!-- \/.item-image -->                                             \n\t\t\t\t\t\t<div class=\"item-content\">\n\t\t\t\t\t\t\t\t\t\t\t\t\t\t\t<i class=\"fa fa-clock-o\"><\/i>\n\t\t\t\t\t\t\t\t\t\t\t\t\t\t\t\t\t<span class=\"day\">\n\t\t\t\t\t\t\t\t\t\tter, abr 26, 2022\t\t\t\t\t\t\t\t\t<\/span>\n\t\t\t\t\t\t\t\t\t\t\t\t\t\t\t\t\t\t\t\t\t\t\t\t\t\t\t\t\t\t<p><a href=\"https:\/\/tva.cv\/index.php\/2022\/04\/14\/estudantes-de-enfermagem-querem-acabar-com-a-disparidade-na-saude\/\" target=\"_self\">Estudantes de<\/a><\/p>\n\t\t\t\t\t\t\t\t\t\t\t\t\t<\/div><!-- \/.item-content -->                                              \n\t\t\t\t\t<\/div><!-- \/.item-block --> \n\t\t\t\t\t\t\t<\/div><!-- \/.news-block -->     \t\n\t\t<\/div>\n\t\t\t\t\t\t\t<div class=\"title-style01\n\t\t\t\t\">\n\t\t\t\t<h3>Facts about Western Europe<\/h3>\n\t\t\t<\/div>\n\t\t\t\t[vc_column_text css=&#8221;.vc_custom_1519311012134{margin-bottom: 20px !important;}&#8221;]<\/p>\n<div class=\"item-content\">\n<p><strong>Multilingualism<\/strong> and the protection of regional and minority languages are recognised political goals in Western Europe today.<strong>The Council of Europe Framework Convention<\/strong> for the Protection of National Minorities and the Council of Europe&#8217;s European Charter for Regional or Minority Languages set up a legal framework for language. Multilingualism and the protection of regional and minority languages are recognised political goals in Western Europe today.<\/div>\n<p>[\/vc_column_text][\/vc_column][vc_column offset=&#8221;vc_col-lg-4 vc_col-md-12&#8243;]\t\t\t\t\t<div class=\"title-style02\n\t\t\t\tmb-30\">\n\t\t\t\t<h3>Great European road trips<\/h3>\n\t\t\t<\/div>\n\t\t\t\t<div class=\"video-promo-item \">\n\t\t\t<div class=\"video-promo-image\">\n\t\t\t\t<div class=\"video-full\">\n\t\t\t\t\t<div class=\"fitvids-video embed-container\">\n\t\t\t\t\t\t<iframe id=\"embeddedVideo\" src=\"https:\/\/player.vimeo.com\/video\/71656457?api=1&player_id=vimeo_player&autoplay=1&loop=1\" allow=\"autoplay; fullscreen\"><\/iframe>\n\t\t\t\t\t\t<input type=\"hidden\" id=\"video_mute\" value=\"1\">\n\t\t\t\t\t<\/div>\t\n\t\t\t\t<\/div>\n\t\t\t<\/div>\n\t\t\t<div class=\"video-promo-wrapper\">\n\t\t\t\t<div class=\"video-promo-content\" style=\"background:#212126;\">\n\t\t\t\t\t<span class=\"section-highlight-inner\"><a href=\" \" target=\"_self\">Travel<\/a><\/span>\n\t\t\t\t\t<div class=\"programme-header\" style=\"color:#ced2d9; font-size:18px;\">Europe on the Road<\/div>\n\t\t\t\t\t<div class=\"programme-name\" style=\"color:#ffffff; font-size:28px;\">Best Road Trips In Europe<\/div>\n\t\t\t\t\t<p style=\"color:#ced2d9; font-size:14px; line-height:24px;\">The best ways to travel by car in France, Italy, the U.K., and more\u2014plus the best restaurants, lodging, sights, and route planners.<\/p>\n\t\t\t\t<\/div>\n\t\t\t<\/div><\/div>[\/vc_column][\/vc_row][vc_row full_width=&#8221;stretch_row&#8221; css=&#8221;.vc_custom_1519713284998{background-color: #ececed !important;}&#8221;][vc_column css=&#8221;.vc_custom_1519713276373{margin-top: -35px !important;}&#8221;]\t\t<div class=\"section-highlighs-wrapper \">\n\t\t\t<span class=\"section-highlight-inner\">\n\t\t\t\t<a href=\"#\" target=\"_self\" class=\"section-highlight-link\">Story highlights<\/a>\n\t\t\t<\/span>\n\t\t\t\t\t\t\t<h4 class=\"section-highlighs\">Back after a long holiday weekend, lawmakers must reach an agreement on a budget plan before the Friday deadline when government funding runs out, but demands from each side of the aisle are impeding progress on negotiations.<\/h4>\n\t\t\t\t\t<\/div><!-- \/.section-highlighs-wrapper -->\n\t\t[\/vc_column][\/vc_row][vc_row full_width=&#8221;stretch_row&#8221; el_class=&#8221;dark&#8221; css=&#8221;.vc_custom_1505636107069{padding-top: 35px !important;padding-bottom: 0px !important;}&#8221;][vc_column css=&#8221;.vc_custom_1505636073795{padding-top: 0px !important;}&#8221;]\t\t<div class=\"row no-gutter project-video\">\n\t\t\t\t\t\t<div class=\"col-xs-12 col-sm-4 col-md-4\"> \n\t\t\t\t<div class=\"related-video-title\"> \n\t\t\t\t\t<h4>Related Videos<\/h4> \n\t\t\t\t<\/div>\n\t\t\t\t\t\t\t\t\t<div class=\"related video-full\">\n\t\t\t\t\t\t<div class=\"fitvids-video\">\t        \n\t\t\t\t\t\t\t<iframe src=\"\"><\/iframe>\n\t\t\t\t\t\t<\/div>\n\t\t\t\t\t<\/div><!-- \/.related video-full -->\n\t\t\t\t\t<div class=\"content-wrap\">\n\t\t\t\t\t\t<div class=\"video-post_content\">\n\t\t\t\t\t\t\t<div class=\"title-left title-style03 underline03\">\n\t\t\t\t\t\t\t\t<h4><a href=\"https:\/\/tva.cv\/index.php\/2022\/04\/14\/estudantes-de-enfermagem-querem-acabar-com-a-disparidade-na-saude\/\" target=\"_self\">Estudantes de Enfermagem querem acabar com a disparidade na sa\u00fade<\/a><\/h4>\n\t\t\t\t\t\t\t<\/div>\n\t\t\t\t\t\t\t<div class=\"content\">\n\t\t\t\t\t\t\t\t<p><a href=\"https:\/\/tva.cv\/index.php\/2022\/04\/14\/estudantes-de-enfermagem-querem-acabar-com-a-disparidade-na-saude\/\" target=\"_self\">\ufeff O acesso aos cuidados b\u00e1sicos de sa\u00fade \u00e9 um problema que vem afetando, durante s\u00e9culos, v\u00e1rias comunidades perif\u00e9ricas&#8230;<\/a><\/p>\n\t\t\t\t\t\t\t<\/div>\n\t\t\t\t\t\t\t<ul class=\"social-links list-inline\">\n\t\t\t\t\t\t\t\t\t\t\t\t\t\t\t<\/ul><!-- \/.social-links list-inline -->\n\t\t\t\t\t\t<\/div><!-- \/.video-post_content -->\n\t\t\t\t\t<\/div><!-- \/.content-wrap -->\n\t\t\t\t        \n\t\t\t<\/div><!-- \/.col-xs-12 col-sm-4 col-md-4 -->\n\t\t<\/div><!-- \/.row no-gutter project-video -->\n\t\t[\/vc_column][\/vc_row][vc_row full_width=&#8221;stretch_row&#8221; css=&#8221;.vc_custom_1510646352047{background-color: #fcfcfc !important;}&#8221; el_class=&#8221;visible&#8221;][vc_column offset=&#8221;vc_col-lg-8 vc_col-md-12&#8243; el_class=&#8221;sticky-module&#8221;]\t\t\t\t\t \n\t\t\t\t<div class=\"module-title\n\t\t\t\t\tmb-30\">\n\t\t\t\t\t \n\t\t\t\t\t\t<h3 class=\"title\">\n\t\t\t\t\t\t\t<span class=\"bg-1\" style=\"\n\t\t\t\t\t\t\t\tbackground-color:#ff9800;\">\n\t\t\t\t\t\t\t\tEastern\t\t\t\t\t\t\t<\/span>\n\t\t\t\t\t\t<\/h3>\n\t\t\t\t\t\t\t\t\t\t  \n\t\t\t\t\t\t<h3 class=\"subtitle\">Europe<\/h3>\n\t\t\t\t\t \n\t\t\t\t<\/div><!-- \/.module-title -->\n\t\t\t\t\t\t\t<div class=\"\">\n\t\t\t<div class=\"news-block\">\n\t\t\t\t\t\t\t\t\t<div class=\"item-block\"> \n\t\t\t\t\t\t<div class=\"item-image\">\n\t\t\t\t\t\t\t<a href=\"https:\/\/tva.cv\/index.php\/2022\/03\/29\/cmp-vai-ter-plataforma-de-investimento-da-diaspora-cabo-verdiana\/\" target=\"_self\">\n\t\t\t\t\t\t\t\t\t\t\t\t\t\t\t\t\t\t\t\t\t\t\t<\/a>\n\t\t\t\t\t\t\t\t\t\t\t\t\t\n\t\t\t\t\t\t<\/div><!-- \/.item-image -->                                             \n\t\t\t\t\t\t<div class=\"item-content\">\n\t\t\t\t\t\t\t\t\t\t\t\t\t\t\t<i class=\"fa fa-clock-o\"><\/i>\n\t\t\t\t\t\t\t\t\t\t\t\t\t\t\t\t\t<span class=\"day\">\n\t\t\t\t\t\t\t\t\t\tter, abr 26, 2022\t\t\t\t\t\t\t\t\t<\/span>\n\t\t\t\t\t\t\t\t\t\t\t\t\t\t\t\t\t\t\t\t\t\t\t\t\t\t\t\t\t\t<p><a href=\"https:\/\/tva.cv\/index.php\/2022\/03\/29\/cmp-vai-ter-plataforma-de-investimento-da-diaspora-cabo-verdiana\/\" target=\"_self\">CMP Plataforma<\/a><\/p>\n\t\t\t\t\t\t\t\t\t\t\t\t\t<\/div><!-- \/.item-content -->                                              \n\t\t\t\t\t<\/div><!-- \/.item-block --> \n\t\t\t\t\t\t\t\t\t<div class=\"item-block\"> \n\t\t\t\t\t\t<div class=\"item-image\">\n\t\t\t\t\t\t\t<a href=\"https:\/\/tva.cv\/index.php\/2022\/03\/30\/cmp-vai-construir-centro-comunitario-em-agua-funda\/\" target=\"_self\">\n\t\t\t\t\t\t\t\t\t\t\t\t\t\t\t\t\t\t\t\t\t\t\t<\/a>\n\t\t\t\t\t\t\t\t\t\t\t\t\t\n\t\t\t\t\t\t<\/div><!-- \/.item-image -->                                             \n\t\t\t\t\t\t<div class=\"item-content\">\n\t\t\t\t\t\t\t\t\t\t\t\t\t\t\t<i class=\"fa fa-clock-o\"><\/i>\n\t\t\t\t\t\t\t\t\t\t\t\t\t\t\t\t\t<span class=\"day\">\n\t\t\t\t\t\t\t\t\t\tter, abr 26, 2022\t\t\t\t\t\t\t\t\t<\/span>\n\t\t\t\t\t\t\t\t\t\t\t\t\t\t\t\t\t\t\t\t\t\t\t\t\t\t\t\t\t\t<p><a href=\"https:\/\/tva.cv\/index.php\/2022\/03\/30\/cmp-vai-construir-centro-comunitario-em-agua-funda\/\" target=\"_self\">CMP vai<\/a><\/p>\n\t\t\t\t\t\t\t\t\t\t\t\t\t<\/div><!-- \/.item-content -->                                              \n\t\t\t\t\t<\/div><!-- \/.item-block --> \n\t\t\t\t\t\t\t\t\t<div class=\"item-block\"> \n\t\t\t\t\t\t<div class=\"item-image\">\n\t\t\t\t\t\t\t<a href=\"https:\/\/tva.cv\/index.php\/2022\/04\/12\/ine-lanca-inquerito-as-despesas-e-receitas-familiares\/\" target=\"_self\">\n\t\t\t\t\t\t\t\t\t\t\t\t\t\t\t\t\t\t\t\t\t\t\t<\/a>\n\t\t\t\t\t\t\t\t\t\t\t\t\t\n\t\t\t\t\t\t<\/div><!-- \/.item-image -->                                             \n\t\t\t\t\t\t<div class=\"item-content\">\n\t\t\t\t\t\t\t\t\t\t\t\t\t\t\t<i class=\"fa fa-clock-o\"><\/i>\n\t\t\t\t\t\t\t\t\t\t\t\t\t\t\t\t\t<span class=\"day\">\n\t\t\t\t\t\t\t\t\t\tter, abr 26, 2022\t\t\t\t\t\t\t\t\t<\/span>\n\t\t\t\t\t\t\t\t\t\t\t\t\t\t\t\t\t\t\t\t\t\t\t\t\t\t\t\t\t\t<p><a href=\"https:\/\/tva.cv\/index.php\/2022\/04\/12\/ine-lanca-inquerito-as-despesas-e-receitas-familiares\/\" target=\"_self\">INE lan\u00e7a<\/a><\/p>\n\t\t\t\t\t\t\t\t\t\t\t\t\t<\/div><!-- \/.item-content -->                                              \n\t\t\t\t\t<\/div><!-- \/.item-block --> \n\t\t\t\t\t\t\t\t\t<div class=\"item-block\"> \n\t\t\t\t\t\t<div class=\"item-image\">\n\t\t\t\t\t\t\t<a href=\"https:\/\/tva.cv\/index.php\/2022\/04\/13\/cmp-homenageia-pugilista-sifonelo-borges\/\" target=\"_self\">\n\t\t\t\t\t\t\t\t<img width=\"576\" height=\"288\" src=\"https:\/\/tva.cv\/wp-content\/uploads\/2022\/04\/vlcsnap-2022-04-13-09h49m52s758-576x288.png\" class=\"img-responsive img-full wp-post-image\" alt=\"\" loading=\"lazy\" srcset=\"https:\/\/tva.cv\/wp-content\/uploads\/2022\/04\/vlcsnap-2022-04-13-09h49m52s758-576x288.png 576w, https:\/\/tva.cv\/wp-content\/uploads\/2022\/04\/vlcsnap-2022-04-13-09h49m52s758-400x200.png 400w\" sizes=\"(max-width: 576px) 100vw, 576px\" \/>\t\t\t\t\t\t\t\t\t\t\t\t\t\t\t<\/a>\n\t\t\t\t\t\t\t\t\t\t\t\t\t\n\t\t\t\t\t\t<\/div><!-- \/.item-image -->                                             \n\t\t\t\t\t\t<div class=\"item-content\">\n\t\t\t\t\t\t\t\t\t\t\t\t\t\t\t<i class=\"fa fa-clock-o\"><\/i>\n\t\t\t\t\t\t\t\t\t\t\t\t\t\t\t\t\t<span class=\"day\">\n\t\t\t\t\t\t\t\t\t\tter, abr 26, 2022\t\t\t\t\t\t\t\t\t<\/span>\n\t\t\t\t\t\t\t\t\t\t\t\t\t\t\t\t\t\t\t\t\t\t\t\t\t\t\t\t\t\t<p><a href=\"https:\/\/tva.cv\/index.php\/2022\/04\/13\/cmp-homenageia-pugilista-sifonelo-borges\/\" target=\"_self\">CMP homenageia<\/a><\/p>\n\t\t\t\t\t\t\t\t\t\t\t\t\t<\/div><!-- \/.item-content -->                                              \n\t\t\t\t\t<\/div><!-- \/.item-block --> \n\t\t\t\t\t\t\t\t\t<div class=\"item-block\"> \n\t\t\t\t\t\t<div class=\"item-image\">\n\t\t\t\t\t\t\t<a href=\"https:\/\/tva.cv\/index.php\/2022\/04\/13\/vendedeiras-pedem-dinheiro-investido-na-compra-de-lojas-no-mercado-de-coco\/\" target=\"_self\">\n\t\t\t\t\t\t\t\t<img width=\"576\" height=\"288\" src=\"https:\/\/tva.cv\/wp-content\/uploads\/2022\/04\/vlcsnap-2022-04-13-10h03m59s671-576x288.png\" class=\"img-responsive img-full wp-post-image\" alt=\"\" loading=\"lazy\" srcset=\"https:\/\/tva.cv\/wp-content\/uploads\/2022\/04\/vlcsnap-2022-04-13-10h03m59s671-576x288.png 576w, https:\/\/tva.cv\/wp-content\/uploads\/2022\/04\/vlcsnap-2022-04-13-10h03m59s671-400x200.png 400w\" sizes=\"(max-width: 576px) 100vw, 576px\" \/>\t\t\t\t\t\t\t\t\t\t\t\t\t\t\t<\/a>\n\t\t\t\t\t\t\t\t\t\t\t\t\t\n\t\t\t\t\t\t<\/div><!-- \/.item-image -->                                             \n\t\t\t\t\t\t<div class=\"item-content\">\n\t\t\t\t\t\t\t\t\t\t\t\t\t\t\t<i class=\"fa fa-clock-o\"><\/i>\n\t\t\t\t\t\t\t\t\t\t\t\t\t\t\t\t\t<span class=\"day\">\n\t\t\t\t\t\t\t\t\t\tqui, abr 14, 2022\t\t\t\t\t\t\t\t\t<\/span>\n\t\t\t\t\t\t\t\t\t\t\t\t\t\t\t\t\t\t\t\t\t\t\t\t\t\t\t\t\t\t<p><a href=\"https:\/\/tva.cv\/index.php\/2022\/04\/13\/vendedeiras-pedem-dinheiro-investido-na-compra-de-lojas-no-mercado-de-coco\/\" target=\"_self\">Vendedeiras pedem<\/a><\/p>\n\t\t\t\t\t\t\t\t\t\t\t\t\t<\/div><!-- \/.item-content -->                                              \n\t\t\t\t\t<\/div><!-- \/.item-block --> \n\t\t\t\t\t\t\t\t\t<div class=\"item-block\"> \n\t\t\t\t\t\t<div class=\"item-image\">\n\t\t\t\t\t\t\t<a href=\"https:\/\/tva.cv\/index.php\/2022\/04\/13\/cv-recebe-mais-de-3700-pedidos-de-residencia-de-estrangeiros\/\" target=\"_self\">\n\t\t\t\t\t\t\t\t<img width=\"576\" height=\"288\" src=\"https:\/\/tva.cv\/wp-content\/uploads\/2022\/04\/vlcsnap-2022-04-13-10h15m50s008-576x288.png\" class=\"img-responsive img-full wp-post-image\" alt=\"\" loading=\"lazy\" srcset=\"https:\/\/tva.cv\/wp-content\/uploads\/2022\/04\/vlcsnap-2022-04-13-10h15m50s008-576x288.png 576w, https:\/\/tva.cv\/wp-content\/uploads\/2022\/04\/vlcsnap-2022-04-13-10h15m50s008-400x200.png 400w\" sizes=\"(max-width: 576px) 100vw, 576px\" \/>\t\t\t\t\t\t\t\t\t\t\t\t\t\t\t<\/a>\n\t\t\t\t\t\t\t\t\t\t\t\t\t\n\t\t\t\t\t\t<\/div><!-- \/.item-image -->                                             \n\t\t\t\t\t\t<div class=\"item-content\">\n\t\t\t\t\t\t\t\t\t\t\t\t\t\t\t<i class=\"fa fa-clock-o\"><\/i>\n\t\t\t\t\t\t\t\t\t\t\t\t\t\t\t\t\t<span class=\"day\">\n\t\t\t\t\t\t\t\t\t\tqui, abr 14, 2022\t\t\t\t\t\t\t\t\t<\/span>\n\t\t\t\t\t\t\t\t\t\t\t\t\t\t\t\t\t\t\t\t\t\t\t\t\t\t\t\t\t\t<p><a href=\"https:\/\/tva.cv\/index.php\/2022\/04\/13\/cv-recebe-mais-de-3700-pedidos-de-residencia-de-estrangeiros\/\" target=\"_self\">CV <\/a><\/p>\n\t\t\t\t\t\t\t\t\t\t\t\t\t<\/div><!-- \/.item-content -->                                              \n\t\t\t\t\t<\/div><!-- \/.item-block --> \n\t\t\t\t\t\t\t\t\t<div class=\"item-block\"> \n\t\t\t\t\t\t<div class=\"item-image\">\n\t\t\t\t\t\t\t<a href=\"https:\/\/tva.cv\/index.php\/2022\/04\/13\/cabo-verde-e-visto-como-um-exemplo-na-prevencao-de-lavagem-de-capitais\/\" target=\"_self\">\n\t\t\t\t\t\t\t\t<img width=\"576\" height=\"288\" src=\"https:\/\/tva.cv\/wp-content\/uploads\/2022\/04\/vlcsnap-2022-04-13-11h01m44s413-576x288.png\" class=\"img-responsive img-full wp-post-image\" alt=\"\" loading=\"lazy\" srcset=\"https:\/\/tva.cv\/wp-content\/uploads\/2022\/04\/vlcsnap-2022-04-13-11h01m44s413-576x288.png 576w, https:\/\/tva.cv\/wp-content\/uploads\/2022\/04\/vlcsnap-2022-04-13-11h01m44s413-400x200.png 400w\" sizes=\"(max-width: 576px) 100vw, 576px\" \/>\t\t\t\t\t\t\t\t\t\t\t\t\t\t\t<\/a>\n\t\t\t\t\t\t\t\t\t\t\t\t\t\n\t\t\t\t\t\t<\/div><!-- \/.item-image -->                                             \n\t\t\t\t\t\t<div class=\"item-content\">\n\t\t\t\t\t\t\t\t\t\t\t\t\t\t\t<i class=\"fa fa-clock-o\"><\/i>\n\t\t\t\t\t\t\t\t\t\t\t\t\t\t\t\t\t<span class=\"day\">\n\t\t\t\t\t\t\t\t\t\tqui, abr 14, 2022\t\t\t\t\t\t\t\t\t<\/span>\n\t\t\t\t\t\t\t\t\t\t\t\t\t\t\t\t\t\t\t\t\t\t\t\t\t\t\t\t\t\t<p><a href=\"https:\/\/tva.cv\/index.php\/2022\/04\/13\/cabo-verde-e-visto-como-um-exemplo-na-prevencao-de-lavagem-de-capitais\/\" target=\"_self\">Cabo Verde<\/a><\/p>\n\t\t\t\t\t\t\t\t\t\t\t\t\t<\/div><!-- \/.item-content -->                                              \n\t\t\t\t\t<\/div><!-- \/.item-block --> \n\t\t\t\t\t\t\t\t\t<div class=\"item-block\"> \n\t\t\t\t\t\t<div class=\"item-image\">\n\t\t\t\t\t\t\t<a href=\"https:\/\/tva.cv\/index.php\/2022\/04\/14\/estudantes-de-enfermagem-querem-acabar-com-a-disparidade-na-saude\/\" target=\"_self\">\n\t\t\t\t\t\t\t\t<img width=\"576\" height=\"288\" src=\"https:\/\/tva.cv\/wp-content\/uploads\/2022\/04\/vlcsnap-2022-04-14-10h13m38s160-576x288.png\" class=\"img-responsive img-full wp-post-image\" alt=\"\" loading=\"lazy\" srcset=\"https:\/\/tva.cv\/wp-content\/uploads\/2022\/04\/vlcsnap-2022-04-14-10h13m38s160-576x288.png 576w, https:\/\/tva.cv\/wp-content\/uploads\/2022\/04\/vlcsnap-2022-04-14-10h13m38s160-400x200.png 400w\" sizes=\"(max-width: 576px) 100vw, 576px\" \/>\t\t\t\t\t\t\t\t\t\t\t\t\t\t\t<\/a>\n\t\t\t\t\t\t\t\t\t\t\t\t\t\n\t\t\t\t\t\t<\/div><!-- \/.item-image -->                                             \n\t\t\t\t\t\t<div class=\"item-content\">\n\t\t\t\t\t\t\t\t\t\t\t\t\t\t\t<i class=\"fa fa-clock-o\"><\/i>\n\t\t\t\t\t\t\t\t\t\t\t\t\t\t\t\t\t<span class=\"day\">\n\t\t\t\t\t\t\t\t\t\tter, abr 26, 2022\t\t\t\t\t\t\t\t\t<\/span>\n\t\t\t\t\t\t\t\t\t\t\t\t\t\t\t\t\t\t\t\t\t\t\t\t\t\t\t\t\t\t<p><a href=\"https:\/\/tva.cv\/index.php\/2022\/04\/14\/estudantes-de-enfermagem-querem-acabar-com-a-disparidade-na-saude\/\" target=\"_self\">Estudantes de<\/a><\/p>\n\t\t\t\t\t\t\t\t\t\t\t\t\t<\/div><!-- \/.item-content -->                                              \n\t\t\t\t\t<\/div><!-- \/.item-block --> \n\t\t\t\t\t\t\t\t\t<div class=\"item-block\"> \n\t\t\t\t\t\t<div class=\"item-image\">\n\t\t\t\t\t\t\t<a href=\"https:\/\/tva.cv\/index.php\/2022\/04\/14\/em-2-anos-scm-ja-distribuiu-15-mil-contos-em-direitos-autorais\/\" target=\"_self\">\n\t\t\t\t\t\t\t\t<img width=\"576\" height=\"288\" src=\"https:\/\/tva.cv\/wp-content\/uploads\/2022\/04\/vlcsnap-2022-04-14-10h24m06s329-576x288.png\" class=\"img-responsive img-full wp-post-image\" alt=\"\" loading=\"lazy\" srcset=\"https:\/\/tva.cv\/wp-content\/uploads\/2022\/04\/vlcsnap-2022-04-14-10h24m06s329-576x288.png 576w, https:\/\/tva.cv\/wp-content\/uploads\/2022\/04\/vlcsnap-2022-04-14-10h24m06s329-400x200.png 400w\" sizes=\"(max-width: 576px) 100vw, 576px\" \/>\t\t\t\t\t\t\t\t\t\t\t\t\t\t\t<\/a>\n\t\t\t\t\t\t\t\t\t\t\t\t\t\n\t\t\t\t\t\t<\/div><!-- \/.item-image -->                                             \n\t\t\t\t\t\t<div class=\"item-content\">\n\t\t\t\t\t\t\t\t\t\t\t\t\t\t\t<i class=\"fa fa-clock-o\"><\/i>\n\t\t\t\t\t\t\t\t\t\t\t\t\t\t\t\t\t<span class=\"day\">\n\t\t\t\t\t\t\t\t\t\tseg, abr 18, 2022\t\t\t\t\t\t\t\t\t<\/span>\n\t\t\t\t\t\t\t\t\t\t\t\t\t\t\t\t\t\t\t\t\t\t\t\t\t\t\t\t\t\t<p><a href=\"https:\/\/tva.cv\/index.php\/2022\/04\/14\/em-2-anos-scm-ja-distribuiu-15-mil-contos-em-direitos-autorais\/\" target=\"_self\">Em 2<\/a><\/p>\n\t\t\t\t\t\t\t\t\t\t\t\t\t<\/div><!-- \/.item-content -->                                              \n\t\t\t\t\t<\/div><!-- \/.item-block --> \n\t\t\t\t\t\t\t\t\t<div class=\"item-block\"> \n\t\t\t\t\t\t<div class=\"item-image\">\n\t\t\t\t\t\t\t<a href=\"https:\/\/tva.cv\/index.php\/2022\/04\/14\/criancas-de-ponta-dagua-a-caminho-dos-acores-para-jogar-futebol\/\" target=\"_self\">\n\t\t\t\t\t\t\t\t<img width=\"576\" height=\"288\" src=\"https:\/\/tva.cv\/wp-content\/uploads\/2022\/04\/vlcsnap-2022-04-14-10h39m06s842-576x288.png\" class=\"img-responsive img-full wp-post-image\" alt=\"\" loading=\"lazy\" srcset=\"https:\/\/tva.cv\/wp-content\/uploads\/2022\/04\/vlcsnap-2022-04-14-10h39m06s842-576x288.png 576w, https:\/\/tva.cv\/wp-content\/uploads\/2022\/04\/vlcsnap-2022-04-14-10h39m06s842-400x200.png 400w\" sizes=\"(max-width: 576px) 100vw, 576px\" \/>\t\t\t\t\t\t\t\t\t\t\t\t\t\t\t<\/a>\n\t\t\t\t\t\t\t\t\t\t\t\t\t\n\t\t\t\t\t\t<\/div><!-- \/.item-image -->                                             \n\t\t\t\t\t\t<div class=\"item-content\">\n\t\t\t\t\t\t\t\t\t\t\t\t\t\t\t<i class=\"fa fa-clock-o\"><\/i>\n\t\t\t\t\t\t\t\t\t\t\t\t\t\t\t\t\t<span class=\"day\">\n\t\t\t\t\t\t\t\t\t\tter, abr 26, 2022\t\t\t\t\t\t\t\t\t<\/span>\n\t\t\t\t\t\t\t\t\t\t\t\t\t\t\t\t\t\t\t\t\t\t\t\t\t\t\t\t\t\t<p><a href=\"https:\/\/tva.cv\/index.php\/2022\/04\/14\/criancas-de-ponta-dagua-a-caminho-dos-acores-para-jogar-futebol\/\" target=\"_self\">Crian\u00e7as de<\/a><\/p>\n\t\t\t\t\t\t\t\t\t\t\t\t\t<\/div><!-- \/.item-content -->                                              \n\t\t\t\t\t<\/div><!-- \/.item-block --> \n\t\t\t\t\t\t\t\t\t<div class=\"item-block\"> \n\t\t\t\t\t\t<div class=\"item-image\">\n\t\t\t\t\t\t\t<a href=\"https:\/\/tva.cv\/index.php\/2022\/04\/14\/mindelense-defende-titulo-de-campeao-nacional-apos-interrupcao-de-duas-epocas\/\" target=\"_self\">\n\t\t\t\t\t\t\t\t<img width=\"576\" height=\"288\" src=\"https:\/\/tva.cv\/wp-content\/uploads\/2022\/04\/vlcsnap-2022-04-14-10h58m04s626-576x288.png\" class=\"img-responsive img-full wp-post-image\" alt=\"\" loading=\"lazy\" srcset=\"https:\/\/tva.cv\/wp-content\/uploads\/2022\/04\/vlcsnap-2022-04-14-10h58m04s626-576x288.png 576w, https:\/\/tva.cv\/wp-content\/uploads\/2022\/04\/vlcsnap-2022-04-14-10h58m04s626-400x200.png 400w\" sizes=\"(max-width: 576px) 100vw, 576px\" \/>\t\t\t\t\t\t\t\t\t\t\t\t\t\t\t<\/a>\n\t\t\t\t\t\t\t\t\t\t\t\t\t\n\t\t\t\t\t\t<\/div><!-- \/.item-image -->                                             \n\t\t\t\t\t\t<div class=\"item-content\">\n\t\t\t\t\t\t\t\t\t\t\t\t\t\t\t<i class=\"fa fa-clock-o\"><\/i>\n\t\t\t\t\t\t\t\t\t\t\t\t\t\t\t\t\t<span class=\"day\">\n\t\t\t\t\t\t\t\t\t\tter, abr 26, 2022\t\t\t\t\t\t\t\t\t<\/span>\n\t\t\t\t\t\t\t\t\t\t\t\t\t\t\t\t\t\t\t\t\t\t\t\t\t\t\t\t\t\t<p><a href=\"https:\/\/tva.cv\/index.php\/2022\/04\/14\/mindelense-defende-titulo-de-campeao-nacional-apos-interrupcao-de-duas-epocas\/\" target=\"_self\">Mindelense defende<\/a><\/p>\n\t\t\t\t\t\t\t\t\t\t\t\t\t<\/div><!-- \/.item-content -->                                              \n\t\t\t\t\t<\/div><!-- \/.item-block --> \n\t\t\t\t\t\t\t\t\t<div class=\"item-block\"> \n\t\t\t\t\t\t<div class=\"item-image\">\n\t\t\t\t\t\t\t<a href=\"https:\/\/tva.cv\/index.php\/2022\/04\/14\/associacao-maracana-de-ponta-dagua-desvia-jovens-da-delinquencia-e-desactiva-7-grupos-de-thugs\/\" target=\"_self\">\n\t\t\t\t\t\t\t\t<img width=\"576\" height=\"288\" src=\"https:\/\/tva.cv\/wp-content\/uploads\/2022\/04\/vlcsnap-2022-04-14-11h17m56s572-576x288.png\" class=\"img-responsive img-full wp-post-image\" alt=\"\" loading=\"lazy\" srcset=\"https:\/\/tva.cv\/wp-content\/uploads\/2022\/04\/vlcsnap-2022-04-14-11h17m56s572-576x288.png 576w, https:\/\/tva.cv\/wp-content\/uploads\/2022\/04\/vlcsnap-2022-04-14-11h17m56s572-400x200.png 400w\" sizes=\"(max-width: 576px) 100vw, 576px\" \/>\t\t\t\t\t\t\t\t\t\t\t\t\t\t\t<\/a>\n\t\t\t\t\t\t\t\t\t\t\t\t\t\n\t\t\t\t\t\t<\/div><!-- \/.item-image -->                                             \n\t\t\t\t\t\t<div class=\"item-content\">\n\t\t\t\t\t\t\t\t\t\t\t\t\t\t\t<i class=\"fa fa-clock-o\"><\/i>\n\t\t\t\t\t\t\t\t\t\t\t\t\t\t\t\t\t<span class=\"day\">\n\t\t\t\t\t\t\t\t\t\tter, abr 26, 2022\t\t\t\t\t\t\t\t\t<\/span>\n\t\t\t\t\t\t\t\t\t\t\t\t\t\t\t\t\t\t\t\t\t\t\t\t\t\t\t\t\t\t<p><a href=\"https:\/\/tva.cv\/index.php\/2022\/04\/14\/associacao-maracana-de-ponta-dagua-desvia-jovens-da-delinquencia-e-desactiva-7-grupos-de-thugs\/\" target=\"_self\">Associa\u00e7\u00e3o Maracan\u00e3<\/a><\/p>\n\t\t\t\t\t\t\t\t\t\t\t\t\t<\/div><!-- \/.item-content -->                                              \n\t\t\t\t\t<\/div><!-- \/.item-block --> \n\t\t\t\t\t\t\t<\/div><!-- \/.news-block -->     \t\n\t\t<\/div>\n\t\t\t\t\t\t\t<div class=\"title-style01\n\t\t\t\t\">\n\t\t\t\t<h3>Facts about Eastern Europe<\/h3>\n\t\t\t<\/div>\n\t\t\t\t[vc_column_text css=&#8221;.vc_custom_1512223002670{margin-bottom: 0px !important;}&#8221;]<\/p>\n<div class=\"item-content\">\n<p><a class=\"external-link\" href=\"#\" target=\"_blank\" rel=\"noopener noreferrer\"><strong> Grouping Eastern Europe&#8217;s countries<\/strong><\/a> under a single designation can sometimes be problematic; experts, scholars, and those living there label parts of the region according to varying sets of criteria&#8230;<\/p>\n<p><a class=\"external-link\" href=\"#\" target=\"_blank\" rel=\"noopener noreferrer\"><strong> Grouping Eastern Europe&#8217;s countries<\/strong><\/a> under a single designation can sometimes be problematic; experts, scholars, and those living there label parts of the region according to varying sets of criteria&#8230;<\/div>\n<p>[\/vc_column_text][\/vc_column][vc_column offset=&#8221;vc_col-lg-4 vc_col-md-12&#8243;]\t\t\t\t\t<div class=\"\n\t\t\t\ttitle-style02\"\n\t\t\t\tstyle=\"\n\t\t\t\t\tmargin-bottom:30px;\"> \n\t\t\t\t<h3>Europe Feed<\/h3> \n\t\t\t<\/div>\n\t\t\t\t<div class=\"sidebar-newsfeed\n\t\t\t\"> \n\t\t\t<div class=\"\n\t\t\t\tnewsfeed-3\">\n\t\t\t\t \n\t\t\t\t<ul class=\"flex-module\"> \n\t\t\t\t\t\t\t\t\t\t\t<li> \n\t\t\t\t\t\t\t<div class=\"item\">\n\t\t\t\t\t\t\t\t \n\t\t\t\t\t\t\t\t<div class=\"item-content text\">\n\t\t\t\t\t\t\t\t\t \n\t\t\t\t\t\t\t\t\t\t<h4 class=\"ellipsis\">\n\t\t\t\t\t\t\t\t\t\t\t<a href=\"https:\/\/tva.cv\/index.php\/2022\/03\/29\/cmp-vai-ter-plataforma-de-investimento-da-diaspora-cabo-verdiana\/\" target=\"_self\">\n\t\t\t\t\t\t\t\t\t\t\t\tCMP Plataforma de\t\t\t\t\t\t\t\t\t\t\t\t\t\t\t\t\t\t\t\t\t\t\t\n\t\t\t\t\t\t\t\t\t\t\t<\/a>\n\t\t\t\t\t\t\t\t\t\t<\/h4>\n\t\t\t\t\t\t\t\t\t\t\t\t\t\t\t\t\t\t \n\t\t\t\t\t\t\t\t\t\t<p><a class=\"text-concat\" href=\"https:\/\/tva.cv\/index.php\/2022\/03\/29\/cmp-vai-ter-plataforma-de-investimento-da-diaspora-cabo-verdiana\/\">\ufeff A C\u00e2mara Municipal da Praia, em parceria com a empresa portuguesa Decisions Kingdom Consultoria Limitada, apresentou esta ter\u00e7a-feira a sua plataforma de Investimento para a Di\u00e1spora Cabo-verdiana. A iniciativa visa atrair investimentos dos emigrantes em \u00e1reas importantes para a capital e que v\u00e3o trazer ganhos concretos n\u00e3o s\u00f3 para o investidor como tamb\u00e9m para a edilidade.<\/a><a href=\"https:\/\/tva.cv\/index.php\/2022\/03\/29\/cmp-vai-ter-plataforma-de-investimento-da-diaspora-cabo-verdiana\/\" target=\"_self\"><span>Read more...<\/span><\/a><\/p>\n\t\t\t\t\t\t\t\t\t\t\t\t\t\t\t\t\t<\/div><!-- \/.item-content text -->                                                    \n\t\t\t\t\t\t\t<\/div><!-- \/.item -->                                                \n\t\t\t\t\t\t<\/li>\n\t\t\t\t\t\t\t\t\t\t\t<li> \n\t\t\t\t\t\t\t<div class=\"item\">\n\t\t\t\t\t\t\t\t \n\t\t\t\t\t\t\t\t<div class=\"item-content text\">\n\t\t\t\t\t\t\t\t\t \n\t\t\t\t\t\t\t\t\t\t<h4 class=\"ellipsis\">\n\t\t\t\t\t\t\t\t\t\t\t<a href=\"https:\/\/tva.cv\/index.php\/2022\/03\/30\/cmp-vai-construir-centro-comunitario-em-agua-funda\/\" target=\"_self\">\n\t\t\t\t\t\t\t\t\t\t\t\tCMP vai construir\t\t\t\t\t\t\t\t\t\t\t\t\t\t\t\t\t\t\t\t\t\t\t\n\t\t\t\t\t\t\t\t\t\t\t<\/a>\n\t\t\t\t\t\t\t\t\t\t<\/h4>\n\t\t\t\t\t\t\t\t\t\t\t\t\t\t\t\t\t\t \n\t\t\t\t\t\t\t\t\t\t<p><a class=\"text-concat\" href=\"https:\/\/tva.cv\/index.php\/2022\/03\/30\/cmp-vai-construir-centro-comunitario-em-agua-funda\/\">Moradores e profissionais da \u00e1rea de Constru\u00e7\u00e3o Civil da Comunidade de \u00c1gua Funda v\u00e3o construir o seu pr\u00f3prio centro comunit\u00e1rio, um projecto da C\u00e2mara Municipal da Praia que conta com o apoio do Programa das Na\u00e7\u00f5es Unidas para os Assentamentos Humanos. Os mesmos acabam de receber forma\u00e7\u00e3o para o efeito. A primeira pedra j\u00e1 foi lan\u00e7ada e a perspectiva \u00e9 que a infra-estrutura esteja conclu\u00edda em meados de Abril. O Director de Projectos da edilidade explicou, no t\u00e9rmino da forma\u00e7\u00e3o, que o objectivo desta \u00e9 estimular o interesse dos moradores para a melhoria das condi\u00e7\u00f5es de vida na comunidade, de [&hellip;]<\/a><a href=\"https:\/\/tva.cv\/index.php\/2022\/03\/30\/cmp-vai-construir-centro-comunitario-em-agua-funda\/\" target=\"_self\"><span>Read more...<\/span><\/a><\/p>\n\t\t\t\t\t\t\t\t\t\t\t\t\t\t\t\t\t<\/div><!-- \/.item-content text -->                                                    \n\t\t\t\t\t\t\t<\/div><!-- \/.item -->                                                \n\t\t\t\t\t\t<\/li>\n\t\t\t\t\t\t\t\t\t\t\t<li> \n\t\t\t\t\t\t\t<div class=\"item\">\n\t\t\t\t\t\t\t\t \n\t\t\t\t\t\t\t\t<div class=\"item-content text\">\n\t\t\t\t\t\t\t\t\t \n\t\t\t\t\t\t\t\t\t\t<h4 class=\"ellipsis\">\n\t\t\t\t\t\t\t\t\t\t\t<a href=\"https:\/\/tva.cv\/index.php\/2022\/04\/12\/ine-lanca-inquerito-as-despesas-e-receitas-familiares\/\" target=\"_self\">\n\t\t\t\t\t\t\t\t\t\t\t\tINE lan\u00e7a Inqu\u00e9rito\t\t\t\t\t\t\t\t\t\t\t\t\t\t\t\t\t\t\t\t\t\t\t\n\t\t\t\t\t\t\t\t\t\t\t<\/a>\n\t\t\t\t\t\t\t\t\t\t<\/h4>\n\t\t\t\t\t\t\t\t\t\t\t\t\t\t\t\t\t\t \n\t\t\t\t\t\t\t\t\t\t<p><a class=\"text-concat\" href=\"https:\/\/tva.cv\/index.php\/2022\/04\/12\/ine-lanca-inquerito-as-despesas-e-receitas-familiares\/\">\ufeff Determinar o n\u00edvel da pobreza em toda a dimens\u00e3o, em termos de pobreza extrema e absoluta, avaliar e medir o perfil da pobreza no pa\u00eds s\u00e3o os objectivos principais do quarto Inqu\u00e9rito \u00e0s Despesas e Receitas Familiares com in\u00edcio previsto para Outubro deste ano em Cabo Verde. De acordo com o INE, trata-se de um processo complexo, or\u00e7ado em cerca de 245 mil contos, e com uma amostra que envolve 7 656 agregados familiares.<\/a><a href=\"https:\/\/tva.cv\/index.php\/2022\/04\/12\/ine-lanca-inquerito-as-despesas-e-receitas-familiares\/\" target=\"_self\"><span>Read more...<\/span><\/a><\/p>\n\t\t\t\t\t\t\t\t\t\t\t\t\t\t\t\t\t<\/div><!-- \/.item-content text -->                                                    \n\t\t\t\t\t\t\t<\/div><!-- \/.item -->                                                \n\t\t\t\t\t\t<\/li>\n\t\t\t\t\t\t\t\t\t\t\t<li> \n\t\t\t\t\t\t\t<div class=\"item\">\n\t\t\t\t\t\t\t\t \n\t\t\t\t\t\t\t\t\t<div class=\"item-image\">\n\t\t\t\t\t\t\t\t\t\t<a class=\"img-link\" href=\"https:\/\/tva.cv\/index.php\/2022\/04\/13\/cmp-homenageia-pugilista-sifonelo-borges\/\">\n\t\t\t\t\t\t\t\t\t\t\t<img width=\"400\" height=\"200\" src=\"https:\/\/tva.cv\/wp-content\/uploads\/2022\/04\/vlcsnap-2022-04-13-09h49m52s758-400x200.png\" class=\"img-responsive img-full wp-post-image\" alt=\"\" loading=\"lazy\" srcset=\"https:\/\/tva.cv\/wp-content\/uploads\/2022\/04\/vlcsnap-2022-04-13-09h49m52s758-400x200.png 400w, https:\/\/tva.cv\/wp-content\/uploads\/2022\/04\/vlcsnap-2022-04-13-09h49m52s758-576x288.png 576w\" sizes=\"(max-width: 400px) 100vw, 400px\" \/>\t\t\t\t\t\t\t\t\t\t\t\t\t\t\t\t\t\t\t\t\t<\/a>\n\t\t\t\t\t\t\t\t\t<\/div><!-- \/.item-image -->\n\t\t\t\t\t\t\t\t \n\t\t\t\t\t\t\t\t<div class=\"item-content text\">\n\t\t\t\t\t\t\t\t\t \n\t\t\t\t\t\t\t\t\t\t<h4 class=\"ellipsis\">\n\t\t\t\t\t\t\t\t\t\t\t<a href=\"https:\/\/tva.cv\/index.php\/2022\/04\/13\/cmp-homenageia-pugilista-sifonelo-borges\/\" target=\"_self\">\n\t\t\t\t\t\t\t\t\t\t\t\tCMP homenageia pugilista\t\t\t\t\t\t\t\t\t\t\t\t\t\t\t\t\t\t\t\t\t\t\t\n\t\t\t\t\t\t\t\t\t\t\t<\/a>\n\t\t\t\t\t\t\t\t\t\t<\/h4>\n\t\t\t\t\t\t\t\t\t\t\t\t\t\t\t\t\t\t \n\t\t\t\t\t\t\t\t\t\t<p><a class=\"text-concat\" href=\"https:\/\/tva.cv\/index.php\/2022\/04\/13\/cmp-homenageia-pugilista-sifonelo-borges\/\">\ufeff O pugilista cabo-verdiano, Sifonelo Borges foi homenageado esta segunda-feira, pela C\u00e2mara Municipal da Praia. A distin\u00e7\u00e3o do jovem atleta aconteceu ap\u00f3s este ter conquistado a medalha de ouro no campeonato africano de boxe da zona dois, realizado este m\u00eas na Serra Leoa.<\/a><a href=\"https:\/\/tva.cv\/index.php\/2022\/04\/13\/cmp-homenageia-pugilista-sifonelo-borges\/\" target=\"_self\"><span>Read more...<\/span><\/a><\/p>\n\t\t\t\t\t\t\t\t\t\t\t\t\t\t\t\t\t<\/div><!-- \/.item-content text -->                                                    \n\t\t\t\t\t\t\t<\/div><!-- \/.item -->                                                \n\t\t\t\t\t\t<\/li>\n\t\t\t\t\t\t\t\t\t\t\t<li> \n\t\t\t\t\t\t\t<div class=\"item\">\n\t\t\t\t\t\t\t\t \n\t\t\t\t\t\t\t\t\t<div class=\"item-image\">\n\t\t\t\t\t\t\t\t\t\t<a class=\"img-link\" href=\"https:\/\/tva.cv\/index.php\/2022\/04\/13\/vendedeiras-pedem-dinheiro-investido-na-compra-de-lojas-no-mercado-de-coco\/\">\n\t\t\t\t\t\t\t\t\t\t\t<img width=\"400\" height=\"200\" src=\"https:\/\/tva.cv\/wp-content\/uploads\/2022\/04\/vlcsnap-2022-04-13-10h03m59s671-400x200.png\" class=\"img-responsive img-full wp-post-image\" alt=\"\" loading=\"lazy\" srcset=\"https:\/\/tva.cv\/wp-content\/uploads\/2022\/04\/vlcsnap-2022-04-13-10h03m59s671-400x200.png 400w, https:\/\/tva.cv\/wp-content\/uploads\/2022\/04\/vlcsnap-2022-04-13-10h03m59s671-576x288.png 576w\" sizes=\"(max-width: 400px) 100vw, 400px\" \/>\t\t\t\t\t\t\t\t\t\t\t\t\t\t\t\t\t\t\t\t\t<\/a>\n\t\t\t\t\t\t\t\t\t<\/div><!-- \/.item-image -->\n\t\t\t\t\t\t\t\t \n\t\t\t\t\t\t\t\t<div class=\"item-content text\">\n\t\t\t\t\t\t\t\t\t \n\t\t\t\t\t\t\t\t\t\t<h4 class=\"ellipsis\">\n\t\t\t\t\t\t\t\t\t\t\t<a href=\"https:\/\/tva.cv\/index.php\/2022\/04\/13\/vendedeiras-pedem-dinheiro-investido-na-compra-de-lojas-no-mercado-de-coco\/\" target=\"_self\">\n\t\t\t\t\t\t\t\t\t\t\t\tVendedeiras pedem dinheiro\t\t\t\t\t\t\t\t\t\t\t\t\t\t\t\t\t\t\t\t\t\t\t\n\t\t\t\t\t\t\t\t\t\t\t<\/a>\n\t\t\t\t\t\t\t\t\t\t<\/h4>\n\t\t\t\t\t\t\t\t\t\t\t\t\t\t\t\t\t\t \n\t\t\t\t\t\t\t\t\t\t<p><a class=\"text-concat\" href=\"https:\/\/tva.cv\/index.php\/2022\/04\/13\/vendedeiras-pedem-dinheiro-investido-na-compra-de-lojas-no-mercado-de-coco\/\">\ufeff O pol\u00e9mico mercado de coco voltou a ser assunto de debate na Assembleia Municipal da Praia desta ter\u00e7a-feira, durante a interven\u00e7\u00e3o dos mun\u00edcipes no per\u00edodo antes da ordem do dia.<\/a><a href=\"https:\/\/tva.cv\/index.php\/2022\/04\/13\/vendedeiras-pedem-dinheiro-investido-na-compra-de-lojas-no-mercado-de-coco\/\" target=\"_self\"><span>Read more...<\/span><\/a><\/p>\n\t\t\t\t\t\t\t\t\t\t\t\t\t\t\t\t\t<\/div><!-- \/.item-content text -->                                                    \n\t\t\t\t\t\t\t<\/div><!-- \/.item -->                                                \n\t\t\t\t\t\t<\/li>\n\t\t\t\t\t\t\t\t\t\t\t<li> \n\t\t\t\t\t\t\t<div class=\"item\">\n\t\t\t\t\t\t\t\t \n\t\t\t\t\t\t\t\t\t<div class=\"item-image\">\n\t\t\t\t\t\t\t\t\t\t<a class=\"img-link\" href=\"https:\/\/tva.cv\/index.php\/2022\/04\/13\/cv-recebe-mais-de-3700-pedidos-de-residencia-de-estrangeiros\/\">\n\t\t\t\t\t\t\t\t\t\t\t<img width=\"400\" height=\"200\" src=\"https:\/\/tva.cv\/wp-content\/uploads\/2022\/04\/vlcsnap-2022-04-13-10h15m50s008-400x200.png\" class=\"img-responsive img-full wp-post-image\" alt=\"\" loading=\"lazy\" srcset=\"https:\/\/tva.cv\/wp-content\/uploads\/2022\/04\/vlcsnap-2022-04-13-10h15m50s008-400x200.png 400w, https:\/\/tva.cv\/wp-content\/uploads\/2022\/04\/vlcsnap-2022-04-13-10h15m50s008-576x288.png 576w\" sizes=\"(max-width: 400px) 100vw, 400px\" \/>\t\t\t\t\t\t\t\t\t\t\t\t\t\t\t\t\t\t\t\t\t<\/a>\n\t\t\t\t\t\t\t\t\t<\/div><!-- \/.item-image -->\n\t\t\t\t\t\t\t\t \n\t\t\t\t\t\t\t\t<div class=\"item-content text\">\n\t\t\t\t\t\t\t\t\t \n\t\t\t\t\t\t\t\t\t\t<h4 class=\"ellipsis\">\n\t\t\t\t\t\t\t\t\t\t\t<a href=\"https:\/\/tva.cv\/index.php\/2022\/04\/13\/cv-recebe-mais-de-3700-pedidos-de-residencia-de-estrangeiros\/\" target=\"_self\">\n\t\t\t\t\t\t\t\t\t\t\t\tCV  recebe\t\t\t\t\t\t\t\t\t\t\t\t\t\t\t\t\t\t\t\t\t\t\t\n\t\t\t\t\t\t\t\t\t\t\t<\/a>\n\t\t\t\t\t\t\t\t\t\t<\/h4>\n\t\t\t\t\t\t\t\t\t\t\t\t\t\t\t\t\t\t \n\t\t\t\t\t\t\t\t\t\t<p><a class=\"text-concat\" href=\"https:\/\/tva.cv\/index.php\/2022\/04\/13\/cv-recebe-mais-de-3700-pedidos-de-residencia-de-estrangeiros\/\">\ufeff O ministro da Administra\u00e7\u00e3o Interna assegurou esta ter\u00e7a-feira que as autoridades v\u00e3o entregar, at\u00e9 fim de Abril, os primeiros 600 t\u00edtulos de resid\u00eancia aos cidad\u00e3os estrangeiros que aderiram \u00e0 campanha em curso de legaliza\u00e7\u00e3o de imigrantes em situa\u00e7\u00e3o irregular em Cabo Verde. E uma vez que o processo permanece aberto, Paulo Rocha disse desejar receber ainda mais pedidos<\/a><a href=\"https:\/\/tva.cv\/index.php\/2022\/04\/13\/cv-recebe-mais-de-3700-pedidos-de-residencia-de-estrangeiros\/\" target=\"_self\"><span>Read more...<\/span><\/a><\/p>\n\t\t\t\t\t\t\t\t\t\t\t\t\t\t\t\t\t<\/div><!-- \/.item-content text -->                                                    \n\t\t\t\t\t\t\t<\/div><!-- \/.item -->                                                \n\t\t\t\t\t\t<\/li>\n\t\t\t\t\t\t\t\t\t<\/ul><!-- \/.flex-module -->                                         \n\t\t\t<\/div>                                     \n\t\t<\/div><!-- \/.sidebar-newsfeed -->\n\t\t[\/vc_column][\/vc_row][vc_row full_width=&#8221;stretch_row_content_no_spaces&#8221; el_class=&#8221;vc_padding_t-0&#8243;][vc_column css=&#8221;.vc_custom_1505500273110{padding-top: 0px !important;}&#8221;]\t\t<div class=\"\">\n\t\t\t<div id=\"parallax-section1\"> \n\t\t\t\t<div class=\"image3 img-overlay1\" style=\"\n\t\t\t\t\tbackground-image:url( https:\/\/tva.cv\/wp-content\/uploads\/2017\/02\/parallax-image05.jpg )\"> \n\t\t\t\t\t<div class=\"container\"> \n\t\t\t\t\t\t<div class=\"caption text-center\"> \n\t\t\t\t\t\t\t<h2 class=\"color-white weight-300 small-caption\">We introduce you our Reendex Team! Get more information about us here!<\/h2> \n\t\t\t\t\t\t\t<a href=\"#\" target=\"_self\" class=\"btn btn-default\">About Us<\/a> \n\t\t\t\t\t\t<\/div>                             \n\t\t\t\t\t<\/div><!-- \/.container -->                         \n\t\t\t\t<\/div><!-- \/.image3 img-overlay1 -->                     \n\t\t\t<\/div><!-- \/#parallax-section1 -->\n\t\t<\/div>\n\t\t\t\t<div class=\"ad-wrapper \">\n\t\t\t\t\t\t<div class=\"ad-place\">\n\t\t\t\t<a href='#'><img class='ad-image' src='https:\/\/tva.cv\/wp-content\/uploads\/2017\/03\/ad_820x100.jpg' alt=''><\/a>                                    \n\t\t\t<\/div><!-- \/.sidebar-ad-place -->\n\t\t<\/div>\t\n\t\t\t\t<div class=\"title-area mt-30\">\n\t\t\t<h2 class=\"title-style05 style-02\">\n\t\t\t\tmore headlines in our\t\t\t\t<span><a href=\"#\" target=\"_self\">item sections<\/a><\/span>\n\t\t\t<\/h2>\n\t\t\t\t\t\t\t<div class=\"center-title\">\n\t\t\t\t\t<span class=\"title-line-left\"><\/span>\n\t\t\t\t\t<h4 class=\"title-style05 style-01\">latest # news<\/h4>\n\t\t\t\t\t<span class=\"title-line-right\"><\/span>\n\t\t\t\t<\/div>\n\t\t\t\t\t<\/div><!-- \/.title-area -->\n\t\t[\/vc_column][\/vc_row][vc_row full_width=&#8221;stretch_row&#8221;][vc_column]\t\t<div class=\"gallery-image \">\n\t\t\t\t\t\t\t<div class=\"carousel-title\" style=\"\n\t\t\t\t\tbackground-color:#212126;\t\t\t\t\tmargin-bottom:5px;\">\n\t\t\t\t\tFeatured Videos You might like\t\t\t\t<\/div><!-- \/.carousel-title -->\n\t\t\t\t\t\t<div id=\"big-gallery-slider-3\" class=\"owl-carousel\">\n\t\t\t\t\t\t\t\t\t<div class=\"big-gallery\">\n\t\t\t\t\t\t<a href=\"https:\/\/tva.cv\/index.php\/2022\/03\/29\/cmp-vai-ter-plataforma-de-investimento-da-diaspora-cabo-verdiana\/\" target=\"_self\">\n\t\t\t\t\t\t\t\t\t\t\t\t<\/a>\n\t\t\t\t\t\t<a href=\"https:\/\/tva.cv\/index.php\/2022\/03\/29\/cmp-vai-ter-plataforma-de-investimento-da-diaspora-cabo-verdiana\/\" target=\"_self\">\n\t\t\t\t\t\t\t\t\t\t\t\t\t\t\t\t\t\t\t\t<span class=\"label-14\">\n\t\t\t\t\t\t\t\t\t\t\t\t\t\tDiaspora\t\t\t\t\t\t\t\t\t\t\t\t\t<\/span>                                                 \n\t\t\t\t\t\t\t\t\t\t\t\t\t\t\t\t\t\t\t\t\t\t\t\t\t<\/a> \n\t\t\t\t\t<\/div><!-- \/.big-gallery -->\n\t\t\t\t\t\t\t\t\t<div class=\"big-gallery\">\n\t\t\t\t\t\t<a href=\"https:\/\/tva.cv\/index.php\/2022\/03\/30\/cmp-vai-construir-centro-comunitario-em-agua-funda\/\" target=\"_self\">\n\t\t\t\t\t\t\t\t\t\t\t\t<\/a>\n\t\t\t\t\t\t<a href=\"https:\/\/tva.cv\/index.php\/2022\/03\/30\/cmp-vai-construir-centro-comunitario-em-agua-funda\/\" target=\"_self\">\n\t\t\t\t\t\t\t\t\t\t\t\t\t\t\t\t\t\t\t\t<span class=\"label-14\">\n\t\t\t\t\t\t\t\t\t\t\t\t\t\tAgua\t\t\t\t\t\t\t\t\t\t\t\t\t<\/span>                                                 \n\t\t\t\t\t\t\t\t\t\t\t\t\t\t\t\t\t\t\t\t\t\t\t\t\t<\/a> \n\t\t\t\t\t<\/div><!-- \/.big-gallery -->\n\t\t\t\t\t\t\t\t\t<div class=\"big-gallery\">\n\t\t\t\t\t\t<a href=\"https:\/\/tva.cv\/index.php\/2022\/04\/12\/ine-lanca-inquerito-as-despesas-e-receitas-familiares\/\" target=\"_self\">\n\t\t\t\t\t\t\t\t\t\t\t\t<\/a>\n\t\t\t\t\t\t<a href=\"https:\/\/tva.cv\/index.php\/2022\/04\/12\/ine-lanca-inquerito-as-despesas-e-receitas-familiares\/\" target=\"_self\">\n\t\t\t\t\t\t\t\t\t\t\t\t\t\t\t\t\t\t\t\t<\/a> \n\t\t\t\t\t<\/div><!-- \/.big-gallery -->\n\t\t\t\t\t\t\t\t\t<div class=\"big-gallery\">\n\t\t\t\t\t\t<a href=\"https:\/\/tva.cv\/index.php\/2022\/04\/13\/cmp-homenageia-pugilista-sifonelo-borges\/\" target=\"_self\">\n\t\t\t\t\t\t<img width=\"350\" height=\"247\" src=\"https:\/\/tva.cv\/wp-content\/uploads\/2022\/04\/vlcsnap-2022-04-13-09h49m52s758-350x247.png\" class=\"img-not-lazy wp-post-image\" alt=\"\" loading=\"lazy\" \/>\t\t\t\t\t\t<\/a>\n\t\t\t\t\t\t<a href=\"https:\/\/tva.cv\/index.php\/2022\/04\/13\/cmp-homenageia-pugilista-sifonelo-borges\/\" target=\"_self\">\n\t\t\t\t\t\t\t\t\t\t\t\t\t\t\t\t\t\t\t\t<\/a> \n\t\t\t\t\t<\/div><!-- \/.big-gallery -->\n\t\t\t\t\t\t\t\t\t<div class=\"big-gallery\">\n\t\t\t\t\t\t<a href=\"https:\/\/tva.cv\/index.php\/2022\/04\/13\/vendedeiras-pedem-dinheiro-investido-na-compra-de-lojas-no-mercado-de-coco\/\" target=\"_self\">\n\t\t\t\t\t\t<img width=\"350\" height=\"247\" src=\"https:\/\/tva.cv\/wp-content\/uploads\/2022\/04\/vlcsnap-2022-04-13-10h03m59s671-350x247.png\" class=\"img-not-lazy wp-post-image\" alt=\"\" loading=\"lazy\" \/>\t\t\t\t\t\t<\/a>\n\t\t\t\t\t\t<a href=\"https:\/\/tva.cv\/index.php\/2022\/04\/13\/vendedeiras-pedem-dinheiro-investido-na-compra-de-lojas-no-mercado-de-coco\/\" target=\"_self\">\n\t\t\t\t\t\t\t\t\t\t\t\t\t\t\t\t\t\t\t\t<\/a> \n\t\t\t\t\t<\/div><!-- \/.big-gallery -->\n\t\t\t\t\t\t\t\t\t<div class=\"big-gallery\">\n\t\t\t\t\t\t<a href=\"https:\/\/tva.cv\/index.php\/2022\/04\/13\/cv-recebe-mais-de-3700-pedidos-de-residencia-de-estrangeiros\/\" target=\"_self\">\n\t\t\t\t\t\t<img width=\"350\" height=\"247\" src=\"https:\/\/tva.cv\/wp-content\/uploads\/2022\/04\/vlcsnap-2022-04-13-10h15m50s008-350x247.png\" class=\"img-not-lazy wp-post-image\" alt=\"\" loading=\"lazy\" \/>\t\t\t\t\t\t<\/a>\n\t\t\t\t\t\t<a href=\"https:\/\/tva.cv\/index.php\/2022\/04\/13\/cv-recebe-mais-de-3700-pedidos-de-residencia-de-estrangeiros\/\" target=\"_self\">\n\t\t\t\t\t\t\t\t\t\t\t\t\t\t\t\t\t\t\t\t<\/a> \n\t\t\t\t\t<\/div><!-- \/.big-gallery -->\n\t\t\t\t\t\t\t\t\t<div class=\"big-gallery\">\n\t\t\t\t\t\t<a href=\"https:\/\/tva.cv\/index.php\/2022\/04\/13\/cabo-verde-e-visto-como-um-exemplo-na-prevencao-de-lavagem-de-capitais\/\" target=\"_self\">\n\t\t\t\t\t\t<img width=\"350\" height=\"247\" src=\"https:\/\/tva.cv\/wp-content\/uploads\/2022\/04\/vlcsnap-2022-04-13-11h01m44s413-350x247.png\" class=\"img-not-lazy wp-post-image\" alt=\"\" loading=\"lazy\" \/>\t\t\t\t\t\t<\/a>\n\t\t\t\t\t\t<a href=\"https:\/\/tva.cv\/index.php\/2022\/04\/13\/cabo-verde-e-visto-como-um-exemplo-na-prevencao-de-lavagem-de-capitais\/\" target=\"_self\">\n\t\t\t\t\t\t\t\t\t\t\t\t\t\t\t\t\t\t\t\t<\/a> \n\t\t\t\t\t<\/div><!-- \/.big-gallery -->\n\t\t\t\t\t\t\t\t\t<div class=\"big-gallery\">\n\t\t\t\t\t\t<a href=\"https:\/\/tva.cv\/index.php\/2022\/04\/14\/estudantes-de-enfermagem-querem-acabar-com-a-disparidade-na-saude\/\" target=\"_self\">\n\t\t\t\t\t\t<img width=\"350\" height=\"247\" src=\"https:\/\/tva.cv\/wp-content\/uploads\/2022\/04\/vlcsnap-2022-04-14-10h13m38s160-350x247.png\" class=\"img-not-lazy wp-post-image\" alt=\"\" loading=\"lazy\" \/>\t\t\t\t\t\t<\/a>\n\t\t\t\t\t\t<a href=\"https:\/\/tva.cv\/index.php\/2022\/04\/14\/estudantes-de-enfermagem-querem-acabar-com-a-disparidade-na-saude\/\" target=\"_self\">\n\t\t\t\t\t\t\t\t\t\t\t\t\t\t\t\t\t\t\t\t<\/a> \n\t\t\t\t\t<\/div><!-- \/.big-gallery -->\n\t\t\t\t\t\t\t<\/div>\n\t\t<\/div><!-- \/.gallery-image -->\n\t\t[\/vc_column][\/vc_row][vc_row full_width=&#8221;stretch_row&#8221; css=&#8221;.vc_custom_1509045085678{background-color: #ececed !important;}&#8221; el_class=&#8221;visible&#8221;][vc_column offset=&#8221;vc_col-lg-8 vc_col-md-12&#8243; el_class=&#8221;sticky-module&#8221;]\t\t\t\t\t \n\t\t\t\t<div class=\"module-title\n\t\t\t\t\tmb-30\">\n\t\t\t\t\t \n\t\t\t\t\t\t<h3 class=\"title\">\n\t\t\t\t\t\t\t<span class=\"bg-1\" style=\"\n\t\t\t\t\t\t\t\tbackground-color:#ff9800;\">\n\t\t\t\t\t\t\t\tSouthern\t\t\t\t\t\t\t<\/span>\n\t\t\t\t\t\t<\/h3>\n\t\t\t\t\t\t\t\t\t\t  \n\t\t\t\t\t\t<h3 class=\"subtitle\">Europe<\/h3>\n\t\t\t\t\t \n\t\t\t\t<\/div><!-- \/.module-title -->\n\t\t\t\t\t\t\t<div class=\"\">\n\t\t\t<div class=\"news-block\">\n\t\t\t\t\t\t\t\t\t<div class=\"item-block\"> \n\t\t\t\t\t\t<div class=\"item-image\">\n\t\t\t\t\t\t\t<a href=\"https:\/\/tva.cv\/index.php\/2022\/03\/29\/cmp-vai-ter-plataforma-de-investimento-da-diaspora-cabo-verdiana\/\" target=\"_self\">\n\t\t\t\t\t\t\t\t\t\t\t\t\t\t\t\t\t\t\t\t\t\t\t<\/a>\n\t\t\t\t\t\t\t\t\t\t\t\t\t\n\t\t\t\t\t\t<\/div><!-- \/.item-image -->                                             \n\t\t\t\t\t\t<div class=\"item-content\">\n\t\t\t\t\t\t\t\t\t\t\t\t\t\t\t<i class=\"fa fa-clock-o\"><\/i>\n\t\t\t\t\t\t\t\t\t\t\t\t\t\t\t\t\t<span class=\"day\">\n\t\t\t\t\t\t\t\t\t\tter, abr 26, 2022\t\t\t\t\t\t\t\t\t<\/span>\n\t\t\t\t\t\t\t\t\t\t\t\t\t\t\t\t\t\t\t\t\t\t\t\t\t\t\t\t\t\t<p><a href=\"https:\/\/tva.cv\/index.php\/2022\/03\/29\/cmp-vai-ter-plataforma-de-investimento-da-diaspora-cabo-verdiana\/\" target=\"_self\">CMP Plataforma<\/a><\/p>\n\t\t\t\t\t\t\t\t\t\t\t\t\t<\/div><!-- \/.item-content -->                                              \n\t\t\t\t\t<\/div><!-- \/.item-block --> \n\t\t\t\t\t\t\t\t\t<div class=\"item-block\"> \n\t\t\t\t\t\t<div class=\"item-image\">\n\t\t\t\t\t\t\t<a href=\"https:\/\/tva.cv\/index.php\/2022\/03\/30\/cmp-vai-construir-centro-comunitario-em-agua-funda\/\" target=\"_self\">\n\t\t\t\t\t\t\t\t\t\t\t\t\t\t\t\t\t\t\t\t\t\t\t<\/a>\n\t\t\t\t\t\t\t\t\t\t\t\t\t\n\t\t\t\t\t\t<\/div><!-- \/.item-image -->                                             \n\t\t\t\t\t\t<div class=\"item-content\">\n\t\t\t\t\t\t\t\t\t\t\t\t\t\t\t<i class=\"fa fa-clock-o\"><\/i>\n\t\t\t\t\t\t\t\t\t\t\t\t\t\t\t\t\t<span class=\"day\">\n\t\t\t\t\t\t\t\t\t\tter, abr 26, 2022\t\t\t\t\t\t\t\t\t<\/span>\n\t\t\t\t\t\t\t\t\t\t\t\t\t\t\t\t\t\t\t\t\t\t\t\t\t\t\t\t\t\t<p><a href=\"https:\/\/tva.cv\/index.php\/2022\/03\/30\/cmp-vai-construir-centro-comunitario-em-agua-funda\/\" target=\"_self\">CMP vai<\/a><\/p>\n\t\t\t\t\t\t\t\t\t\t\t\t\t<\/div><!-- \/.item-content -->                                              \n\t\t\t\t\t<\/div><!-- \/.item-block --> \n\t\t\t\t\t\t\t\t\t<div class=\"item-block\"> \n\t\t\t\t\t\t<div class=\"item-image\">\n\t\t\t\t\t\t\t<a href=\"https:\/\/tva.cv\/index.php\/2022\/04\/12\/ine-lanca-inquerito-as-despesas-e-receitas-familiares\/\" target=\"_self\">\n\t\t\t\t\t\t\t\t\t\t\t\t\t\t\t\t\t\t\t\t\t\t\t<\/a>\n\t\t\t\t\t\t\t\t\t\t\t\t\t\n\t\t\t\t\t\t<\/div><!-- \/.item-image -->                                             \n\t\t\t\t\t\t<div class=\"item-content\">\n\t\t\t\t\t\t\t\t\t\t\t\t\t\t\t<i class=\"fa fa-clock-o\"><\/i>\n\t\t\t\t\t\t\t\t\t\t\t\t\t\t\t\t\t<span class=\"day\">\n\t\t\t\t\t\t\t\t\t\tter, abr 26, 2022\t\t\t\t\t\t\t\t\t<\/span>\n\t\t\t\t\t\t\t\t\t\t\t\t\t\t\t\t\t\t\t\t\t\t\t\t\t\t\t\t\t\t<p><a href=\"https:\/\/tva.cv\/index.php\/2022\/04\/12\/ine-lanca-inquerito-as-despesas-e-receitas-familiares\/\" target=\"_self\">INE lan\u00e7a<\/a><\/p>\n\t\t\t\t\t\t\t\t\t\t\t\t\t<\/div><!-- \/.item-content -->                                              \n\t\t\t\t\t<\/div><!-- \/.item-block --> \n\t\t\t\t\t\t\t\t\t<div class=\"item-block\"> \n\t\t\t\t\t\t<div class=\"item-image\">\n\t\t\t\t\t\t\t<a href=\"https:\/\/tva.cv\/index.php\/2022\/04\/13\/cmp-homenageia-pugilista-sifonelo-borges\/\" target=\"_self\">\n\t\t\t\t\t\t\t\t<img width=\"576\" height=\"288\" src=\"https:\/\/tva.cv\/wp-content\/uploads\/2022\/04\/vlcsnap-2022-04-13-09h49m52s758-576x288.png\" class=\"img-responsive img-full wp-post-image\" alt=\"\" loading=\"lazy\" srcset=\"https:\/\/tva.cv\/wp-content\/uploads\/2022\/04\/vlcsnap-2022-04-13-09h49m52s758-576x288.png 576w, https:\/\/tva.cv\/wp-content\/uploads\/2022\/04\/vlcsnap-2022-04-13-09h49m52s758-400x200.png 400w\" sizes=\"(max-width: 576px) 100vw, 576px\" \/>\t\t\t\t\t\t\t\t\t\t\t\t\t\t\t<\/a>\n\t\t\t\t\t\t\t\t\t\t\t\t\t\n\t\t\t\t\t\t<\/div><!-- \/.item-image -->                                             \n\t\t\t\t\t\t<div class=\"item-content\">\n\t\t\t\t\t\t\t\t\t\t\t\t\t\t\t<i class=\"fa fa-clock-o\"><\/i>\n\t\t\t\t\t\t\t\t\t\t\t\t\t\t\t\t\t<span class=\"day\">\n\t\t\t\t\t\t\t\t\t\tter, abr 26, 2022\t\t\t\t\t\t\t\t\t<\/span>\n\t\t\t\t\t\t\t\t\t\t\t\t\t\t\t\t\t\t\t\t\t\t\t\t\t\t\t\t\t\t<p><a href=\"https:\/\/tva.cv\/index.php\/2022\/04\/13\/cmp-homenageia-pugilista-sifonelo-borges\/\" target=\"_self\">CMP homenageia<\/a><\/p>\n\t\t\t\t\t\t\t\t\t\t\t\t\t<\/div><!-- \/.item-content -->                                              \n\t\t\t\t\t<\/div><!-- \/.item-block --> \n\t\t\t\t\t\t\t\t\t<div class=\"item-block\"> \n\t\t\t\t\t\t<div class=\"item-image\">\n\t\t\t\t\t\t\t<a href=\"https:\/\/tva.cv\/index.php\/2022\/04\/13\/vendedeiras-pedem-dinheiro-investido-na-compra-de-lojas-no-mercado-de-coco\/\" target=\"_self\">\n\t\t\t\t\t\t\t\t<img width=\"576\" height=\"288\" src=\"https:\/\/tva.cv\/wp-content\/uploads\/2022\/04\/vlcsnap-2022-04-13-10h03m59s671-576x288.png\" class=\"img-responsive img-full wp-post-image\" alt=\"\" loading=\"lazy\" srcset=\"https:\/\/tva.cv\/wp-content\/uploads\/2022\/04\/vlcsnap-2022-04-13-10h03m59s671-576x288.png 576w, https:\/\/tva.cv\/wp-content\/uploads\/2022\/04\/vlcsnap-2022-04-13-10h03m59s671-400x200.png 400w\" sizes=\"(max-width: 576px) 100vw, 576px\" \/>\t\t\t\t\t\t\t\t\t\t\t\t\t\t\t<\/a>\n\t\t\t\t\t\t\t\t\t\t\t\t\t\n\t\t\t\t\t\t<\/div><!-- \/.item-image -->                                             \n\t\t\t\t\t\t<div class=\"item-content\">\n\t\t\t\t\t\t\t\t\t\t\t\t\t\t\t<i class=\"fa fa-clock-o\"><\/i>\n\t\t\t\t\t\t\t\t\t\t\t\t\t\t\t\t\t<span class=\"day\">\n\t\t\t\t\t\t\t\t\t\tqui, abr 14, 2022\t\t\t\t\t\t\t\t\t<\/span>\n\t\t\t\t\t\t\t\t\t\t\t\t\t\t\t\t\t\t\t\t\t\t\t\t\t\t\t\t\t\t<p><a href=\"https:\/\/tva.cv\/index.php\/2022\/04\/13\/vendedeiras-pedem-dinheiro-investido-na-compra-de-lojas-no-mercado-de-coco\/\" target=\"_self\">Vendedeiras pedem<\/a><\/p>\n\t\t\t\t\t\t\t\t\t\t\t\t\t<\/div><!-- \/.item-content -->                                              \n\t\t\t\t\t<\/div><!-- \/.item-block --> \n\t\t\t\t\t\t\t\t\t<div class=\"item-block\"> \n\t\t\t\t\t\t<div class=\"item-image\">\n\t\t\t\t\t\t\t<a href=\"https:\/\/tva.cv\/index.php\/2022\/04\/13\/cv-recebe-mais-de-3700-pedidos-de-residencia-de-estrangeiros\/\" target=\"_self\">\n\t\t\t\t\t\t\t\t<img width=\"576\" height=\"288\" src=\"https:\/\/tva.cv\/wp-content\/uploads\/2022\/04\/vlcsnap-2022-04-13-10h15m50s008-576x288.png\" class=\"img-responsive img-full wp-post-image\" alt=\"\" loading=\"lazy\" srcset=\"https:\/\/tva.cv\/wp-content\/uploads\/2022\/04\/vlcsnap-2022-04-13-10h15m50s008-576x288.png 576w, https:\/\/tva.cv\/wp-content\/uploads\/2022\/04\/vlcsnap-2022-04-13-10h15m50s008-400x200.png 400w\" sizes=\"(max-width: 576px) 100vw, 576px\" \/>\t\t\t\t\t\t\t\t\t\t\t\t\t\t\t<\/a>\n\t\t\t\t\t\t\t\t\t\t\t\t\t\n\t\t\t\t\t\t<\/div><!-- \/.item-image -->                                             \n\t\t\t\t\t\t<div class=\"item-content\">\n\t\t\t\t\t\t\t\t\t\t\t\t\t\t\t<i class=\"fa fa-clock-o\"><\/i>\n\t\t\t\t\t\t\t\t\t\t\t\t\t\t\t\t\t<span class=\"day\">\n\t\t\t\t\t\t\t\t\t\tqui, abr 14, 2022\t\t\t\t\t\t\t\t\t<\/span>\n\t\t\t\t\t\t\t\t\t\t\t\t\t\t\t\t\t\t\t\t\t\t\t\t\t\t\t\t\t\t<p><a href=\"https:\/\/tva.cv\/index.php\/2022\/04\/13\/cv-recebe-mais-de-3700-pedidos-de-residencia-de-estrangeiros\/\" target=\"_self\">CV <\/a><\/p>\n\t\t\t\t\t\t\t\t\t\t\t\t\t<\/div><!-- \/.item-content -->                                              \n\t\t\t\t\t<\/div><!-- \/.item-block --> \n\t\t\t\t\t\t\t\t\t<div class=\"item-block\"> \n\t\t\t\t\t\t<div class=\"item-image\">\n\t\t\t\t\t\t\t<a href=\"https:\/\/tva.cv\/index.php\/2022\/04\/13\/cabo-verde-e-visto-como-um-exemplo-na-prevencao-de-lavagem-de-capitais\/\" target=\"_self\">\n\t\t\t\t\t\t\t\t<img width=\"576\" height=\"288\" src=\"https:\/\/tva.cv\/wp-content\/uploads\/2022\/04\/vlcsnap-2022-04-13-11h01m44s413-576x288.png\" class=\"img-responsive img-full wp-post-image\" alt=\"\" loading=\"lazy\" srcset=\"https:\/\/tva.cv\/wp-content\/uploads\/2022\/04\/vlcsnap-2022-04-13-11h01m44s413-576x288.png 576w, https:\/\/tva.cv\/wp-content\/uploads\/2022\/04\/vlcsnap-2022-04-13-11h01m44s413-400x200.png 400w\" sizes=\"(max-width: 576px) 100vw, 576px\" \/>\t\t\t\t\t\t\t\t\t\t\t\t\t\t\t<\/a>\n\t\t\t\t\t\t\t\t\t\t\t\t\t\n\t\t\t\t\t\t<\/div><!-- \/.item-image -->                                             \n\t\t\t\t\t\t<div class=\"item-content\">\n\t\t\t\t\t\t\t\t\t\t\t\t\t\t\t<i class=\"fa fa-clock-o\"><\/i>\n\t\t\t\t\t\t\t\t\t\t\t\t\t\t\t\t\t<span class=\"day\">\n\t\t\t\t\t\t\t\t\t\tqui, abr 14, 2022\t\t\t\t\t\t\t\t\t<\/span>\n\t\t\t\t\t\t\t\t\t\t\t\t\t\t\t\t\t\t\t\t\t\t\t\t\t\t\t\t\t\t<p><a href=\"https:\/\/tva.cv\/index.php\/2022\/04\/13\/cabo-verde-e-visto-como-um-exemplo-na-prevencao-de-lavagem-de-capitais\/\" target=\"_self\">Cabo Verde<\/a><\/p>\n\t\t\t\t\t\t\t\t\t\t\t\t\t<\/div><!-- \/.item-content -->                                              \n\t\t\t\t\t<\/div><!-- \/.item-block --> \n\t\t\t\t\t\t\t\t\t<div class=\"item-block\"> \n\t\t\t\t\t\t<div class=\"item-image\">\n\t\t\t\t\t\t\t<a href=\"https:\/\/tva.cv\/index.php\/2022\/04\/14\/estudantes-de-enfermagem-querem-acabar-com-a-disparidade-na-saude\/\" target=\"_self\">\n\t\t\t\t\t\t\t\t<img width=\"576\" height=\"288\" src=\"https:\/\/tva.cv\/wp-content\/uploads\/2022\/04\/vlcsnap-2022-04-14-10h13m38s160-576x288.png\" class=\"img-responsive img-full wp-post-image\" alt=\"\" loading=\"lazy\" srcset=\"https:\/\/tva.cv\/wp-content\/uploads\/2022\/04\/vlcsnap-2022-04-14-10h13m38s160-576x288.png 576w, https:\/\/tva.cv\/wp-content\/uploads\/2022\/04\/vlcsnap-2022-04-14-10h13m38s160-400x200.png 400w\" sizes=\"(max-width: 576px) 100vw, 576px\" \/>\t\t\t\t\t\t\t\t\t\t\t\t\t\t\t<\/a>\n\t\t\t\t\t\t\t\t\t\t\t\t\t\n\t\t\t\t\t\t<\/div><!-- \/.item-image -->                                             \n\t\t\t\t\t\t<div class=\"item-content\">\n\t\t\t\t\t\t\t\t\t\t\t\t\t\t\t<i class=\"fa fa-clock-o\"><\/i>\n\t\t\t\t\t\t\t\t\t\t\t\t\t\t\t\t\t<span class=\"day\">\n\t\t\t\t\t\t\t\t\t\tter, abr 26, 2022\t\t\t\t\t\t\t\t\t<\/span>\n\t\t\t\t\t\t\t\t\t\t\t\t\t\t\t\t\t\t\t\t\t\t\t\t\t\t\t\t\t\t<p><a href=\"https:\/\/tva.cv\/index.php\/2022\/04\/14\/estudantes-de-enfermagem-querem-acabar-com-a-disparidade-na-saude\/\" target=\"_self\">Estudantes de<\/a><\/p>\n\t\t\t\t\t\t\t\t\t\t\t\t\t<\/div><!-- \/.item-content -->                                              \n\t\t\t\t\t<\/div><!-- \/.item-block --> \n\t\t\t\t\t\t\t\t\t<div class=\"item-block\"> \n\t\t\t\t\t\t<div class=\"item-image\">\n\t\t\t\t\t\t\t<a href=\"https:\/\/tva.cv\/index.php\/2022\/04\/14\/em-2-anos-scm-ja-distribuiu-15-mil-contos-em-direitos-autorais\/\" target=\"_self\">\n\t\t\t\t\t\t\t\t<img width=\"576\" height=\"288\" src=\"https:\/\/tva.cv\/wp-content\/uploads\/2022\/04\/vlcsnap-2022-04-14-10h24m06s329-576x288.png\" class=\"img-responsive img-full wp-post-image\" alt=\"\" loading=\"lazy\" srcset=\"https:\/\/tva.cv\/wp-content\/uploads\/2022\/04\/vlcsnap-2022-04-14-10h24m06s329-576x288.png 576w, https:\/\/tva.cv\/wp-content\/uploads\/2022\/04\/vlcsnap-2022-04-14-10h24m06s329-400x200.png 400w\" sizes=\"(max-width: 576px) 100vw, 576px\" \/>\t\t\t\t\t\t\t\t\t\t\t\t\t\t\t<\/a>\n\t\t\t\t\t\t\t\t\t\t\t\t\t\n\t\t\t\t\t\t<\/div><!-- \/.item-image -->                                             \n\t\t\t\t\t\t<div class=\"item-content\">\n\t\t\t\t\t\t\t\t\t\t\t\t\t\t\t<i class=\"fa fa-clock-o\"><\/i>\n\t\t\t\t\t\t\t\t\t\t\t\t\t\t\t\t\t<span class=\"day\">\n\t\t\t\t\t\t\t\t\t\tseg, abr 18, 2022\t\t\t\t\t\t\t\t\t<\/span>\n\t\t\t\t\t\t\t\t\t\t\t\t\t\t\t\t\t\t\t\t\t\t\t\t\t\t\t\t\t\t<p><a href=\"https:\/\/tva.cv\/index.php\/2022\/04\/14\/em-2-anos-scm-ja-distribuiu-15-mil-contos-em-direitos-autorais\/\" target=\"_self\">Em 2<\/a><\/p>\n\t\t\t\t\t\t\t\t\t\t\t\t\t<\/div><!-- \/.item-content -->                                              \n\t\t\t\t\t<\/div><!-- \/.item-block --> \n\t\t\t\t\t\t\t\t\t<div class=\"item-block\"> \n\t\t\t\t\t\t<div class=\"item-image\">\n\t\t\t\t\t\t\t<a href=\"https:\/\/tva.cv\/index.php\/2022\/04\/14\/criancas-de-ponta-dagua-a-caminho-dos-acores-para-jogar-futebol\/\" target=\"_self\">\n\t\t\t\t\t\t\t\t<img width=\"576\" height=\"288\" src=\"https:\/\/tva.cv\/wp-content\/uploads\/2022\/04\/vlcsnap-2022-04-14-10h39m06s842-576x288.png\" class=\"img-responsive img-full wp-post-image\" alt=\"\" loading=\"lazy\" srcset=\"https:\/\/tva.cv\/wp-content\/uploads\/2022\/04\/vlcsnap-2022-04-14-10h39m06s842-576x288.png 576w, https:\/\/tva.cv\/wp-content\/uploads\/2022\/04\/vlcsnap-2022-04-14-10h39m06s842-400x200.png 400w\" sizes=\"(max-width: 576px) 100vw, 576px\" \/>\t\t\t\t\t\t\t\t\t\t\t\t\t\t\t<\/a>\n\t\t\t\t\t\t\t\t\t\t\t\t\t\n\t\t\t\t\t\t<\/div><!-- \/.item-image -->                                             \n\t\t\t\t\t\t<div class=\"item-content\">\n\t\t\t\t\t\t\t\t\t\t\t\t\t\t\t<i class=\"fa fa-clock-o\"><\/i>\n\t\t\t\t\t\t\t\t\t\t\t\t\t\t\t\t\t<span class=\"day\">\n\t\t\t\t\t\t\t\t\t\tter, abr 26, 2022\t\t\t\t\t\t\t\t\t<\/span>\n\t\t\t\t\t\t\t\t\t\t\t\t\t\t\t\t\t\t\t\t\t\t\t\t\t\t\t\t\t\t<p><a href=\"https:\/\/tva.cv\/index.php\/2022\/04\/14\/criancas-de-ponta-dagua-a-caminho-dos-acores-para-jogar-futebol\/\" target=\"_self\">Crian\u00e7as de<\/a><\/p>\n\t\t\t\t\t\t\t\t\t\t\t\t\t<\/div><!-- \/.item-content -->                                              \n\t\t\t\t\t<\/div><!-- \/.item-block --> \n\t\t\t\t\t\t\t\t\t<div class=\"item-block\"> \n\t\t\t\t\t\t<div class=\"item-image\">\n\t\t\t\t\t\t\t<a href=\"https:\/\/tva.cv\/index.php\/2022\/04\/14\/mindelense-defende-titulo-de-campeao-nacional-apos-interrupcao-de-duas-epocas\/\" target=\"_self\">\n\t\t\t\t\t\t\t\t<img width=\"576\" height=\"288\" src=\"https:\/\/tva.cv\/wp-content\/uploads\/2022\/04\/vlcsnap-2022-04-14-10h58m04s626-576x288.png\" class=\"img-responsive img-full wp-post-image\" alt=\"\" loading=\"lazy\" srcset=\"https:\/\/tva.cv\/wp-content\/uploads\/2022\/04\/vlcsnap-2022-04-14-10h58m04s626-576x288.png 576w, https:\/\/tva.cv\/wp-content\/uploads\/2022\/04\/vlcsnap-2022-04-14-10h58m04s626-400x200.png 400w\" sizes=\"(max-width: 576px) 100vw, 576px\" \/>\t\t\t\t\t\t\t\t\t\t\t\t\t\t\t<\/a>\n\t\t\t\t\t\t\t\t\t\t\t\t\t\n\t\t\t\t\t\t<\/div><!-- \/.item-image -->                                             \n\t\t\t\t\t\t<div class=\"item-content\">\n\t\t\t\t\t\t\t\t\t\t\t\t\t\t\t<i class=\"fa fa-clock-o\"><\/i>\n\t\t\t\t\t\t\t\t\t\t\t\t\t\t\t\t\t<span class=\"day\">\n\t\t\t\t\t\t\t\t\t\tter, abr 26, 2022\t\t\t\t\t\t\t\t\t<\/span>\n\t\t\t\t\t\t\t\t\t\t\t\t\t\t\t\t\t\t\t\t\t\t\t\t\t\t\t\t\t\t<p><a href=\"https:\/\/tva.cv\/index.php\/2022\/04\/14\/mindelense-defende-titulo-de-campeao-nacional-apos-interrupcao-de-duas-epocas\/\" target=\"_self\">Mindelense defende<\/a><\/p>\n\t\t\t\t\t\t\t\t\t\t\t\t\t<\/div><!-- \/.item-content -->                                              \n\t\t\t\t\t<\/div><!-- \/.item-block --> \n\t\t\t\t\t\t\t\t\t<div class=\"item-block\"> \n\t\t\t\t\t\t<div class=\"item-image\">\n\t\t\t\t\t\t\t<a href=\"https:\/\/tva.cv\/index.php\/2022\/04\/14\/associacao-maracana-de-ponta-dagua-desvia-jovens-da-delinquencia-e-desactiva-7-grupos-de-thugs\/\" target=\"_self\">\n\t\t\t\t\t\t\t\t<img width=\"576\" height=\"288\" src=\"https:\/\/tva.cv\/wp-content\/uploads\/2022\/04\/vlcsnap-2022-04-14-11h17m56s572-576x288.png\" class=\"img-responsive img-full wp-post-image\" alt=\"\" loading=\"lazy\" srcset=\"https:\/\/tva.cv\/wp-content\/uploads\/2022\/04\/vlcsnap-2022-04-14-11h17m56s572-576x288.png 576w, https:\/\/tva.cv\/wp-content\/uploads\/2022\/04\/vlcsnap-2022-04-14-11h17m56s572-400x200.png 400w\" sizes=\"(max-width: 576px) 100vw, 576px\" \/>\t\t\t\t\t\t\t\t\t\t\t\t\t\t\t<\/a>\n\t\t\t\t\t\t\t\t\t\t\t\t\t\n\t\t\t\t\t\t<\/div><!-- \/.item-image -->                                             \n\t\t\t\t\t\t<div class=\"item-content\">\n\t\t\t\t\t\t\t\t\t\t\t\t\t\t\t<i class=\"fa fa-clock-o\"><\/i>\n\t\t\t\t\t\t\t\t\t\t\t\t\t\t\t\t\t<span class=\"day\">\n\t\t\t\t\t\t\t\t\t\tter, abr 26, 2022\t\t\t\t\t\t\t\t\t<\/span>\n\t\t\t\t\t\t\t\t\t\t\t\t\t\t\t\t\t\t\t\t\t\t\t\t\t\t\t\t\t\t<p><a href=\"https:\/\/tva.cv\/index.php\/2022\/04\/14\/associacao-maracana-de-ponta-dagua-desvia-jovens-da-delinquencia-e-desactiva-7-grupos-de-thugs\/\" target=\"_self\">Associa\u00e7\u00e3o Maracan\u00e3<\/a><\/p>\n\t\t\t\t\t\t\t\t\t\t\t\t\t<\/div><!-- \/.item-content -->                                              \n\t\t\t\t\t<\/div><!-- \/.item-block --> \n\t\t\t\t\t\t\t\t\t<div class=\"item-block\"> \n\t\t\t\t\t\t<div class=\"item-image\">\n\t\t\t\t\t\t\t<a href=\"https:\/\/tva.cv\/index.php\/2022\/04\/14\/sporting-e-travadores-apimentam-rivalidade-de-olhos-postos-no-titulo\/\" target=\"_self\">\n\t\t\t\t\t\t\t\t<img width=\"576\" height=\"288\" src=\"https:\/\/tva.cv\/wp-content\/uploads\/2022\/04\/vlcsnap-2022-04-14-16h06m43s719-576x288.png\" class=\"img-responsive img-full wp-post-image\" alt=\"\" loading=\"lazy\" srcset=\"https:\/\/tva.cv\/wp-content\/uploads\/2022\/04\/vlcsnap-2022-04-14-16h06m43s719-576x288.png 576w, https:\/\/tva.cv\/wp-content\/uploads\/2022\/04\/vlcsnap-2022-04-14-16h06m43s719-400x200.png 400w\" sizes=\"(max-width: 576px) 100vw, 576px\" \/>\t\t\t\t\t\t\t\t\t\t\t\t\t\t\t<\/a>\n\t\t\t\t\t\t\t\t\t\t\t\t\t\n\t\t\t\t\t\t<\/div><!-- \/.item-image -->                                             \n\t\t\t\t\t\t<div class=\"item-content\">\n\t\t\t\t\t\t\t\t\t\t\t\t\t\t\t<i class=\"fa fa-clock-o\"><\/i>\n\t\t\t\t\t\t\t\t\t\t\t\t\t\t\t\t\t<span class=\"day\">\n\t\t\t\t\t\t\t\t\t\tter, abr 26, 2022\t\t\t\t\t\t\t\t\t<\/span>\n\t\t\t\t\t\t\t\t\t\t\t\t\t\t\t\t\t\t\t\t\t\t\t\t\t\t\t\t\t\t<p><a href=\"https:\/\/tva.cv\/index.php\/2022\/04\/14\/sporting-e-travadores-apimentam-rivalidade-de-olhos-postos-no-titulo\/\" target=\"_self\">Sporting e<\/a><\/p>\n\t\t\t\t\t\t\t\t\t\t\t\t\t<\/div><!-- \/.item-content -->                                              \n\t\t\t\t\t<\/div><!-- \/.item-block --> \n\t\t\t\t\t\t\t\t\t<div class=\"item-block\"> \n\t\t\t\t\t\t<div class=\"item-image\">\n\t\t\t\t\t\t\t<a href=\"https:\/\/tva.cv\/index.php\/2022\/04\/14\/greve-dos-professores-adiada-para-outubro\/\" target=\"_self\">\n\t\t\t\t\t\t\t\t<img width=\"576\" height=\"288\" src=\"https:\/\/tva.cv\/wp-content\/uploads\/2022\/04\/vlcsnap-2022-04-14-16h13m52s254-576x288.png\" class=\"img-responsive img-full wp-post-image\" alt=\"\" loading=\"lazy\" srcset=\"https:\/\/tva.cv\/wp-content\/uploads\/2022\/04\/vlcsnap-2022-04-14-16h13m52s254-576x288.png 576w, https:\/\/tva.cv\/wp-content\/uploads\/2022\/04\/vlcsnap-2022-04-14-16h13m52s254-400x200.png 400w\" sizes=\"(max-width: 576px) 100vw, 576px\" \/>\t\t\t\t\t\t\t\t\t\t\t\t\t\t\t<\/a>\n\t\t\t\t\t\t\t\t\t\t\t\t\t\n\t\t\t\t\t\t<\/div><!-- \/.item-image -->                                             \n\t\t\t\t\t\t<div class=\"item-content\">\n\t\t\t\t\t\t\t\t\t\t\t\t\t\t\t<i class=\"fa fa-clock-o\"><\/i>\n\t\t\t\t\t\t\t\t\t\t\t\t\t\t\t\t\t<span class=\"day\">\n\t\t\t\t\t\t\t\t\t\tseg, abr 18, 2022\t\t\t\t\t\t\t\t\t<\/span>\n\t\t\t\t\t\t\t\t\t\t\t\t\t\t\t\t\t\t\t\t\t\t\t\t\t\t\t\t\t\t<p><a href=\"https:\/\/tva.cv\/index.php\/2022\/04\/14\/greve-dos-professores-adiada-para-outubro\/\" target=\"_self\">Greve dos<\/a><\/p>\n\t\t\t\t\t\t\t\t\t\t\t\t\t<\/div><!-- \/.item-content -->                                              \n\t\t\t\t\t<\/div><!-- \/.item-block --> \n\t\t\t\t\t\t\t\t\t<div class=\"item-block\"> \n\t\t\t\t\t\t<div class=\"item-image\">\n\t\t\t\t\t\t\t<a href=\"https:\/\/tva.cv\/index.php\/2022\/04\/14\/jovens-universitarios-desafiados-a-apostarem-em-negocios-digitais\/\" target=\"_self\">\n\t\t\t\t\t\t\t\t<img width=\"576\" height=\"288\" src=\"https:\/\/tva.cv\/wp-content\/uploads\/2022\/04\/vlcsnap-2022-04-14-16h21m52s855-576x288.png\" class=\"img-responsive img-full wp-post-image\" alt=\"\" loading=\"lazy\" srcset=\"https:\/\/tva.cv\/wp-content\/uploads\/2022\/04\/vlcsnap-2022-04-14-16h21m52s855-576x288.png 576w, https:\/\/tva.cv\/wp-content\/uploads\/2022\/04\/vlcsnap-2022-04-14-16h21m52s855-400x200.png 400w\" sizes=\"(max-width: 576px) 100vw, 576px\" \/>\t\t\t\t\t\t\t\t\t\t\t\t\t\t\t<\/a>\n\t\t\t\t\t\t\t\t\t\t\t\t\t\n\t\t\t\t\t\t<\/div><!-- \/.item-image -->                                             \n\t\t\t\t\t\t<div class=\"item-content\">\n\t\t\t\t\t\t\t\t\t\t\t\t\t\t\t<i class=\"fa fa-clock-o\"><\/i>\n\t\t\t\t\t\t\t\t\t\t\t\t\t\t\t\t\t<span class=\"day\">\n\t\t\t\t\t\t\t\t\t\tter, abr 26, 2022\t\t\t\t\t\t\t\t\t<\/span>\n\t\t\t\t\t\t\t\t\t\t\t\t\t\t\t\t\t\t\t\t\t\t\t\t\t\t\t\t\t\t<p><a href=\"https:\/\/tva.cv\/index.php\/2022\/04\/14\/jovens-universitarios-desafiados-a-apostarem-em-negocios-digitais\/\" target=\"_self\">Jovens universit\u00e1rios<\/a><\/p>\n\t\t\t\t\t\t\t\t\t\t\t\t\t<\/div><!-- \/.item-content -->                                              \n\t\t\t\t\t<\/div><!-- \/.item-block --> \n\t\t\t\t\t\t\t\t\t<div class=\"item-block\"> \n\t\t\t\t\t\t<div class=\"item-image\">\n\t\t\t\t\t\t\t<a href=\"https:\/\/tva.cv\/index.php\/2022\/04\/18\/medicos-espanhois-efectuaram-24-cirurgias-em-pacientes-de-casos-complexos\/\" target=\"_self\">\n\t\t\t\t\t\t\t\t<img width=\"576\" height=\"288\" src=\"https:\/\/tva.cv\/wp-content\/uploads\/2022\/04\/vlcsnap-2022-04-18-09h38m45s218-576x288.png\" class=\"img-responsive img-full wp-post-image\" alt=\"\" loading=\"lazy\" srcset=\"https:\/\/tva.cv\/wp-content\/uploads\/2022\/04\/vlcsnap-2022-04-18-09h38m45s218-576x288.png 576w, https:\/\/tva.cv\/wp-content\/uploads\/2022\/04\/vlcsnap-2022-04-18-09h38m45s218-400x200.png 400w\" sizes=\"(max-width: 576px) 100vw, 576px\" \/>\t\t\t\t\t\t\t\t\t\t\t\t\t\t\t<\/a>\n\t\t\t\t\t\t\t\t\t\t\t\t\t\n\t\t\t\t\t\t<\/div><!-- \/.item-image -->                                             \n\t\t\t\t\t\t<div class=\"item-content\">\n\t\t\t\t\t\t\t\t\t\t\t\t\t\t\t<i class=\"fa fa-clock-o\"><\/i>\n\t\t\t\t\t\t\t\t\t\t\t\t\t\t\t\t\t<span class=\"day\">\n\t\t\t\t\t\t\t\t\t\tsex, abr 22, 2022\t\t\t\t\t\t\t\t\t<\/span>\n\t\t\t\t\t\t\t\t\t\t\t\t\t\t\t\t\t\t\t\t\t\t\t\t\t\t\t\t\t\t<p><a href=\"https:\/\/tva.cv\/index.php\/2022\/04\/18\/medicos-espanhois-efectuaram-24-cirurgias-em-pacientes-de-casos-complexos\/\" target=\"_self\">M\u00e9dicos espanh\u00f3is<\/a><\/p>\n\t\t\t\t\t\t\t\t\t\t\t\t\t<\/div><!-- \/.item-content -->                                              \n\t\t\t\t\t<\/div><!-- \/.item-block --> \n\t\t\t\t\t\t\t<\/div><!-- \/.news-block -->     \t\n\t\t<\/div>\n\t\t\t\t\t\t\t<div class=\"title-style01\n\t\t\t\t\">\n\t\t\t\t<h3>Facts about Southern Europe<\/h3>\n\t\t\t<\/div>\n\t\t\t\t[vc_column_text css=&#8221;.vc_custom_1512222963629{margin-bottom: 0px !important;}&#8221;]<\/p>\n<div class=\"item-content\">\n<p><a class=\"external-link\" href=\"#\" target=\"_blank\" rel=\"noopener noreferrer\"><strong>Some definitions of Southern Europe,<\/strong> also known as Mediterranean Europe, include the countries of the Iberian peninsula (Spain and Portugal), the Italian peninsula, Southern France and Greece.<\/a><\/p>\n<p><a class=\"external-link\" href=\"#\" target=\"_blank\" rel=\"noopener noreferrer\"><strong>Other definitions<\/strong> sometimes include the Balkan countries of southeast Europe, which are geographically in the southern part of Europe, but which have different historical, political, economic, and cultural backgrounds.<\/a><\/div>\n<p>[\/vc_column_text][\/vc_column][vc_column offset=&#8221;vc_col-lg-4 vc_col-md-12&#8243;]\t\t\t\t\t<div class=\"title-style02\n\t\t\t\tmb-30\">\n\t\t\t\t<h3>Europe Food<\/h3>\n\t\t\t<\/div>\n\t\t\t\t\t\t<div class=\"promo-item mb-30\">\n\t\t\t<div class=\"promo-image\">\n\t\t\t\t<img src=\"https:\/\/tva.cv\/wp-content\/uploads\/2017\/04\/food_576x288-image07.jpg\" alt=\"\" title=\"food_576x288-image07\">\n\t\t\t<\/div><!-- \/.promo-image -->\n\t\t\t<div class=\"promo-wrapper\">\n\t\t\t\t<span class=\"section-highlight-inner\">\n\t\t\t\t\t<a class=\"section-highlight-link\" href=\"\" target=\"_self\">Now<\/a>\n\t\t\t\t<\/span>\n\t\t\t\t<div class=\"promo-content\" style=\"background:#f1f1f2\">\n\t\t\t\t\t<div class=\"programme-header\" style=\"color:#212126; font-size:18px;\">Cuisine Francaise<\/div>\n\t\t\t\t\t<div class=\"programme-name\" style=\"color:#212126; font-size:28px;\">\n\t\t\t\t\t\tEurope Cuisines Superb Food\t\t\t\t\t<\/div>\n\t\t\t\t\t<div class=\"content-wrapper\">\n\t\t\t\t\t\t<p style=\"color:#555555; font-size:14px; line-height:24px;\">\n\t\t\t\t\t\t\tShow off your culinary skills with regional and traditional French treats such as onion soup.\t\t\t\t\t\t<\/p>\n\t\t\t\t\t\t<a class=\"read-more\" href=\"http:\/\/reendex.via-theme.com\/french\/\" style=\"color:#999999\" target=\"_blank\">Read More<\/a>\n\t\t\t\t\t<\/div>\n\t\t\t\t<\/div><!-- \/.promo-content-->\n\t\t\t<\/div><!-- \/.promo-wrapper-->\n\t\t<\/div><!-- \/.promo-item-->\n\t\t\t\t<div class=\"video-promo-item news camera-live \">\n\t\t\t<div class=\"video-post_content\">\n\t\t\t\t\t\t\t<\/div><!-- \/.video-post_content -->\n\t\t\t<div class=\"video-full\">\n\t\t\t\t<div class=\"fitvids-video\">\t        \n\t\t\t\t\t<iframe src=\"https:\/\/player.vimeo.com\/video\/50677972?title=0&#038;byline=0&#038;portrait=0\"><\/iframe>\n\t\t\t\t<\/div><!-- \/.fitvids-video -->\n\t\t\t<\/div><!-- \/.video-full -->\n\t\t\t\t\t\t\t<div class=\"video-promo-wrapper\">\n\t\t\t\t\t<div class=\"video-promo-content\" style=\"background:#212126\">\n\t\t\t\t\t\t<span class=\"section-highlight-inner\">\n\t\t\t\t\t\t\t<a href=\"\" target=\"blank\">Nutrition<\/a>\n\t\t\t\t\t\t<\/span>\n\t\t\t\t\t\t<div class=\"programme-header\" style=\"color:#ced2d9; font-size:18px;\">\n\t\t\t\t\t\t\tSpecial Food\t\t\t\t\t\t<\/div>\n\t\t\t\t\t\t<div class=\"programme-name\" style=\"color:#ffffff; font-size:28px;\">\n\t\t\t\t\t\t\tHealthy Nutrition\t\t\t\t\t\t<\/div>\n\t\t\t\t\t\t<div class=\"content-wrapper\">\n\t\t\t\t\t\t\t<p style=\"color:#ced2d9; font-size:14px; line-height:24px;\">\n\t\t\t\t\t\t\t\tNutrition interprets the interaction of nutrients and other substances in food in relation to maintenance, growth,\u00a0 health and disease of an organism.\t\t\t\t\t\t\t<\/p>\n\t\t\t\t\t\t\t<a class=\"read-more\" href=\"https:\/\/reendex.via-theme.com\/food-nutrition-healthy-dinner-recipes\/\" style=\"color:#999999\" target=\"_blank\">Read More<\/a>\n\t\t\t\t\t\t<\/div>\n\t\t\t\t\t<\/div><!-- \/.video-promo-content-->\n\t\t\t\t<\/div><!-- \/.video-promo-wrapper-->\n\t\t\t\t\t<\/div><!-- \/.video-promo-item news camera-live-->\n\t\t[\/vc_column][\/vc_row][vc_row full_width=&#8221;stretch_row&#8221; el_class=&#8221;module dark&#8221; css=&#8221;.vc_custom_1505500840309{padding-bottom: 0px !important;}&#8221;][vc_column css=&#8221;.vc_custom_1494501105658{padding-top: 0px !important;}&#8221;]\t\t<div class=\"tvbanner-area \"> \n\t\t\t<div class=\"show-info\">\n\t\t\t\t\t\t\t\t\t<h4 class=\"schedule-logo bg-1\">This morning, at 09 a.m.<\/h4>\n\t\t\t\t\t\t\t\t<div class=\"show-title\">\n\t\t\t\t\t \n\t\t\t\t\t\t<h2>News Insight<\/h2>\n\t\t\t\t\t \n\t\t\t\t\t<h3>Hosted by Neal Bailey<\/h3> \n\t\t\t\t<\/div>\n\t\t\t\t                             \n\t\t\t\t\t<h4 class=\"show-info-button bg-1\"><a href=\"\" target=\"_self\">Richard Mclaughlin bring you the news that matters to you!<\/a><\/h4>\n\t\t\t\t \n\t\t\t\t<div class=\"figure\">\n\t\t\t\t\t<img src=\" https:\/\/tva.cv\/wp-content\/uploads\/2017\/01\/schedule_figure.png \" alt=\"Hosted by Neal Bailey\">\t\t\t\t<\/div><!-- \/.figure -->                             \n\t\t\t<\/div><!-- \/.show-info -->\n\t\t\t                         \n\t\t\t\t<div class=\"schedule-squares\">\n\t\t\t\t\t<span class=\"square2\"><\/span>\n\t\t\t\t\t<span class=\"square3\"><\/span>\n\t\t\t\t\t<span class=\"square4\"><\/span> \n\t\t\t\t\t<span class=\"square5\"><\/span>\n\t\t\t\t\t<span class=\"square6\"><\/span>\n\t\t\t\t\t<span class=\"square7\"><\/span>\n\t\t\t\t\t<span class=\"square8\"><\/span>\n\t\t\t\t\t<span class=\"square9\"><\/span>\n\t\t\t\t\t<span class=\"square10\"><\/span>\n\t\t\t\t\t<span class=\"square11\"><\/span>\n\t\t\t\t<\/div><!-- \/.schedule-squares -->\n\t\t\t                         \n\t\t<\/div><!-- \/.tvbanner-area -->\n\t\t[\/vc_column][\/vc_row][vc_row full_width=&#8221;stretch_row&#8221; css=&#8221;.vc_custom_1511787923390{margin-bottom: 0px !important;background-color: #ececed !important;}&#8221; el_class=&#8221;visible&#8221;][vc_column offset=&#8221;vc_col-lg-8 vc_col-md-12&#8243; el_class=&#8221;sticky-module&#8221;]\t\t\t\t\t \n\t\t\t\t<div class=\"module-title\n\t\t\t\t\tmb-30\">\n\t\t\t\t\t \n\t\t\t\t\t\t<h3 class=\"title\">\n\t\t\t\t\t\t\t<span class=\"bg-1\" style=\"\n\t\t\t\t\t\t\t\tbackground-color:#ff9800;\">\n\t\t\t\t\t\t\t\tNorthern\t\t\t\t\t\t\t<\/span>\n\t\t\t\t\t\t<\/h3>\n\t\t\t\t\t\t\t\t\t\t  \n\t\t\t\t\t\t<h3 class=\"subtitle\">Europe<\/h3>\n\t\t\t\t\t \n\t\t\t\t<\/div><!-- \/.module-title -->\n\t\t\t\t\t\t\t<div class=\"\">\n\t\t\t<div class=\"news-block\">\n\t\t\t\t\t\t\t\t\t<div class=\"item-block\"> \n\t\t\t\t\t\t<div class=\"item-image\">\n\t\t\t\t\t\t\t<a href=\"https:\/\/tva.cv\/index.php\/2022\/03\/29\/cmp-vai-ter-plataforma-de-investimento-da-diaspora-cabo-verdiana\/\" target=\"_self\">\n\t\t\t\t\t\t\t\t\t\t\t\t\t\t\t\t\t\t\t\t\t\t\t<\/a>\n\t\t\t\t\t\t\t\t\t\t\t\t\t\n\t\t\t\t\t\t<\/div><!-- \/.item-image -->                                             \n\t\t\t\t\t\t<div class=\"item-content\">\n\t\t\t\t\t\t\t\t\t\t\t\t\t\t\t<i class=\"fa fa-clock-o\"><\/i>\n\t\t\t\t\t\t\t\t\t\t\t\t\t\t\t\t\t<span class=\"day\">\n\t\t\t\t\t\t\t\t\t\tter, abr 26, 2022\t\t\t\t\t\t\t\t\t<\/span>\n\t\t\t\t\t\t\t\t\t\t\t\t\t\t\t\t\t\t\t\t\t\t\t\t\t\t\t\t\t\t<p><a href=\"https:\/\/tva.cv\/index.php\/2022\/03\/29\/cmp-vai-ter-plataforma-de-investimento-da-diaspora-cabo-verdiana\/\" target=\"_self\">CMP Plataforma<\/a><\/p>\n\t\t\t\t\t\t\t\t\t\t\t\t\t<\/div><!-- \/.item-content -->                                              \n\t\t\t\t\t<\/div><!-- \/.item-block --> \n\t\t\t\t\t\t\t\t\t<div class=\"item-block\"> \n\t\t\t\t\t\t<div class=\"item-image\">\n\t\t\t\t\t\t\t<a href=\"https:\/\/tva.cv\/index.php\/2022\/03\/30\/cmp-vai-construir-centro-comunitario-em-agua-funda\/\" target=\"_self\">\n\t\t\t\t\t\t\t\t\t\t\t\t\t\t\t\t\t\t\t\t\t\t\t<\/a>\n\t\t\t\t\t\t\t\t\t\t\t\t\t\n\t\t\t\t\t\t<\/div><!-- \/.item-image -->                                             \n\t\t\t\t\t\t<div class=\"item-content\">\n\t\t\t\t\t\t\t\t\t\t\t\t\t\t\t<i class=\"fa fa-clock-o\"><\/i>\n\t\t\t\t\t\t\t\t\t\t\t\t\t\t\t\t\t<span class=\"day\">\n\t\t\t\t\t\t\t\t\t\tter, abr 26, 2022\t\t\t\t\t\t\t\t\t<\/span>\n\t\t\t\t\t\t\t\t\t\t\t\t\t\t\t\t\t\t\t\t\t\t\t\t\t\t\t\t\t\t<p><a href=\"https:\/\/tva.cv\/index.php\/2022\/03\/30\/cmp-vai-construir-centro-comunitario-em-agua-funda\/\" target=\"_self\">CMP vai<\/a><\/p>\n\t\t\t\t\t\t\t\t\t\t\t\t\t<\/div><!-- \/.item-content -->                                              \n\t\t\t\t\t<\/div><!-- \/.item-block --> \n\t\t\t\t\t\t\t\t\t<div class=\"item-block\"> \n\t\t\t\t\t\t<div class=\"item-image\">\n\t\t\t\t\t\t\t<a href=\"https:\/\/tva.cv\/index.php\/2022\/04\/12\/ine-lanca-inquerito-as-despesas-e-receitas-familiares\/\" target=\"_self\">\n\t\t\t\t\t\t\t\t\t\t\t\t\t\t\t\t\t\t\t\t\t\t\t<\/a>\n\t\t\t\t\t\t\t\t\t\t\t\t\t\n\t\t\t\t\t\t<\/div><!-- \/.item-image -->                                             \n\t\t\t\t\t\t<div class=\"item-content\">\n\t\t\t\t\t\t\t\t\t\t\t\t\t\t\t<i class=\"fa fa-clock-o\"><\/i>\n\t\t\t\t\t\t\t\t\t\t\t\t\t\t\t\t\t<span class=\"day\">\n\t\t\t\t\t\t\t\t\t\tter, abr 26, 2022\t\t\t\t\t\t\t\t\t<\/span>\n\t\t\t\t\t\t\t\t\t\t\t\t\t\t\t\t\t\t\t\t\t\t\t\t\t\t\t\t\t\t<p><a href=\"https:\/\/tva.cv\/index.php\/2022\/04\/12\/ine-lanca-inquerito-as-despesas-e-receitas-familiares\/\" target=\"_self\">INE lan\u00e7a<\/a><\/p>\n\t\t\t\t\t\t\t\t\t\t\t\t\t<\/div><!-- \/.item-content -->                                              \n\t\t\t\t\t<\/div><!-- \/.item-block --> \n\t\t\t\t\t\t\t\t\t<div class=\"item-block\"> \n\t\t\t\t\t\t<div class=\"item-image\">\n\t\t\t\t\t\t\t<a href=\"https:\/\/tva.cv\/index.php\/2022\/04\/13\/cmp-homenageia-pugilista-sifonelo-borges\/\" target=\"_self\">\n\t\t\t\t\t\t\t\t<img width=\"576\" height=\"288\" src=\"https:\/\/tva.cv\/wp-content\/uploads\/2022\/04\/vlcsnap-2022-04-13-09h49m52s758-576x288.png\" class=\"img-responsive img-full wp-post-image\" alt=\"\" loading=\"lazy\" srcset=\"https:\/\/tva.cv\/wp-content\/uploads\/2022\/04\/vlcsnap-2022-04-13-09h49m52s758-576x288.png 576w, https:\/\/tva.cv\/wp-content\/uploads\/2022\/04\/vlcsnap-2022-04-13-09h49m52s758-400x200.png 400w\" sizes=\"(max-width: 576px) 100vw, 576px\" \/>\t\t\t\t\t\t\t\t\t\t\t\t\t\t\t<\/a>\n\t\t\t\t\t\t\t\t\t\t\t\t\t\n\t\t\t\t\t\t<\/div><!-- \/.item-image -->                                             \n\t\t\t\t\t\t<div class=\"item-content\">\n\t\t\t\t\t\t\t\t\t\t\t\t\t\t\t<i class=\"fa fa-clock-o\"><\/i>\n\t\t\t\t\t\t\t\t\t\t\t\t\t\t\t\t\t<span class=\"day\">\n\t\t\t\t\t\t\t\t\t\tter, abr 26, 2022\t\t\t\t\t\t\t\t\t<\/span>\n\t\t\t\t\t\t\t\t\t\t\t\t\t\t\t\t\t\t\t\t\t\t\t\t\t\t\t\t\t\t<p><a href=\"https:\/\/tva.cv\/index.php\/2022\/04\/13\/cmp-homenageia-pugilista-sifonelo-borges\/\" target=\"_self\">CMP homenageia<\/a><\/p>\n\t\t\t\t\t\t\t\t\t\t\t\t\t<\/div><!-- \/.item-content -->                                              \n\t\t\t\t\t<\/div><!-- \/.item-block --> \n\t\t\t\t\t\t\t\t\t<div class=\"item-block\"> \n\t\t\t\t\t\t<div class=\"item-image\">\n\t\t\t\t\t\t\t<a href=\"https:\/\/tva.cv\/index.php\/2022\/04\/13\/vendedeiras-pedem-dinheiro-investido-na-compra-de-lojas-no-mercado-de-coco\/\" target=\"_self\">\n\t\t\t\t\t\t\t\t<img width=\"576\" height=\"288\" src=\"https:\/\/tva.cv\/wp-content\/uploads\/2022\/04\/vlcsnap-2022-04-13-10h03m59s671-576x288.png\" class=\"img-responsive img-full wp-post-image\" alt=\"\" loading=\"lazy\" srcset=\"https:\/\/tva.cv\/wp-content\/uploads\/2022\/04\/vlcsnap-2022-04-13-10h03m59s671-576x288.png 576w, https:\/\/tva.cv\/wp-content\/uploads\/2022\/04\/vlcsnap-2022-04-13-10h03m59s671-400x200.png 400w\" sizes=\"(max-width: 576px) 100vw, 576px\" \/>\t\t\t\t\t\t\t\t\t\t\t\t\t\t\t<\/a>\n\t\t\t\t\t\t\t\t\t\t\t\t\t\n\t\t\t\t\t\t<\/div><!-- \/.item-image -->                                             \n\t\t\t\t\t\t<div class=\"item-content\">\n\t\t\t\t\t\t\t\t\t\t\t\t\t\t\t<i class=\"fa fa-clock-o\"><\/i>\n\t\t\t\t\t\t\t\t\t\t\t\t\t\t\t\t\t<span class=\"day\">\n\t\t\t\t\t\t\t\t\t\tqui, abr 14, 2022\t\t\t\t\t\t\t\t\t<\/span>\n\t\t\t\t\t\t\t\t\t\t\t\t\t\t\t\t\t\t\t\t\t\t\t\t\t\t\t\t\t\t<p><a href=\"https:\/\/tva.cv\/index.php\/2022\/04\/13\/vendedeiras-pedem-dinheiro-investido-na-compra-de-lojas-no-mercado-de-coco\/\" target=\"_self\">Vendedeiras pedem<\/a><\/p>\n\t\t\t\t\t\t\t\t\t\t\t\t\t<\/div><!-- \/.item-content -->                                              \n\t\t\t\t\t<\/div><!-- \/.item-block --> \n\t\t\t\t\t\t\t\t\t<div class=\"item-block\"> \n\t\t\t\t\t\t<div class=\"item-image\">\n\t\t\t\t\t\t\t<a href=\"https:\/\/tva.cv\/index.php\/2022\/04\/13\/cv-recebe-mais-de-3700-pedidos-de-residencia-de-estrangeiros\/\" target=\"_self\">\n\t\t\t\t\t\t\t\t<img width=\"576\" height=\"288\" src=\"https:\/\/tva.cv\/wp-content\/uploads\/2022\/04\/vlcsnap-2022-04-13-10h15m50s008-576x288.png\" class=\"img-responsive img-full wp-post-image\" alt=\"\" loading=\"lazy\" srcset=\"https:\/\/tva.cv\/wp-content\/uploads\/2022\/04\/vlcsnap-2022-04-13-10h15m50s008-576x288.png 576w, https:\/\/tva.cv\/wp-content\/uploads\/2022\/04\/vlcsnap-2022-04-13-10h15m50s008-400x200.png 400w\" sizes=\"(max-width: 576px) 100vw, 576px\" \/>\t\t\t\t\t\t\t\t\t\t\t\t\t\t\t<\/a>\n\t\t\t\t\t\t\t\t\t\t\t\t\t\n\t\t\t\t\t\t<\/div><!-- \/.item-image -->                                             \n\t\t\t\t\t\t<div class=\"item-content\">\n\t\t\t\t\t\t\t\t\t\t\t\t\t\t\t<i class=\"fa fa-clock-o\"><\/i>\n\t\t\t\t\t\t\t\t\t\t\t\t\t\t\t\t\t<span class=\"day\">\n\t\t\t\t\t\t\t\t\t\tqui, abr 14, 2022\t\t\t\t\t\t\t\t\t<\/span>\n\t\t\t\t\t\t\t\t\t\t\t\t\t\t\t\t\t\t\t\t\t\t\t\t\t\t\t\t\t\t<p><a href=\"https:\/\/tva.cv\/index.php\/2022\/04\/13\/cv-recebe-mais-de-3700-pedidos-de-residencia-de-estrangeiros\/\" target=\"_self\">CV <\/a><\/p>\n\t\t\t\t\t\t\t\t\t\t\t\t\t<\/div><!-- \/.item-content -->                                              \n\t\t\t\t\t<\/div><!-- \/.item-block --> \n\t\t\t\t\t\t\t\t\t<div class=\"item-block\"> \n\t\t\t\t\t\t<div class=\"item-image\">\n\t\t\t\t\t\t\t<a href=\"https:\/\/tva.cv\/index.php\/2022\/04\/13\/cabo-verde-e-visto-como-um-exemplo-na-prevencao-de-lavagem-de-capitais\/\" target=\"_self\">\n\t\t\t\t\t\t\t\t<img width=\"576\" height=\"288\" src=\"https:\/\/tva.cv\/wp-content\/uploads\/2022\/04\/vlcsnap-2022-04-13-11h01m44s413-576x288.png\" class=\"img-responsive img-full wp-post-image\" alt=\"\" loading=\"lazy\" srcset=\"https:\/\/tva.cv\/wp-content\/uploads\/2022\/04\/vlcsnap-2022-04-13-11h01m44s413-576x288.png 576w, https:\/\/tva.cv\/wp-content\/uploads\/2022\/04\/vlcsnap-2022-04-13-11h01m44s413-400x200.png 400w\" sizes=\"(max-width: 576px) 100vw, 576px\" \/>\t\t\t\t\t\t\t\t\t\t\t\t\t\t\t<\/a>\n\t\t\t\t\t\t\t\t\t\t\t\t\t\n\t\t\t\t\t\t<\/div><!-- \/.item-image -->                                             \n\t\t\t\t\t\t<div class=\"item-content\">\n\t\t\t\t\t\t\t\t\t\t\t\t\t\t\t<i class=\"fa fa-clock-o\"><\/i>\n\t\t\t\t\t\t\t\t\t\t\t\t\t\t\t\t\t<span class=\"day\">\n\t\t\t\t\t\t\t\t\t\tqui, abr 14, 2022\t\t\t\t\t\t\t\t\t<\/span>\n\t\t\t\t\t\t\t\t\t\t\t\t\t\t\t\t\t\t\t\t\t\t\t\t\t\t\t\t\t\t<p><a href=\"https:\/\/tva.cv\/index.php\/2022\/04\/13\/cabo-verde-e-visto-como-um-exemplo-na-prevencao-de-lavagem-de-capitais\/\" target=\"_self\">Cabo Verde<\/a><\/p>\n\t\t\t\t\t\t\t\t\t\t\t\t\t<\/div><!-- \/.item-content -->                                              \n\t\t\t\t\t<\/div><!-- \/.item-block --> \n\t\t\t\t\t\t\t\t\t<div class=\"item-block\"> \n\t\t\t\t\t\t<div class=\"item-image\">\n\t\t\t\t\t\t\t<a href=\"https:\/\/tva.cv\/index.php\/2022\/04\/14\/estudantes-de-enfermagem-querem-acabar-com-a-disparidade-na-saude\/\" target=\"_self\">\n\t\t\t\t\t\t\t\t<img width=\"576\" height=\"288\" src=\"https:\/\/tva.cv\/wp-content\/uploads\/2022\/04\/vlcsnap-2022-04-14-10h13m38s160-576x288.png\" class=\"img-responsive img-full wp-post-image\" alt=\"\" loading=\"lazy\" srcset=\"https:\/\/tva.cv\/wp-content\/uploads\/2022\/04\/vlcsnap-2022-04-14-10h13m38s160-576x288.png 576w, https:\/\/tva.cv\/wp-content\/uploads\/2022\/04\/vlcsnap-2022-04-14-10h13m38s160-400x200.png 400w\" sizes=\"(max-width: 576px) 100vw, 576px\" \/>\t\t\t\t\t\t\t\t\t\t\t\t\t\t\t<\/a>\n\t\t\t\t\t\t\t\t\t\t\t\t\t\n\t\t\t\t\t\t<\/div><!-- \/.item-image -->                                             \n\t\t\t\t\t\t<div class=\"item-content\">\n\t\t\t\t\t\t\t\t\t\t\t\t\t\t\t<i class=\"fa fa-clock-o\"><\/i>\n\t\t\t\t\t\t\t\t\t\t\t\t\t\t\t\t\t<span class=\"day\">\n\t\t\t\t\t\t\t\t\t\tter, abr 26, 2022\t\t\t\t\t\t\t\t\t<\/span>\n\t\t\t\t\t\t\t\t\t\t\t\t\t\t\t\t\t\t\t\t\t\t\t\t\t\t\t\t\t\t<p><a href=\"https:\/\/tva.cv\/index.php\/2022\/04\/14\/estudantes-de-enfermagem-querem-acabar-com-a-disparidade-na-saude\/\" target=\"_self\">Estudantes de<\/a><\/p>\n\t\t\t\t\t\t\t\t\t\t\t\t\t<\/div><!-- \/.item-content -->                                              \n\t\t\t\t\t<\/div><!-- \/.item-block --> \n\t\t\t\t\t\t\t\t\t<div class=\"item-block\"> \n\t\t\t\t\t\t<div class=\"item-image\">\n\t\t\t\t\t\t\t<a href=\"https:\/\/tva.cv\/index.php\/2022\/04\/14\/em-2-anos-scm-ja-distribuiu-15-mil-contos-em-direitos-autorais\/\" target=\"_self\">\n\t\t\t\t\t\t\t\t<img width=\"576\" height=\"288\" src=\"https:\/\/tva.cv\/wp-content\/uploads\/2022\/04\/vlcsnap-2022-04-14-10h24m06s329-576x288.png\" class=\"img-responsive img-full wp-post-image\" alt=\"\" loading=\"lazy\" srcset=\"https:\/\/tva.cv\/wp-content\/uploads\/2022\/04\/vlcsnap-2022-04-14-10h24m06s329-576x288.png 576w, https:\/\/tva.cv\/wp-content\/uploads\/2022\/04\/vlcsnap-2022-04-14-10h24m06s329-400x200.png 400w\" sizes=\"(max-width: 576px) 100vw, 576px\" \/>\t\t\t\t\t\t\t\t\t\t\t\t\t\t\t<\/a>\n\t\t\t\t\t\t\t\t\t\t\t\t\t\n\t\t\t\t\t\t<\/div><!-- \/.item-image -->                                             \n\t\t\t\t\t\t<div class=\"item-content\">\n\t\t\t\t\t\t\t\t\t\t\t\t\t\t\t<i class=\"fa fa-clock-o\"><\/i>\n\t\t\t\t\t\t\t\t\t\t\t\t\t\t\t\t\t<span class=\"day\">\n\t\t\t\t\t\t\t\t\t\tseg, abr 18, 2022\t\t\t\t\t\t\t\t\t<\/span>\n\t\t\t\t\t\t\t\t\t\t\t\t\t\t\t\t\t\t\t\t\t\t\t\t\t\t\t\t\t\t<p><a href=\"https:\/\/tva.cv\/index.php\/2022\/04\/14\/em-2-anos-scm-ja-distribuiu-15-mil-contos-em-direitos-autorais\/\" target=\"_self\">Em 2<\/a><\/p>\n\t\t\t\t\t\t\t\t\t\t\t\t\t<\/div><!-- \/.item-content -->                                              \n\t\t\t\t\t<\/div><!-- \/.item-block --> \n\t\t\t\t\t\t\t\t\t<div class=\"item-block\"> \n\t\t\t\t\t\t<div class=\"item-image\">\n\t\t\t\t\t\t\t<a href=\"https:\/\/tva.cv\/index.php\/2022\/04\/14\/criancas-de-ponta-dagua-a-caminho-dos-acores-para-jogar-futebol\/\" target=\"_self\">\n\t\t\t\t\t\t\t\t<img width=\"576\" height=\"288\" src=\"https:\/\/tva.cv\/wp-content\/uploads\/2022\/04\/vlcsnap-2022-04-14-10h39m06s842-576x288.png\" class=\"img-responsive img-full wp-post-image\" alt=\"\" loading=\"lazy\" srcset=\"https:\/\/tva.cv\/wp-content\/uploads\/2022\/04\/vlcsnap-2022-04-14-10h39m06s842-576x288.png 576w, https:\/\/tva.cv\/wp-content\/uploads\/2022\/04\/vlcsnap-2022-04-14-10h39m06s842-400x200.png 400w\" sizes=\"(max-width: 576px) 100vw, 576px\" \/>\t\t\t\t\t\t\t\t\t\t\t\t\t\t\t<\/a>\n\t\t\t\t\t\t\t\t\t\t\t\t\t\n\t\t\t\t\t\t<\/div><!-- \/.item-image -->                                             \n\t\t\t\t\t\t<div class=\"item-content\">\n\t\t\t\t\t\t\t\t\t\t\t\t\t\t\t<i class=\"fa fa-clock-o\"><\/i>\n\t\t\t\t\t\t\t\t\t\t\t\t\t\t\t\t\t<span class=\"day\">\n\t\t\t\t\t\t\t\t\t\tter, abr 26, 2022\t\t\t\t\t\t\t\t\t<\/span>\n\t\t\t\t\t\t\t\t\t\t\t\t\t\t\t\t\t\t\t\t\t\t\t\t\t\t\t\t\t\t<p><a href=\"https:\/\/tva.cv\/index.php\/2022\/04\/14\/criancas-de-ponta-dagua-a-caminho-dos-acores-para-jogar-futebol\/\" target=\"_self\">Crian\u00e7as de<\/a><\/p>\n\t\t\t\t\t\t\t\t\t\t\t\t\t<\/div><!-- \/.item-content -->                                              \n\t\t\t\t\t<\/div><!-- \/.item-block --> \n\t\t\t\t\t\t\t\t\t<div class=\"item-block\"> \n\t\t\t\t\t\t<div class=\"item-image\">\n\t\t\t\t\t\t\t<a href=\"https:\/\/tva.cv\/index.php\/2022\/04\/14\/mindelense-defende-titulo-de-campeao-nacional-apos-interrupcao-de-duas-epocas\/\" target=\"_self\">\n\t\t\t\t\t\t\t\t<img width=\"576\" height=\"288\" src=\"https:\/\/tva.cv\/wp-content\/uploads\/2022\/04\/vlcsnap-2022-04-14-10h58m04s626-576x288.png\" class=\"img-responsive img-full wp-post-image\" alt=\"\" loading=\"lazy\" srcset=\"https:\/\/tva.cv\/wp-content\/uploads\/2022\/04\/vlcsnap-2022-04-14-10h58m04s626-576x288.png 576w, https:\/\/tva.cv\/wp-content\/uploads\/2022\/04\/vlcsnap-2022-04-14-10h58m04s626-400x200.png 400w\" sizes=\"(max-width: 576px) 100vw, 576px\" \/>\t\t\t\t\t\t\t\t\t\t\t\t\t\t\t<\/a>\n\t\t\t\t\t\t\t\t\t\t\t\t\t\n\t\t\t\t\t\t<\/div><!-- \/.item-image -->                                             \n\t\t\t\t\t\t<div class=\"item-content\">\n\t\t\t\t\t\t\t\t\t\t\t\t\t\t\t<i class=\"fa fa-clock-o\"><\/i>\n\t\t\t\t\t\t\t\t\t\t\t\t\t\t\t\t\t<span class=\"day\">\n\t\t\t\t\t\t\t\t\t\tter, abr 26, 2022\t\t\t\t\t\t\t\t\t<\/span>\n\t\t\t\t\t\t\t\t\t\t\t\t\t\t\t\t\t\t\t\t\t\t\t\t\t\t\t\t\t\t<p><a href=\"https:\/\/tva.cv\/index.php\/2022\/04\/14\/mindelense-defende-titulo-de-campeao-nacional-apos-interrupcao-de-duas-epocas\/\" target=\"_self\">Mindelense defende<\/a><\/p>\n\t\t\t\t\t\t\t\t\t\t\t\t\t<\/div><!-- \/.item-content -->                                              \n\t\t\t\t\t<\/div><!-- \/.item-block --> \n\t\t\t\t\t\t\t\t\t<div class=\"item-block\"> \n\t\t\t\t\t\t<div class=\"item-image\">\n\t\t\t\t\t\t\t<a href=\"https:\/\/tva.cv\/index.php\/2022\/04\/14\/associacao-maracana-de-ponta-dagua-desvia-jovens-da-delinquencia-e-desactiva-7-grupos-de-thugs\/\" target=\"_self\">\n\t\t\t\t\t\t\t\t<img width=\"576\" height=\"288\" src=\"https:\/\/tva.cv\/wp-content\/uploads\/2022\/04\/vlcsnap-2022-04-14-11h17m56s572-576x288.png\" class=\"img-responsive img-full wp-post-image\" alt=\"\" loading=\"lazy\" srcset=\"https:\/\/tva.cv\/wp-content\/uploads\/2022\/04\/vlcsnap-2022-04-14-11h17m56s572-576x288.png 576w, https:\/\/tva.cv\/wp-content\/uploads\/2022\/04\/vlcsnap-2022-04-14-11h17m56s572-400x200.png 400w\" sizes=\"(max-width: 576px) 100vw, 576px\" \/>\t\t\t\t\t\t\t\t\t\t\t\t\t\t\t<\/a>\n\t\t\t\t\t\t\t\t\t\t\t\t\t\n\t\t\t\t\t\t<\/div><!-- \/.item-image -->                                             \n\t\t\t\t\t\t<div class=\"item-content\">\n\t\t\t\t\t\t\t\t\t\t\t\t\t\t\t<i class=\"fa fa-clock-o\"><\/i>\n\t\t\t\t\t\t\t\t\t\t\t\t\t\t\t\t\t<span class=\"day\">\n\t\t\t\t\t\t\t\t\t\tter, abr 26, 2022\t\t\t\t\t\t\t\t\t<\/span>\n\t\t\t\t\t\t\t\t\t\t\t\t\t\t\t\t\t\t\t\t\t\t\t\t\t\t\t\t\t\t<p><a href=\"https:\/\/tva.cv\/index.php\/2022\/04\/14\/associacao-maracana-de-ponta-dagua-desvia-jovens-da-delinquencia-e-desactiva-7-grupos-de-thugs\/\" target=\"_self\">Associa\u00e7\u00e3o Maracan\u00e3<\/a><\/p>\n\t\t\t\t\t\t\t\t\t\t\t\t\t<\/div><!-- \/.item-content -->                                              \n\t\t\t\t\t<\/div><!-- \/.item-block --> \n\t\t\t\t\t\t\t\t\t<div class=\"item-block\"> \n\t\t\t\t\t\t<div class=\"item-image\">\n\t\t\t\t\t\t\t<a href=\"https:\/\/tva.cv\/index.php\/2022\/04\/14\/sporting-e-travadores-apimentam-rivalidade-de-olhos-postos-no-titulo\/\" target=\"_self\">\n\t\t\t\t\t\t\t\t<img width=\"576\" height=\"288\" src=\"https:\/\/tva.cv\/wp-content\/uploads\/2022\/04\/vlcsnap-2022-04-14-16h06m43s719-576x288.png\" class=\"img-responsive img-full wp-post-image\" alt=\"\" loading=\"lazy\" srcset=\"https:\/\/tva.cv\/wp-content\/uploads\/2022\/04\/vlcsnap-2022-04-14-16h06m43s719-576x288.png 576w, https:\/\/tva.cv\/wp-content\/uploads\/2022\/04\/vlcsnap-2022-04-14-16h06m43s719-400x200.png 400w\" sizes=\"(max-width: 576px) 100vw, 576px\" \/>\t\t\t\t\t\t\t\t\t\t\t\t\t\t\t<\/a>\n\t\t\t\t\t\t\t\t\t\t\t\t\t\n\t\t\t\t\t\t<\/div><!-- \/.item-image -->                                             \n\t\t\t\t\t\t<div class=\"item-content\">\n\t\t\t\t\t\t\t\t\t\t\t\t\t\t\t<i class=\"fa fa-clock-o\"><\/i>\n\t\t\t\t\t\t\t\t\t\t\t\t\t\t\t\t\t<span class=\"day\">\n\t\t\t\t\t\t\t\t\t\tter, abr 26, 2022\t\t\t\t\t\t\t\t\t<\/span>\n\t\t\t\t\t\t\t\t\t\t\t\t\t\t\t\t\t\t\t\t\t\t\t\t\t\t\t\t\t\t<p><a href=\"https:\/\/tva.cv\/index.php\/2022\/04\/14\/sporting-e-travadores-apimentam-rivalidade-de-olhos-postos-no-titulo\/\" target=\"_self\">Sporting e<\/a><\/p>\n\t\t\t\t\t\t\t\t\t\t\t\t\t<\/div><!-- \/.item-content -->                                              \n\t\t\t\t\t<\/div><!-- \/.item-block --> \n\t\t\t\t\t\t\t\t\t<div class=\"item-block\"> \n\t\t\t\t\t\t<div class=\"item-image\">\n\t\t\t\t\t\t\t<a href=\"https:\/\/tva.cv\/index.php\/2022\/04\/14\/greve-dos-professores-adiada-para-outubro\/\" target=\"_self\">\n\t\t\t\t\t\t\t\t<img width=\"576\" height=\"288\" src=\"https:\/\/tva.cv\/wp-content\/uploads\/2022\/04\/vlcsnap-2022-04-14-16h13m52s254-576x288.png\" class=\"img-responsive img-full wp-post-image\" alt=\"\" loading=\"lazy\" srcset=\"https:\/\/tva.cv\/wp-content\/uploads\/2022\/04\/vlcsnap-2022-04-14-16h13m52s254-576x288.png 576w, https:\/\/tva.cv\/wp-content\/uploads\/2022\/04\/vlcsnap-2022-04-14-16h13m52s254-400x200.png 400w\" sizes=\"(max-width: 576px) 100vw, 576px\" \/>\t\t\t\t\t\t\t\t\t\t\t\t\t\t\t<\/a>\n\t\t\t\t\t\t\t\t\t\t\t\t\t\n\t\t\t\t\t\t<\/div><!-- \/.item-image -->                                             \n\t\t\t\t\t\t<div class=\"item-content\">\n\t\t\t\t\t\t\t\t\t\t\t\t\t\t\t<i class=\"fa fa-clock-o\"><\/i>\n\t\t\t\t\t\t\t\t\t\t\t\t\t\t\t\t\t<span class=\"day\">\n\t\t\t\t\t\t\t\t\t\tseg, abr 18, 2022\t\t\t\t\t\t\t\t\t<\/span>\n\t\t\t\t\t\t\t\t\t\t\t\t\t\t\t\t\t\t\t\t\t\t\t\t\t\t\t\t\t\t<p><a href=\"https:\/\/tva.cv\/index.php\/2022\/04\/14\/greve-dos-professores-adiada-para-outubro\/\" target=\"_self\">Greve dos<\/a><\/p>\n\t\t\t\t\t\t\t\t\t\t\t\t\t<\/div><!-- \/.item-content -->                                              \n\t\t\t\t\t<\/div><!-- \/.item-block --> \n\t\t\t\t\t\t\t\t\t<div class=\"item-block\"> \n\t\t\t\t\t\t<div class=\"item-image\">\n\t\t\t\t\t\t\t<a href=\"https:\/\/tva.cv\/index.php\/2022\/04\/14\/jovens-universitarios-desafiados-a-apostarem-em-negocios-digitais\/\" target=\"_self\">\n\t\t\t\t\t\t\t\t<img width=\"576\" height=\"288\" src=\"https:\/\/tva.cv\/wp-content\/uploads\/2022\/04\/vlcsnap-2022-04-14-16h21m52s855-576x288.png\" class=\"img-responsive img-full wp-post-image\" alt=\"\" loading=\"lazy\" srcset=\"https:\/\/tva.cv\/wp-content\/uploads\/2022\/04\/vlcsnap-2022-04-14-16h21m52s855-576x288.png 576w, https:\/\/tva.cv\/wp-content\/uploads\/2022\/04\/vlcsnap-2022-04-14-16h21m52s855-400x200.png 400w\" sizes=\"(max-width: 576px) 100vw, 576px\" \/>\t\t\t\t\t\t\t\t\t\t\t\t\t\t\t<\/a>\n\t\t\t\t\t\t\t\t\t\t\t\t\t\n\t\t\t\t\t\t<\/div><!-- \/.item-image -->                                             \n\t\t\t\t\t\t<div class=\"item-content\">\n\t\t\t\t\t\t\t\t\t\t\t\t\t\t\t<i class=\"fa fa-clock-o\"><\/i>\n\t\t\t\t\t\t\t\t\t\t\t\t\t\t\t\t\t<span class=\"day\">\n\t\t\t\t\t\t\t\t\t\tter, abr 26, 2022\t\t\t\t\t\t\t\t\t<\/span>\n\t\t\t\t\t\t\t\t\t\t\t\t\t\t\t\t\t\t\t\t\t\t\t\t\t\t\t\t\t\t<p><a href=\"https:\/\/tva.cv\/index.php\/2022\/04\/14\/jovens-universitarios-desafiados-a-apostarem-em-negocios-digitais\/\" target=\"_self\">Jovens universit\u00e1rios<\/a><\/p>\n\t\t\t\t\t\t\t\t\t\t\t\t\t<\/div><!-- \/.item-content -->                                              \n\t\t\t\t\t<\/div><!-- \/.item-block --> \n\t\t\t\t\t\t\t<\/div><!-- \/.news-block -->     \t\n\t\t<\/div>\n\t\t\t\t\t\t\t<div class=\"title-style01\n\t\t\t\t\">\n\t\t\t\t<h3>Facts about Northern Europe<\/h3>\n\t\t\t<\/div>\n\t\t\t\t[vc_column_text css=&#8221;.vc_custom_1512223067306{margin-bottom: 0px !important;}&#8221;]<\/p>\n<div class=\"item-content\">\n<p><a class=\"external-link\" href=\"#\" target=\"_blank\" rel=\"noopener noreferrer\"><strong>Scandanavia<\/strong>: Norway, Sweden and Denmark are also known as Scandanavia (Finland and the Faroe Islands)<\/a><\/p>\n<p><a href=\"#\">The Scandinavian Peninsula is the largest peninsula of Europe, larger than the Balkan, the Iberian and the Italian peninsulas<\/a><\/p>\n<p><a href=\"#\">Greenland is a large autonomous region which is considered to be a part of the Kingdom of Denmark. Greenland is one of the countries which are said to be trans-continental countries <\/a><\/div>\n<p>[\/vc_column_text][\/vc_column][vc_column offset=&#8221;vc_col-lg-4 vc_col-md-12&#8243;]\t\t<div class=\"\n\t\t\tmb-30\"> \n\t\t\t\t\t\t\t<div class=\"\n\t\t\t\t\tblock-title-1\"\n\t\t\t\t\tstyle=\"\n\t\t\t\t\tmargin-bottom:30px;\"> \n\t\t\t\t\t<h3>World Top News<\/h3> \n\t\t\t\t<\/div>\n\t\t\t\t\t\t<div class=\"rss-feed-tabs\">  \n\t\t\t\t\t\t\t\t\n<div class=\"news-ticker-rss-widget ticker-style-smodern\">\n<div class=\"ticker-wrap ticker-style-modern\" data-id=\"ticker-tab-\"><p><strong>Erro de RSS:<\/strong> WP HTTP Error: N\u00e3o foi fornecido um URL v\u00e1lido.<\/p><\/div>\n<\/div>\n\t\t\t\t\n\t\t\t<\/div><!-- \/.rss-feed-tabs -->\n\t\t<\/div>    \n\t\t\t\t<div id=\"weather\" class=\"sidebar-weather mb-30\">\n\t\t\t<div class='panel'>\n\t\t\t\t<div class=\"block-title-1\">\n\t\t\t\t\t<span class='city' id='city'><\/span>\n\t\t\t\t<\/div>\n\t\t\t\t<div class=\"weather-card\">\n\t\t\t\t\t<div class='weather'>\n\t\t\t\t\t\t<div class='temperature' id='temperature'>\n\t\t\t\t\t\t\t<div class='temp' id='temp'>\n\t\t\t\t\t\t\t\t<i id='condition'><\/i>\n\t\t\t\t\t\t\t\t<span id='num'><\/span>\n\t\t\t\t\t\t\t\t<a class='fahrenheit active' id='fahrenheit' href=\"#\">&deg;F<\/a>\n\t\t\t\t\t\t\t\t<span class='divider secondary'>|<\/span>\n\t\t\t\t\t\t\t\t<a class='celsius' id='celsius' href=\"#\">&deg;C<\/a>\n\t\t\t\t\t\t\t<\/div>\n\t\t\t\t\t\t<\/div>\n\t\t\t\t\t\t<div class='group secondary'>\n\t\t\t\t\t\t\t<div id='haze' class=\"desc-text\"><\/div>\n\t\t\t\t\t\t\t<div id='wind' class=\"desc-text\"><\/div>\n\t\t\t\t\t\t\t<div id='humidity' class=\"desc-text\"><\/div>\n\t\t\t\t\t\t<\/div>\n\t\t\t\t\t\t<div class='forecast' id='forecast'><\/div>\t\t\t\t\t\n\t\t\t\t\t<\/div><!-- \/.weather --> \n\t\t\t\t<\/div><!-- \/.weather-card --> \n\t\t\t<\/div><!-- \/.panel -->\n\t\t<\/div><!-- \/#weather --> \n\t\t[vc_wp_calendar el_class=&#8221;mb-30&#8243;][vc_column_text css=&#8221;.vc_custom_1512223074530{margin-bottom: 0px !important;}&#8221;]<script>(function() {\n\twindow.mc4wp = window.mc4wp || {\n\t\tlisteners: [],\n\t\tforms: {\n\t\t\ton: function(evt, cb) {\n\t\t\t\twindow.mc4wp.listeners.push(\n\t\t\t\t\t{\n\t\t\t\t\t\tevent   : evt,\n\t\t\t\t\t\tcallback: cb\n\t\t\t\t\t}\n\t\t\t\t);\n\t\t\t}\n\t\t}\n\t}\n})();\n<\/script><!-- Mailchimp for WordPress v4.8.10 - https:\/\/wordpress.org\/plugins\/mailchimp-for-wp\/ --><form id=\"mc4wp-form-1\" class=\"mc4wp-form mc4wp-form-261\" method=\"post\" data-id=\"261\" data-name=\"Newsletter\" ><div class=\"mc4wp-form-fields\"><div id=\"sidebar-newsletter\">\n  <div class=\"sidebar-newsletter-inner\">\n    <h5>Newsletter<\/h5> \n  <\/div>  \n  <div class=\"sidebar-newsletter-form\">\n    <div class=\"input-group\">\n        <input type=\"email\" name=\"EMAIL\" class=\"form-control\" placeholder=\"Your email address\" required \/>\n      \t<span class=\"input-group-btn\"><button type=\"submit\" class=\"btn btn-success\"> SUBSCRIBE  <\/button><\/span>\n    <\/div>\n  <\/div>\n<\/div><\/div><label style=\"display: none !important;\">Leave this field empty if you're human: <input type=\"text\" name=\"_mc4wp_honeypot\" value=\"\" tabindex=\"-1\" autocomplete=\"off\" \/><\/label><input type=\"hidden\" name=\"_mc4wp_timestamp\" value=\"1777621250\" \/><input type=\"hidden\" name=\"_mc4wp_form_id\" value=\"261\" \/><input type=\"hidden\" name=\"_mc4wp_form_element_id\" value=\"mc4wp-form-1\" \/><div class=\"mc4wp-response\"><\/div><\/form><!-- \/ Mailchimp for WordPress Plugin -->[\/vc_column_text][\/vc_column][\/vc_row][vc_row full_width=&#8221;stretch_row&#8221; el_class=&#8221;vc_padding_t-0&#8243;][vc_column]\t\t<div class=\"\">\n\t\t\t\t\t\t\t<div class=\"carousel-title\" style=\"\n\t\t\t\t\t\t\t\t\t\tmargin-bottom:5px;\">\n\t\t\t\t\tPrimetime News World\t\t\t\t<\/div><!-- \/.carousel-title -->\n\t\t\t\t\t\t<div id=\"small-gallery-slider\" class=\"owl-carousel\">\n\t\t\t\t\t\t\t\t\t<div class=\"small-gallery\">\n\t\t\t\t\t\t<a href=\"https:\/\/tva.cv\/index.php\/2026\/04\/30\/episodio-5-china-em-foco\/\" target=\"_self\">\n\t\t\t\t\t\t\t<img width=\"108\" height=\"108\" src=\"https:\/\/tva.cv\/wp-content\/uploads\/2026\/04\/China-em-Foco-Ep.5.00_00_00_00.Still001-108x108.png\" class=\"img-responsive wp-post-image\" alt=\"\" loading=\"lazy\" srcset=\"https:\/\/tva.cv\/wp-content\/uploads\/2026\/04\/China-em-Foco-Ep.5.00_00_00_00.Still001-108x108.png 108w, https:\/\/tva.cv\/wp-content\/uploads\/2026\/04\/China-em-Foco-Ep.5.00_00_00_00.Still001-150x150.png 150w\" sizes=\"(max-width: 108px) 100vw, 108px\" \/>\t\t\t\t\t\t<\/a>\n\t\t\t\t\t\t<div class=\"post-content\">\n\t\t\t\t\t\t\t\t\t\t\t\t\t\t\t\t\t\t\t<a href=\"https:\/\/tva.cv\/index.php\/tag\/destaque\/\" target=\"_self\">\n\t\t\t\t\t\t\t\t\t\t\t\t\tDestaque\t\t\t\t\t\t\t\t\t\t\t\t<\/a>\n\t\t\t\t\t\t\t\t\t\t\t\t\t\t\t\t\t\t\n\t\t\t\t\t\t\t<p><a href=\"https:\/\/tva.cv\/index.php\/2026\/04\/30\/episodio-5-china-em-foco\/\" target=\"_self\">Epis\u00f3dio 5: China em<\/a><\/p>\n\t\t\t\t\t\t\t<i class=\"fa fa-clock-o\"><\/i>\n\t\t\t\t\t\t\t\t\t\t\t\t\t\t\t<span class=\"day\">qui, 30 abr, 2026<\/span>\n\t\t\t\t\t\t\t\t\t\t\t\t\t<\/div><!-- \/.post-content -->                                 \n\t\t\t\t\t<\/div><!-- \/.small-gallery -->\n\t\t\t\t\t\t\t\t\t<div class=\"small-gallery\">\n\t\t\t\t\t\t<a href=\"https:\/\/tva.cv\/index.php\/2026\/04\/30\/dia-dos-trabalhadores-trabalhadores-destacam-desafios-e-apelam-a-melhores-condicoes-laborais\/\" target=\"_self\">\n\t\t\t\t\t\t\t<img width=\"108\" height=\"108\" src=\"https:\/\/tva.cv\/wp-content\/uploads\/2026\/04\/Dia-dos-Trabalhadores.00_00_23_08.Still001-108x108.png\" class=\"img-responsive wp-post-image\" alt=\"\" loading=\"lazy\" srcset=\"https:\/\/tva.cv\/wp-content\/uploads\/2026\/04\/Dia-dos-Trabalhadores.00_00_23_08.Still001-108x108.png 108w, https:\/\/tva.cv\/wp-content\/uploads\/2026\/04\/Dia-dos-Trabalhadores.00_00_23_08.Still001-150x150.png 150w\" sizes=\"(max-width: 108px) 100vw, 108px\" \/>\t\t\t\t\t\t<\/a>\n\t\t\t\t\t\t<div class=\"post-content\">\n\t\t\t\t\t\t\t\t\t\t\t\t\t\t\t\t\t\t\t<a href=\"https:\/\/tva.cv\/index.php\/tag\/destaque\/\" target=\"_self\">\n\t\t\t\t\t\t\t\t\t\t\t\t\tDestaque\t\t\t\t\t\t\t\t\t\t\t\t<\/a>\n\t\t\t\t\t\t\t\t\t\t\t\t\t\t\t\t\t\t\n\t\t\t\t\t\t\t<p><a href=\"https:\/\/tva.cv\/index.php\/2026\/04\/30\/dia-dos-trabalhadores-trabalhadores-destacam-desafios-e-apelam-a-melhores-condicoes-laborais\/\" target=\"_self\">Dia dos Trabalhadores: Trabalhadores<\/a><\/p>\n\t\t\t\t\t\t\t<i class=\"fa fa-clock-o\"><\/i>\n\t\t\t\t\t\t\t\t\t\t\t\t\t\t\t<span class=\"day\">qui, 30 abr, 2026<\/span>\n\t\t\t\t\t\t\t\t\t\t\t\t\t<\/div><!-- \/.post-content -->                                 \n\t\t\t\t\t<\/div><!-- \/.small-gallery -->\n\t\t\t\t\t\t\t\t\t<div class=\"small-gallery\">\n\t\t\t\t\t\t<a href=\"https:\/\/tva.cv\/index.php\/2026\/04\/30\/djunta-mo-soncent-by-rede-cabo-verde-diaspora-apoia-cidadaos-afetados-pela-tempestade-erin\/\" target=\"_self\">\n\t\t\t\t\t\t\t<img width=\"108\" height=\"108\" src=\"https:\/\/tva.cv\/wp-content\/uploads\/2026\/04\/Djunta-Mo-Soncent-by-Rede-Cabo-Verde-Diaspora.00_00_07_12.Still001-108x108.png\" class=\"img-responsive wp-post-image\" alt=\"\" loading=\"lazy\" srcset=\"https:\/\/tva.cv\/wp-content\/uploads\/2026\/04\/Djunta-Mo-Soncent-by-Rede-Cabo-Verde-Diaspora.00_00_07_12.Still001-108x108.png 108w, https:\/\/tva.cv\/wp-content\/uploads\/2026\/04\/Djunta-Mo-Soncent-by-Rede-Cabo-Verde-Diaspora.00_00_07_12.Still001-150x150.png 150w\" sizes=\"(max-width: 108px) 100vw, 108px\" \/>\t\t\t\t\t\t<\/a>\n\t\t\t\t\t\t<div class=\"post-content\">\n\t\t\t\t\t\t\t\t\t\t\t\t\t\t\t\t\t\t\t<a href=\"https:\/\/tva.cv\/index.php\/tag\/destaque\/\" target=\"_self\">\n\t\t\t\t\t\t\t\t\t\t\t\t\tDestaque\t\t\t\t\t\t\t\t\t\t\t\t<\/a>\n\t\t\t\t\t\t\t\t\t\t\t\t\t\t\t\t\t\t\n\t\t\t\t\t\t\t<p><a href=\"https:\/\/tva.cv\/index.php\/2026\/04\/30\/djunta-mo-soncent-by-rede-cabo-verde-diaspora-apoia-cidadaos-afetados-pela-tempestade-erin\/\" target=\"_self\">Djunta Mo Soncent by<\/a><\/p>\n\t\t\t\t\t\t\t<i class=\"fa fa-clock-o\"><\/i>\n\t\t\t\t\t\t\t\t\t\t\t\t\t\t\t<span class=\"day\">qui, 30 abr, 2026<\/span>\n\t\t\t\t\t\t\t\t\t\t\t\t\t<\/div><!-- \/.post-content -->                                 \n\t\t\t\t\t<\/div><!-- \/.small-gallery -->\n\t\t\t\t\t\t\t\t\t<div class=\"small-gallery\">\n\t\t\t\t\t\t<a href=\"https:\/\/tva.cv\/index.php\/2026\/04\/30\/praia-assinala-o-168-o-aniversario\/\" target=\"_self\">\n\t\t\t\t\t\t\t<img width=\"108\" height=\"108\" src=\"https:\/\/tva.cv\/wp-content\/uploads\/2026\/04\/Praia-assinala-o-168.00_00_45_04.Still001-108x108.png\" class=\"img-responsive wp-post-image\" alt=\"\" loading=\"lazy\" srcset=\"https:\/\/tva.cv\/wp-content\/uploads\/2026\/04\/Praia-assinala-o-168.00_00_45_04.Still001-108x108.png 108w, https:\/\/tva.cv\/wp-content\/uploads\/2026\/04\/Praia-assinala-o-168.00_00_45_04.Still001-150x150.png 150w\" sizes=\"(max-width: 108px) 100vw, 108px\" \/>\t\t\t\t\t\t<\/a>\n\t\t\t\t\t\t<div class=\"post-content\">\n\t\t\t\t\t\t\t\t\t\t\t\t\t\t\t\t\t\t\t<a href=\"https:\/\/tva.cv\/index.php\/tag\/destaque\/\" target=\"_self\">\n\t\t\t\t\t\t\t\t\t\t\t\t\tDestaque\t\t\t\t\t\t\t\t\t\t\t\t<\/a>\n\t\t\t\t\t\t\t\t\t\t\t\t\t\t\t\t\t\t\n\t\t\t\t\t\t\t<p><a href=\"https:\/\/tva.cv\/index.php\/2026\/04\/30\/praia-assinala-o-168-o-aniversario\/\" target=\"_self\">Praia assinala o 168.\u00ba<\/a><\/p>\n\t\t\t\t\t\t\t<i class=\"fa fa-clock-o\"><\/i>\n\t\t\t\t\t\t\t\t\t\t\t\t\t\t\t<span class=\"day\">qui, 30 abr, 2026<\/span>\n\t\t\t\t\t\t\t\t\t\t\t\t\t<\/div><!-- \/.post-content -->                                 \n\t\t\t\t\t<\/div><!-- \/.small-gallery -->\n\t\t\t\t\t\t\t\t\t<div class=\"small-gallery\">\n\t\t\t\t\t\t<a href=\"https:\/\/tva.cv\/index.php\/2026\/04\/30\/tremor-de-terra-de-magnitude-41-na-escala-de-richter-provoca-susto-em-cidadaos-na-ilha-brava\/\" target=\"_self\">\n\t\t\t\t\t\t\t<img width=\"108\" height=\"108\" src=\"https:\/\/tva.cv\/wp-content\/uploads\/2026\/04\/Brava-Populacao-relata-susto-apos-tremor-de-terra-de-magnitude-41.00_00_33_20.Still001-108x108.png\" class=\"img-responsive wp-post-image\" alt=\"\" loading=\"lazy\" srcset=\"https:\/\/tva.cv\/wp-content\/uploads\/2026\/04\/Brava-Populacao-relata-susto-apos-tremor-de-terra-de-magnitude-41.00_00_33_20.Still001-108x108.png 108w, https:\/\/tva.cv\/wp-content\/uploads\/2026\/04\/Brava-Populacao-relata-susto-apos-tremor-de-terra-de-magnitude-41.00_00_33_20.Still001-150x150.png 150w\" sizes=\"(max-width: 108px) 100vw, 108px\" \/>\t\t\t\t\t\t<\/a>\n\t\t\t\t\t\t<div class=\"post-content\">\n\t\t\t\t\t\t\t\t\t\t\t\t\t\t\t\t\t\t\t<a href=\"https:\/\/tva.cv\/index.php\/tag\/destaque\/\" target=\"_self\">\n\t\t\t\t\t\t\t\t\t\t\t\t\tDestaque\t\t\t\t\t\t\t\t\t\t\t\t<\/a>\n\t\t\t\t\t\t\t\t\t\t\t\t\t\t\t\t\t\t\n\t\t\t\t\t\t\t<p><a href=\"https:\/\/tva.cv\/index.php\/2026\/04\/30\/tremor-de-terra-de-magnitude-41-na-escala-de-richter-provoca-susto-em-cidadaos-na-ilha-brava\/\" target=\"_self\">Tremor de terra de<\/a><\/p>\n\t\t\t\t\t\t\t<i class=\"fa fa-clock-o\"><\/i>\n\t\t\t\t\t\t\t\t\t\t\t\t\t\t\t<span class=\"day\">qui, 30 abr, 2026<\/span>\n\t\t\t\t\t\t\t\t\t\t\t\t\t<\/div><!-- \/.post-content -->                                 \n\t\t\t\t\t<\/div><!-- \/.small-gallery -->\n\t\t\t\t\t\t\t\t\t<div class=\"small-gallery\">\n\t\t\t\t\t\t<a href=\"https:\/\/tva.cv\/index.php\/2026\/04\/28\/cne-divulga-listas-de-candidaturas-dados-eleitorais-e-entrega-fac-simile-dos-boletins-de-voto\/\" target=\"_self\">\n\t\t\t\t\t\t\t<img width=\"108\" height=\"108\" src=\"https:\/\/tva.cv\/wp-content\/uploads\/2026\/04\/CNE-divulga-listas-de-candidaturas-dados-eleitorais-e-entrega-fac-simile-dos-boletins-de-voto.00_00_07_16.Still001-108x108.png\" class=\"img-responsive wp-post-image\" alt=\"\" loading=\"lazy\" srcset=\"https:\/\/tva.cv\/wp-content\/uploads\/2026\/04\/CNE-divulga-listas-de-candidaturas-dados-eleitorais-e-entrega-fac-simile-dos-boletins-de-voto.00_00_07_16.Still001-108x108.png 108w, https:\/\/tva.cv\/wp-content\/uploads\/2026\/04\/CNE-divulga-listas-de-candidaturas-dados-eleitorais-e-entrega-fac-simile-dos-boletins-de-voto.00_00_07_16.Still001-150x150.png 150w\" sizes=\"(max-width: 108px) 100vw, 108px\" \/>\t\t\t\t\t\t<\/a>\n\t\t\t\t\t\t<div class=\"post-content\">\n\t\t\t\t\t\t\t\t\t\t\t\t\t\t\t\t\t\t\t<a href=\"https:\/\/tva.cv\/index.php\/tag\/destaque\/\" target=\"_self\">\n\t\t\t\t\t\t\t\t\t\t\t\t\tDestaque\t\t\t\t\t\t\t\t\t\t\t\t<\/a>\n\t\t\t\t\t\t\t\t\t\t\t\t\t\t\t\t\t\t\n\t\t\t\t\t\t\t<p><a href=\"https:\/\/tva.cv\/index.php\/2026\/04\/28\/cne-divulga-listas-de-candidaturas-dados-eleitorais-e-entrega-fac-simile-dos-boletins-de-voto\/\" target=\"_self\">CNE divulga listas de<\/a><\/p>\n\t\t\t\t\t\t\t<i class=\"fa fa-clock-o\"><\/i>\n\t\t\t\t\t\t\t\t\t\t\t\t\t\t\t<span class=\"day\">ter, 28 abr, 2026<\/span>\n\t\t\t\t\t\t\t\t\t\t\t\t\t<\/div><!-- \/.post-content -->                                 \n\t\t\t\t\t<\/div><!-- \/.small-gallery -->\n\t\t\t\t\t\t\t\t\t<div class=\"small-gallery\">\n\t\t\t\t\t\t<a href=\"https:\/\/tva.cv\/index.php\/2026\/04\/28\/aviacao-civil-governo-formaliza-privatizacao-da-cabo-verde-handling-com-a-swissport\/\" target=\"_self\">\n\t\t\t\t\t\t\t<img width=\"108\" height=\"108\" src=\"https:\/\/tva.cv\/wp-content\/uploads\/2026\/04\/Aviacao-Civil.00_00_08_13.Still001-108x108.png\" class=\"img-responsive wp-post-image\" alt=\"\" loading=\"lazy\" srcset=\"https:\/\/tva.cv\/wp-content\/uploads\/2026\/04\/Aviacao-Civil.00_00_08_13.Still001-108x108.png 108w, https:\/\/tva.cv\/wp-content\/uploads\/2026\/04\/Aviacao-Civil.00_00_08_13.Still001-150x150.png 150w\" sizes=\"(max-width: 108px) 100vw, 108px\" \/>\t\t\t\t\t\t<\/a>\n\t\t\t\t\t\t<div class=\"post-content\">\n\t\t\t\t\t\t\t\t\t\t\t\t\t\t\t\t\t\t\t<a href=\"https:\/\/tva.cv\/index.php\/tag\/destaque\/\" target=\"_self\">\n\t\t\t\t\t\t\t\t\t\t\t\t\tDestaque\t\t\t\t\t\t\t\t\t\t\t\t<\/a>\n\t\t\t\t\t\t\t\t\t\t\t\t\t\t\t\t\t\t\n\t\t\t\t\t\t\t<p><a href=\"https:\/\/tva.cv\/index.php\/2026\/04\/28\/aviacao-civil-governo-formaliza-privatizacao-da-cabo-verde-handling-com-a-swissport\/\" target=\"_self\">Aviacao Civil: Governo formaliza<\/a><\/p>\n\t\t\t\t\t\t\t<i class=\"fa fa-clock-o\"><\/i>\n\t\t\t\t\t\t\t\t\t\t\t\t\t\t\t<span class=\"day\">ter, 28 abr, 2026<\/span>\n\t\t\t\t\t\t\t\t\t\t\t\t\t<\/div><!-- \/.post-content -->                                 \n\t\t\t\t\t<\/div><!-- \/.small-gallery -->\n\t\t\t\t\t\t\t\t\t<div class=\"small-gallery\">\n\t\t\t\t\t\t<a href=\"https:\/\/tva.cv\/index.php\/2026\/04\/28\/certame-acontera-nos-dias-26-27-e-28-de-junho-e-prestara-homenagem-a-romeu-di-lurdes\/\" target=\"_self\">\n\t\t\t\t\t\t\t<img width=\"108\" height=\"108\" src=\"https:\/\/tva.cv\/wp-content\/uploads\/2026\/04\/Festival-da-Gamboa-2026-peca-final.00_00_23_21.Still001-108x108.png\" class=\"img-responsive wp-post-image\" alt=\"\" loading=\"lazy\" srcset=\"https:\/\/tva.cv\/wp-content\/uploads\/2026\/04\/Festival-da-Gamboa-2026-peca-final.00_00_23_21.Still001-108x108.png 108w, https:\/\/tva.cv\/wp-content\/uploads\/2026\/04\/Festival-da-Gamboa-2026-peca-final.00_00_23_21.Still001-150x150.png 150w\" sizes=\"(max-width: 108px) 100vw, 108px\" \/>\t\t\t\t\t\t<\/a>\n\t\t\t\t\t\t<div class=\"post-content\">\n\t\t\t\t\t\t\t\t\t\t\t\t\t\t\t\t\t\t\t<a href=\"https:\/\/tva.cv\/index.php\/tag\/destaque\/\" target=\"_self\">\n\t\t\t\t\t\t\t\t\t\t\t\t\tDestaque\t\t\t\t\t\t\t\t\t\t\t\t<\/a>\n\t\t\t\t\t\t\t\t\t\t\t\t\t\t\t\t\t\t\n\t\t\t\t\t\t\t<p><a href=\"https:\/\/tva.cv\/index.php\/2026\/04\/28\/certame-acontera-nos-dias-26-27-e-28-de-junho-e-prestara-homenagem-a-romeu-di-lurdes\/\" target=\"_self\">Certame aconter\u00e1 nos dias<\/a><\/p>\n\t\t\t\t\t\t\t<i class=\"fa fa-clock-o\"><\/i>\n\t\t\t\t\t\t\t\t\t\t\t\t\t\t\t<span class=\"day\">ter, 28 abr, 2026<\/span>\n\t\t\t\t\t\t\t\t\t\t\t\t\t<\/div><!-- \/.post-content -->                                 \n\t\t\t\t\t<\/div><!-- \/.small-gallery -->\n\t\t\t\t\t\t\t\t\t<div class=\"small-gallery\">\n\t\t\t\t\t\t<a href=\"https:\/\/tva.cv\/index.php\/2026\/04\/28\/kontornu-2026-danca-pensamento-e-transformacao-social-em-movimento\/\" target=\"_self\">\n\t\t\t\t\t\t\t<img width=\"108\" height=\"108\" src=\"https:\/\/tva.cv\/wp-content\/uploads\/2026\/04\/Festival-Kontornu-peca-1.00_00_28_05.Still001-108x108.png\" class=\"img-responsive wp-post-image\" alt=\"\" loading=\"lazy\" srcset=\"https:\/\/tva.cv\/wp-content\/uploads\/2026\/04\/Festival-Kontornu-peca-1.00_00_28_05.Still001-108x108.png 108w, https:\/\/tva.cv\/wp-content\/uploads\/2026\/04\/Festival-Kontornu-peca-1.00_00_28_05.Still001-150x150.png 150w\" sizes=\"(max-width: 108px) 100vw, 108px\" \/>\t\t\t\t\t\t<\/a>\n\t\t\t\t\t\t<div class=\"post-content\">\n\t\t\t\t\t\t\t\t\t\t\t\t\t\t\t\t\t\t\t<a href=\"https:\/\/tva.cv\/index.php\/tag\/destaque\/\" target=\"_self\">\n\t\t\t\t\t\t\t\t\t\t\t\t\tDestaque\t\t\t\t\t\t\t\t\t\t\t\t<\/a>\n\t\t\t\t\t\t\t\t\t\t\t\t\t\t\t\t\t\t\n\t\t\t\t\t\t\t<p><a href=\"https:\/\/tva.cv\/index.php\/2026\/04\/28\/kontornu-2026-danca-pensamento-e-transformacao-social-em-movimento\/\" target=\"_self\">Kontornu 2026: Dan\u00e7a, pensamento<\/a><\/p>\n\t\t\t\t\t\t\t<i class=\"fa fa-clock-o\"><\/i>\n\t\t\t\t\t\t\t\t\t\t\t\t\t\t\t<span class=\"day\">ter, 28 abr, 2026<\/span>\n\t\t\t\t\t\t\t\t\t\t\t\t\t<\/div><!-- \/.post-content -->                                 \n\t\t\t\t\t<\/div><!-- \/.small-gallery -->\n\t\t\t\t\t\t\t\t\t<div class=\"small-gallery\">\n\t\t\t\t\t\t<a href=\"https:\/\/tva.cv\/index.php\/2026\/04\/28\/arte-que-denuncia-sueline-furtado-leva-o-lixo-ao-palco-do-kontornu\/\" target=\"_self\">\n\t\t\t\t\t\t\t<img width=\"108\" height=\"108\" src=\"https:\/\/tva.cv\/wp-content\/uploads\/2026\/04\/Festival-Kontornu-peca-2.00_00_04_02.Still001-108x108.png\" class=\"img-responsive wp-post-image\" alt=\"\" loading=\"lazy\" srcset=\"https:\/\/tva.cv\/wp-content\/uploads\/2026\/04\/Festival-Kontornu-peca-2.00_00_04_02.Still001-108x108.png 108w, https:\/\/tva.cv\/wp-content\/uploads\/2026\/04\/Festival-Kontornu-peca-2.00_00_04_02.Still001-150x150.png 150w\" sizes=\"(max-width: 108px) 100vw, 108px\" \/>\t\t\t\t\t\t<\/a>\n\t\t\t\t\t\t<div class=\"post-content\">\n\t\t\t\t\t\t\t\t\t\t\t\t\t\t\t\t\t\t\t<a href=\"https:\/\/tva.cv\/index.php\/tag\/destaque\/\" target=\"_self\">\n\t\t\t\t\t\t\t\t\t\t\t\t\tDestaque\t\t\t\t\t\t\t\t\t\t\t\t<\/a>\n\t\t\t\t\t\t\t\t\t\t\t\t\t\t\t\t\t\t\n\t\t\t\t\t\t\t<p><a href=\"https:\/\/tva.cv\/index.php\/2026\/04\/28\/arte-que-denuncia-sueline-furtado-leva-o-lixo-ao-palco-do-kontornu\/\" target=\"_self\">Arte que denuncia: Sueline<\/a><\/p>\n\t\t\t\t\t\t\t<i class=\"fa fa-clock-o\"><\/i>\n\t\t\t\t\t\t\t\t\t\t\t\t\t\t\t<span class=\"day\">ter, 28 abr, 2026<\/span>\n\t\t\t\t\t\t\t\t\t\t\t\t\t<\/div><!-- \/.post-content -->                                 \n\t\t\t\t\t<\/div><!-- \/.small-gallery -->\n\t\t\t\t\t\t\t<\/div><!-- \/.small-gallery-slider -->\n\t\t<\/div>\n\t\t\t\t<div class=\"ad-wrapper \">\n\t\t\t\t\t\t<div class=\"ad-place\">\n\t\t\t\t<a href='#'><img class='ad-image' src='https:\/\/tva.cv\/wp-content\/uploads\/2018\/07\/ad_1248x100.jpg' alt=''><\/a>                                    \n\t\t\t<\/div><!-- \/.sidebar-ad-place -->\n\t\t<\/div>\t\n\t\t[\/vc_column][\/vc_row]<\/p>\n","protected":false},"excerpt":{"rendered":"<p>[vc_row css=&#8221;.vc_custom_1505592010522{padding-bottom: 0px !important;}&#8221;][vc_column][\/vc_column][\/vc_row][vc_row full_width=&#8221;stretch_row&#8221; css=&#8221;.vc_custom_1505636005549{padding-top: 0px !important;background-color: #fcfcfc !important;}&#8221;][vc_column offset=&#8221;vc_col-lg-8 vc_col-md-12&#8243;][\/vc_column][vc_column offset=&#8221;vc_col-lg-4 vc_col-md-12&#8243; css=&#8221;.vc_custom_1519716456679{margin-bottom: -30px !important;}&#8221;][\/vc_column][\/vc_row][vc_row full_width=&#8221;stretch_row&#8221; css=&#8221;.vc_custom_1516216885920{margin-bottom: -35px !important;background-color: #ececed !important;}&#8221;][vc_column][\/vc_column][\/vc_row][vc_row full_width=&#8221;stretch_row&#8221; css=&#8221;.vc_custom_1519713198334{background-color: #ececed !important;}&#8221; el_class=&#8221;visible&#8221;][vc_column offset=&#8221;vc_col-lg-8 vc_col-md-12&#8243; el_class=&#8221;sticky-module&#8221; css=&#8221;.vc_custom_1519713351118{margin-bottom: -35px !important;}&#8221;][vc_column_text css=&#8221;.vc_custom_1519311012134{margin-bottom: 20px !important;}&#8221;] Multilingualism and the protection of regional and minority languages are recognised political goals in Western Europe today.The Council of Europe Framework Convention for the Protection of National Minorities and the Council of Europe&#8217;s European Charter for Regional or Minority Languages set up a legal framework for language. Multilingualism and the protection of regional and minority languages are recognised political goals in Western Europe [&hellip;]<\/p>\n","protected":false},"author":1,"featured_media":0,"parent":685,"menu_order":0,"comment_status":"closed","ping_status":"closed","template":"template-parts\/front-page.php","meta":{"om_disable_all_campaigns":false,"_monsterinsights_skip_tracking":false,"_monsterinsights_sitenote_active":false,"_monsterinsights_sitenote_note":"","_monsterinsights_sitenote_category":0},"aioseo_notices":[],"_links":{"self":[{"href":"https:\/\/tva.cv\/index.php\/wp-json\/wp\/v2\/pages\/2723"}],"collection":[{"href":"https:\/\/tva.cv\/index.php\/wp-json\/wp\/v2\/pages"}],"about":[{"href":"https:\/\/tva.cv\/index.php\/wp-json\/wp\/v2\/types\/page"}],"author":[{"embeddable":true,"href":"https:\/\/tva.cv\/index.php\/wp-json\/wp\/v2\/users\/1"}],"replies":[{"embeddable":true,"href":"https:\/\/tva.cv\/index.php\/wp-json\/wp\/v2\/comments?post=2723"}],"version-history":[{"count":0,"href":"https:\/\/tva.cv\/index.php\/wp-json\/wp\/v2\/pages\/2723\/revisions"}],"up":[{"embeddable":true,"href":"https:\/\/tva.cv\/index.php\/wp-json\/wp\/v2\/pages\/685"}],"wp:attachment":[{"href":"https:\/\/tva.cv\/index.php\/wp-json\/wp\/v2\/media?parent=2723"}],"curies":[{"name":"wp","href":"https:\/\/api.w.org\/{rel}","templated":true}]}}