{"id":2712,"date":"2017-03-11T10:49:45","date_gmt":"2017-03-11T10:49:45","guid":{"rendered":"http:\/\/reendex.via-theme.com\/?page_id=2712"},"modified":"2017-03-11T10:49:45","modified_gmt":"2017-03-11T10:49:45","slug":"australia","status":"publish","type":"page","link":"https:\/\/tva.cv\/index.php\/world\/australia\/","title":{"rendered":"Australia"},"content":{"rendered":"<p>[vc_row css=&#8221;.vc_custom_1505591987391{padding-bottom: 0px !important;}&#8221;][vc_column]\t\t<div class=\"outer-rss \"> \n\t\t\t<div class=\"breaking-ribbon\"> \n\t\t\t\t<h4>World News<\/h4> \n\t\t\t<\/div><!-- \/.breaking-ribbon -->\n\t\t\t<div class=\"newsticker-rss\">  \n\t\t\t\t\t\t\t\t\n\n\t\t\t\t\t<div class=\"news-ticker-rss\">\n<div class=\"ticker-wrap ticker-style-modern\" data-id=\"ticker-tab-\"><p><strong>Erro de RSS:<\/strong> WP HTTP Error: N\u00e3o foi fornecido um URL v\u00e1lido.<\/p><\/div>\n\n\t\t\t\t\t\t<div class=\"navi\"> \n\t\t\t\t\t\t\t<button class=\"up\">\n\t\t\t\t\t\t\t\t<i class=\"fa fa-caret-left\"><\/i>\n\t\t\t\t\t\t\t<\/button>                                     \n\t\t\t\t\t\t\t<button class=\"down\">\n\t\t\t\t\t\t\t\t<i class=\"fa fa-caret-right\"><\/i>\n\t\t\t\t\t\t\t<\/button>                                     \n\t\t\t\t\t\t<\/div>\n\t\t\t\t\t<\/div>\n\t\t\t\t\t\n\t\t\t\t\t\n\t\t\t<\/div><!-- \/.newsticker-rss -->\n\t\t<\/div><!-- \/.outer-rss -->    \n\t\t[\/vc_column][\/vc_row][vc_row full_width=&#8221;stretch_row&#8221; css=&#8221;.vc_custom_1505499781974{padding-top: 0px !important;background-color: #fcfcfc !important;}&#8221;][vc_column offset=&#8221;vc_col-lg-8 vc_col-md-12&#8243;]\t\t<div class=\"\">\n\t\t\t<div class=\"flexslider\">\n\t\t\t\t<ul class=\"slides\">\n\t\t\t\t\t\t\t\t\t\t<li>\n\t\t\t\t\t\t\t\t\t\t\t\t\t\t\t\t\t\t\t\t\t<div class=\"meta\">\n\t\t\t\t\t\t\t<h3><a href=\"https:\/\/tva.cv\/index.php\/2022\/03\/29\/cmp-vai-ter-plataforma-de-investimento-da-diaspora-cabo-verdiana\/\" target=\"_self\">CMP Plataforma de Investimentos<\/a><\/h3>\n\t\t\t\t\t\t\t\t\t\t\t\t\t\t\t\t\t\t\t\t\t\t\t\t\t\t\t\t\t\t\t<h4 class='slider-day'>2022-04-26 5:22PM<\/h4>\n\t\t\t\t\t\t\t\t\t\n\t\t\t\t\t\t\t\t\t\t\t\t\t\t<\/div><!-- \/.meta -->\n\t\t\t\t\t\t<\/li>\n\t\t\t\t\t\t\t\t\t\t\t<li>\n\t\t\t\t\t\t\t\t\t\t\t\t\t\t\t\t\t\t\t\t\t<div class=\"meta\">\n\t\t\t\t\t\t\t<h3><a href=\"https:\/\/tva.cv\/index.php\/2022\/03\/30\/cmp-vai-construir-centro-comunitario-em-agua-funda\/\" target=\"_self\">CMP vai construir Centro Comunit\u00e1rio em \u00c1gua Funda<\/a><\/h3>\n\t\t\t\t\t\t\t\t\t\t\t\t\t\t\t\t\t\t\t\t\t\t\t\t\t\t\t\t\t\t\t<h4 class='slider-day'>2022-04-26 5:28PM<\/h4>\n\t\t\t\t\t\t\t\t\t\n\t\t\t\t\t\t\t\t\t\t\t\t\t\t<\/div><!-- \/.meta -->\n\t\t\t\t\t\t<\/li>\n\t\t\t\t\t\t\t\t\t\t\t<li>\n\t\t\t\t\t\t\t\t\t\t\t\t\t\t\t\t\t\t\t\t\t<div class=\"meta\">\n\t\t\t\t\t\t\t<h3><a href=\"https:\/\/tva.cv\/index.php\/2022\/04\/12\/ine-lanca-inquerito-as-despesas-e-receitas-familiares\/\" target=\"_self\">INE lan\u00e7a Inqu\u00e9rito \u00e0s Despesas e Receitas Familiares<\/a><\/h3>\n\t\t\t\t\t\t\t\t\t\t\t\t\t\t\t\t\t\t\t\t\t\t\t\t\t\t\t\t\t\t\t<h4 class='slider-day'>2022-04-26 5:29PM<\/h4>\n\t\t\t\t\t\t\t\t\t\n\t\t\t\t\t\t\t\t\t\t\t\t\t\t<\/div><!-- \/.meta -->\n\t\t\t\t\t\t<\/li>\n\t\t\t\t\t\t\t\t\t\t\t<li>\n\t\t\t\t\t\t\t<img width=\"820\" height=\"440\" src=\"https:\/\/tva.cv\/wp-content\/uploads\/2022\/04\/vlcsnap-2022-04-13-09h49m52s758-820x440.png\" class=\"attachment-reendex_news6_thumb_1 size-reendex_news6_thumb_1 wp-post-image\" alt=\"\" loading=\"lazy\" \/>\t\t\t\t\t\t\t\t\t\t\t\t\t\t<div class=\"meta\">\n\t\t\t\t\t\t\t<h3><a href=\"https:\/\/tva.cv\/index.php\/2022\/04\/13\/cmp-homenageia-pugilista-sifonelo-borges\/\" target=\"_self\">CMP homenageia pugilista Sifonelo Borges<\/a><\/h3>\n\t\t\t\t\t\t\t\t\t\t\t\t\t\t\t\t\t\t\t\t\t\t\t\t\t\t\t\t\t\t\t<h4 class='slider-day'>2022-04-26 6:19PM<\/h4>\n\t\t\t\t\t\t\t\t\t\n\t\t\t\t\t\t\t\t\t\t\t\t\t\t<\/div><!-- \/.meta -->\n\t\t\t\t\t\t<\/li>\n\t\t\t\t\t\t\t\t\t<\/ul><!-- \/.slides -->\n\t\t\t<\/div><!-- \/.flexslider -->\n\t\t<\/div> \n\t\t[\/vc_column][vc_column offset=&#8221;vc_col-lg-4 vc_col-md-12&#8243; css=&#8221;.vc_custom_1516638701715{margin-bottom: -30px !important;}&#8221;]\t\t<div class=\"sidebar-block\">\n\t\t\t<div class=\"sidebar-schedule mb-30\">\n\t\t\t\t            \n\t\t\t\t<div id=\"sidebar-schedule-slider\" class=\"owl-carousel\">\n\t\t\t\t\t\t\t\t\t\t\t<div class=\"sidebar-schedule-slide\"> \n\t\t\t\t\t\t\t<div class=\"sidebar-schedule-slider-layer\"> \n\t\t\t\t\t\t\t\t<div class=\"content\"> \n\t\t\t\t\t\t\t\t\t<h3 class=\"hour-tag\">2:45<\/h3> \n\t\t\t\t\t\t\t\t\t<h4 class=\"sidebar-show-title bg-1\"><a href=\"https:\/\/tva.cv\/index.php\/tv_schedule\/world-news\/\" target=\"_self\">World News<\/a><\/h4>\n\t\t\t\t\t\t\t\t\t<p><a href=\"https:\/\/tva.cv\/index.php\/tv_schedule\/world-news\/\" target=\"_self\">Join Reendex for a night of news. Kerry. bring you the news that matters to you!<\/a><\/p>\n\t\t\t\t\t\t\t\t<\/div>                                                     \n\t\t\t\t\t\t\t\t<img width=\"400\" height=\"288\" src=\"https:\/\/tva.cv\/wp-content\/uploads\/2017\/03\/watch_576x288-image10-400x288.jpg\" class=\"img-responsive img-not-lazy wp-post-image\" alt=\"\" loading=\"lazy\" \/>\t\t\t\t\t\t\t<\/div><!-- \/.sidebar-schedule-slider-layer -->                                             \n\t\t\t\t\t\t<\/div><!-- \/.sidebar-schedule-slide -->\n\t\t\t\t\t\t\t\t\t\t\t<div class=\"sidebar-schedule-slide\"> \n\t\t\t\t\t\t\t<div class=\"sidebar-schedule-slider-layer\"> \n\t\t\t\t\t\t\t\t<div class=\"content\"> \n\t\t\t\t\t\t\t\t\t<h3 class=\"hour-tag\">1:05<\/h3> \n\t\t\t\t\t\t\t\t\t<h4 class=\"sidebar-show-title bg-1\"><a href=\"https:\/\/tva.cv\/index.php\/tv_schedule\/the-late-talk-show-with-k-c\/\" target=\"_self\">The Late Talk Show with K C<\/a><\/h4>\n\t\t\t\t\t\t\t\t\t<p><a href=\"https:\/\/tva.cv\/index.php\/tv_schedule\/the-late-talk-show-with-k-c\/\" target=\"_self\">Find out who this week&#8217;s guests are on &#8220;The Late Talk Show with K C&#8221;!&#8230;<\/a><\/p>\n\t\t\t\t\t\t\t\t<\/div>                                                     \n\t\t\t\t\t\t\t\t<img width=\"400\" height=\"288\" src=\"https:\/\/tva.cv\/wp-content\/uploads\/2017\/02\/index_824x412-image11-400x288.jpg\" class=\"img-responsive img-not-lazy wp-post-image\" alt=\"\" loading=\"lazy\" \/>\t\t\t\t\t\t\t<\/div><!-- \/.sidebar-schedule-slider-layer -->                                             \n\t\t\t\t\t\t<\/div><!-- \/.sidebar-schedule-slide -->\n\t\t\t\t\t\t\t\t\t\t\t<div class=\"sidebar-schedule-slide\"> \n\t\t\t\t\t\t\t<div class=\"sidebar-schedule-slider-layer\"> \n\t\t\t\t\t\t\t\t<div class=\"content\"> \n\t\t\t\t\t\t\t\t\t<h3 class=\"hour-tag\">23:00<\/h3> \n\t\t\t\t\t\t\t\t\t<h4 class=\"sidebar-show-title bg-1\"><a href=\"https:\/\/tva.cv\/index.php\/tv_schedule\/news-insight\/\" target=\"_self\">News Insight<\/a><\/h4>\n\t\t\t\t\t\t\t\t\t<p><a href=\"https:\/\/tva.cv\/index.php\/tv_schedule\/news-insight\/\" target=\"_self\">Get the context behind the news and find out how it will affect of the world.<\/a><\/p>\n\t\t\t\t\t\t\t\t<\/div>                                                     \n\t\t\t\t\t\t\t\t<img width=\"400\" height=\"288\" src=\"https:\/\/tva.cv\/wp-content\/uploads\/2017\/03\/index_824x412-image17-400x288.jpg\" class=\"img-responsive img-not-lazy wp-post-image\" alt=\"\" loading=\"lazy\" \/>\t\t\t\t\t\t\t<\/div><!-- \/.sidebar-schedule-slider-layer -->                                             \n\t\t\t\t\t\t<\/div><!-- \/.sidebar-schedule-slide -->\n\t\t\t\t\t\t\t\t\t\t\t<div class=\"sidebar-schedule-slide\"> \n\t\t\t\t\t\t\t<div class=\"sidebar-schedule-slider-layer\"> \n\t\t\t\t\t\t\t\t<div class=\"content\"> \n\t\t\t\t\t\t\t\t\t<h3 class=\"hour-tag\">22:00<\/h3> \n\t\t\t\t\t\t\t\t\t<h4 class=\"sidebar-show-title bg-1\"><a href=\"https:\/\/tva.cv\/index.php\/tv_schedule\/reendex-at-ten\/\" target=\"_self\">Reendex at Ten<\/a><\/h4>\n\t\t\t\t\t\t\t\t\t<p><a href=\"https:\/\/tva.cv\/index.php\/tv_schedule\/reendex-at-ten\/\" target=\"_self\">Latest National and International news, with reports correspondents worldwide.<\/a><\/p>\n\t\t\t\t\t\t\t\t<\/div>                                                     \n\t\t\t\t\t\t\t\t<img width=\"400\" height=\"288\" src=\"https:\/\/tva.cv\/wp-content\/uploads\/2017\/03\/news-store_576x288-image11-400x288.jpg\" class=\"img-responsive img-not-lazy wp-post-image\" alt=\"\" loading=\"lazy\" \/>\t\t\t\t\t\t\t<\/div><!-- \/.sidebar-schedule-slider-layer -->                                             \n\t\t\t\t\t\t<\/div><!-- \/.sidebar-schedule-slide -->\n\t\t\t\t\t\t\t\t\t<\/div><!-- \/#sidebar-schedule-slider -->\n\t\t\t<\/div><!-- \/.sidebar-schedule -->\n\t\t<\/div><!-- \/.sidebar-block -->\n\t\t\t\t<div class=\"sidebar-social-icons aside\"> \n\t\t\t                                   \n\t\t\t\t<div class=\"sidebar-social-icons-inner\"> \n\t\t\t\t\t<h5>Stay Connected<\/h5> \n\t\t\t\t<\/div>                                     \n\t\t\t                                     \n\t\t\t<div class=\"sidebar-social-icons-wrapper\">\n\t\t\t\t<ul>\n\t\t\t\t\t \n\t\t\t\t\t\t<li> \n\t\t\t\t\t\t\t<a class=\"facebook\" href=\"#\" target=\"_self\">\n\t\t\t\t\t\t\t\t<i class=\"fa fa-facebook\"><\/i>\n\t\t\t\t\t\t\t<\/a> \n\t\t\t\t\t\t<\/li>                                         \n\t\t\t\t\t \n\t\t\t\t\t\t<li> \n\t\t\t\t\t\t\t<a class=\"youtube\" href=\"#\" target=\"_self\">\n\t\t\t\t\t\t\t\t<i class=\"fa fa-youtube\"><\/i>\n\t\t\t\t\t\t\t<\/a> \n\t\t\t\t\t\t<\/li>                                         \n\t\t\t\t\t \n\t\t\t\t\t\t<li> \n\t\t\t\t\t\t\t<a class=\"twitter\" href=\"#\" target=\"_self\">\n\t\t\t\t\t\t\t\t<i class=\"fa fa-twitter\"><\/i>\n\t\t\t\t\t\t\t<\/a> \n\t\t\t\t\t\t<\/li>                                         \n\t\t\t\t\t \n\t\t\t\t\t\t<li> \n\t\t\t\t\t\t\t<a class=\"linkedin\" href=\"#\" target=\"_self\">\n\t\t\t\t\t\t\t\t<i class=\"fa fa-linkedin\"><\/i>\n\t\t\t\t\t\t\t<\/a> \n\t\t\t\t\t\t<\/li>                                         \n\t\t\t\t\t \n\t\t\t\t\t\t<li> \n\t\t\t\t\t\t\t<a class=\"pinterest\" href=\"#\" target=\"_self\">\n\t\t\t\t\t\t\t\t<i class=\"fa fa-pinterest\"><\/i>\n\t\t\t\t\t\t\t<\/a> \n\t\t\t\t\t\t<\/li>                                         \n\t\t\t\t\t \n\t\t\t\t\t\t<li> \n\t\t\t\t\t\t\t<a class=\"google-plus\" href=\"#\" target=\"_self\">\n\t\t\t\t\t\t\t\t<i class=\"fa fa-google-plus\"><\/i>\n\t\t\t\t\t\t\t<\/a> \n\t\t\t\t\t\t<\/li>                                         \n\t\t\t\t\t \n\t\t\t\t\t\t<li> \n\t\t\t\t\t\t\t<a class=\"rss\" href=\"#\" target=\"_self\">\n\t\t\t\t\t\t\t\t<i class=\"fa fa-rss\"><\/i>\n\t\t\t\t\t\t\t<\/a> \n\t\t\t\t\t\t<\/li>                                         \n\t\t\t\t\t \n\t\t\t\t\t\t<li> \n\t\t\t\t\t\t\t<a class=\"tumblr\" href=\"#\" target=\"_self\">\n\t\t\t\t\t\t\t\t<i class=\"fa fa-tumblr\"><\/i>\n\t\t\t\t\t\t\t<\/a> \n\t\t\t\t\t\t<\/li>                                         \n\t\t\t\t\t                                        \n\t\t\t\t<\/ul>\n\t\t\t<\/div><!-- \/.sidebar-social-icons-wrapper -->\n\t\t<\/div><!-- \/.sidebar-social-icons -->\n\t\t[\/vc_column][\/vc_row][vc_row full_width=&#8221;stretch_row&#8221; css=&#8221;.vc_custom_1516216503778{margin-bottom: -35px !important;background-color: #ececed !important;}&#8221;][vc_column]\t\t<div class=\"section-header-left \">\n\t\t\t<h2 class=\"section-title-left\">Australia News is LIVE online<span class=\"dot\">.<\/span><\/h2>\n\t\t\t\t\t\t\t<h4 class=\"section-subtitle\">Get the latest Australian news from Reendex News in Australia: breaking news, features, analysis and special reports plus audio and video from across the Australian continent.<\/h4>\n\t\t\t\t\t<\/div><!-- \/.section-header-left -->\n\t\t[\/vc_column][\/vc_row][vc_row full_width=&#8221;stretch_row&#8221; css=&#8221;.vc_custom_1509043862883{background-color: #ececed !important;}&#8221; el_class=&#8221;visible&#8221;][vc_column offset=&#8221;vc_col-lg-8 vc_col-md-12&#8243; el_class=&#8221;sticky-module&#8221;]\t\t<div class=\"news1\n\t\t\t\"> \n\t\t\t\t\t\t\t \n\t\t\t\t\t<div class=\"module-title\">\n\t\t\t\t\t\t \n\t\t\t\t\t\t\t<h3 class=\"title\">\n\t\t\t\t\t\t\t\t<span class=\"bg-1\" style=\"\n\t\t\t\t\t\t\t\t\tbackground-color:#ff9800;\">\n\t\t\t\t\t\t\t\t\tAustralia\t\t\t\t\t\t\t\t<\/span>\n\t\t\t\t\t\t\t<\/h3>\n\t\t\t\t\t\t\t\t\t\t\t\t  \n\t\t\t\t\t\t\t<h3 class=\"subtitle\">Business | Sport | Culture<\/h3>\n\t\t\t\t\t\t \n\t\t\t\t\t<\/div>\n\t\t\t\t                       \n\t\t\t<div class=\"row no-gutter\">\t\t\t<div class=\"news\"><div class=\"news-outer-wrapper\"> \t\t\t\t<div class=\"item-wrapper col-sm-0 col-md-0\">                                     \n\t\t\t\t\t<div class=\"item\">\n\t\t\t\t\t\t                                        \n\t\t\t\t\t\t<div class=\"item-content\"> \n\t\t\t\t\t\t\t<div class=\"title-left title-style04 underline04\"> \n\t\t\t\t\t\t\t\t<h3>\n\t\t\t\t\t\t\t\t\t<a href=\"https:\/\/tva.cv\/index.php\/2022\/03\/29\/cmp-vai-ter-plataforma-de-investimento-da-diaspora-cabo-verdiana\/\" target=\"_self\">CMP Plataforma de Investimentos<\/a>\n\t\t\t\t\t\t\t\t<\/h3> \n\t\t\t\t\t\t\t<\/div><!-- \/.title-left -->\n\t\t\t\t\t\t\t\t\t\t\t\t\t\t\t\t\t\t\t\t\t\t\t\t\t\t\t\t\t\t\t<div class=\"date\">\n\t\t\t\t\t\t\t\t\t\t<a href=\"https:\/\/tva.cv\/index.php\/2022\/03\/29\/cmp-vai-ter-plataforma-de-investimento-da-diaspora-cabo-verdiana\/\" target=\"_self\">\n\t\t\t\t\t\t\t\t\t\t\t<i class=\"fa fa-clock-o\"><\/i>\n\t\t\t\t\t\t\t\t\t\t\t<span class=\"day\"><strong>abr 26, 2022<\/strong><\/span>\n\t\t\t\t\t\t\t\t\t\t<\/a>\n\t\t\t\t\t\t\t\t\t<\/div>\n\t\t\t\t\t\t\t\t\t\t\t\t\t\t\t\t\t\t\t\t\t\t\t\t\t\t\t\t\t\t\t\t\t\t\t\t\t<div>\n\t\t\t\t\t\t\t\t\t<a href=\"https:\/\/tva.cv\/index.php\/2022\/03\/29\/cmp-vai-ter-plataforma-de-investimento-da-diaspora-cabo-verdiana\/\" target=\"_self\">\n\t\t\t\t\t\t\t\t\t\t<span class=\"read-more\">\n\t\t\t\t\t\t\t\t\t\t\tRead more\t\t\t\t\t\t\t\t\t\t<\/span>\n\t\t\t\t\t\t\t\t\t<\/a>\n\t\t\t\t\t\t\t\t<\/div>\n\t\t\t\t\t\t\t                                          \n\t\t\t\t\t\t<\/div><!-- \/.item-content -->                                         \n\t\t\t\t\t<\/div><!-- \/.item -->                                     \n\t\t\t\t<\/div><!-- \/.item-wrapper col-sm -->                                     \n\t\t\t\t<\/div><\/div><div class=\"news\"><div class=\"news-outer-wrapper\"> \t\t\t\t<div class=\"item-wrapper col-sm-0 col-md-0\">                                     \n\t\t\t\t\t<div class=\"item\">\n\t\t\t\t\t\t                                        \n\t\t\t\t\t\t<div class=\"item-content\"> \n\t\t\t\t\t\t\t<div class=\"title-left title-style04 underline04\"> \n\t\t\t\t\t\t\t\t<h3>\n\t\t\t\t\t\t\t\t\t<a href=\"https:\/\/tva.cv\/index.php\/2022\/03\/30\/cmp-vai-construir-centro-comunitario-em-agua-funda\/\" target=\"_self\">CMP vai construir Centro Comunit\u00e1rio<\/a>\n\t\t\t\t\t\t\t\t<\/h3> \n\t\t\t\t\t\t\t<\/div><!-- \/.title-left -->\n\t\t\t\t\t\t\t\t\t\t\t\t\t\t\t\t\t\t\t\t\t\t\t\t\t\t\t\t\t\t\t<div class=\"date\">\n\t\t\t\t\t\t\t\t\t\t<a href=\"https:\/\/tva.cv\/index.php\/2022\/03\/30\/cmp-vai-construir-centro-comunitario-em-agua-funda\/\" target=\"_self\">\n\t\t\t\t\t\t\t\t\t\t\t<i class=\"fa fa-clock-o\"><\/i>\n\t\t\t\t\t\t\t\t\t\t\t<span class=\"day\"><strong>abr 26, 2022<\/strong><\/span>\n\t\t\t\t\t\t\t\t\t\t<\/a>\n\t\t\t\t\t\t\t\t\t<\/div>\n\t\t\t\t\t\t\t\t\t\t\t\t\t\t\t\t\t\t\t\t\t\t\t\t\t\t\t\t\t\t\t\t\t\t\t\t\t<div>\n\t\t\t\t\t\t\t\t\t<a href=\"https:\/\/tva.cv\/index.php\/2022\/03\/30\/cmp-vai-construir-centro-comunitario-em-agua-funda\/\" target=\"_self\">\n\t\t\t\t\t\t\t\t\t\t<span class=\"read-more\">\n\t\t\t\t\t\t\t\t\t\t\tRead more\t\t\t\t\t\t\t\t\t\t<\/span>\n\t\t\t\t\t\t\t\t\t<\/a>\n\t\t\t\t\t\t\t\t<\/div>\n\t\t\t\t\t\t\t                                          \n\t\t\t\t\t\t<\/div><!-- \/.item-content -->                                         \n\t\t\t\t\t<\/div><!-- \/.item -->                                     \n\t\t\t\t<\/div><!-- \/.item-wrapper col-sm -->                                     \n\t\t\t\t<\/div><\/div><div class=\"news\"><div class=\"news-outer-wrapper\"> \t\t\t\t<div class=\"item-wrapper col-sm-0 col-md-0\">                                     \n\t\t\t\t\t<div class=\"item\">\n\t\t\t\t\t\t                                        \n\t\t\t\t\t\t<div class=\"item-content\"> \n\t\t\t\t\t\t\t<div class=\"title-left title-style04 underline04\"> \n\t\t\t\t\t\t\t\t<h3>\n\t\t\t\t\t\t\t\t\t<a href=\"https:\/\/tva.cv\/index.php\/2022\/04\/12\/ine-lanca-inquerito-as-despesas-e-receitas-familiares\/\" target=\"_self\">INE lan\u00e7a Inqu\u00e9rito \u00e0s Despesas<\/a>\n\t\t\t\t\t\t\t\t<\/h3> \n\t\t\t\t\t\t\t<\/div><!-- \/.title-left -->\n\t\t\t\t\t\t\t\t\t\t\t\t\t\t\t\t\t\t\t\t\t\t\t\t\t\t\t\t\t\t\t<div class=\"date\">\n\t\t\t\t\t\t\t\t\t\t<a href=\"https:\/\/tva.cv\/index.php\/2022\/04\/12\/ine-lanca-inquerito-as-despesas-e-receitas-familiares\/\" target=\"_self\">\n\t\t\t\t\t\t\t\t\t\t\t<i class=\"fa fa-clock-o\"><\/i>\n\t\t\t\t\t\t\t\t\t\t\t<span class=\"day\"><strong>abr 26, 2022<\/strong><\/span>\n\t\t\t\t\t\t\t\t\t\t<\/a>\n\t\t\t\t\t\t\t\t\t<\/div>\n\t\t\t\t\t\t\t\t\t\t\t\t\t\t\t\t\t\t\t\t\t\t\t\t\t\t\t\t\t\t\t\t\t\t\t\t\t<div>\n\t\t\t\t\t\t\t\t\t<a href=\"https:\/\/tva.cv\/index.php\/2022\/04\/12\/ine-lanca-inquerito-as-despesas-e-receitas-familiares\/\" target=\"_self\">\n\t\t\t\t\t\t\t\t\t\t<span class=\"read-more\">\n\t\t\t\t\t\t\t\t\t\t\tRead more\t\t\t\t\t\t\t\t\t\t<\/span>\n\t\t\t\t\t\t\t\t\t<\/a>\n\t\t\t\t\t\t\t\t<\/div>\n\t\t\t\t\t\t\t                                          \n\t\t\t\t\t\t<\/div><!-- \/.item-content -->                                         \n\t\t\t\t\t<\/div><!-- \/.item -->                                     \n\t\t\t\t<\/div><!-- \/.item-wrapper col-sm -->                                     \n\t\t\t\t<\/div><\/div><div class=\"news\"><div class=\"news-outer-wrapper\"> \t\t\t\t<div class=\"item-wrapper col-sm-0 col-md-0\">                                     \n\t\t\t\t\t<div class=\"item\">\n\t\t\t\t\t\t \n\t\t\t\t\t\t\t<div class=\"item-image-3\">\n\t\t\t\t\t\t\t\t<a class=\"img-link\" href=\"https:\/\/tva.cv\/index.php\/2022\/04\/13\/cmp-homenageia-pugilista-sifonelo-borges\/\" target=\"_self\">\n\t\t\t\t\t\t\t\t\t<img width=\"1920\" height=\"1080\" src=\"https:\/\/tva.cv\/wp-content\/uploads\/2022\/04\/vlcsnap-2022-04-13-09h49m52s758.png\" class=\"img-responsive img-full wp-post-image\" alt=\"\" loading=\"lazy\" srcset=\"https:\/\/tva.cv\/wp-content\/uploads\/2022\/04\/vlcsnap-2022-04-13-09h49m52s758.png 1920w, https:\/\/tva.cv\/wp-content\/uploads\/2022\/04\/vlcsnap-2022-04-13-09h49m52s758-300x169.png 300w, https:\/\/tva.cv\/wp-content\/uploads\/2022\/04\/vlcsnap-2022-04-13-09h49m52s758-1024x576.png 1024w, https:\/\/tva.cv\/wp-content\/uploads\/2022\/04\/vlcsnap-2022-04-13-09h49m52s758-768x432.png 768w, https:\/\/tva.cv\/wp-content\/uploads\/2022\/04\/vlcsnap-2022-04-13-09h49m52s758-1536x864.png 1536w, https:\/\/tva.cv\/wp-content\/uploads\/2022\/04\/vlcsnap-2022-04-13-09h49m52s758-822x462.png 822w\" sizes=\"(max-width: 1920px) 100vw, 1920px\" \/>\t\t\t\t\t\t\t\t\t\t\t\t\t\t\t\t\t<\/a>\n\t\t\t\t\t\t\t\t\t\t\t\t\t\t\t<\/div>\n\t\t\t\t\t\t                                        \n\t\t\t\t\t\t<div class=\"item-content\"> \n\t\t\t\t\t\t\t<div class=\"title-left title-style04 underline04\"> \n\t\t\t\t\t\t\t\t<h3>\n\t\t\t\t\t\t\t\t\t<a href=\"https:\/\/tva.cv\/index.php\/2022\/04\/13\/cmp-homenageia-pugilista-sifonelo-borges\/\" target=\"_self\">CMP homenageia pugilista Sifonelo Borges<\/a>\n\t\t\t\t\t\t\t\t<\/h3> \n\t\t\t\t\t\t\t<\/div><!-- \/.title-left -->\n\t\t\t\t\t\t\t\t\t\t\t\t\t\t\t\t\t\t\t\t\t\t\t\t\t\t\t\t\t\t\t<div class=\"date\">\n\t\t\t\t\t\t\t\t\t\t<a href=\"https:\/\/tva.cv\/index.php\/2022\/04\/13\/cmp-homenageia-pugilista-sifonelo-borges\/\" target=\"_self\">\n\t\t\t\t\t\t\t\t\t\t\t<i class=\"fa fa-clock-o\"><\/i>\n\t\t\t\t\t\t\t\t\t\t\t<span class=\"day\"><strong>abr 26, 2022<\/strong><\/span>\n\t\t\t\t\t\t\t\t\t\t<\/a>\n\t\t\t\t\t\t\t\t\t<\/div>\n\t\t\t\t\t\t\t\t\t\t\t\t\t\t\t\t\t\t\t\t\t\t\t\t\t\t\t\t\t\t\t\t\t\t\t\t\t<div>\n\t\t\t\t\t\t\t\t\t<a href=\"https:\/\/tva.cv\/index.php\/2022\/04\/13\/cmp-homenageia-pugilista-sifonelo-borges\/\" target=\"_self\">\n\t\t\t\t\t\t\t\t\t\t<span class=\"read-more\">\n\t\t\t\t\t\t\t\t\t\t\tRead more\t\t\t\t\t\t\t\t\t\t<\/span>\n\t\t\t\t\t\t\t\t\t<\/a>\n\t\t\t\t\t\t\t\t<\/div>\n\t\t\t\t\t\t\t                                          \n\t\t\t\t\t\t<\/div><!-- \/.item-content -->                                         \n\t\t\t\t\t<\/div><!-- \/.item -->                                     \n\t\t\t\t<\/div><!-- \/.item-wrapper col-sm -->                                     \n\t\t\t\t<\/div><\/div>\t\t\t<\/div>\t\t<\/div><!-- \/.section-highlighs-wrapper -->\n\t\t[\/vc_column][vc_column offset=&#8221;vc_col-lg-4 vc_col-md-12&#8243;]\t\t\t\t\t<div class=\"title-style02\n\t\t\t\tmb-30\">\n\t\t\t\t<h3>Visitors in Australia<\/h3>\n\t\t\t<\/div>\n\t\t\t\t<div class=\"video-promo-item mb-30\">\n\t\t\t<div class=\"video-promo-image\">\n\t\t\t\t<div class=\"video-full\">\n\t\t\t\t\t<div class=\"fitvids-video embed-container\">\n\t\t\t\t\t\t<iframe id=\"embeddedVideo\" src=\"https:\/\/player.vimeo.com\/video\/73401580?api=1&player_id=vimeo_player&autoplay=1&loop=1\" allow=\"autoplay; fullscreen\"><\/iframe>\n\t\t\t\t\t\t<input type=\"hidden\" id=\"video_mute\" value=\"1\">\n\t\t\t\t\t<\/div>\t\n\t\t\t\t<\/div>\n\t\t\t<\/div>\n\t\t\t<div class=\"video-promo-wrapper\">\n\t\t\t\t<div class=\"video-promo-content\" style=\"background:#212126;\">\n\t\t\t\t\t<span class=\"section-highlight-inner\"><a href=\" \" target=\"_self\">Travel<\/a><\/span>\n\t\t\t\t\t<div class=\"programme-header\" style=\"color:#ced2d9; font-size:18px;\">Exclusive<\/div>\n\t\t\t\t\t<div class=\"programme-name\" style=\"color:#ffffff; font-size:28px;\">Australia Hyperlapse<\/div>\n\t\t\t\t\t<p style=\"color:#ced2d9; font-size:14px; line-height:24px;\">The history of Australia refers to the history of the area and people of the Commonwealth of Australia and its preceding Indigenous and colonial societies.<\/p>\n\t\t\t\t<\/div>\n\t\t\t<\/div><\/div>\t\t\t\t\t<div class=\"\n\t\t\t\tblock-title-1\"\n\t\t\t\tstyle=\"\n\t\t\t\t\t\"> \n\t\t\t\t<h3>Watch Live 24\/7<\/h3> \n\t\t\t<\/div>\n\t\t\t\t<div class=\"sidebar-newsfeed\n\t\t\t\"> \n\t\t\t<div class=\"\n\t\t\t\tnewsfeed-4\">\n\t\t\t\t \n\t\t\t\t<ul class=\"flex-module\"> \n\t\t\t\t\t\t\t\t\t\t\t<li> \n\t\t\t\t\t\t\t<div class=\"item\">\n\t\t\t\t\t\t\t\t \n\t\t\t\t\t\t\t\t<div class=\"item-content text\">\n\t\t\t\t\t\t\t\t\t \n\t\t\t\t\t\t\t\t\t\t<h4 class=\"ellipsis\">\n\t\t\t\t\t\t\t\t\t\t\t<a href=\"https:\/\/tva.cv\/index.php\/2022\/03\/29\/cmp-vai-ter-plataforma-de-investimento-da-diaspora-cabo-verdiana\/\" target=\"_self\">\n\t\t\t\t\t\t\t\t\t\t\t\tCMP Plataforma de\t\t\t\t\t\t\t\t\t\t\t\t\t\t\t\t\t\t\t\t\t\t\t\n\t\t\t\t\t\t\t\t\t\t\t<\/a>\n\t\t\t\t\t\t\t\t\t\t<\/h4>\n\t\t\t\t\t\t\t\t\t\t\t\t\t\t\t\t\t\t \n\t\t\t\t\t\t\t\t\t\t<p><a class=\"text-concat\" href=\"https:\/\/tva.cv\/index.php\/2022\/03\/29\/cmp-vai-ter-plataforma-de-investimento-da-diaspora-cabo-verdiana\/\">\ufeff A C\u00e2mara Municipal da Praia, em parceria com a empresa portuguesa Decisions Kingdom Consultoria Limitada, apresentou esta ter\u00e7a-feira a sua plataforma de Investimento para a Di\u00e1spora Cabo-verdiana. A iniciativa visa atrair investimentos dos emigrantes em \u00e1reas importantes para a capital e que v\u00e3o trazer ganhos concretos n\u00e3o s\u00f3 para o investidor como tamb\u00e9m para a edilidade.<\/a><a href=\"https:\/\/tva.cv\/index.php\/2022\/03\/29\/cmp-vai-ter-plataforma-de-investimento-da-diaspora-cabo-verdiana\/\" target=\"_self\"><span>Read more...<\/span><\/a><\/p>\n\t\t\t\t\t\t\t\t\t\t\t\t\t\t\t\t\t<\/div><!-- \/.item-content text -->                                                    \n\t\t\t\t\t\t\t<\/div><!-- \/.item -->                                                \n\t\t\t\t\t\t<\/li>\n\t\t\t\t\t\t\t\t\t\t\t<li> \n\t\t\t\t\t\t\t<div class=\"item\">\n\t\t\t\t\t\t\t\t \n\t\t\t\t\t\t\t\t<div class=\"item-content text\">\n\t\t\t\t\t\t\t\t\t \n\t\t\t\t\t\t\t\t\t\t<h4 class=\"ellipsis\">\n\t\t\t\t\t\t\t\t\t\t\t<a href=\"https:\/\/tva.cv\/index.php\/2022\/03\/30\/cmp-vai-construir-centro-comunitario-em-agua-funda\/\" target=\"_self\">\n\t\t\t\t\t\t\t\t\t\t\t\tCMP vai construir\t\t\t\t\t\t\t\t\t\t\t\t\t\t\t\t\t\t\t\t\t\t\t\n\t\t\t\t\t\t\t\t\t\t\t<\/a>\n\t\t\t\t\t\t\t\t\t\t<\/h4>\n\t\t\t\t\t\t\t\t\t\t\t\t\t\t\t\t\t\t \n\t\t\t\t\t\t\t\t\t\t<p><a class=\"text-concat\" href=\"https:\/\/tva.cv\/index.php\/2022\/03\/30\/cmp-vai-construir-centro-comunitario-em-agua-funda\/\">Moradores e profissionais da \u00e1rea de Constru\u00e7\u00e3o Civil da Comunidade de \u00c1gua Funda v\u00e3o construir o seu pr\u00f3prio centro comunit\u00e1rio, um projecto da C\u00e2mara Municipal da Praia que conta com o apoio do Programa das Na\u00e7\u00f5es Unidas para os Assentamentos Humanos. Os mesmos acabam de receber forma\u00e7\u00e3o para o efeito. A primeira pedra j\u00e1 foi lan\u00e7ada e a perspectiva \u00e9 que a infra-estrutura esteja conclu\u00edda em meados de Abril. O Director de Projectos da edilidade explicou, no t\u00e9rmino da forma\u00e7\u00e3o, que o objectivo desta \u00e9 estimular o interesse dos moradores para a melhoria das condi\u00e7\u00f5es de vida na comunidade, de [&hellip;]<\/a><a href=\"https:\/\/tva.cv\/index.php\/2022\/03\/30\/cmp-vai-construir-centro-comunitario-em-agua-funda\/\" target=\"_self\"><span>Read more...<\/span><\/a><\/p>\n\t\t\t\t\t\t\t\t\t\t\t\t\t\t\t\t\t<\/div><!-- \/.item-content text -->                                                    \n\t\t\t\t\t\t\t<\/div><!-- \/.item -->                                                \n\t\t\t\t\t\t<\/li>\n\t\t\t\t\t\t\t\t\t\t\t<li> \n\t\t\t\t\t\t\t<div class=\"item\">\n\t\t\t\t\t\t\t\t \n\t\t\t\t\t\t\t\t<div class=\"item-content text\">\n\t\t\t\t\t\t\t\t\t \n\t\t\t\t\t\t\t\t\t\t<h4 class=\"ellipsis\">\n\t\t\t\t\t\t\t\t\t\t\t<a href=\"https:\/\/tva.cv\/index.php\/2022\/04\/12\/ine-lanca-inquerito-as-despesas-e-receitas-familiares\/\" target=\"_self\">\n\t\t\t\t\t\t\t\t\t\t\t\tINE lan\u00e7a Inqu\u00e9rito\t\t\t\t\t\t\t\t\t\t\t\t\t\t\t\t\t\t\t\t\t\t\t\n\t\t\t\t\t\t\t\t\t\t\t<\/a>\n\t\t\t\t\t\t\t\t\t\t<\/h4>\n\t\t\t\t\t\t\t\t\t\t\t\t\t\t\t\t\t\t \n\t\t\t\t\t\t\t\t\t\t<p><a class=\"text-concat\" href=\"https:\/\/tva.cv\/index.php\/2022\/04\/12\/ine-lanca-inquerito-as-despesas-e-receitas-familiares\/\">\ufeff Determinar o n\u00edvel da pobreza em toda a dimens\u00e3o, em termos de pobreza extrema e absoluta, avaliar e medir o perfil da pobreza no pa\u00eds s\u00e3o os objectivos principais do quarto Inqu\u00e9rito \u00e0s Despesas e Receitas Familiares com in\u00edcio previsto para Outubro deste ano em Cabo Verde. De acordo com o INE, trata-se de um processo complexo, or\u00e7ado em cerca de 245 mil contos, e com uma amostra que envolve 7 656 agregados familiares.<\/a><a href=\"https:\/\/tva.cv\/index.php\/2022\/04\/12\/ine-lanca-inquerito-as-despesas-e-receitas-familiares\/\" target=\"_self\"><span>Read more...<\/span><\/a><\/p>\n\t\t\t\t\t\t\t\t\t\t\t\t\t\t\t\t\t<\/div><!-- \/.item-content text -->                                                    \n\t\t\t\t\t\t\t<\/div><!-- \/.item -->                                                \n\t\t\t\t\t\t<\/li>\n\t\t\t\t\t\t\t\t\t\t\t<li> \n\t\t\t\t\t\t\t<div class=\"item\">\n\t\t\t\t\t\t\t\t \n\t\t\t\t\t\t\t\t\t<div class=\"item-image\">\n\t\t\t\t\t\t\t\t\t\t<a class=\"img-link\" href=\"https:\/\/tva.cv\/index.php\/2022\/04\/13\/cmp-homenageia-pugilista-sifonelo-borges\/\">\n\t\t\t\t\t\t\t\t\t\t\t<img width=\"400\" height=\"200\" src=\"https:\/\/tva.cv\/wp-content\/uploads\/2022\/04\/vlcsnap-2022-04-13-09h49m52s758-400x200.png\" class=\"img-responsive img-full wp-post-image\" alt=\"\" loading=\"lazy\" srcset=\"https:\/\/tva.cv\/wp-content\/uploads\/2022\/04\/vlcsnap-2022-04-13-09h49m52s758-400x200.png 400w, https:\/\/tva.cv\/wp-content\/uploads\/2022\/04\/vlcsnap-2022-04-13-09h49m52s758-576x288.png 576w\" sizes=\"(max-width: 400px) 100vw, 400px\" \/>\t\t\t\t\t\t\t\t\t\t\t\t\t\t\t\t\t\t\t\t\t<\/a>\n\t\t\t\t\t\t\t\t\t<\/div><!-- \/.item-image -->\n\t\t\t\t\t\t\t\t \n\t\t\t\t\t\t\t\t<div class=\"item-content text\">\n\t\t\t\t\t\t\t\t\t \n\t\t\t\t\t\t\t\t\t\t<h4 class=\"ellipsis\">\n\t\t\t\t\t\t\t\t\t\t\t<a href=\"https:\/\/tva.cv\/index.php\/2022\/04\/13\/cmp-homenageia-pugilista-sifonelo-borges\/\" target=\"_self\">\n\t\t\t\t\t\t\t\t\t\t\t\tCMP homenageia pugilista\t\t\t\t\t\t\t\t\t\t\t\t\t\t\t\t\t\t\t\t\t\t\t\n\t\t\t\t\t\t\t\t\t\t\t<\/a>\n\t\t\t\t\t\t\t\t\t\t<\/h4>\n\t\t\t\t\t\t\t\t\t\t\t\t\t\t\t\t\t\t \n\t\t\t\t\t\t\t\t\t\t<p><a class=\"text-concat\" href=\"https:\/\/tva.cv\/index.php\/2022\/04\/13\/cmp-homenageia-pugilista-sifonelo-borges\/\">\ufeff O pugilista cabo-verdiano, Sifonelo Borges foi homenageado esta segunda-feira, pela C\u00e2mara Municipal da Praia. A distin\u00e7\u00e3o do jovem atleta aconteceu ap\u00f3s este ter conquistado a medalha de ouro no campeonato africano de boxe da zona dois, realizado este m\u00eas na Serra Leoa.<\/a><a href=\"https:\/\/tva.cv\/index.php\/2022\/04\/13\/cmp-homenageia-pugilista-sifonelo-borges\/\" target=\"_self\"><span>Read more...<\/span><\/a><\/p>\n\t\t\t\t\t\t\t\t\t\t\t\t\t\t\t\t\t<\/div><!-- \/.item-content text -->                                                    \n\t\t\t\t\t\t\t<\/div><!-- \/.item -->                                                \n\t\t\t\t\t\t<\/li>\n\t\t\t\t\t\t\t\t\t\t\t<li> \n\t\t\t\t\t\t\t<div class=\"item\">\n\t\t\t\t\t\t\t\t \n\t\t\t\t\t\t\t\t\t<div class=\"item-image\">\n\t\t\t\t\t\t\t\t\t\t<a class=\"img-link\" href=\"https:\/\/tva.cv\/index.php\/2022\/04\/13\/vendedeiras-pedem-dinheiro-investido-na-compra-de-lojas-no-mercado-de-coco\/\">\n\t\t\t\t\t\t\t\t\t\t\t<img width=\"400\" height=\"200\" src=\"https:\/\/tva.cv\/wp-content\/uploads\/2022\/04\/vlcsnap-2022-04-13-10h03m59s671-400x200.png\" class=\"img-responsive img-full wp-post-image\" alt=\"\" loading=\"lazy\" srcset=\"https:\/\/tva.cv\/wp-content\/uploads\/2022\/04\/vlcsnap-2022-04-13-10h03m59s671-400x200.png 400w, https:\/\/tva.cv\/wp-content\/uploads\/2022\/04\/vlcsnap-2022-04-13-10h03m59s671-576x288.png 576w\" sizes=\"(max-width: 400px) 100vw, 400px\" \/>\t\t\t\t\t\t\t\t\t\t\t\t\t\t\t\t\t\t\t\t\t<\/a>\n\t\t\t\t\t\t\t\t\t<\/div><!-- \/.item-image -->\n\t\t\t\t\t\t\t\t \n\t\t\t\t\t\t\t\t<div class=\"item-content text\">\n\t\t\t\t\t\t\t\t\t \n\t\t\t\t\t\t\t\t\t\t<h4 class=\"ellipsis\">\n\t\t\t\t\t\t\t\t\t\t\t<a href=\"https:\/\/tva.cv\/index.php\/2022\/04\/13\/vendedeiras-pedem-dinheiro-investido-na-compra-de-lojas-no-mercado-de-coco\/\" target=\"_self\">\n\t\t\t\t\t\t\t\t\t\t\t\tVendedeiras pedem dinheiro\t\t\t\t\t\t\t\t\t\t\t\t\t\t\t\t\t\t\t\t\t\t\t\n\t\t\t\t\t\t\t\t\t\t\t<\/a>\n\t\t\t\t\t\t\t\t\t\t<\/h4>\n\t\t\t\t\t\t\t\t\t\t\t\t\t\t\t\t\t\t \n\t\t\t\t\t\t\t\t\t\t<p><a class=\"text-concat\" href=\"https:\/\/tva.cv\/index.php\/2022\/04\/13\/vendedeiras-pedem-dinheiro-investido-na-compra-de-lojas-no-mercado-de-coco\/\">\ufeff O pol\u00e9mico mercado de coco voltou a ser assunto de debate na Assembleia Municipal da Praia desta ter\u00e7a-feira, durante a interven\u00e7\u00e3o dos mun\u00edcipes no per\u00edodo antes da ordem do dia.<\/a><a href=\"https:\/\/tva.cv\/index.php\/2022\/04\/13\/vendedeiras-pedem-dinheiro-investido-na-compra-de-lojas-no-mercado-de-coco\/\" target=\"_self\"><span>Read more...<\/span><\/a><\/p>\n\t\t\t\t\t\t\t\t\t\t\t\t\t\t\t\t\t<\/div><!-- \/.item-content text -->                                                    \n\t\t\t\t\t\t\t<\/div><!-- \/.item -->                                                \n\t\t\t\t\t\t<\/li>\n\t\t\t\t\t\t\t\t\t\t\t<li> \n\t\t\t\t\t\t\t<div class=\"item\">\n\t\t\t\t\t\t\t\t \n\t\t\t\t\t\t\t\t\t<div class=\"item-image\">\n\t\t\t\t\t\t\t\t\t\t<a class=\"img-link\" href=\"https:\/\/tva.cv\/index.php\/2022\/04\/13\/cv-recebe-mais-de-3700-pedidos-de-residencia-de-estrangeiros\/\">\n\t\t\t\t\t\t\t\t\t\t\t<img width=\"400\" height=\"200\" src=\"https:\/\/tva.cv\/wp-content\/uploads\/2022\/04\/vlcsnap-2022-04-13-10h15m50s008-400x200.png\" class=\"img-responsive img-full wp-post-image\" alt=\"\" loading=\"lazy\" srcset=\"https:\/\/tva.cv\/wp-content\/uploads\/2022\/04\/vlcsnap-2022-04-13-10h15m50s008-400x200.png 400w, https:\/\/tva.cv\/wp-content\/uploads\/2022\/04\/vlcsnap-2022-04-13-10h15m50s008-576x288.png 576w\" sizes=\"(max-width: 400px) 100vw, 400px\" \/>\t\t\t\t\t\t\t\t\t\t\t\t\t\t\t\t\t\t\t\t\t<\/a>\n\t\t\t\t\t\t\t\t\t<\/div><!-- \/.item-image -->\n\t\t\t\t\t\t\t\t \n\t\t\t\t\t\t\t\t<div class=\"item-content text\">\n\t\t\t\t\t\t\t\t\t \n\t\t\t\t\t\t\t\t\t\t<h4 class=\"ellipsis\">\n\t\t\t\t\t\t\t\t\t\t\t<a href=\"https:\/\/tva.cv\/index.php\/2022\/04\/13\/cv-recebe-mais-de-3700-pedidos-de-residencia-de-estrangeiros\/\" target=\"_self\">\n\t\t\t\t\t\t\t\t\t\t\t\tCV  recebe\t\t\t\t\t\t\t\t\t\t\t\t\t\t\t\t\t\t\t\t\t\t\t\n\t\t\t\t\t\t\t\t\t\t\t<\/a>\n\t\t\t\t\t\t\t\t\t\t<\/h4>\n\t\t\t\t\t\t\t\t\t\t\t\t\t\t\t\t\t\t \n\t\t\t\t\t\t\t\t\t\t<p><a class=\"text-concat\" href=\"https:\/\/tva.cv\/index.php\/2022\/04\/13\/cv-recebe-mais-de-3700-pedidos-de-residencia-de-estrangeiros\/\">\ufeff O ministro da Administra\u00e7\u00e3o Interna assegurou esta ter\u00e7a-feira que as autoridades v\u00e3o entregar, at\u00e9 fim de Abril, os primeiros 600 t\u00edtulos de resid\u00eancia aos cidad\u00e3os estrangeiros que aderiram \u00e0 campanha em curso de legaliza\u00e7\u00e3o de imigrantes em situa\u00e7\u00e3o irregular em Cabo Verde. E uma vez que o processo permanece aberto, Paulo Rocha disse desejar receber ainda mais pedidos<\/a><a href=\"https:\/\/tva.cv\/index.php\/2022\/04\/13\/cv-recebe-mais-de-3700-pedidos-de-residencia-de-estrangeiros\/\" target=\"_self\"><span>Read more...<\/span><\/a><\/p>\n\t\t\t\t\t\t\t\t\t\t\t\t\t\t\t\t\t<\/div><!-- \/.item-content text -->                                                    \n\t\t\t\t\t\t\t<\/div><!-- \/.item -->                                                \n\t\t\t\t\t\t<\/li>\n\t\t\t\t\t\t\t\t\t\t\t<li> \n\t\t\t\t\t\t\t<div class=\"item\">\n\t\t\t\t\t\t\t\t \n\t\t\t\t\t\t\t\t\t<div class=\"item-image\">\n\t\t\t\t\t\t\t\t\t\t<a class=\"img-link\" href=\"https:\/\/tva.cv\/index.php\/2022\/04\/13\/cabo-verde-e-visto-como-um-exemplo-na-prevencao-de-lavagem-de-capitais\/\">\n\t\t\t\t\t\t\t\t\t\t\t<img width=\"400\" height=\"200\" src=\"https:\/\/tva.cv\/wp-content\/uploads\/2022\/04\/vlcsnap-2022-04-13-11h01m44s413-400x200.png\" class=\"img-responsive img-full wp-post-image\" alt=\"\" loading=\"lazy\" srcset=\"https:\/\/tva.cv\/wp-content\/uploads\/2022\/04\/vlcsnap-2022-04-13-11h01m44s413-400x200.png 400w, https:\/\/tva.cv\/wp-content\/uploads\/2022\/04\/vlcsnap-2022-04-13-11h01m44s413-576x288.png 576w\" sizes=\"(max-width: 400px) 100vw, 400px\" \/>\t\t\t\t\t\t\t\t\t\t\t\t\t\t\t\t\t\t\t\t\t<\/a>\n\t\t\t\t\t\t\t\t\t<\/div><!-- \/.item-image -->\n\t\t\t\t\t\t\t\t \n\t\t\t\t\t\t\t\t<div class=\"item-content text\">\n\t\t\t\t\t\t\t\t\t \n\t\t\t\t\t\t\t\t\t\t<h4 class=\"ellipsis\">\n\t\t\t\t\t\t\t\t\t\t\t<a href=\"https:\/\/tva.cv\/index.php\/2022\/04\/13\/cabo-verde-e-visto-como-um-exemplo-na-prevencao-de-lavagem-de-capitais\/\" target=\"_self\">\n\t\t\t\t\t\t\t\t\t\t\t\tCabo Verde \u00e9\t\t\t\t\t\t\t\t\t\t\t\t\t\t\t\t\t\t\t\t\t\t\t\n\t\t\t\t\t\t\t\t\t\t\t<\/a>\n\t\t\t\t\t\t\t\t\t\t<\/h4>\n\t\t\t\t\t\t\t\t\t\t\t\t\t\t\t\t\t\t \n\t\t\t\t\t\t\t\t\t\t<p><a class=\"text-concat\" href=\"https:\/\/tva.cv\/index.php\/2022\/04\/13\/cabo-verde-e-visto-como-um-exemplo-na-prevencao-de-lavagem-de-capitais\/\">\ufeff A ideia de Cabo Verde ser um exemplo em mat\u00e9ria de preven\u00e7\u00e3o de lavagem de capitais foi destacada durante um semin\u00e1rio promovido pelo Grupo Inter governamental de A\u00e7\u00e3o contra o Branqueamento de Dinheiro na \u00c1frica Ocidental. O director da Unidade de Informa\u00e7\u00e3o Financeira destacou que o pa\u00eds tem adoptado medidas eficazes de combate a pr\u00e1tica de crimes de lavagem de capitais e financiamento do terrorismo e armas<\/a><a href=\"https:\/\/tva.cv\/index.php\/2022\/04\/13\/cabo-verde-e-visto-como-um-exemplo-na-prevencao-de-lavagem-de-capitais\/\" target=\"_self\"><span>Read more...<\/span><\/a><\/p>\n\t\t\t\t\t\t\t\t\t\t\t\t\t\t\t\t\t<\/div><!-- \/.item-content text -->                                                    \n\t\t\t\t\t\t\t<\/div><!-- \/.item -->                                                \n\t\t\t\t\t\t<\/li>\n\t\t\t\t\t\t\t\t\t<\/ul><!-- \/.flex-module -->                                         \n\t\t\t<\/div>                                     \n\t\t<\/div><!-- \/.sidebar-newsfeed -->\n\t\t[\/vc_column][\/vc_row][vc_row full_width=&#8221;stretch_row&#8221; el_class=&#8221;module dark&#8221; css=&#8221;.vc_custom_1505499858239{padding-bottom: 0px !important;}&#8221;][vc_column css=&#8221;.vc_custom_1494498971478{padding-top: 0px !important;}&#8221;]\t\t<div class=\"tvbanner-area \"> \n\t\t\t<div class=\"show-info\">\n\t\t\t\t\t\t\t\t\t<h4 class=\"schedule-logo bg-1\">This morning, at 09 a.m.<\/h4>\n\t\t\t\t\t\t\t\t<div class=\"show-title\">\n\t\t\t\t\t \n\t\t\t\t\t\t<h2>News Insight<\/h2>\n\t\t\t\t\t \n\t\t\t\t\t<h3>Hosted by Neal Bailey<\/h3> \n\t\t\t\t<\/div>\n\t\t\t\t                             \n\t\t\t\t\t<h4 class=\"show-info-button bg-1\"><a href=\"\" target=\"_self\">Richard Mclaughlin bring you the news that matters to you!<\/a><\/h4>\n\t\t\t\t \n\t\t\t\t<div class=\"figure\">\n\t\t\t\t\t<img src=\" https:\/\/tva.cv\/wp-content\/uploads\/2017\/01\/schedule_figure.png \" alt=\"Hosted by Neal Bailey\">\t\t\t\t<\/div><!-- \/.figure -->                             \n\t\t\t<\/div><!-- \/.show-info -->\n\t\t\t                         \n\t\t\t\t<div class=\"schedule-squares\">\n\t\t\t\t\t<span class=\"square2\"><\/span>\n\t\t\t\t\t<span class=\"square3\"><\/span>\n\t\t\t\t\t<span class=\"square4\"><\/span> \n\t\t\t\t\t<span class=\"square5\"><\/span>\n\t\t\t\t\t<span class=\"square6\"><\/span>\n\t\t\t\t\t<span class=\"square7\"><\/span>\n\t\t\t\t\t<span class=\"square8\"><\/span>\n\t\t\t\t\t<span class=\"square9\"><\/span>\n\t\t\t\t\t<span class=\"square10\"><\/span>\n\t\t\t\t\t<span class=\"square11\"><\/span>\n\t\t\t\t<\/div><!-- \/.schedule-squares -->\n\t\t\t                         \n\t\t<\/div><!-- \/.tvbanner-area -->\n\t\t[\/vc_column][\/vc_row][vc_row full_width=&#8221;stretch_row&#8221; css=&#8221;.vc_custom_1509044142119{background-color: #ececed !important;}&#8221; el_class=&#8221;visible&#8221;][vc_column offset=&#8221;vc_col-lg-8&#8243; el_class=&#8221;sticky-module&#8221;]\t\t<div class=\"news1\n\t\t\t\"> \n\t\t\t\t\t\t\t \n\t\t\t\t\t<div class=\"module-title\">\n\t\t\t\t\t\t \n\t\t\t\t\t\t\t<h3 class=\"title\">\n\t\t\t\t\t\t\t\t<span class=\"bg-1\" style=\"\n\t\t\t\t\t\t\t\t\tbackground-color:#3174af;\">\n\t\t\t\t\t\t\t\t\tAustralia\t\t\t\t\t\t\t\t<\/span>\n\t\t\t\t\t\t\t<\/h3>\n\t\t\t\t\t\t\t\t\t\t\t\t  \n\t\t\t\t\t\t\t<h3 class=\"subtitle\">Latest News<\/h3>\n\t\t\t\t\t\t \n\t\t\t\t\t<\/div>\n\t\t\t\t                       \n\t\t\t<div class=\"row no-gutter\">\t\t\t<div class=\"news\"><div class=\"news-outer-wrapper\"> \t\t\t\t<div class=\"item-wrapper col-sm-0 col-md-0\">                                     \n\t\t\t\t\t<div class=\"item\">\n\t\t\t\t\t\t                                        \n\t\t\t\t\t\t<div class=\"item-content\"> \n\t\t\t\t\t\t\t<div class=\"title-left title-style04 underline04\"> \n\t\t\t\t\t\t\t\t<h3>\n\t\t\t\t\t\t\t\t\t<a href=\"https:\/\/tva.cv\/index.php\/2022\/03\/29\/cmp-vai-ter-plataforma-de-investimento-da-diaspora-cabo-verdiana\/\" target=\"_self\">CMP Plataforma de Investimentos<\/a>\n\t\t\t\t\t\t\t\t<\/h3> \n\t\t\t\t\t\t\t<\/div><!-- \/.title-left -->\n\t\t\t\t\t\t\t\t\t\t\t\t\t\t\t<div class=\"post-meta-elements\">\n\t\t\t\t\t\t\t\t\t<div class=\"post-meta-author\">\n\t\t\t\t\t\t\t\t\t\t<i class=\"fa fa-user\"><\/i>\n\t\t\t\t\t\t\t\t\t\t<a href=\"https:\/\/tva.cv\/index.php\/author\/arlinda-neves\/\">\n\t\t\t\t\t\t\t\t\t\t\tPor Arlinda Neves\t\t\t\t\t\t\t\t\t\t<\/a>\n\t\t\t\t\t\t\t\t\t<\/div>\n\t\t\t\t\t\t\t\t\t<div class=\"post-meta-date\">\n\t\t\t\t\t\t\t\t\t\t<i class=\"fa fa-calendar\"><\/i>\n\t\t\t\t\t\t\t\t\t\t\t\t\t\t\t\t\t\t\t\t\t<span class=\"date updated\">abril 26, 2022<\/span>\n\t\t\t\t\t\t\t\t\t\t\t\t\t\t\t\t\t\t\t<\/div><!-- \/.post-meta-date -->\n\t\t\t\t\t\t\t\t<\/div><!-- \/.post-meta-elements -->\n\t\t\t\t\t\t\t\t\t\t\t\t\t\t\t\t\t\t\t\t\t\t\t\t\t\t\t\t\t\t\t\t\t\t\t\t<div>\n\t\t\t\t\t\t\t\t\t<a href=\"https:\/\/tva.cv\/index.php\/2022\/03\/29\/cmp-vai-ter-plataforma-de-investimento-da-diaspora-cabo-verdiana\/\" target=\"_self\">\n\t\t\t\t\t\t\t\t\t\t<span class=\"read-more\">\n\t\t\t\t\t\t\t\t\t\t\tRead more\t\t\t\t\t\t\t\t\t\t<\/span>\n\t\t\t\t\t\t\t\t\t<\/a>\n\t\t\t\t\t\t\t\t<\/div>\n\t\t\t\t\t\t\t                                          \n\t\t\t\t\t\t<\/div><!-- \/.item-content -->                                         \n\t\t\t\t\t<\/div><!-- \/.item -->                                     \n\t\t\t\t<\/div><!-- \/.item-wrapper col-sm -->                                     \n\t\t\t\t<\/div><\/div><div class=\"news\"><div class=\"news-outer-wrapper\"> \t\t\t\t<div class=\"item-wrapper col-sm-0 col-md-0\">                                     \n\t\t\t\t\t<div class=\"item\">\n\t\t\t\t\t\t                                        \n\t\t\t\t\t\t<div class=\"item-content\"> \n\t\t\t\t\t\t\t<div class=\"title-left title-style04 underline04\"> \n\t\t\t\t\t\t\t\t<h3>\n\t\t\t\t\t\t\t\t\t<a href=\"https:\/\/tva.cv\/index.php\/2022\/03\/30\/cmp-vai-construir-centro-comunitario-em-agua-funda\/\" target=\"_self\">CMP vai construir Centro Comunit\u00e1rio<\/a>\n\t\t\t\t\t\t\t\t<\/h3> \n\t\t\t\t\t\t\t<\/div><!-- \/.title-left -->\n\t\t\t\t\t\t\t\t\t\t\t\t\t\t\t<div class=\"post-meta-elements\">\n\t\t\t\t\t\t\t\t\t<div class=\"post-meta-author\">\n\t\t\t\t\t\t\t\t\t\t<i class=\"fa fa-user\"><\/i>\n\t\t\t\t\t\t\t\t\t\t<a href=\"https:\/\/tva.cv\/index.php\/author\/arlinda-neves\/\">\n\t\t\t\t\t\t\t\t\t\t\tPor Arlinda Neves\t\t\t\t\t\t\t\t\t\t<\/a>\n\t\t\t\t\t\t\t\t\t<\/div>\n\t\t\t\t\t\t\t\t\t<div class=\"post-meta-date\">\n\t\t\t\t\t\t\t\t\t\t<i class=\"fa fa-calendar\"><\/i>\n\t\t\t\t\t\t\t\t\t\t\t\t\t\t\t\t\t\t\t\t\t<span class=\"date updated\">abril 26, 2022<\/span>\n\t\t\t\t\t\t\t\t\t\t\t\t\t\t\t\t\t\t\t<\/div><!-- \/.post-meta-date -->\n\t\t\t\t\t\t\t\t<\/div><!-- \/.post-meta-elements -->\n\t\t\t\t\t\t\t\t\t\t\t\t\t\t\t\t\t\t\t\t\t\t\t\t\t\t\t\t\t\t\t\t\t\t\t\t<div>\n\t\t\t\t\t\t\t\t\t<a href=\"https:\/\/tva.cv\/index.php\/2022\/03\/30\/cmp-vai-construir-centro-comunitario-em-agua-funda\/\" target=\"_self\">\n\t\t\t\t\t\t\t\t\t\t<span class=\"read-more\">\n\t\t\t\t\t\t\t\t\t\t\tRead more\t\t\t\t\t\t\t\t\t\t<\/span>\n\t\t\t\t\t\t\t\t\t<\/a>\n\t\t\t\t\t\t\t\t<\/div>\n\t\t\t\t\t\t\t                                          \n\t\t\t\t\t\t<\/div><!-- \/.item-content -->                                         \n\t\t\t\t\t<\/div><!-- \/.item -->                                     \n\t\t\t\t<\/div><!-- \/.item-wrapper col-sm -->                                     \n\t\t\t\t<\/div><\/div>\t\t\t<\/div>\t\t<\/div><!-- \/.section-highlighs-wrapper -->\n\t\t[\/vc_column][vc_column offset=&#8221;vc_col-lg-4&#8243;]\t\t<div class=\"video-promo-item news camera-live mb-30\">\n\t\t\t<div class=\"video-post_content\">\n\t\t\t\t\t\t\t\t\t<div class=\"\n\t\t\t\t\t\tblock-title-2\"\n\t\t\t\t\t\tstyle=\"\n\t\t\t\t\t\t\tmargin-bottom:30px;\"> \n\t\t\t\t\t\t<h3>Australia celebrates<\/h3> \n\t\t\t\t\t<\/div>\n\t\t\t\t\t\t\t<\/div><!-- \/.video-post_content -->\n\t\t\t<div class=\"video-full\">\n\t\t\t\t<div class=\"fitvids-video\">\t        \n\t\t\t\t\t<iframe src=\"https:\/\/player.vimeo.com\/video\/117658989?title=0&#038;byline=0&#038;portrait=0\"><\/iframe>\n\t\t\t\t<\/div><!-- \/.fitvids-video -->\n\t\t\t<\/div><!-- \/.video-full -->\n\t\t\t\t\t\t\t<div class=\"video-promo-wrapper\">\n\t\t\t\t\t<div class=\"video-promo-content\" style=\"background:#212126\">\n\t\t\t\t\t\t<span class=\"section-highlight-inner\">\n\t\t\t\t\t\t\t<a href=\"\" target=\"blank\">Coming Soon<\/a>\n\t\t\t\t\t\t<\/span>\n\t\t\t\t\t\t<div class=\"programme-header\" style=\"color:#ced2d9; font-size:18px;\">\n\t\t\t\t\t\t\tTravel Magical\t\t\t\t\t\t<\/div>\n\t\t\t\t\t\t<div class=\"programme-name\" style=\"color:#ffffff; font-size:28px;\">\n\t\t\t\t\t\t\tAustralia seven national public Holidays\t\t\t\t\t\t<\/div>\n\t\t\t\t\t\t<div class=\"content-wrapper\">\n\t\t\t\t\t\t\t<p style=\"color:#ced2d9; font-size:14px; line-height:24px;\">\n\t\t\t\t\t\t\t\tDiscover upcoming public holiday dates for Australia and start planning to make the most of your time off. Australia celebrates seven national public holidays\t\t\t\t\t\t\t<\/p>\n\t\t\t\t\t\t\t<a class=\"read-more\" href=\"https:\/\/reendex.via-theme.com\/australia-celebrates-seven-national-public-holidays\/\" style=\"color:#ddd\" target=\"_blank\">Read More<\/a>\n\t\t\t\t\t\t<\/div>\n\t\t\t\t\t<\/div><!-- \/.video-promo-content-->\n\t\t\t\t<\/div><!-- \/.video-promo-wrapper-->\n\t\t\t\t\t<\/div><!-- \/.video-promo-item news camera-live-->\n\t\t\t\t<div class=\"ad-wrapper \">\n\t\t\t\t\t\t<div class=\"sidebar-ad-place\">\n\t\t\t\t<a href='#'><img class='ad-image' src='https:\/\/tva.cv\/wp-content\/uploads\/2017\/10\/ad_400x60.jpg' alt=''><\/a>                                    \n\t\t\t<\/div><!-- \/.sidebar-ad-place -->\n\t\t<\/div>\t\n\t\t[\/vc_column][\/vc_row][vc_row full_width=&#8221;stretch_row_content_no_spaces&#8221; el_class=&#8221;vc_padding_t-0&#8243;][vc_column css=&#8221;.vc_custom_1494498982141{padding-top: 0px !important;}&#8221;]\t\t<div class=\"\">\n\t\t\t<div id=\"parallax-section1\"> \n\t\t\t\t<div class=\"image3 img-overlay1\" style=\"\n\t\t\t\t\tbackground-image:url( https:\/\/tva.cv\/wp-content\/uploads\/2017\/02\/parallax-image05.jpg )\"> \n\t\t\t\t\t<div class=\"container\"> \n\t\t\t\t\t\t<div class=\"caption text-center\"> \n\t\t\t\t\t\t\t<h2 class=\"color-white weight-300 small-caption\">We introduce you our Reendex Team! Get more information about us here!<\/h2> \n\t\t\t\t\t\t\t<a href=\"#\" target=\"_self\" class=\"btn btn-default\">About Us<\/a> \n\t\t\t\t\t\t<\/div>                             \n\t\t\t\t\t<\/div><!-- \/.container -->                         \n\t\t\t\t<\/div><!-- \/.image3 img-overlay1 -->                     \n\t\t\t<\/div><!-- \/#parallax-section1 -->\n\t\t<\/div>\n\t\t\t\t<div class=\"ad-wrapper \">\n\t\t\t\t\t\t<div class=\"ad-place\">\n\t\t\t\t<a href='#'><img class='ad-image' src='https:\/\/tva.cv\/wp-content\/uploads\/2017\/03\/ad_820x100.jpg' alt=''><\/a>                                    \n\t\t\t<\/div><!-- \/.sidebar-ad-place -->\n\t\t<\/div>\t\n\t\t\t\t<div class=\"title-area mt-30\">\n\t\t\t<h2 class=\"title-style05 style-02\">\n\t\t\t\tmore headlines in our\t\t\t\t<span><a href=\"#\" target=\"_self\">item sections<\/a><\/span>\n\t\t\t<\/h2>\n\t\t\t\t\t\t\t<div class=\"center-title\">\n\t\t\t\t\t<span class=\"title-line-left\"><\/span>\n\t\t\t\t\t<h4 class=\"title-style05 style-01\">latest # news<\/h4>\n\t\t\t\t\t<span class=\"title-line-right\"><\/span>\n\t\t\t\t<\/div>\n\t\t\t\t\t<\/div><!-- \/.title-area -->\n\t\t[\/vc_column][\/vc_row][vc_row full_width=&#8221;stretch_row&#8221;][vc_column]\t\t<div class=\"gallery-image \">\n\t\t\t\t\t\t\t<div class=\"carousel-title\" style=\"\n\t\t\t\t\tbackground-color:#212126;\t\t\t\t\tmargin-bottom:5px;\">\n\t\t\t\t\tFeatured Videos You might like\t\t\t\t<\/div><!-- \/.carousel-title -->\n\t\t\t\t\t\t<div id=\"big-gallery-slider-3\" class=\"owl-carousel\">\n\t\t\t\t\t\t\t\t\t<div class=\"big-gallery\">\n\t\t\t\t\t\t<a href=\"https:\/\/tva.cv\/index.php\/2022\/03\/29\/cmp-vai-ter-plataforma-de-investimento-da-diaspora-cabo-verdiana\/\" target=\"_self\">\n\t\t\t\t\t\t\t\t\t\t\t\t<\/a>\n\t\t\t\t\t\t<a href=\"https:\/\/tva.cv\/index.php\/2022\/03\/29\/cmp-vai-ter-plataforma-de-investimento-da-diaspora-cabo-verdiana\/\" target=\"_self\">\n\t\t\t\t\t\t\t\t\t\t\t\t\t\t\t\t\t\t\t\t<span class=\"label-14\">\n\t\t\t\t\t\t\t\t\t\t\t\t\t\tDiaspora\t\t\t\t\t\t\t\t\t\t\t\t\t<\/span>                                                 \n\t\t\t\t\t\t\t\t\t\t\t\t\t\t\t\t\t\t\t\t\t\t\t\t\t<\/a> \n\t\t\t\t\t<\/div><!-- \/.big-gallery -->\n\t\t\t\t\t\t\t\t\t<div class=\"big-gallery\">\n\t\t\t\t\t\t<a href=\"https:\/\/tva.cv\/index.php\/2022\/03\/30\/cmp-vai-construir-centro-comunitario-em-agua-funda\/\" target=\"_self\">\n\t\t\t\t\t\t\t\t\t\t\t\t<\/a>\n\t\t\t\t\t\t<a href=\"https:\/\/tva.cv\/index.php\/2022\/03\/30\/cmp-vai-construir-centro-comunitario-em-agua-funda\/\" target=\"_self\">\n\t\t\t\t\t\t\t\t\t\t\t\t\t\t\t\t\t\t\t\t<span class=\"label-14\">\n\t\t\t\t\t\t\t\t\t\t\t\t\t\tAgua\t\t\t\t\t\t\t\t\t\t\t\t\t<\/span>                                                 \n\t\t\t\t\t\t\t\t\t\t\t\t\t\t\t\t\t\t\t\t\t\t\t\t\t<\/a> \n\t\t\t\t\t<\/div><!-- \/.big-gallery -->\n\t\t\t\t\t\t\t\t\t<div class=\"big-gallery\">\n\t\t\t\t\t\t<a href=\"https:\/\/tva.cv\/index.php\/2022\/04\/12\/ine-lanca-inquerito-as-despesas-e-receitas-familiares\/\" target=\"_self\">\n\t\t\t\t\t\t\t\t\t\t\t\t<\/a>\n\t\t\t\t\t\t<a href=\"https:\/\/tva.cv\/index.php\/2022\/04\/12\/ine-lanca-inquerito-as-despesas-e-receitas-familiares\/\" target=\"_self\">\n\t\t\t\t\t\t\t\t\t\t\t\t\t\t\t\t\t\t\t\t<\/a> \n\t\t\t\t\t<\/div><!-- \/.big-gallery -->\n\t\t\t\t\t\t\t\t\t<div class=\"big-gallery\">\n\t\t\t\t\t\t<a href=\"https:\/\/tva.cv\/index.php\/2022\/04\/13\/cmp-homenageia-pugilista-sifonelo-borges\/\" target=\"_self\">\n\t\t\t\t\t\t<img width=\"350\" height=\"247\" src=\"https:\/\/tva.cv\/wp-content\/uploads\/2022\/04\/vlcsnap-2022-04-13-09h49m52s758-350x247.png\" class=\"img-not-lazy wp-post-image\" alt=\"\" loading=\"lazy\" \/>\t\t\t\t\t\t<\/a>\n\t\t\t\t\t\t<a href=\"https:\/\/tva.cv\/index.php\/2022\/04\/13\/cmp-homenageia-pugilista-sifonelo-borges\/\" target=\"_self\">\n\t\t\t\t\t\t\t\t\t\t\t\t\t\t\t\t\t\t\t\t<\/a> \n\t\t\t\t\t<\/div><!-- \/.big-gallery -->\n\t\t\t\t\t\t\t\t\t<div class=\"big-gallery\">\n\t\t\t\t\t\t<a href=\"https:\/\/tva.cv\/index.php\/2022\/04\/13\/vendedeiras-pedem-dinheiro-investido-na-compra-de-lojas-no-mercado-de-coco\/\" target=\"_self\">\n\t\t\t\t\t\t<img width=\"350\" height=\"247\" src=\"https:\/\/tva.cv\/wp-content\/uploads\/2022\/04\/vlcsnap-2022-04-13-10h03m59s671-350x247.png\" class=\"img-not-lazy wp-post-image\" alt=\"\" loading=\"lazy\" \/>\t\t\t\t\t\t<\/a>\n\t\t\t\t\t\t<a href=\"https:\/\/tva.cv\/index.php\/2022\/04\/13\/vendedeiras-pedem-dinheiro-investido-na-compra-de-lojas-no-mercado-de-coco\/\" target=\"_self\">\n\t\t\t\t\t\t\t\t\t\t\t\t\t\t\t\t\t\t\t\t<\/a> \n\t\t\t\t\t<\/div><!-- \/.big-gallery -->\n\t\t\t\t\t\t\t\t\t<div class=\"big-gallery\">\n\t\t\t\t\t\t<a href=\"https:\/\/tva.cv\/index.php\/2022\/04\/13\/cv-recebe-mais-de-3700-pedidos-de-residencia-de-estrangeiros\/\" target=\"_self\">\n\t\t\t\t\t\t<img width=\"350\" height=\"247\" src=\"https:\/\/tva.cv\/wp-content\/uploads\/2022\/04\/vlcsnap-2022-04-13-10h15m50s008-350x247.png\" class=\"img-not-lazy wp-post-image\" alt=\"\" loading=\"lazy\" \/>\t\t\t\t\t\t<\/a>\n\t\t\t\t\t\t<a href=\"https:\/\/tva.cv\/index.php\/2022\/04\/13\/cv-recebe-mais-de-3700-pedidos-de-residencia-de-estrangeiros\/\" target=\"_self\">\n\t\t\t\t\t\t\t\t\t\t\t\t\t\t\t\t\t\t\t\t<\/a> \n\t\t\t\t\t<\/div><!-- \/.big-gallery -->\n\t\t\t\t\t\t\t\t\t<div class=\"big-gallery\">\n\t\t\t\t\t\t<a href=\"https:\/\/tva.cv\/index.php\/2022\/04\/13\/cabo-verde-e-visto-como-um-exemplo-na-prevencao-de-lavagem-de-capitais\/\" target=\"_self\">\n\t\t\t\t\t\t<img width=\"350\" height=\"247\" src=\"https:\/\/tva.cv\/wp-content\/uploads\/2022\/04\/vlcsnap-2022-04-13-11h01m44s413-350x247.png\" class=\"img-not-lazy wp-post-image\" alt=\"\" loading=\"lazy\" \/>\t\t\t\t\t\t<\/a>\n\t\t\t\t\t\t<a href=\"https:\/\/tva.cv\/index.php\/2022\/04\/13\/cabo-verde-e-visto-como-um-exemplo-na-prevencao-de-lavagem-de-capitais\/\" target=\"_self\">\n\t\t\t\t\t\t\t\t\t\t\t\t\t\t\t\t\t\t\t\t<\/a> \n\t\t\t\t\t<\/div><!-- \/.big-gallery -->\n\t\t\t\t\t\t\t\t\t<div class=\"big-gallery\">\n\t\t\t\t\t\t<a href=\"https:\/\/tva.cv\/index.php\/2022\/04\/14\/estudantes-de-enfermagem-querem-acabar-com-a-disparidade-na-saude\/\" target=\"_self\">\n\t\t\t\t\t\t<img width=\"350\" height=\"247\" src=\"https:\/\/tva.cv\/wp-content\/uploads\/2022\/04\/vlcsnap-2022-04-14-10h13m38s160-350x247.png\" class=\"img-not-lazy wp-post-image\" alt=\"\" loading=\"lazy\" \/>\t\t\t\t\t\t<\/a>\n\t\t\t\t\t\t<a href=\"https:\/\/tva.cv\/index.php\/2022\/04\/14\/estudantes-de-enfermagem-querem-acabar-com-a-disparidade-na-saude\/\" target=\"_self\">\n\t\t\t\t\t\t\t\t\t\t\t\t\t\t\t\t\t\t\t\t<\/a> \n\t\t\t\t\t<\/div><!-- \/.big-gallery -->\n\t\t\t\t\t\t\t<\/div>\n\t\t<\/div><!-- \/.gallery-image -->\n\t\t[\/vc_column][\/vc_row][vc_row full_width=&#8221;stretch_row&#8221; css=&#8221;.vc_custom_1509558965864{background-color: #ececed !important;}&#8221; el_class=&#8221;visible&#8221;][vc_column offset=&#8221;vc_col-lg-8&#8243; el_class=&#8221;sticky-module&#8221; css=&#8221;.vc_custom_1517999989616{margin-bottom: -20px !important;}&#8221;]\t\t<div class=\"news1\n\t\t\t\"> \n\t\t\t\t\t\t\t \n\t\t\t\t\t<div class=\"module-title\">\n\t\t\t\t\t\t \n\t\t\t\t\t\t\t<h3 class=\"title\">\n\t\t\t\t\t\t\t\t<span class=\"bg-1\" style=\"\n\t\t\t\t\t\t\t\t\tbackground-color:#ff9800;\">\n\t\t\t\t\t\t\t\t\tAustralian\t\t\t\t\t\t\t\t<\/span>\n\t\t\t\t\t\t\t<\/h3>\n\t\t\t\t\t\t\t\t\t\t\t\t  \n\t\t\t\t\t\t\t<h3 class=\"subtitle\">Nature<\/h3>\n\t\t\t\t\t\t \n\t\t\t\t\t<\/div>\n\t\t\t\t                       \n\t\t\t<div class=\"row no-gutter\">\t\t\t<div class=\"news\"><div class=\"news-outer-wrapper\"> \t\t\t\t<div class=\"item-wrapper col-sm-0 col-md-0\">                                     \n\t\t\t\t\t<div class=\"item\">\n\t\t\t\t\t\t                                        \n\t\t\t\t\t\t<div class=\"item-content\"> \n\t\t\t\t\t\t\t<div class=\"title-left title-style04 underline04\"> \n\t\t\t\t\t\t\t\t<h3>\n\t\t\t\t\t\t\t\t\t<a href=\"https:\/\/tva.cv\/index.php\/2022\/03\/29\/cmp-vai-ter-plataforma-de-investimento-da-diaspora-cabo-verdiana\/\" target=\"_self\">CMP Plataforma de Investimentos<\/a>\n\t\t\t\t\t\t\t\t<\/h3> \n\t\t\t\t\t\t\t<\/div><!-- \/.title-left -->\n\t\t\t\t\t\t\t\t\t\t\t\t\t\t\t\t\t\t\t\t\t\t\t\t\t\t\t\t\t\t\t<div class=\"date\">\n\t\t\t\t\t\t\t\t\t\t<a href=\"https:\/\/tva.cv\/index.php\/2022\/03\/29\/cmp-vai-ter-plataforma-de-investimento-da-diaspora-cabo-verdiana\/\" target=\"_self\">\n\t\t\t\t\t\t\t\t\t\t\t<i class=\"fa fa-clock-o\"><\/i>\n\t\t\t\t\t\t\t\t\t\t\t<span class=\"day\"><strong>abr 26, 2022<\/strong><\/span>\n\t\t\t\t\t\t\t\t\t\t<\/a>\n\t\t\t\t\t\t\t\t\t<\/div>\n\t\t\t\t\t\t\t\t\t\t\t\t\t\t\t\t\t\t\t\t\t\t\t\t\t\t\t\t\t\t\t\t\t\t\t\t\t<div>\n\t\t\t\t\t\t\t\t\t<a href=\"https:\/\/tva.cv\/index.php\/2022\/03\/29\/cmp-vai-ter-plataforma-de-investimento-da-diaspora-cabo-verdiana\/\" target=\"_self\">\n\t\t\t\t\t\t\t\t\t\t<span class=\"read-more\">\n\t\t\t\t\t\t\t\t\t\t\tRead more\t\t\t\t\t\t\t\t\t\t<\/span>\n\t\t\t\t\t\t\t\t\t<\/a>\n\t\t\t\t\t\t\t\t<\/div>\n\t\t\t\t\t\t\t                                          \n\t\t\t\t\t\t<\/div><!-- \/.item-content -->                                         \n\t\t\t\t\t<\/div><!-- \/.item -->                                     \n\t\t\t\t<\/div><!-- \/.item-wrapper col-sm -->                                     \n\t\t\t\t<\/div><\/div><div class=\"news\"><div class=\"news-outer-wrapper\"> \t\t\t\t<div class=\"item-wrapper col-sm-0 col-md-0\">                                     \n\t\t\t\t\t<div class=\"item\">\n\t\t\t\t\t\t                                        \n\t\t\t\t\t\t<div class=\"item-content\"> \n\t\t\t\t\t\t\t<div class=\"title-left title-style04 underline04\"> \n\t\t\t\t\t\t\t\t<h3>\n\t\t\t\t\t\t\t\t\t<a href=\"https:\/\/tva.cv\/index.php\/2022\/03\/30\/cmp-vai-construir-centro-comunitario-em-agua-funda\/\" target=\"_self\">CMP vai construir Centro Comunit\u00e1rio<\/a>\n\t\t\t\t\t\t\t\t<\/h3> \n\t\t\t\t\t\t\t<\/div><!-- \/.title-left -->\n\t\t\t\t\t\t\t\t\t\t\t\t\t\t\t\t\t\t\t\t\t\t\t\t\t\t\t\t\t\t\t<div class=\"date\">\n\t\t\t\t\t\t\t\t\t\t<a href=\"https:\/\/tva.cv\/index.php\/2022\/03\/30\/cmp-vai-construir-centro-comunitario-em-agua-funda\/\" target=\"_self\">\n\t\t\t\t\t\t\t\t\t\t\t<i class=\"fa fa-clock-o\"><\/i>\n\t\t\t\t\t\t\t\t\t\t\t<span class=\"day\"><strong>abr 26, 2022<\/strong><\/span>\n\t\t\t\t\t\t\t\t\t\t<\/a>\n\t\t\t\t\t\t\t\t\t<\/div>\n\t\t\t\t\t\t\t\t\t\t\t\t\t\t\t\t\t\t\t\t\t\t\t\t\t\t\t\t\t\t\t\t\t\t\t\t\t<div>\n\t\t\t\t\t\t\t\t\t<a href=\"https:\/\/tva.cv\/index.php\/2022\/03\/30\/cmp-vai-construir-centro-comunitario-em-agua-funda\/\" target=\"_self\">\n\t\t\t\t\t\t\t\t\t\t<span class=\"read-more\">\n\t\t\t\t\t\t\t\t\t\t\tRead more\t\t\t\t\t\t\t\t\t\t<\/span>\n\t\t\t\t\t\t\t\t\t<\/a>\n\t\t\t\t\t\t\t\t<\/div>\n\t\t\t\t\t\t\t                                          \n\t\t\t\t\t\t<\/div><!-- \/.item-content -->                                         \n\t\t\t\t\t<\/div><!-- \/.item -->                                     \n\t\t\t\t<\/div><!-- \/.item-wrapper col-sm -->                                     \n\t\t\t\t<\/div><\/div>\t\t\t<\/div>\t\t<\/div><!-- \/.section-highlighs-wrapper -->\n\t\t[\/vc_column][vc_column offset=&#8221;vc_col-lg-4&#8243;]\t\t<div class=\"video-promo-item news camera-live mb-30\">\n\t\t\t<div class=\"video-post_content\">\n\t\t\t\t\t\t\t\t\t<div class=\"\n\t\t\t\t\t\tblock-title-2\"\n\t\t\t\t\t\tstyle=\"\n\t\t\t\t\t\t\tmargin-bottom:30px;\"> \n\t\t\t\t\t\t<h3>Australia Nature<\/h3> \n\t\t\t\t\t<\/div>\n\t\t\t\t\t\t\t<\/div><!-- \/.video-post_content -->\n\t\t\t<div class=\"video-full\">\n\t\t\t\t<div class=\"fitvids-video\">\t        \n\t\t\t\t\t<iframe src=\"https:\/\/player.vimeo.com\/video\/124068679?title=0&#038;byline=0&#038;portrait=0\"><\/iframe>\n\t\t\t\t<\/div><!-- \/.fitvids-video -->\n\t\t\t<\/div><!-- \/.video-full -->\n\t\t\t\t\t\t\t<div class=\"video-promo-wrapper\">\n\t\t\t\t\t<div class=\"video-promo-content\" style=\"background:#212126\">\n\t\t\t\t\t\t<span class=\"section-highlight-inner\">\n\t\t\t\t\t\t\t<a href=\"\" target=\"blank\">Australia<\/a>\n\t\t\t\t\t\t<\/span>\n\t\t\t\t\t\t<div class=\"programme-header\" style=\"color:#ced2d9; font-size:18px;\">\n\t\t\t\t\t\t\tLittle Cuejo\t\t\t\t\t\t<\/div>\n\t\t\t\t\t\t<div class=\"programme-name\" style=\"color:#fff; font-size:28px;\">\n\t\t\t\t\t\t\tAustralia Baby Kangaroo\t\t\t\t\t\t<\/div>\n\t\t\t\t\t\t<div class=\"content-wrapper\">\n\t\t\t\t\t\t\t<p style=\"color:#ced2d9; font-size:14px; line-height:24px;\">\n\t\t\t\t\t\t\t\tWhen a baby kangaroo was orphaned and taken to police officers in western Australia, one constable decided to adopt him.\t\t\t\t\t\t\t<\/p>\n\t\t\t\t\t\t\t<a class=\"read-more\" href=\"https:\/\/reendex.via-theme.com\/adorable-baby-kangaroo\/\" style=\"color:#ddd\" target=\"_blank\">Read More<\/a>\n\t\t\t\t\t\t<\/div>\n\t\t\t\t\t<\/div><!-- \/.video-promo-content-->\n\t\t\t\t<\/div><!-- \/.video-promo-wrapper-->\n\t\t\t\t\t<\/div><!-- \/.video-promo-item news camera-live-->\n\t\t\t\t<div id=\"weather\" class=\"sidebar-weather mb-30\">\n\t\t\t<div class='panel'>\n\t\t\t\t<div class=\"block-title-1\">\n\t\t\t\t\t<span class='city' id='city'><\/span>\n\t\t\t\t<\/div>\n\t\t\t\t<div class=\"weather-card\">\n\t\t\t\t\t<div class='weather'>\n\t\t\t\t\t\t<div class='temperature' id='temperature'>\n\t\t\t\t\t\t\t<div class='temp' id='temp'>\n\t\t\t\t\t\t\t\t<i id='condition'><\/i>\n\t\t\t\t\t\t\t\t<span id='num'><\/span>\n\t\t\t\t\t\t\t\t<a class='fahrenheit active' id='fahrenheit' href=\"#\">&deg;F<\/a>\n\t\t\t\t\t\t\t\t<span class='divider secondary'>|<\/span>\n\t\t\t\t\t\t\t\t<a class='celsius' id='celsius' href=\"#\">&deg;C<\/a>\n\t\t\t\t\t\t\t<\/div>\n\t\t\t\t\t\t<\/div>\n\t\t\t\t\t\t<div class='group secondary'>\n\t\t\t\t\t\t\t<div id='haze' class=\"desc-text\"><\/div>\n\t\t\t\t\t\t\t<div id='wind' class=\"desc-text\"><\/div>\n\t\t\t\t\t\t\t<div id='humidity' class=\"desc-text\"><\/div>\n\t\t\t\t\t\t<\/div>\n\t\t\t\t\t\t<div class='forecast' id='forecast'><\/div>\t\t\t\t\t\n\t\t\t\t\t<\/div><!-- \/.weather --> \n\t\t\t\t<\/div><!-- \/.weather-card --> \n\t\t\t<\/div><!-- \/.panel -->\n\t\t<\/div><!-- \/#weather --> \n\t\t[vc_column_text css=&#8221;.vc_custom_1512222902656{margin-bottom: 0px !important;}&#8221;]<script>(function() {\n\twindow.mc4wp = window.mc4wp || {\n\t\tlisteners: [],\n\t\tforms: {\n\t\t\ton: function(evt, cb) {\n\t\t\t\twindow.mc4wp.listeners.push(\n\t\t\t\t\t{\n\t\t\t\t\t\tevent   : evt,\n\t\t\t\t\t\tcallback: cb\n\t\t\t\t\t}\n\t\t\t\t);\n\t\t\t}\n\t\t}\n\t}\n})();\n<\/script><!-- Mailchimp for WordPress v4.8.10 - https:\/\/wordpress.org\/plugins\/mailchimp-for-wp\/ --><form id=\"mc4wp-form-1\" class=\"mc4wp-form mc4wp-form-261\" method=\"post\" data-id=\"261\" data-name=\"Newsletter\" ><div class=\"mc4wp-form-fields\"><div id=\"sidebar-newsletter\">\n  <div class=\"sidebar-newsletter-inner\">\n    <h5>Newsletter<\/h5> \n  <\/div>  \n  <div class=\"sidebar-newsletter-form\">\n    <div class=\"input-group\">\n        <input type=\"email\" name=\"EMAIL\" class=\"form-control\" placeholder=\"Your email address\" required \/>\n      \t<span class=\"input-group-btn\"><button type=\"submit\" class=\"btn btn-success\"> SUBSCRIBE  <\/button><\/span>\n    <\/div>\n  <\/div>\n<\/div><\/div><label style=\"display: none !important;\">Leave this field empty if you're human: <input type=\"text\" name=\"_mc4wp_honeypot\" value=\"\" tabindex=\"-1\" autocomplete=\"off\" \/><\/label><input type=\"hidden\" name=\"_mc4wp_timestamp\" value=\"1777621249\" \/><input type=\"hidden\" name=\"_mc4wp_form_id\" value=\"261\" \/><input type=\"hidden\" name=\"_mc4wp_form_element_id\" value=\"mc4wp-form-1\" \/><div class=\"mc4wp-response\"><\/div><\/form><!-- \/ Mailchimp for WordPress Plugin -->[\/vc_column_text][\/vc_column][\/vc_row][vc_row full_width=&#8221;stretch_row&#8221; el_class=&#8221;vc_padding_t-0&#8243;][vc_column]\t\t<div class=\"\">\n\t\t\t\t\t\t\t<div class=\"carousel-title\" style=\"\n\t\t\t\t\t\t\t\t\t\tmargin-bottom:5px;\">\n\t\t\t\t\tPrimetime News World\t\t\t\t<\/div><!-- \/.carousel-title -->\n\t\t\t\t\t\t<div id=\"small-gallery-slider\" class=\"owl-carousel\">\n\t\t\t\t\t\t\t\t\t<div class=\"small-gallery\">\n\t\t\t\t\t\t<a href=\"https:\/\/tva.cv\/index.php\/2022\/03\/29\/cmp-vai-ter-plataforma-de-investimento-da-diaspora-cabo-verdiana\/\" target=\"_self\">\n\t\t\t\t\t\t\t\t\t\t\t\t\t<\/a>\n\t\t\t\t\t\t<div class=\"post-content\">\n\t\t\t\t\t\t\t\t\t\t\t\t\t\t\t\t\t\t\t<a href=\"https:\/\/tva.cv\/index.php\/tag\/diaspora\/\" target=\"_self\">\n\t\t\t\t\t\t\t\t\t\t\t\t\tDiaspora\t\t\t\t\t\t\t\t\t\t\t\t<\/a>\n\t\t\t\t\t\t\t\t\t\t\t\t\t\t\t\t\t\t\n\t\t\t\t\t\t\t<p><a href=\"https:\/\/tva.cv\/index.php\/2022\/03\/29\/cmp-vai-ter-plataforma-de-investimento-da-diaspora-cabo-verdiana\/\" target=\"_self\">CMP Plataforma de Investimentos<\/a><\/p>\n\t\t\t\t\t\t\t<i class=\"fa fa-clock-o\"><\/i>\n\t\t\t\t\t\t\t\t\t\t\t\t\t\t\t<span class=\"day\">ter, 26 abr, 2022<\/span>\n\t\t\t\t\t\t\t\t\t\t\t\t\t<\/div><!-- \/.post-content -->                                 \n\t\t\t\t\t<\/div><!-- \/.small-gallery -->\n\t\t\t\t\t\t\t\t\t<div class=\"small-gallery\">\n\t\t\t\t\t\t<a href=\"https:\/\/tva.cv\/index.php\/2022\/03\/30\/cmp-vai-construir-centro-comunitario-em-agua-funda\/\" target=\"_self\">\n\t\t\t\t\t\t\t\t\t\t\t\t\t<\/a>\n\t\t\t\t\t\t<div class=\"post-content\">\n\t\t\t\t\t\t\t\t\t\t\t\t\t\t\t\t\t\t\t<a href=\"https:\/\/tva.cv\/index.php\/tag\/agua\/\" target=\"_self\">\n\t\t\t\t\t\t\t\t\t\t\t\t\tAgua\t\t\t\t\t\t\t\t\t\t\t\t<\/a>\n\t\t\t\t\t\t\t\t\t\t\t\t\t\t\t\t\t\t\n\t\t\t\t\t\t\t<p><a href=\"https:\/\/tva.cv\/index.php\/2022\/03\/30\/cmp-vai-construir-centro-comunitario-em-agua-funda\/\" target=\"_self\">CMP vai construir Centro<\/a><\/p>\n\t\t\t\t\t\t\t<i class=\"fa fa-clock-o\"><\/i>\n\t\t\t\t\t\t\t\t\t\t\t\t\t\t\t<span class=\"day\">ter, 26 abr, 2022<\/span>\n\t\t\t\t\t\t\t\t\t\t\t\t\t<\/div><!-- \/.post-content -->                                 \n\t\t\t\t\t<\/div><!-- \/.small-gallery -->\n\t\t\t\t\t\t\t\t\t<div class=\"small-gallery\">\n\t\t\t\t\t\t<a href=\"https:\/\/tva.cv\/index.php\/2022\/04\/12\/ine-lanca-inquerito-as-despesas-e-receitas-familiares\/\" target=\"_self\">\n\t\t\t\t\t\t\t\t\t\t\t\t\t<\/a>\n\t\t\t\t\t\t<div class=\"post-content\">\n\t\t\t\t\t\t\t\t\t\t\t\t\t\t\n\t\t\t\t\t\t\t<p><a href=\"https:\/\/tva.cv\/index.php\/2022\/04\/12\/ine-lanca-inquerito-as-despesas-e-receitas-familiares\/\" target=\"_self\">INE lan\u00e7a Inqu\u00e9rito \u00e0s<\/a><\/p>\n\t\t\t\t\t\t\t<i class=\"fa fa-clock-o\"><\/i>\n\t\t\t\t\t\t\t\t\t\t\t\t\t\t\t<span class=\"day\">ter, 26 abr, 2022<\/span>\n\t\t\t\t\t\t\t\t\t\t\t\t\t<\/div><!-- \/.post-content -->                                 \n\t\t\t\t\t<\/div><!-- \/.small-gallery -->\n\t\t\t\t\t\t\t\t\t<div class=\"small-gallery\">\n\t\t\t\t\t\t<a href=\"https:\/\/tva.cv\/index.php\/2022\/04\/13\/cmp-homenageia-pugilista-sifonelo-borges\/\" target=\"_self\">\n\t\t\t\t\t\t\t<img width=\"108\" height=\"108\" src=\"https:\/\/tva.cv\/wp-content\/uploads\/2022\/04\/vlcsnap-2022-04-13-09h49m52s758-108x108.png\" class=\"img-responsive wp-post-image\" alt=\"\" loading=\"lazy\" srcset=\"https:\/\/tva.cv\/wp-content\/uploads\/2022\/04\/vlcsnap-2022-04-13-09h49m52s758-108x108.png 108w, https:\/\/tva.cv\/wp-content\/uploads\/2022\/04\/vlcsnap-2022-04-13-09h49m52s758-150x150.png 150w\" sizes=\"(max-width: 108px) 100vw, 108px\" \/>\t\t\t\t\t\t<\/a>\n\t\t\t\t\t\t<div class=\"post-content\">\n\t\t\t\t\t\t\t\t\t\t\t\t\t\t\n\t\t\t\t\t\t\t<p><a href=\"https:\/\/tva.cv\/index.php\/2022\/04\/13\/cmp-homenageia-pugilista-sifonelo-borges\/\" target=\"_self\">CMP homenageia pugilista Sifonelo<\/a><\/p>\n\t\t\t\t\t\t\t<i class=\"fa fa-clock-o\"><\/i>\n\t\t\t\t\t\t\t\t\t\t\t\t\t\t\t<span class=\"day\">ter, 26 abr, 2022<\/span>\n\t\t\t\t\t\t\t\t\t\t\t\t\t<\/div><!-- \/.post-content -->                                 \n\t\t\t\t\t<\/div><!-- \/.small-gallery -->\n\t\t\t\t\t\t\t\t\t<div class=\"small-gallery\">\n\t\t\t\t\t\t<a href=\"https:\/\/tva.cv\/index.php\/2022\/04\/13\/vendedeiras-pedem-dinheiro-investido-na-compra-de-lojas-no-mercado-de-coco\/\" target=\"_self\">\n\t\t\t\t\t\t\t<img width=\"108\" height=\"108\" src=\"https:\/\/tva.cv\/wp-content\/uploads\/2022\/04\/vlcsnap-2022-04-13-10h03m59s671-108x108.png\" class=\"img-responsive wp-post-image\" alt=\"\" loading=\"lazy\" srcset=\"https:\/\/tva.cv\/wp-content\/uploads\/2022\/04\/vlcsnap-2022-04-13-10h03m59s671-108x108.png 108w, https:\/\/tva.cv\/wp-content\/uploads\/2022\/04\/vlcsnap-2022-04-13-10h03m59s671-150x150.png 150w\" sizes=\"(max-width: 108px) 100vw, 108px\" \/>\t\t\t\t\t\t<\/a>\n\t\t\t\t\t\t<div class=\"post-content\">\n\t\t\t\t\t\t\t\t\t\t\t\t\t\t\n\t\t\t\t\t\t\t<p><a href=\"https:\/\/tva.cv\/index.php\/2022\/04\/13\/vendedeiras-pedem-dinheiro-investido-na-compra-de-lojas-no-mercado-de-coco\/\" target=\"_self\">Vendedeiras pedem dinheiro investido<\/a><\/p>\n\t\t\t\t\t\t\t<i class=\"fa fa-clock-o\"><\/i>\n\t\t\t\t\t\t\t\t\t\t\t\t\t\t\t<span class=\"day\">qui, 14 abr, 2022<\/span>\n\t\t\t\t\t\t\t\t\t\t\t\t\t<\/div><!-- \/.post-content -->                                 \n\t\t\t\t\t<\/div><!-- \/.small-gallery -->\n\t\t\t\t\t\t\t\t\t<div class=\"small-gallery\">\n\t\t\t\t\t\t<a href=\"https:\/\/tva.cv\/index.php\/2022\/04\/13\/cv-recebe-mais-de-3700-pedidos-de-residencia-de-estrangeiros\/\" target=\"_self\">\n\t\t\t\t\t\t\t<img width=\"108\" height=\"108\" src=\"https:\/\/tva.cv\/wp-content\/uploads\/2022\/04\/vlcsnap-2022-04-13-10h15m50s008-108x108.png\" class=\"img-responsive wp-post-image\" alt=\"\" loading=\"lazy\" srcset=\"https:\/\/tva.cv\/wp-content\/uploads\/2022\/04\/vlcsnap-2022-04-13-10h15m50s008-108x108.png 108w, https:\/\/tva.cv\/wp-content\/uploads\/2022\/04\/vlcsnap-2022-04-13-10h15m50s008-150x150.png 150w\" sizes=\"(max-width: 108px) 100vw, 108px\" \/>\t\t\t\t\t\t<\/a>\n\t\t\t\t\t\t<div class=\"post-content\">\n\t\t\t\t\t\t\t\t\t\t\t\t\t\t\n\t\t\t\t\t\t\t<p><a href=\"https:\/\/tva.cv\/index.php\/2022\/04\/13\/cv-recebe-mais-de-3700-pedidos-de-residencia-de-estrangeiros\/\" target=\"_self\">CV  recebe mais<\/a><\/p>\n\t\t\t\t\t\t\t<i class=\"fa fa-clock-o\"><\/i>\n\t\t\t\t\t\t\t\t\t\t\t\t\t\t\t<span class=\"day\">qui, 14 abr, 2022<\/span>\n\t\t\t\t\t\t\t\t\t\t\t\t\t<\/div><!-- \/.post-content -->                                 \n\t\t\t\t\t<\/div><!-- \/.small-gallery -->\n\t\t\t\t\t\t\t\t\t<div class=\"small-gallery\">\n\t\t\t\t\t\t<a href=\"https:\/\/tva.cv\/index.php\/2022\/04\/13\/cabo-verde-e-visto-como-um-exemplo-na-prevencao-de-lavagem-de-capitais\/\" target=\"_self\">\n\t\t\t\t\t\t\t<img width=\"108\" height=\"108\" src=\"https:\/\/tva.cv\/wp-content\/uploads\/2022\/04\/vlcsnap-2022-04-13-11h01m44s413-108x108.png\" class=\"img-responsive wp-post-image\" alt=\"\" loading=\"lazy\" srcset=\"https:\/\/tva.cv\/wp-content\/uploads\/2022\/04\/vlcsnap-2022-04-13-11h01m44s413-108x108.png 108w, https:\/\/tva.cv\/wp-content\/uploads\/2022\/04\/vlcsnap-2022-04-13-11h01m44s413-150x150.png 150w\" sizes=\"(max-width: 108px) 100vw, 108px\" \/>\t\t\t\t\t\t<\/a>\n\t\t\t\t\t\t<div class=\"post-content\">\n\t\t\t\t\t\t\t\t\t\t\t\t\t\t\n\t\t\t\t\t\t\t<p><a href=\"https:\/\/tva.cv\/index.php\/2022\/04\/13\/cabo-verde-e-visto-como-um-exemplo-na-prevencao-de-lavagem-de-capitais\/\" target=\"_self\">Cabo Verde \u00e9 visto<\/a><\/p>\n\t\t\t\t\t\t\t<i class=\"fa fa-clock-o\"><\/i>\n\t\t\t\t\t\t\t\t\t\t\t\t\t\t\t<span class=\"day\">qui, 14 abr, 2022<\/span>\n\t\t\t\t\t\t\t\t\t\t\t\t\t<\/div><!-- \/.post-content -->                                 \n\t\t\t\t\t<\/div><!-- \/.small-gallery -->\n\t\t\t\t\t\t\t\t\t<div class=\"small-gallery\">\n\t\t\t\t\t\t<a href=\"https:\/\/tva.cv\/index.php\/2022\/04\/14\/estudantes-de-enfermagem-querem-acabar-com-a-disparidade-na-saude\/\" target=\"_self\">\n\t\t\t\t\t\t\t<img width=\"108\" height=\"108\" src=\"https:\/\/tva.cv\/wp-content\/uploads\/2022\/04\/vlcsnap-2022-04-14-10h13m38s160-108x108.png\" class=\"img-responsive wp-post-image\" alt=\"\" loading=\"lazy\" srcset=\"https:\/\/tva.cv\/wp-content\/uploads\/2022\/04\/vlcsnap-2022-04-14-10h13m38s160-108x108.png 108w, https:\/\/tva.cv\/wp-content\/uploads\/2022\/04\/vlcsnap-2022-04-14-10h13m38s160-150x150.png 150w\" sizes=\"(max-width: 108px) 100vw, 108px\" \/>\t\t\t\t\t\t<\/a>\n\t\t\t\t\t\t<div class=\"post-content\">\n\t\t\t\t\t\t\t\t\t\t\t\t\t\t\n\t\t\t\t\t\t\t<p><a href=\"https:\/\/tva.cv\/index.php\/2022\/04\/14\/estudantes-de-enfermagem-querem-acabar-com-a-disparidade-na-saude\/\" target=\"_self\">Estudantes de Enfermagem querem<\/a><\/p>\n\t\t\t\t\t\t\t<i class=\"fa fa-clock-o\"><\/i>\n\t\t\t\t\t\t\t\t\t\t\t\t\t\t\t<span class=\"day\">ter, 26 abr, 2022<\/span>\n\t\t\t\t\t\t\t\t\t\t\t\t\t<\/div><!-- \/.post-content -->                                 \n\t\t\t\t\t<\/div><!-- \/.small-gallery -->\n\t\t\t\t\t\t\t\t\t<div class=\"small-gallery\">\n\t\t\t\t\t\t<a href=\"https:\/\/tva.cv\/index.php\/2022\/04\/14\/em-2-anos-scm-ja-distribuiu-15-mil-contos-em-direitos-autorais\/\" target=\"_self\">\n\t\t\t\t\t\t\t<img width=\"108\" height=\"108\" src=\"https:\/\/tva.cv\/wp-content\/uploads\/2022\/04\/vlcsnap-2022-04-14-10h24m06s329-108x108.png\" class=\"img-responsive wp-post-image\" alt=\"\" loading=\"lazy\" srcset=\"https:\/\/tva.cv\/wp-content\/uploads\/2022\/04\/vlcsnap-2022-04-14-10h24m06s329-108x108.png 108w, https:\/\/tva.cv\/wp-content\/uploads\/2022\/04\/vlcsnap-2022-04-14-10h24m06s329-150x150.png 150w\" sizes=\"(max-width: 108px) 100vw, 108px\" \/>\t\t\t\t\t\t<\/a>\n\t\t\t\t\t\t<div class=\"post-content\">\n\t\t\t\t\t\t\t\t\t\t\t\t\t\t\n\t\t\t\t\t\t\t<p><a href=\"https:\/\/tva.cv\/index.php\/2022\/04\/14\/em-2-anos-scm-ja-distribuiu-15-mil-contos-em-direitos-autorais\/\" target=\"_self\">Em 2 anos, SCM<\/a><\/p>\n\t\t\t\t\t\t\t<i class=\"fa fa-clock-o\"><\/i>\n\t\t\t\t\t\t\t\t\t\t\t\t\t\t\t<span class=\"day\">seg, 18 abr, 2022<\/span>\n\t\t\t\t\t\t\t\t\t\t\t\t\t<\/div><!-- \/.post-content -->                                 \n\t\t\t\t\t<\/div><!-- \/.small-gallery -->\n\t\t\t\t\t\t\t\t\t<div class=\"small-gallery\">\n\t\t\t\t\t\t<a href=\"https:\/\/tva.cv\/index.php\/2022\/04\/14\/criancas-de-ponta-dagua-a-caminho-dos-acores-para-jogar-futebol\/\" target=\"_self\">\n\t\t\t\t\t\t\t<img width=\"108\" height=\"108\" src=\"https:\/\/tva.cv\/wp-content\/uploads\/2022\/04\/vlcsnap-2022-04-14-10h39m06s842-108x108.png\" class=\"img-responsive wp-post-image\" alt=\"\" loading=\"lazy\" srcset=\"https:\/\/tva.cv\/wp-content\/uploads\/2022\/04\/vlcsnap-2022-04-14-10h39m06s842-108x108.png 108w, https:\/\/tva.cv\/wp-content\/uploads\/2022\/04\/vlcsnap-2022-04-14-10h39m06s842-150x150.png 150w\" sizes=\"(max-width: 108px) 100vw, 108px\" \/>\t\t\t\t\t\t<\/a>\n\t\t\t\t\t\t<div class=\"post-content\">\n\t\t\t\t\t\t\t\t\t\t\t\t\t\t\n\t\t\t\t\t\t\t<p><a href=\"https:\/\/tva.cv\/index.php\/2022\/04\/14\/criancas-de-ponta-dagua-a-caminho-dos-acores-para-jogar-futebol\/\" target=\"_self\">Crian\u00e7as de Ponta D\u00b4\u00c1gua<\/a><\/p>\n\t\t\t\t\t\t\t<i class=\"fa fa-clock-o\"><\/i>\n\t\t\t\t\t\t\t\t\t\t\t\t\t\t\t<span class=\"day\">ter, 26 abr, 2022<\/span>\n\t\t\t\t\t\t\t\t\t\t\t\t\t<\/div><!-- \/.post-content -->                                 \n\t\t\t\t\t<\/div><!-- \/.small-gallery -->\n\t\t\t\t\t\t\t<\/div><!-- \/.small-gallery-slider -->\n\t\t<\/div>\n\t\t\t\t<div class=\"ad-wrapper \">\n\t\t\t\t\t\t<div class=\"ad-place\">\n\t\t\t\t<a href='#'><img class='ad-image' src='https:\/\/tva.cv\/wp-content\/uploads\/2018\/07\/ad_1248x100.jpg' alt=''><\/a>                                    \n\t\t\t<\/div><!-- \/.sidebar-ad-place -->\n\t\t<\/div>\t\n\t\t[\/vc_column][\/vc_row]<\/p>\n","protected":false},"excerpt":{"rendered":"<p>[vc_row css=&#8221;.vc_custom_1505591987391{padding-bottom: 0px !important;}&#8221;][vc_column][\/vc_column][\/vc_row][vc_row full_width=&#8221;stretch_row&#8221; css=&#8221;.vc_custom_1505499781974{padding-top: 0px !important;background-color: #fcfcfc !important;}&#8221;][vc_column offset=&#8221;vc_col-lg-8 vc_col-md-12&#8243;][\/vc_column][vc_column offset=&#8221;vc_col-lg-4 vc_col-md-12&#8243; css=&#8221;.vc_custom_1516638701715{margin-bottom: -30px !important;}&#8221;][\/vc_column][\/vc_row][vc_row full_width=&#8221;stretch_row&#8221; css=&#8221;.vc_custom_1516216503778{margin-bottom: -35px !important;background-color: #ececed !important;}&#8221;][vc_column][\/vc_column][\/vc_row][vc_row full_width=&#8221;stretch_row&#8221; css=&#8221;.vc_custom_1509043862883{background-color: #ececed !important;}&#8221; el_class=&#8221;visible&#8221;][vc_column offset=&#8221;vc_col-lg-8 vc_col-md-12&#8243; el_class=&#8221;sticky-module&#8221;][\/vc_column][vc_column offset=&#8221;vc_col-lg-4 vc_col-md-12&#8243;][\/vc_column][\/vc_row][vc_row full_width=&#8221;stretch_row&#8221; el_class=&#8221;module dark&#8221; css=&#8221;.vc_custom_1505499858239{padding-bottom: 0px !important;}&#8221;][vc_column css=&#8221;.vc_custom_1494498971478{padding-top: 0px !important;}&#8221;][\/vc_column][\/vc_row][vc_row full_width=&#8221;stretch_row&#8221; css=&#8221;.vc_custom_1509044142119{background-color: #ececed !important;}&#8221; el_class=&#8221;visible&#8221;][vc_column offset=&#8221;vc_col-lg-8&#8243; el_class=&#8221;sticky-module&#8221;][\/vc_column][vc_column offset=&#8221;vc_col-lg-4&#8243;][\/vc_column][\/vc_row][vc_row full_width=&#8221;stretch_row_content_no_spaces&#8221; el_class=&#8221;vc_padding_t-0&#8243;][vc_column css=&#8221;.vc_custom_1494498982141{padding-top: 0px !important;}&#8221;][\/vc_column][\/vc_row][vc_row full_width=&#8221;stretch_row&#8221;][vc_column][\/vc_column][\/vc_row][vc_row full_width=&#8221;stretch_row&#8221; css=&#8221;.vc_custom_1509558965864{background-color: #ececed !important;}&#8221; el_class=&#8221;visible&#8221;][vc_column offset=&#8221;vc_col-lg-8&#8243; el_class=&#8221;sticky-module&#8221; css=&#8221;.vc_custom_1517999989616{margin-bottom: -20px !important;}&#8221;][\/vc_column][vc_column offset=&#8221;vc_col-lg-4&#8243;][vc_column_text css=&#8221;.vc_custom_1512222902656{margin-bottom: 0px !important;}&#8221;][\/vc_column_text][\/vc_column][\/vc_row][vc_row full_width=&#8221;stretch_row&#8221; el_class=&#8221;vc_padding_t-0&#8243;][vc_column][\/vc_column][\/vc_row]<\/p>\n","protected":false},"author":1,"featured_media":0,"parent":685,"menu_order":0,"comment_status":"closed","ping_status":"closed","template":"template-parts\/front-page.php","meta":{"om_disable_all_campaigns":false,"_monsterinsights_skip_tracking":false,"_monsterinsights_sitenote_active":false,"_monsterinsights_sitenote_note":"","_monsterinsights_sitenote_category":0},"aioseo_notices":[],"_links":{"self":[{"href":"https:\/\/tva.cv\/index.php\/wp-json\/wp\/v2\/pages\/2712"}],"collection":[{"href":"https:\/\/tva.cv\/index.php\/wp-json\/wp\/v2\/pages"}],"about":[{"href":"https:\/\/tva.cv\/index.php\/wp-json\/wp\/v2\/types\/page"}],"author":[{"embeddable":true,"href":"https:\/\/tva.cv\/index.php\/wp-json\/wp\/v2\/users\/1"}],"replies":[{"embeddable":true,"href":"https:\/\/tva.cv\/index.php\/wp-json\/wp\/v2\/comments?post=2712"}],"version-history":[{"count":0,"href":"https:\/\/tva.cv\/index.php\/wp-json\/wp\/v2\/pages\/2712\/revisions"}],"up":[{"embeddable":true,"href":"https:\/\/tva.cv\/index.php\/wp-json\/wp\/v2\/pages\/685"}],"wp:attachment":[{"href":"https:\/\/tva.cv\/index.php\/wp-json\/wp\/v2\/media?parent=2712"}],"curies":[{"name":"wp","href":"https:\/\/api.w.org\/{rel}","templated":true}]}}