{"id":2175,"date":"2017-03-05T09:23:56","date_gmt":"2017-03-05T09:23:56","guid":{"rendered":"http:\/\/reendex.via-theme.com\/?page_id=2175"},"modified":"2017-03-05T09:23:56","modified_gmt":"2017-03-05T09:23:56","slug":"autos","status":"publish","type":"page","link":"https:\/\/tva.cv\/index.php\/autos\/","title":{"rendered":"Autos"},"content":{"rendered":"<p>[vc_row full_width=&#8221;stretch_row_content_no_spaces&#8221;][vc_column]\t\t<div id=\"parallax-section\" class=\"slider_area\"> \n\t\t\t<div class=\"image1 img-overlay1\" style=\"background-image:url( https:\/\/tva.cv\/wp-content\/uploads\/2017\/03\/parallax-image20.jpg )\"> \n\t\t\t\t<div class=\"container\"> \n\t\t\t\t\t<div class=\"caption text-center\" style=\";\">\n\t\t\t\t\t\t \n\t\t\t\t\t\t\t<div class=\"color-white text-center weight-300 medium-caption\">Automotive news and headlines from across the world<\/div>\n\t\t\t\t\t\t\t\t\t\t\t\t \n\t\t\t\t\t\t\t<div class=\"color-white text-center weight-800 large-caption\">Car News, Reviews and Auto Shows<\/div>\n\t\t\t\t\t\t\t\t\t\t\t\t \n\t\t\t\t\t\t\t<div class=\"color-white text-center weight-400 medium-caption\">Top Cars in Our Road Tests<\/div>\n\t\t\t\t\t\t\t\t\t\t\t\t                                \n\t\t\t\t\t\t\t<h5>Follow current, breaking and daily headlines from across the automotive sector<\/h5>\n\t\t\t\t\t\t\t\t\t\t\t<\/div><!-- \/.caption text-center -->                             \n\t\t\t\t<\/div><!-- \/.container -->                        \n\t\t\t<\/div><!-- \/.image1 img-overlay1 -->                     \n\t\t<\/div>\n\t\t[\/vc_column][\/vc_row][vc_row css=&#8221;.vc_custom_1505600922102{padding-top: 0px !important;}&#8221;][vc_column css=&#8221;.vc_custom_1505600947472{margin-top: -35px !important;}&#8221;]\t\t<div class=\"\" style=\"\n\t\t\t\">\n\t\t\t<div class=\"breadcrumb\"><a class=\"bread-link bread-home\" href=\"https:\/\/tva.cv\" title=\"Televis\u00e3o Africa\">Televis\u00e3o Africa<\/a>  \/  <\/div>\t\t<\/div>\n\t\t\t\t<div class=\"outer-rss \"> \n\t\t\t<div class=\"breaking-ribbon\"> \n\t\t\t\t<h4>Breaking News<\/h4> \n\t\t\t<\/div><!-- \/.breaking-ribbon -->\n\t\t\t<div class=\"newsticker-rss\">  \n\t\t\t\t\t\t\t\t\n\n\t\t\t\t\t<div class=\"news-ticker-rss\">\n<div class=\"ticker-wrap ticker-style-modern\" data-id=\"ticker-tab-\"><p><strong>Erro de RSS:<\/strong> WP HTTP Error: N\u00e3o foi fornecido um URL v\u00e1lido.<\/p><\/div>\n\n\t\t\t\t\t\t<div class=\"navi\"> \n\t\t\t\t\t\t\t<button class=\"up\">\n\t\t\t\t\t\t\t\t<i class=\"fa fa-caret-left\"><\/i>\n\t\t\t\t\t\t\t<\/button>                                     \n\t\t\t\t\t\t\t<button class=\"down\">\n\t\t\t\t\t\t\t\t<i class=\"fa fa-caret-right\"><\/i>\n\t\t\t\t\t\t\t<\/button>                                     \n\t\t\t\t\t\t<\/div>\n\t\t\t\t\t<\/div>\n\t\t\t\t\t\n\t\t\t\t\t\n\t\t\t<\/div><!-- \/.newsticker-rss -->\n\t\t<\/div><!-- \/.outer-rss -->    \n\t\t[\/vc_column][\/vc_row][vc_row full_width=&#8221;stretch_row&#8221; equal_height=&#8221;yes&#8221; css=&#8221;.vc_custom_1518679857109{background-color: #fcfcfc !important;}&#8221;][vc_column offset=&#8221;vc_col-lg-8 vc_col-md-12&#8243;]\t\t<div class=\"news\n\t\t\t\">\n\t\t\t\t\n\t\t\t\t<div class=\"entry-block-full big-video\">\n\t\t\t\t\t \n\t\t\t\t\t\t<div class=\"image-full\">\n\t\t\t\t\t\t\t<a href=\"https:\/\/tva.cv\/index.php\/2022\/03\/29\/cmp-vai-ter-plataforma-de-investimento-da-diaspora-cabo-verdiana\/\" class=\"img-link\" target=\"_self\">\n\t\t\t\t\t\t\t\t\t\t\t\t\t\t\t\t\t\t\t\t\t\t\t<\/a>\n\t\t\t\t\t\t<\/div><!-- \/.image-full -->\n\t\t\t\t\t\t\t\t\t\t<div class=\"content\">\n\t\t\t\t\t\t\t\t\t\t\t\t\t\t\t\t\t\t\t\t\t<div class=\"title-left title-style04 underline04\">\n\t\t\t\t\t\t\t\t\t<h2><a href=\"https:\/\/tva.cv\/index.php\/2022\/03\/29\/cmp-vai-ter-plataforma-de-investimento-da-diaspora-cabo-verdiana\/\" target=\"_self\">CMP Plataforma de Investimentos...<\/a><\/h2>\n\t\t\t\t\t\t\t\t<\/div>\n\t\t\t\t\t\t\t\t\t\t\t\t\t\t\t\t\t\t\t\t\t\t\t\t\t\t\t\t\t\t\t\t<p class=\"external-link\"><a href=\"https:\/\/tva.cv\/index.php\/2022\/03\/29\/cmp-vai-ter-plataforma-de-investimento-da-diaspora-cabo-verdiana\/\" target=\"_self\">\ufeff A C\u00e2mara Municipal da Praia, em parceria com a empresa portuguesa Decisions Kingdom Consultoria Limitada, apresentou esta ter\u00e7a-feira a sua plataforma de Investimento para a Di\u00e1spora Cabo-verdiana.&#8230;<\/a><\/p>\n\t\t\t\t\t\t\t\t\t\t\t<\/div><!-- \/.content -->\n\t\t\t\t<\/div><!-- \/.entry-block-full -->\t\n\t\t\t\t\t<\/div> \n\t\t[\/vc_column][vc_column offset=&#8221;vc_col-lg-4 vc_col-md-12&#8243;]\t\t\t\t<div class=\"sidebar-newsfeed\n\t\t\t\"> \n\t\t\t<div class=\"\n\t\t\t\tnewsfeed-2\">\n\t\t\t\t \n\t\t\t\t<ul class=\"flex-module\"> \n\t\t\t\t\t\t\t\t\t\t\t<li> \n\t\t\t\t\t\t\t<div class=\"item\">\n\t\t\t\t\t\t\t\t \n\t\t\t\t\t\t\t\t\t<div class=\"item-image\">\n\t\t\t\t\t\t\t\t\t\t<a class=\"img-link\" href=\"https:\/\/tva.cv\/index.php\/2026\/04\/28\/cne-divulga-listas-de-candidaturas-dados-eleitorais-e-entrega-fac-simile-dos-boletins-de-voto\/\">\n\t\t\t\t\t\t\t\t\t\t\t<img width=\"400\" height=\"200\" src=\"https:\/\/tva.cv\/wp-content\/uploads\/2026\/04\/CNE-divulga-listas-de-candidaturas-dados-eleitorais-e-entrega-fac-simile-dos-boletins-de-voto.00_00_07_16.Still001-400x200.png\" class=\"img-responsive img-full wp-post-image\" alt=\"\" loading=\"lazy\" srcset=\"https:\/\/tva.cv\/wp-content\/uploads\/2026\/04\/CNE-divulga-listas-de-candidaturas-dados-eleitorais-e-entrega-fac-simile-dos-boletins-de-voto.00_00_07_16.Still001-400x200.png 400w, https:\/\/tva.cv\/wp-content\/uploads\/2026\/04\/CNE-divulga-listas-de-candidaturas-dados-eleitorais-e-entrega-fac-simile-dos-boletins-de-voto.00_00_07_16.Still001-576x288.png 576w\" sizes=\"(max-width: 400px) 100vw, 400px\" \/>\t\t\t\t\t\t\t\t\t\t\t\t\t\t\t\t\t\t\t\t\t<\/a>\n\t\t\t\t\t\t\t\t\t<\/div><!-- \/.item-image -->\n\t\t\t\t\t\t\t\t \n\t\t\t\t\t\t\t\t<div class=\"item-content text\">\n\t\t\t\t\t\t\t\t\t \n\t\t\t\t\t\t\t\t\t\t<h4 class=\"ellipsis\">\n\t\t\t\t\t\t\t\t\t\t\t<a href=\"https:\/\/tva.cv\/index.php\/2026\/04\/28\/cne-divulga-listas-de-candidaturas-dados-eleitorais-e-entrega-fac-simile-dos-boletins-de-voto\/\" target=\"_self\">\n\t\t\t\t\t\t\t\t\t\t\t\tCNE divulga listas\t\t\t\t\t\t\t\t\t\t\t\t\t\t\t\t\t\t\t\t\t\t\t\n\t\t\t\t\t\t\t\t\t\t\t<\/a>\n\t\t\t\t\t\t\t\t\t\t<\/h4>\n\t\t\t\t\t\t\t\t\t\t\t\t\t\t\t\t\t\t \n\t\t\t\t\t\t\t\t\t\t<p><a class=\"text-concat\" href=\"https:\/\/tva.cv\/index.php\/2026\/04\/28\/cne-divulga-listas-de-candidaturas-dados-eleitorais-e-entrega-fac-simile-dos-boletins-de-voto\/\">As elei\u00e7\u00f5es legislativas em Cabo Verde est\u00e3o marcadas para o dia 17 de maio, e Comiss\u00e3o Nacional de Elei\u00e7\u00f5es, como entidade competente de administra\u00e7\u00e3o do processo eleitoral prestou esclarecimentos p\u00fablicos acerca do n\u00famero de partidos que concorrem, as estat\u00edsticas, a distribui\u00e7\u00e3o dos mandatos, bem como os respons\u00e1veis da CNE abordaram outros assuntos inerentes ao processo de sufr\u00e1gio em Cabo Verde.<\/a><a href=\"https:\/\/tva.cv\/index.php\/2026\/04\/28\/cne-divulga-listas-de-candidaturas-dados-eleitorais-e-entrega-fac-simile-dos-boletins-de-voto\/\" target=\"_self\"><span>Read more...<\/span><\/a><\/p>\n\t\t\t\t\t\t\t\t\t\t\t\t\t\t\t\t\t<\/div><!-- \/.item-content text -->                                                    \n\t\t\t\t\t\t\t<\/div><!-- \/.item -->                                                \n\t\t\t\t\t\t<\/li>\n\t\t\t\t\t\t\t\t\t\t\t<li> \n\t\t\t\t\t\t\t<div class=\"item\">\n\t\t\t\t\t\t\t\t \n\t\t\t\t\t\t\t\t\t<div class=\"item-image\">\n\t\t\t\t\t\t\t\t\t\t<a class=\"img-link\" href=\"https:\/\/tva.cv\/index.php\/2026\/04\/28\/aviacao-civil-governo-formaliza-privatizacao-da-cabo-verde-handling-com-a-swissport\/\">\n\t\t\t\t\t\t\t\t\t\t\t<img width=\"400\" height=\"200\" src=\"https:\/\/tva.cv\/wp-content\/uploads\/2026\/04\/Aviacao-Civil.00_00_08_13.Still001-400x200.png\" class=\"img-responsive img-full wp-post-image\" alt=\"\" loading=\"lazy\" srcset=\"https:\/\/tva.cv\/wp-content\/uploads\/2026\/04\/Aviacao-Civil.00_00_08_13.Still001-400x200.png 400w, https:\/\/tva.cv\/wp-content\/uploads\/2026\/04\/Aviacao-Civil.00_00_08_13.Still001-576x288.png 576w\" sizes=\"(max-width: 400px) 100vw, 400px\" \/>\t\t\t\t\t\t\t\t\t\t\t\t\t\t\t\t\t\t\t\t\t<\/a>\n\t\t\t\t\t\t\t\t\t<\/div><!-- \/.item-image -->\n\t\t\t\t\t\t\t\t \n\t\t\t\t\t\t\t\t<div class=\"item-content text\">\n\t\t\t\t\t\t\t\t\t \n\t\t\t\t\t\t\t\t\t\t<h4 class=\"ellipsis\">\n\t\t\t\t\t\t\t\t\t\t\t<a href=\"https:\/\/tva.cv\/index.php\/2026\/04\/28\/aviacao-civil-governo-formaliza-privatizacao-da-cabo-verde-handling-com-a-swissport\/\" target=\"_self\">\n\t\t\t\t\t\t\t\t\t\t\t\tAviacao Civil: Governo\t\t\t\t\t\t\t\t\t\t\t\t\t\t\t\t\t\t\t\t\t\t\t\n\t\t\t\t\t\t\t\t\t\t\t<\/a>\n\t\t\t\t\t\t\t\t\t\t<\/h4>\n\t\t\t\t\t\t\t\t\t\t\t\t\t\t\t\t\t\t \n\t\t\t\t\t\t\t\t\t\t<p><a class=\"text-concat\" href=\"https:\/\/tva.cv\/index.php\/2026\/04\/28\/aviacao-civil-governo-formaliza-privatizacao-da-cabo-verde-handling-com-a-swissport\/\">O Governo de Cabo Verde formalizou nesta ter\u00e7a-feira, o contrato de compra e venda de a\u00e7\u00f5es da Cabo Verde Handling, qualidade de vendedora, e a Swissport, na qualidade de compradora, um marco que assinala uma nova etapa no processo de moderniza\u00e7\u00e3o, efici\u00eancia e refor\u00e7o da competitividade dos servi\u00e7os de handling no pa\u00eds.<\/a><a href=\"https:\/\/tva.cv\/index.php\/2026\/04\/28\/aviacao-civil-governo-formaliza-privatizacao-da-cabo-verde-handling-com-a-swissport\/\" target=\"_self\"><span>Read more...<\/span><\/a><\/p>\n\t\t\t\t\t\t\t\t\t\t\t\t\t\t\t\t\t<\/div><!-- \/.item-content text -->                                                    \n\t\t\t\t\t\t\t<\/div><!-- \/.item -->                                                \n\t\t\t\t\t\t<\/li>\n\t\t\t\t\t\t\t\t\t\t\t<li> \n\t\t\t\t\t\t\t<div class=\"item\">\n\t\t\t\t\t\t\t\t \n\t\t\t\t\t\t\t\t\t<div class=\"item-image\">\n\t\t\t\t\t\t\t\t\t\t<a class=\"img-link\" href=\"https:\/\/tva.cv\/index.php\/2026\/04\/28\/certame-acontera-nos-dias-26-27-e-28-de-junho-e-prestara-homenagem-a-romeu-di-lurdes\/\">\n\t\t\t\t\t\t\t\t\t\t\t<img width=\"400\" height=\"200\" src=\"https:\/\/tva.cv\/wp-content\/uploads\/2026\/04\/Festival-da-Gamboa-2026-peca-final.00_00_23_21.Still001-400x200.png\" class=\"img-responsive img-full wp-post-image\" alt=\"\" loading=\"lazy\" srcset=\"https:\/\/tva.cv\/wp-content\/uploads\/2026\/04\/Festival-da-Gamboa-2026-peca-final.00_00_23_21.Still001-400x200.png 400w, https:\/\/tva.cv\/wp-content\/uploads\/2026\/04\/Festival-da-Gamboa-2026-peca-final.00_00_23_21.Still001-576x288.png 576w\" sizes=\"(max-width: 400px) 100vw, 400px\" \/>\t\t\t\t\t\t\t\t\t\t\t\t\t\t\t\t\t\t\t\t\t<\/a>\n\t\t\t\t\t\t\t\t\t<\/div><!-- \/.item-image -->\n\t\t\t\t\t\t\t\t \n\t\t\t\t\t\t\t\t<div class=\"item-content text\">\n\t\t\t\t\t\t\t\t\t \n\t\t\t\t\t\t\t\t\t\t<h4 class=\"ellipsis\">\n\t\t\t\t\t\t\t\t\t\t\t<a href=\"https:\/\/tva.cv\/index.php\/2026\/04\/28\/certame-acontera-nos-dias-26-27-e-28-de-junho-e-prestara-homenagem-a-romeu-di-lurdes\/\" target=\"_self\">\n\t\t\t\t\t\t\t\t\t\t\t\tCertame aconter\u00e1 nos\t\t\t\t\t\t\t\t\t\t\t\t\t\t\t\t\t\t\t\t\t\t\t\n\t\t\t\t\t\t\t\t\t\t\t<\/a>\n\t\t\t\t\t\t\t\t\t\t<\/h4>\n\t\t\t\t\t\t\t\t\t\t\t\t\t\t\t\t\t\t \n\t\t\t\t\t\t\t\t\t\t<p><a class=\"text-concat\" href=\"https:\/\/tva.cv\/index.php\/2026\/04\/28\/certame-acontera-nos-dias-26-27-e-28-de-junho-e-prestara-homenagem-a-romeu-di-lurdes\/\">A cidade da Praia acolhe, no pr\u00f3ximo m\u00eas de junho, a 32\u00aa edi\u00e7\u00e3o do Festival da Gamboa, que este ano foi adiado devido ao calend\u00e1rio eleitoral. O evento, que decorrer\u00e1 ao longo de tr\u00eas dias, contar\u00e1 com a participa\u00e7\u00e3o de 27 artistas selecionados por concurso p\u00fablico, numa iniciativa que visa garantir maior transpar\u00eancia e igualdade de oportunidades, al\u00e9m de homenagear o m\u00fasico Romeu de Lurdes e valorizar os talentos locais.<\/a><a href=\"https:\/\/tva.cv\/index.php\/2026\/04\/28\/certame-acontera-nos-dias-26-27-e-28-de-junho-e-prestara-homenagem-a-romeu-di-lurdes\/\" target=\"_self\"><span>Read more...<\/span><\/a><\/p>\n\t\t\t\t\t\t\t\t\t\t\t\t\t\t\t\t\t<\/div><!-- \/.item-content text -->                                                    \n\t\t\t\t\t\t\t<\/div><!-- \/.item -->                                                \n\t\t\t\t\t\t<\/li>\n\t\t\t\t\t\t\t\t\t\t\t<li> \n\t\t\t\t\t\t\t<div class=\"item\">\n\t\t\t\t\t\t\t\t \n\t\t\t\t\t\t\t\t\t<div class=\"item-image\">\n\t\t\t\t\t\t\t\t\t\t<a class=\"img-link\" href=\"https:\/\/tva.cv\/index.php\/2026\/04\/28\/kontornu-2026-danca-pensamento-e-transformacao-social-em-movimento\/\">\n\t\t\t\t\t\t\t\t\t\t\t<img width=\"400\" height=\"200\" src=\"https:\/\/tva.cv\/wp-content\/uploads\/2026\/04\/Festival-Kontornu-peca-1.00_00_28_05.Still001-400x200.png\" class=\"img-responsive img-full wp-post-image\" alt=\"\" loading=\"lazy\" srcset=\"https:\/\/tva.cv\/wp-content\/uploads\/2026\/04\/Festival-Kontornu-peca-1.00_00_28_05.Still001-400x200.png 400w, https:\/\/tva.cv\/wp-content\/uploads\/2026\/04\/Festival-Kontornu-peca-1.00_00_28_05.Still001-576x288.png 576w\" sizes=\"(max-width: 400px) 100vw, 400px\" \/>\t\t\t\t\t\t\t\t\t\t\t\t\t\t\t\t\t\t\t\t\t<\/a>\n\t\t\t\t\t\t\t\t\t<\/div><!-- \/.item-image -->\n\t\t\t\t\t\t\t\t \n\t\t\t\t\t\t\t\t<div class=\"item-content text\">\n\t\t\t\t\t\t\t\t\t \n\t\t\t\t\t\t\t\t\t\t<h4 class=\"ellipsis\">\n\t\t\t\t\t\t\t\t\t\t\t<a href=\"https:\/\/tva.cv\/index.php\/2026\/04\/28\/kontornu-2026-danca-pensamento-e-transformacao-social-em-movimento\/\" target=\"_self\">\n\t\t\t\t\t\t\t\t\t\t\t\tKontornu 2026: Dan\u00e7a,\t\t\t\t\t\t\t\t\t\t\t\t\t\t\t\t\t\t\t\t\t\t\t\n\t\t\t\t\t\t\t\t\t\t\t<\/a>\n\t\t\t\t\t\t\t\t\t\t<\/h4>\n\t\t\t\t\t\t\t\t\t\t\t\t\t\t\t\t\t\t \n\t\t\t\t\t\t\t\t\t\t<p><a class=\"text-concat\" href=\"https:\/\/tva.cv\/index.php\/2026\/04\/28\/kontornu-2026-danca-pensamento-e-transformacao-social-em-movimento\/\">A cidade da Praia acolhe, de 11 a 16 de maio, a quarta edi\u00e7\u00e3o do Festival Kontornu. Um evento que cruza dan\u00e7a, reflex\u00e3o e interven\u00e7\u00e3o social. A apresenta\u00e7\u00e3o oficial decorreu esta segunda-feira e revelou uma programa\u00e7\u00e3o ambiciosa, com dimens\u00e3o internacional e forte liga\u00e7\u00e3o \u00e0s causas sociais.<\/a><a href=\"https:\/\/tva.cv\/index.php\/2026\/04\/28\/kontornu-2026-danca-pensamento-e-transformacao-social-em-movimento\/\" target=\"_self\"><span>Read more...<\/span><\/a><\/p>\n\t\t\t\t\t\t\t\t\t\t\t\t\t\t\t\t\t<\/div><!-- \/.item-content text -->                                                    \n\t\t\t\t\t\t\t<\/div><!-- \/.item -->                                                \n\t\t\t\t\t\t<\/li>\n\t\t\t\t\t\t\t\t\t\t\t<li> \n\t\t\t\t\t\t\t<div class=\"item\">\n\t\t\t\t\t\t\t\t \n\t\t\t\t\t\t\t\t\t<div class=\"item-image\">\n\t\t\t\t\t\t\t\t\t\t<a class=\"img-link\" href=\"https:\/\/tva.cv\/index.php\/2026\/04\/28\/arte-que-denuncia-sueline-furtado-leva-o-lixo-ao-palco-do-kontornu\/\">\n\t\t\t\t\t\t\t\t\t\t\t<img width=\"400\" height=\"200\" src=\"https:\/\/tva.cv\/wp-content\/uploads\/2026\/04\/Festival-Kontornu-peca-2.00_00_04_02.Still001-400x200.png\" class=\"img-responsive img-full wp-post-image\" alt=\"\" loading=\"lazy\" srcset=\"https:\/\/tva.cv\/wp-content\/uploads\/2026\/04\/Festival-Kontornu-peca-2.00_00_04_02.Still001-400x200.png 400w, https:\/\/tva.cv\/wp-content\/uploads\/2026\/04\/Festival-Kontornu-peca-2.00_00_04_02.Still001-576x288.png 576w\" sizes=\"(max-width: 400px) 100vw, 400px\" \/>\t\t\t\t\t\t\t\t\t\t\t\t\t\t\t\t\t\t\t\t\t<\/a>\n\t\t\t\t\t\t\t\t\t<\/div><!-- \/.item-image -->\n\t\t\t\t\t\t\t\t \n\t\t\t\t\t\t\t\t<div class=\"item-content text\">\n\t\t\t\t\t\t\t\t\t \n\t\t\t\t\t\t\t\t\t\t<h4 class=\"ellipsis\">\n\t\t\t\t\t\t\t\t\t\t\t<a href=\"https:\/\/tva.cv\/index.php\/2026\/04\/28\/arte-que-denuncia-sueline-furtado-leva-o-lixo-ao-palco-do-kontornu\/\" target=\"_self\">\n\t\t\t\t\t\t\t\t\t\t\t\tArte que denuncia:\t\t\t\t\t\t\t\t\t\t\t\t\t\t\t\t\t\t\t\t\t\t\t\n\t\t\t\t\t\t\t\t\t\t\t<\/a>\n\t\t\t\t\t\t\t\t\t\t<\/h4>\n\t\t\t\t\t\t\t\t\t\t\t\t\t\t\t\t\t\t \n\t\t\t\t\t\t\t\t\t\t<p><a class=\"text-concat\" href=\"https:\/\/tva.cv\/index.php\/2026\/04\/28\/arte-que-denuncia-sueline-furtado-leva-o-lixo-ao-palco-do-kontornu\/\">No Festival Kontornu, a arte tamb\u00e9m \u00e9 den\u00fancia. A artista Sueline Furtado apresenta uma performance que chama a aten\u00e7\u00e3o para o problema do lixo na cidade da Praia, transformando o palco num espa\u00e7o de consciencializa\u00e7\u00e3o ambiental.<\/a><a href=\"https:\/\/tva.cv\/index.php\/2026\/04\/28\/arte-que-denuncia-sueline-furtado-leva-o-lixo-ao-palco-do-kontornu\/\" target=\"_self\"><span>Read more...<\/span><\/a><\/p>\n\t\t\t\t\t\t\t\t\t\t\t\t\t\t\t\t\t<\/div><!-- \/.item-content text -->                                                    \n\t\t\t\t\t\t\t<\/div><!-- \/.item -->                                                \n\t\t\t\t\t\t<\/li>\n\t\t\t\t\t\t\t\t\t<\/ul><!-- \/.flex-module -->                                         \n\t\t\t<\/div>                                     \n\t\t<\/div><!-- \/.sidebar-newsfeed -->\n\t\t[\/vc_column][\/vc_row][vc_row full_width=&#8221;stretch_row&#8221; el_class=&#8221;module dark&#8221;][vc_column css=&#8221;.vc_custom_1516301816999{padding-top: 0px !important;}&#8221;]\t\t<div class=\"tvbanner-area \"> \n\t\t\t<div class=\"show-info\">\n\t\t\t\t\t\t\t\t\t<h4 class=\"schedule-logo bg-1\">TV Schedule<\/h4>\n\t\t\t\t\t\t\t\t<div class=\"show-title\">\n\t\t\t\t\t \n\t\t\t\t\t\t<h2>News Insight<\/h2>\n\t\t\t\t\t \n\t\t\t\t\t<h3>Hosted by Neal Bailey<\/h3> \n\t\t\t\t<\/div>\n\t\t\t\t                             \n\t\t\t\t\t<h4 class=\"show-info-button bg-1\"><a href=\"\" target=\"_self\">Watch the final presidential debate, moderated by Neal Bailey, Tonight at 10.<\/a><\/h4>\n\t\t\t\t \n\t\t\t\t<div class=\"figure\">\n\t\t\t\t\t<img src=\" https:\/\/tva.cv\/wp-content\/uploads\/2017\/01\/schedule_figure.png \" alt=\"Hosted by Neal Bailey\">\t\t\t\t<\/div><!-- \/.figure -->                             \n\t\t\t<\/div><!-- \/.show-info -->\n\t\t\t                         \n\t\t\t\t<div class=\"schedule-squares\">\n\t\t\t\t\t<span class=\"square2\"><\/span>\n\t\t\t\t\t<span class=\"square3\"><\/span>\n\t\t\t\t\t<span class=\"square4\"><\/span> \n\t\t\t\t\t<span class=\"square5\"><\/span>\n\t\t\t\t\t<span class=\"square6\"><\/span>\n\t\t\t\t\t<span class=\"square7\"><\/span>\n\t\t\t\t\t<span class=\"square8\"><\/span>\n\t\t\t\t\t<span class=\"square9\"><\/span>\n\t\t\t\t\t<span class=\"square10\"><\/span>\n\t\t\t\t\t<span class=\"square11\"><\/span>\n\t\t\t\t<\/div><!-- \/.schedule-squares -->\n\t\t\t                         \n\t\t<\/div><!-- \/.tvbanner-area -->\n\t\t[\/vc_column][\/vc_row][vc_row full_width=&#8221;stretch_row&#8221; css=&#8221;.vc_custom_1516302650113{background-color: #ececed !important;}&#8221;][vc_column css=&#8221;.vc_custom_1516302661733{padding-top: 0px !important;}&#8221;]\t\t<div class=\"section-header-left mt-30\">\n\t\t\t<h2 class=\"section-title-left\">Alt Green Latest News<span class=\"dot\">.<\/span><\/h2>\n\t\t\t\t\t\t\t<h4 class=\"section-subtitle\">At Alt Green Inc we are committed to helping you cut your fuel costs and becoming a green company. Converting your fleet to propane may prove to be the best decision you&#039;ve ever made regarding your transportation department.<\/h4>\n\t\t\t\t\t<\/div><!-- \/.section-header-left -->\n\t\t\t\t<div class=\"\n\t\t\t\">\n\t\t\t\t\t\t\t\t\t\t<div class=\"article\">\n\t\t\t\t\t\t\t\t\t<div class=\"entry-block\">\n\t\t\t\t\t\t<div class=\"entry-image\">\n\t\t\t\t\t\t\t<a href=\"https:\/\/tva.cv\/index.php\/2022\/03\/29\/cmp-vai-ter-plataforma-de-investimento-da-diaspora-cabo-verdiana\/\" class=\"img-link\" target=\"_self\">\n\t\t\t\t\t\t\t\t\t\t\t\t\t\t\t\t\t\t\t\t\t\t\t<\/a>\n\t\t\t\t\t\t\t\t\t\t\t\t\t\t\t\t\t\t\t<span><a class=\"label-5\" href=\"https:\/\/tva.cv\/index.php\/category\/economia\/\" target=\"_self\">Economia<\/a><\/span>\n\t\t\t\t\t\t\t\t\t\t\t\t\t\t\t\t\t\t\t\t\n\t\t\t\t\t\t<\/div><!-- \/.image -->\t\t\t\t\t\t\n\t\t\t\t\t\t<div class=\"entry-content\">\n\t\t\t\t\t\t\t\t\t\t\t\t\t\t\t<div class=\"title-left title-style04 underline04\"> \n\t\t\t\t\t\t\t\t\t<h3>\n\t\t\t\t\t\t\t\t\t\t<a href=\"https:\/\/tva.cv\/index.php\/2022\/03\/29\/cmp-vai-ter-plataforma-de-investimento-da-diaspora-cabo-verdiana\/\" target=\"_self\">CMP Plataforma de Investimentos...<\/a>\n\t\t\t\t\t\t\t\t\t<\/h3> \n\t\t\t\t\t\t\t\t<\/div>\n\t\t\t\t\t\t\t\t\t\t\t\t\t        \n\t\t\t\t\t\t\t\t\t\t\t\t\t\t\t<p class=\"meta-date\">\n\t\t\t\t\t\t\t\t\t<i class=\"fa fa-clock-o\"><\/i>\n\t\t\t\t\t\t\t\t\t\t\t\t\t\t\t\t\t\t\t<span class=\"day\">abr 26, 2022<\/span>\n\t\t\t\t\t\t\t\t\t\t<span class=\"hour\">5:22 pm<\/span>\n\t\t\t\t\t\t\t\t\t\t\t\t\t\t\t\t\t<\/p>\n\t\t\t\t\t\t\t\t\t\t\t\t\t\t\t\t\t\t\t\t\t\t\n\t\t\t\t\t\t\t<div>\n\t\t\t\t\t\t\t\t\t\t\t\t\t\t\t\t\t<a href=\"https:\/\/tva.cv\/index.php\/2022\/03\/29\/cmp-vai-ter-plataforma-de-investimento-da-diaspora-cabo-verdiana\/\" target=\"_self\">\n\t\t\t\t\t\t\t\t\t\t<span class=\"read-more\">\n\t\t\t\t\t\t\t\t\t\t\tContinue reading\t\t\t\t\t\t\t\t\t\t<\/span>\n\t\t\t\t\t\t\t\t\t<\/a>\n\t\t\t\t\t\t\t\t\t\t\t\t\t\t\t<\/div>\n\t\t\t\t\t\t<\/div><!-- \/.entry-content -->\n\t\t\t\t\t<\/div><!-- \/.entry-block -->\n\t\t\t\t\t\t\t\t\t<div class=\"entry-block\">\n\t\t\t\t\t\t<div class=\"entry-image\">\n\t\t\t\t\t\t\t<a href=\"https:\/\/tva.cv\/index.php\/2022\/03\/30\/cmp-vai-construir-centro-comunitario-em-agua-funda\/\" class=\"img-link\" target=\"_self\">\n\t\t\t\t\t\t\t\t\t\t\t\t\t\t\t\t\t\t\t\t\t\t\t<\/a>\n\t\t\t\t\t\t\t\t\t\t\t\t\t\t\t\t\t\t\t<span><a class=\"label-6\" href=\"https:\/\/tva.cv\/index.php\/category\/cultura\/\" target=\"_self\">Cultura<\/a><\/span>\n\t\t\t\t\t\t\t\t\t\t\t\t\t\t\t\t\t\t\t\t\n\t\t\t\t\t\t<\/div><!-- \/.image -->\t\t\t\t\t\t\n\t\t\t\t\t\t<div class=\"entry-content\">\n\t\t\t\t\t\t\t\t\t\t\t\t\t\t\t<div class=\"title-left title-style04 underline04\"> \n\t\t\t\t\t\t\t\t\t<h3>\n\t\t\t\t\t\t\t\t\t\t<a href=\"https:\/\/tva.cv\/index.php\/2022\/03\/30\/cmp-vai-construir-centro-comunitario-em-agua-funda\/\" target=\"_self\">CMP vai construir Centro Comunit\u00e1rio...<\/a>\n\t\t\t\t\t\t\t\t\t<\/h3> \n\t\t\t\t\t\t\t\t<\/div>\n\t\t\t\t\t\t\t\t\t\t\t\t\t        \n\t\t\t\t\t\t\t\t\t\t\t\t\t\t\t<p class=\"meta-date\">\n\t\t\t\t\t\t\t\t\t<i class=\"fa fa-clock-o\"><\/i>\n\t\t\t\t\t\t\t\t\t\t\t\t\t\t\t\t\t\t\t<span class=\"day\">abr 26, 2022<\/span>\n\t\t\t\t\t\t\t\t\t\t<span class=\"hour\">5:28 pm<\/span>\n\t\t\t\t\t\t\t\t\t\t\t\t\t\t\t\t\t<\/p>\n\t\t\t\t\t\t\t\t\t\t\t\t\t\t\t\t\t\t\t\t\t\t\n\t\t\t\t\t\t\t<div>\n\t\t\t\t\t\t\t\t\t\t\t\t\t\t\t\t\t<a href=\"https:\/\/tva.cv\/index.php\/2022\/03\/30\/cmp-vai-construir-centro-comunitario-em-agua-funda\/\" target=\"_self\">\n\t\t\t\t\t\t\t\t\t\t<span class=\"read-more\">\n\t\t\t\t\t\t\t\t\t\t\tContinue reading\t\t\t\t\t\t\t\t\t\t<\/span>\n\t\t\t\t\t\t\t\t\t<\/a>\n\t\t\t\t\t\t\t\t\t\t\t\t\t\t\t<\/div>\n\t\t\t\t\t\t<\/div><!-- \/.entry-content -->\n\t\t\t\t\t<\/div><!-- \/.entry-block -->\n\t\t\t\t\t\t\t\t\t<div class=\"entry-block\">\n\t\t\t\t\t\t<div class=\"entry-image\">\n\t\t\t\t\t\t\t<a href=\"https:\/\/tva.cv\/index.php\/2022\/04\/12\/ine-lanca-inquerito-as-despesas-e-receitas-familiares\/\" class=\"img-link\" target=\"_self\">\n\t\t\t\t\t\t\t\t\t\t\t\t\t\t\t\t\t\t\t\t\t\t\t<\/a>\n\t\t\t\t\t\t\t\t\t\t\t\t\t\t\t\t\t\t\t<span><a class=\"label-7\" href=\"https:\/\/tva.cv\/index.php\/category\/economia\/\" target=\"_self\">Economia<\/a><\/span>\n\t\t\t\t\t\t\t\t\t\t\t\t\t\t\t\t\t\t\t\t\n\t\t\t\t\t\t<\/div><!-- \/.image -->\t\t\t\t\t\t\n\t\t\t\t\t\t<div class=\"entry-content\">\n\t\t\t\t\t\t\t\t\t\t\t\t\t\t\t<div class=\"title-left title-style04 underline04\"> \n\t\t\t\t\t\t\t\t\t<h3>\n\t\t\t\t\t\t\t\t\t\t<a href=\"https:\/\/tva.cv\/index.php\/2022\/04\/12\/ine-lanca-inquerito-as-despesas-e-receitas-familiares\/\" target=\"_self\">INE lan\u00e7a Inqu\u00e9rito \u00e0s Despesas...<\/a>\n\t\t\t\t\t\t\t\t\t<\/h3> \n\t\t\t\t\t\t\t\t<\/div>\n\t\t\t\t\t\t\t\t\t\t\t\t\t        \n\t\t\t\t\t\t\t\t\t\t\t\t\t\t\t<p class=\"meta-date\">\n\t\t\t\t\t\t\t\t\t<i class=\"fa fa-clock-o\"><\/i>\n\t\t\t\t\t\t\t\t\t\t\t\t\t\t\t\t\t\t\t<span class=\"day\">abr 26, 2022<\/span>\n\t\t\t\t\t\t\t\t\t\t<span class=\"hour\">5:29 pm<\/span>\n\t\t\t\t\t\t\t\t\t\t\t\t\t\t\t\t\t<\/p>\n\t\t\t\t\t\t\t\t\t\t\t\t\t\t\t\t\t\t\t\t\t\t\n\t\t\t\t\t\t\t<div>\n\t\t\t\t\t\t\t\t\t\t\t\t\t\t\t\t\t<a href=\"https:\/\/tva.cv\/index.php\/2022\/04\/12\/ine-lanca-inquerito-as-despesas-e-receitas-familiares\/\" target=\"_self\">\n\t\t\t\t\t\t\t\t\t\t<span class=\"read-more\">\n\t\t\t\t\t\t\t\t\t\t\tContinue reading\t\t\t\t\t\t\t\t\t\t<\/span>\n\t\t\t\t\t\t\t\t\t<\/a>\n\t\t\t\t\t\t\t\t\t\t\t\t\t\t\t<\/div>\n\t\t\t\t\t\t<\/div><!-- \/.entry-content -->\n\t\t\t\t\t<\/div><!-- \/.entry-block -->\n\t\t\t\t\t\t\t<\/div><!-- \/.article --> \n\t\t<\/div> \n\t\t\t\t<div class=\"section-highlighs-wrapper mt-30 mb-0\">\n\t\t\t<span class=\"section-highlight-inner\">\n\t\t\t\t<a href=\"#\" target=\"_self\" class=\"section-highlight-link\">Story highlights<\/a>\n\t\t\t<\/span>\n\t\t\t\t\t\t\t<h4 class=\"section-highlighs\">A German Architect Andre believes he has a solution that can \u201csqueeze more juice out of the sun\u201d, even during the night hours and in low-light regions. His company has created a spherical sun power generator prototype called the beta.ray.<\/h4>\n\t\t\t\t\t<\/div><!-- \/.section-highlighs-wrapper -->\n\t\t[\/vc_column][\/vc_row][vc_row full_width=&#8221;stretch_row&#8221; equal_height=&#8221;yes&#8221; css=&#8221;.vc_custom_1511958539957{margin-bottom: -30px !important;background-color: #fcfcfc !important;}&#8221;][vc_column width=&#8221;1\/2&#8243; offset=&#8221;vc_col-lg-3&#8243;]<a class=\"container-full\" href=\"http:\/\/reendex.via-theme.com\/alt-green\/\" title=\"\" target=\"_blank\">\n\t\t\t<div class=\"entry-media\">\n\t\t\t\t<div class=\"image\" style=\"background-image: url(https:\/\/tva.cv\/wp-content\/uploads\/2017\/03\/autos_1000x750-image01.jpg)\">\n\t\t\t\t\t<div class=\"container-full-box-overlay\">\n\t\t\t\t\t\t<div class=\"content\">\n\t\t\t\t\t\t\t<h2>Alt-Green<\/h2>\n\t\t\t\t\t\t\t<h4 class=\"external-link\">The minibus plummets down huge ditch but driver survives<\/h4>\n\t\t\t\t\t\t<\/div>\n\t\t\t\t\t<\/div>\n\t\t\t\t<\/div>\n\t\t\t<\/div>\n\t\t<\/a>[\/vc_column][vc_column width=&#8221;1\/2&#8243; offset=&#8221;vc_col-lg-3&#8243; css=&#8221;.vc_custom_1511963682937{margin-bottom: -30px !important;}&#8221;]\t\t<div class=\"article\n\t\t\t\"> \n\t\t\t\t\t\t\t<div class=\"container-half\">\n\t\t\t\t\t<div class=\"image\">\n\t\t\t\t\t\t\t\t\t\t\t\t\t<a href=\"https:\/\/tva.cv\/index.php\/2026\/04\/28\/cne-divulga-listas-de-candidaturas-dados-eleitorais-e-entrega-fac-simile-dos-boletins-de-voto\/\" title=\"CNE divulga listas de candidaturas, dados eleitorais e entrega fac-s\u00edmile dos boletins de voto.\" target=\"_self\">\n\t\t\t\t\t\t\t\t<img width=\"1920\" height=\"1080\" src=\"https:\/\/tva.cv\/wp-content\/uploads\/2026\/04\/CNE-divulga-listas-de-candidaturas-dados-eleitorais-e-entrega-fac-simile-dos-boletins-de-voto.00_00_07_16.Still001.png\" class=\"attachment-full size-full wp-post-image\" alt=\"\" loading=\"lazy\" srcset=\"https:\/\/tva.cv\/wp-content\/uploads\/2026\/04\/CNE-divulga-listas-de-candidaturas-dados-eleitorais-e-entrega-fac-simile-dos-boletins-de-voto.00_00_07_16.Still001.png 1920w, https:\/\/tva.cv\/wp-content\/uploads\/2026\/04\/CNE-divulga-listas-de-candidaturas-dados-eleitorais-e-entrega-fac-simile-dos-boletins-de-voto.00_00_07_16.Still001-300x169.png 300w, https:\/\/tva.cv\/wp-content\/uploads\/2026\/04\/CNE-divulga-listas-de-candidaturas-dados-eleitorais-e-entrega-fac-simile-dos-boletins-de-voto.00_00_07_16.Still001-1024x576.png 1024w, https:\/\/tva.cv\/wp-content\/uploads\/2026\/04\/CNE-divulga-listas-de-candidaturas-dados-eleitorais-e-entrega-fac-simile-dos-boletins-de-voto.00_00_07_16.Still001-768x432.png 768w, https:\/\/tva.cv\/wp-content\/uploads\/2026\/04\/CNE-divulga-listas-de-candidaturas-dados-eleitorais-e-entrega-fac-simile-dos-boletins-de-voto.00_00_07_16.Still001-1536x864.png 1536w, https:\/\/tva.cv\/wp-content\/uploads\/2026\/04\/CNE-divulga-listas-de-candidaturas-dados-eleitorais-e-entrega-fac-simile-dos-boletins-de-voto.00_00_07_16.Still001-822x462.png 822w\" sizes=\"(max-width: 1920px) 100vw, 1920px\" \/>\t\t\t\t\t\t\t\t\t\t\t\t\t\t\t\t\t\t\t\t\t\t<span class=\"label-1\" style=\"\">\n\t\t\t\t\t\t\t\t\t\t\t\t\t\t\tDestaque\t\t\t\t\t\t\t\t\t\t\t\t\t\t<\/span>\n\t\t\t\t\t\t\t\t\t\t\t\t\t\t\t\t\t\t\t\t\t\t\t\t\t\t\t\t<\/a>\n\t\t\t\t\t\t\t\t\t\t\t<\/div><!-- \/.image -->\n\t\t\t\t\t<div class=\"item-content\">\n\t\t\t\t\t\t\t\t\t\t\t\t\t\t\t\t\t\t\t\t\t<div class=\"title-left title-style04\n\t\t\t\t\t\t\t\t\tunderline04\">\n\t\t\t\t\t\t\t\t\t<h3>\n\t\t\t\t\t\t\t\t\t\t<a href=\"https:\/\/tva.cv\/index.php\/2026\/04\/28\/cne-divulga-listas-de-candidaturas-dados-eleitorais-e-entrega-fac-simile-dos-boletins-de-voto\/\" target=\"_self\">CNE divulga listas de candidaturas,...<\/a>\n\t\t\t\t\t\t\t\t\t<\/h3>\n\t\t\t\t\t\t\t\t<\/div>\n\t\t\t\t\t\t\t\t\t\t\t\t\t\t\t\t\t\t\t\t\t\t\t\t\t\t<div class=\"date\">\n\t\t\t\t\t\t\t\t<i class=\"fa fa-clock-o\"><\/i>\n\t\t\t\t\t\t\t\t\t\t\t\t\t\t\t\t\t<span class=\"day\">abr 28, 2026<\/span>\n\t\t\t\t\t\t\t\t\t<span class=\"hour\">8:20 pm<\/span>\n\t\t\t\t\t\t\t\t\t\t\t\t\t\t\t<\/div>\t\t\t\t\t\t\t\t\t\n\t\t\t\t\t\t\t\t\t\t\t\t\t\t\t\t\t\t\t<p class=\"external-link\"><a href=\"https:\/\/tva.cv\/index.php\/2026\/04\/28\/cne-divulga-listas-de-candidaturas-dados-eleitorais-e-entrega-fac-simile-dos-boletins-de-voto\/\" target=\"_self\">As elei\u00e7\u00f5es legislativas em Cabo Verde est\u00e3o marcadas para&#8230;<\/a><\/p>\n\t\t\t\t\t\t\t\t\t\t\t<\/div><!-- \/.item-content -->\n\t\t\t\t<\/div><!-- \/.container-half -->\n\t\t\t\t\t\t\t<div class=\"container-half\">\n\t\t\t\t\t<div class=\"image\">\n\t\t\t\t\t\t\t\t\t\t\t\t\t<a href=\"https:\/\/tva.cv\/index.php\/2026\/04\/28\/aviacao-civil-governo-formaliza-privatizacao-da-cabo-verde-handling-com-a-swissport\/\" title=\"Aviacao Civil: Governo formaliza privatiza\u00e7\u00e3o da Cabo Verde Handling com a Swissport.\" target=\"_self\">\n\t\t\t\t\t\t\t\t<img width=\"1920\" height=\"1080\" src=\"https:\/\/tva.cv\/wp-content\/uploads\/2026\/04\/Aviacao-Civil.00_00_08_13.Still001.png\" class=\"attachment-full size-full wp-post-image\" alt=\"\" loading=\"lazy\" srcset=\"https:\/\/tva.cv\/wp-content\/uploads\/2026\/04\/Aviacao-Civil.00_00_08_13.Still001.png 1920w, https:\/\/tva.cv\/wp-content\/uploads\/2026\/04\/Aviacao-Civil.00_00_08_13.Still001-300x169.png 300w, https:\/\/tva.cv\/wp-content\/uploads\/2026\/04\/Aviacao-Civil.00_00_08_13.Still001-1024x576.png 1024w, https:\/\/tva.cv\/wp-content\/uploads\/2026\/04\/Aviacao-Civil.00_00_08_13.Still001-768x432.png 768w, https:\/\/tva.cv\/wp-content\/uploads\/2026\/04\/Aviacao-Civil.00_00_08_13.Still001-1536x864.png 1536w, https:\/\/tva.cv\/wp-content\/uploads\/2026\/04\/Aviacao-Civil.00_00_08_13.Still001-822x462.png 822w\" sizes=\"(max-width: 1920px) 100vw, 1920px\" \/>\t\t\t\t\t\t\t\t\t\t\t\t\t\t\t\t\t\t\t\t\t\t<span class=\"label-1\" style=\"\">\n\t\t\t\t\t\t\t\t\t\t\t\t\t\t\tDestaque\t\t\t\t\t\t\t\t\t\t\t\t\t\t<\/span>\n\t\t\t\t\t\t\t\t\t\t\t\t\t\t\t\t\t\t\t\t\t\t\t\t\t\t\t\t<\/a>\n\t\t\t\t\t\t\t\t\t\t\t<\/div><!-- \/.image -->\n\t\t\t\t\t<div class=\"item-content\">\n\t\t\t\t\t\t\t\t\t\t\t\t\t\t\t\t\t\t\t\t\t<div class=\"title-left title-style04\n\t\t\t\t\t\t\t\t\tunderline04\">\n\t\t\t\t\t\t\t\t\t<h3>\n\t\t\t\t\t\t\t\t\t\t<a href=\"https:\/\/tva.cv\/index.php\/2026\/04\/28\/aviacao-civil-governo-formaliza-privatizacao-da-cabo-verde-handling-com-a-swissport\/\" target=\"_self\">Aviacao Civil: Governo formaliza privatiza\u00e7\u00e3o...<\/a>\n\t\t\t\t\t\t\t\t\t<\/h3>\n\t\t\t\t\t\t\t\t<\/div>\n\t\t\t\t\t\t\t\t\t\t\t\t\t\t\t\t\t\t\t\t\t\t\t\t\t\t<div class=\"date\">\n\t\t\t\t\t\t\t\t<i class=\"fa fa-clock-o\"><\/i>\n\t\t\t\t\t\t\t\t\t\t\t\t\t\t\t\t\t<span class=\"day\">abr 28, 2026<\/span>\n\t\t\t\t\t\t\t\t\t<span class=\"hour\">8:16 pm<\/span>\n\t\t\t\t\t\t\t\t\t\t\t\t\t\t\t<\/div>\t\t\t\t\t\t\t\t\t\n\t\t\t\t\t\t\t\t\t\t\t\t\t\t\t\t\t\t\t<p class=\"external-link\"><a href=\"https:\/\/tva.cv\/index.php\/2026\/04\/28\/aviacao-civil-governo-formaliza-privatizacao-da-cabo-verde-handling-com-a-swissport\/\" target=\"_self\">O Governo de Cabo Verde formalizou nesta ter\u00e7a-feira, o contrato&#8230;<\/a><\/p>\n\t\t\t\t\t\t\t\t\t\t\t<\/div><!-- \/.item-content -->\n\t\t\t\t<\/div><!-- \/.container-half -->\n\t\t\t\t\t<\/div><!-- \/.article --> \n\t\t[\/vc_column][vc_column width=&#8221;1\/2&#8243; offset=&#8221;vc_col-lg-3&#8243;]<a class=\"container-full light\" href=\"http:\/\/reendex.via-theme.com\/evolution-of-design\/\" title=\"\" target=\"_blank\">\n\t\t\t<div class=\"entry-media\">\n\t\t\t\t<div class=\"image\" style=\"background-image: url(https:\/\/tva.cv\/wp-content\/uploads\/2017\/03\/autos_1000x750-image04.jpg)\">\n\t\t\t\t\t<div class=\"item-content\">\n\t\t\t\t\t\t<h3 class=\"day\">11 Feb, 2018<\/h3>\n\t\t\t\t\t\t<h2>Evolution of Design<\/h2>\n\t\t\t\t\t\t<h4 class=\"external-link\">British artistry meets Bavarian science<\/h4>\n\t\t\t\t\t<\/div>\n\t\t\t\t<\/div>\n\t\t\t<\/div>\n\t\t<\/a>[\/vc_column][vc_column width=&#8221;1\/2&#8243; offset=&#8221;vc_col-lg-3&#8243;]<a class=\"container-full light\" href=\"http:\/\/reendex.via-theme.com\/electric-vehicles\/\" title=\"\" target=\"_blank\">\n\t\t\t<div class=\"entry-media\">\n\t\t\t\t<div class=\"image\" style=\"background-image: url(https:\/\/tva.cv\/wp-content\/uploads\/2017\/03\/autos_1000x750-image05.jpg)\">\n\t\t\t\t\t<div class=\"item-content\">\n\t\t\t\t\t\t<h3 class=\"day\">12 Feb, 2018<\/h3>\n\t\t\t\t\t\t<h2>Electric vehicles<\/h2>\n\t\t\t\t\t\t<h4 class=\"external-link\">Electric vehicles emit no tailpipe CO2 and other pollutants<\/h4>\n\t\t\t\t\t<\/div>\n\t\t\t\t<\/div>\n\t\t\t<\/div>\n\t\t<\/a>[\/vc_column][\/vc_row][vc_row full_width=&#8221;stretch_row_content_no_spaces&#8221;][vc_column]\t\t<div class=\"\">\n\t\t\t<div id=\"parallax-section1\"> \n\t\t\t\t<div class=\"image3 img-overlay1\" style=\"\n\t\t\t\t\tbackground-image:url( https:\/\/tva.cv\/wp-content\/uploads\/2017\/03\/parallax-image20.jpg )\"> \n\t\t\t\t\t<div class=\"container\"> \n\t\t\t\t\t\t<div class=\"caption text-center\"> \n\t\t\t\t\t\t\t<h2 class=\"color-white weight-300 small-caption\">We introduce you our Reendex Team! Get more information about us here!<\/h2> \n\t\t\t\t\t\t\t<a href=\"#\" target=\"_self\" class=\"btn btn-default\">About Us<\/a> \n\t\t\t\t\t\t<\/div>                             \n\t\t\t\t\t<\/div><!-- \/.container -->                         \n\t\t\t\t<\/div><!-- \/.image3 img-overlay1 -->                     \n\t\t\t<\/div><!-- \/#parallax-section1 -->\n\t\t<\/div>\n\t\t\t\t<div class=\"ad-wrapper mb-30\">\n\t\t\t\t\t\t<div class=\"ad-place\">\n\t\t\t\t<a href='#'><img class='ad-image' src='https:\/\/tva.cv\/wp-content\/uploads\/2017\/03\/ad_820x100.jpg' alt=''><\/a>                                    \n\t\t\t<\/div><!-- \/.sidebar-ad-place -->\n\t\t<\/div>\t\n\t\t\t\t<div class=\"title-area \">\n\t\t\t<h2 class=\"title-style05 style-02\">\n\t\t\t\tmore headlines in our\t\t\t\t<span><a href=\"#\" target=\"_self\">item sections<\/a><\/span>\n\t\t\t<\/h2>\n\t\t\t\t\t\t\t<div class=\"center-title\">\n\t\t\t\t\t<span class=\"title-line-left\"><\/span>\n\t\t\t\t\t<h4 class=\"title-style05 style-01\">latest # news<\/h4>\n\t\t\t\t\t<span class=\"title-line-right\"><\/span>\n\t\t\t\t<\/div>\n\t\t\t\t\t<\/div><!-- \/.title-area -->\n\t\t[\/vc_column][\/vc_row][vc_row full_width=&#8221;stretch_row&#8221;][vc_column]\t\t<div class=\"gallery-video\">\n\t\t\t\t\t\t\t<div class=\"carousel-title\" style=\"\n\t\t\t\t\tbackground-color:#212126;\t\t\t\t\tmargin-bottom:5px;\">\n\t\t\t\t\tFeatured Videos You might like\t\t\t\t<\/div><!-- \/.carousel-title -->\n\t\t\t\t\t\t<div id=\"big-gallery-slider-3\" class=\"owl-carousel\">\n\t\t\t\t\t\t\t<\/div>\n\t\t<\/div><!-- \/.gallery-video -->\n\t\t[\/vc_column][\/vc_row][vc_row full_width=&#8221;stretch_row&#8221; css=&#8221;.vc_custom_1488622526809{background-color: #ececed !important;}&#8221;][vc_column]\t\t<div class=\"section-header-left \">\n\t\t\t<h2 class=\"section-title-left\">Collector Classic Cars<span class=\"dot\">.<\/span><\/h2>\n\t\t\t\t\t\t\t<h4 class=\"section-subtitle\">Everything you ever wanted to know about car Classic Cars. Read exclusive stories, up to date news, see car Classic Cars photos, and watch videos.<\/h4>\n\t\t\t\t\t<\/div><!-- \/.section-header-left -->\n\t\t\t\t<div class=\"\n\t\t\t\">\n\t\t\t\t\t\t\t\t\t\t<div class=\"article\">\n\t\t\t\t\t\t\t\t\t<div class=\"entry-block\">\n\t\t\t\t\t\t<div class=\"entry-image\">\n\t\t\t\t\t\t\t<a href=\"https:\/\/tva.cv\/index.php\/2022\/03\/29\/cmp-vai-ter-plataforma-de-investimento-da-diaspora-cabo-verdiana\/\" class=\"img-link\" target=\"_self\">\n\t\t\t\t\t\t\t\t\t\t\t\t\t\t\t\t\t\t\t\t\t\t\t<\/a>\n\t\t\t\t\t\t\t\t\t\t\t\t\t\t\t\t\t\t\t<span><a class=\"label-5\" href=\"https:\/\/tva.cv\/index.php\/category\/economia\/\" target=\"_self\">Economia<\/a><\/span>\n\t\t\t\t\t\t\t\t\t\t\t\t\t\t\t\t\t\t\t\t\n\t\t\t\t\t\t<\/div><!-- \/.image -->\t\t\t\t\t\t\n\t\t\t\t\t\t<div class=\"entry-content\">\n\t\t\t\t\t\t\t\t\t\t\t\t\t\t\t<div class=\"title-left title-style04 underline04\"> \n\t\t\t\t\t\t\t\t\t<h3>\n\t\t\t\t\t\t\t\t\t\t<a href=\"https:\/\/tva.cv\/index.php\/2022\/03\/29\/cmp-vai-ter-plataforma-de-investimento-da-diaspora-cabo-verdiana\/\" target=\"_self\">CMP Plataforma de Investimentos...<\/a>\n\t\t\t\t\t\t\t\t\t<\/h3> \n\t\t\t\t\t\t\t\t<\/div>\n\t\t\t\t\t\t\t\t\t\t\t\t\t        \n\t\t\t\t\t\t\t\t\t\t\t\t\t\t\t<p class=\"meta-date\">\n\t\t\t\t\t\t\t\t\t<i class=\"fa fa-clock-o\"><\/i>\n\t\t\t\t\t\t\t\t\t\t\t\t\t\t\t\t\t\t\t<span class=\"day\">abr 26, 2022<\/span>\n\t\t\t\t\t\t\t\t\t\t<span class=\"hour\">5:22 pm<\/span>\n\t\t\t\t\t\t\t\t\t\t\t\t\t\t\t\t\t<\/p>\n\t\t\t\t\t\t\t\t\t\t\t\t\t\t\t\t\t\t\t\t\t\t\n\t\t\t\t\t\t\t<div>\n\t\t\t\t\t\t\t\t\t\t\t\t\t\t\t\t\t<a href=\"https:\/\/tva.cv\/index.php\/2022\/03\/29\/cmp-vai-ter-plataforma-de-investimento-da-diaspora-cabo-verdiana\/\" target=\"_self\">\n\t\t\t\t\t\t\t\t\t\t<span class=\"read-more\">\n\t\t\t\t\t\t\t\t\t\t\tContinue reading\t\t\t\t\t\t\t\t\t\t<\/span>\n\t\t\t\t\t\t\t\t\t<\/a>\n\t\t\t\t\t\t\t\t\t\t\t\t\t\t\t<\/div>\n\t\t\t\t\t\t<\/div><!-- \/.entry-content -->\n\t\t\t\t\t<\/div><!-- \/.entry-block -->\n\t\t\t\t\t\t\t\t\t<div class=\"entry-block\">\n\t\t\t\t\t\t<div class=\"entry-image\">\n\t\t\t\t\t\t\t<a href=\"https:\/\/tva.cv\/index.php\/2022\/03\/30\/cmp-vai-construir-centro-comunitario-em-agua-funda\/\" class=\"img-link\" target=\"_self\">\n\t\t\t\t\t\t\t\t\t\t\t\t\t\t\t\t\t\t\t\t\t\t\t<\/a>\n\t\t\t\t\t\t\t\t\t\t\t\t\t\t\t\t\t\t\t<span><a class=\"label-6\" href=\"https:\/\/tva.cv\/index.php\/category\/cultura\/\" target=\"_self\">Cultura<\/a><\/span>\n\t\t\t\t\t\t\t\t\t\t\t\t\t\t\t\t\t\t\t\t\n\t\t\t\t\t\t<\/div><!-- \/.image -->\t\t\t\t\t\t\n\t\t\t\t\t\t<div class=\"entry-content\">\n\t\t\t\t\t\t\t\t\t\t\t\t\t\t\t<div class=\"title-left title-style04 underline04\"> \n\t\t\t\t\t\t\t\t\t<h3>\n\t\t\t\t\t\t\t\t\t\t<a href=\"https:\/\/tva.cv\/index.php\/2022\/03\/30\/cmp-vai-construir-centro-comunitario-em-agua-funda\/\" target=\"_self\">CMP vai construir Centro Comunit\u00e1rio...<\/a>\n\t\t\t\t\t\t\t\t\t<\/h3> \n\t\t\t\t\t\t\t\t<\/div>\n\t\t\t\t\t\t\t\t\t\t\t\t\t        \n\t\t\t\t\t\t\t\t\t\t\t\t\t\t\t<p class=\"meta-date\">\n\t\t\t\t\t\t\t\t\t<i class=\"fa fa-clock-o\"><\/i>\n\t\t\t\t\t\t\t\t\t\t\t\t\t\t\t\t\t\t\t<span class=\"day\">abr 26, 2022<\/span>\n\t\t\t\t\t\t\t\t\t\t<span class=\"hour\">5:28 pm<\/span>\n\t\t\t\t\t\t\t\t\t\t\t\t\t\t\t\t\t<\/p>\n\t\t\t\t\t\t\t\t\t\t\t\t\t\t\t\t\t\t\t\t\t\t\n\t\t\t\t\t\t\t<div>\n\t\t\t\t\t\t\t\t\t\t\t\t\t\t\t\t\t<a href=\"https:\/\/tva.cv\/index.php\/2022\/03\/30\/cmp-vai-construir-centro-comunitario-em-agua-funda\/\" target=\"_self\">\n\t\t\t\t\t\t\t\t\t\t<span class=\"read-more\">\n\t\t\t\t\t\t\t\t\t\t\tContinue reading\t\t\t\t\t\t\t\t\t\t<\/span>\n\t\t\t\t\t\t\t\t\t<\/a>\n\t\t\t\t\t\t\t\t\t\t\t\t\t\t\t<\/div>\n\t\t\t\t\t\t<\/div><!-- \/.entry-content -->\n\t\t\t\t\t<\/div><!-- \/.entry-block -->\n\t\t\t\t\t\t\t\t\t<div class=\"entry-block\">\n\t\t\t\t\t\t<div class=\"entry-image\">\n\t\t\t\t\t\t\t<a href=\"https:\/\/tva.cv\/index.php\/2022\/04\/12\/ine-lanca-inquerito-as-despesas-e-receitas-familiares\/\" class=\"img-link\" target=\"_self\">\n\t\t\t\t\t\t\t\t\t\t\t\t\t\t\t\t\t\t\t\t\t\t\t<\/a>\n\t\t\t\t\t\t\t\t\t\t\t\t\t\t\t\t\t\t\t<span><a class=\"label-7\" href=\"https:\/\/tva.cv\/index.php\/category\/economia\/\" target=\"_self\">Economia<\/a><\/span>\n\t\t\t\t\t\t\t\t\t\t\t\t\t\t\t\t\t\t\t\t\n\t\t\t\t\t\t<\/div><!-- \/.image -->\t\t\t\t\t\t\n\t\t\t\t\t\t<div class=\"entry-content\">\n\t\t\t\t\t\t\t\t\t\t\t\t\t\t\t<div class=\"title-left title-style04 underline04\"> \n\t\t\t\t\t\t\t\t\t<h3>\n\t\t\t\t\t\t\t\t\t\t<a href=\"https:\/\/tva.cv\/index.php\/2022\/04\/12\/ine-lanca-inquerito-as-despesas-e-receitas-familiares\/\" target=\"_self\">INE lan\u00e7a Inqu\u00e9rito \u00e0s Despesas...<\/a>\n\t\t\t\t\t\t\t\t\t<\/h3> \n\t\t\t\t\t\t\t\t<\/div>\n\t\t\t\t\t\t\t\t\t\t\t\t\t        \n\t\t\t\t\t\t\t\t\t\t\t\t\t\t\t<p class=\"meta-date\">\n\t\t\t\t\t\t\t\t\t<i class=\"fa fa-clock-o\"><\/i>\n\t\t\t\t\t\t\t\t\t\t\t\t\t\t\t\t\t\t\t<span class=\"day\">abr 26, 2022<\/span>\n\t\t\t\t\t\t\t\t\t\t<span class=\"hour\">5:29 pm<\/span>\n\t\t\t\t\t\t\t\t\t\t\t\t\t\t\t\t\t<\/p>\n\t\t\t\t\t\t\t\t\t\t\t\t\t\t\t\t\t\t\t\t\t\t\n\t\t\t\t\t\t\t<div>\n\t\t\t\t\t\t\t\t\t\t\t\t\t\t\t\t\t<a href=\"https:\/\/tva.cv\/index.php\/2022\/04\/12\/ine-lanca-inquerito-as-despesas-e-receitas-familiares\/\" target=\"_self\">\n\t\t\t\t\t\t\t\t\t\t<span class=\"read-more\">\n\t\t\t\t\t\t\t\t\t\t\tContinue reading\t\t\t\t\t\t\t\t\t\t<\/span>\n\t\t\t\t\t\t\t\t\t<\/a>\n\t\t\t\t\t\t\t\t\t\t\t\t\t\t\t<\/div>\n\t\t\t\t\t\t<\/div><!-- \/.entry-content -->\n\t\t\t\t\t<\/div><!-- \/.entry-block -->\n\t\t\t\t\t\t\t<\/div><!-- \/.article --> \n\t\t<\/div> \n\t\t[\/vc_column][\/vc_row][vc_row full_width=&#8221;stretch_row&#8221; el_class=&#8221;dark&#8221;][vc_column]\t\t<div class=\"row no-gutter project-video\">\n\t\t\t\t\t\t<div class=\"col-xs-12 col-sm-4 col-md-4\"> \n\t\t\t\t<div class=\"related-video-title\"> \n\t\t\t\t\t<h4>Related Videos<\/h4> \n\t\t\t\t<\/div>\n\t\t\t\t\t\t\t\t\t<div class=\"related video-full\">\n\t\t\t\t\t\t<div class=\"fitvids-video\">\t        \n\t\t\t\t\t\t\t<iframe src=\"\"><\/iframe>\n\t\t\t\t\t\t<\/div>\n\t\t\t\t\t<\/div><!-- \/.related video-full -->\n\t\t\t\t\t<div class=\"content-wrap\">\n\t\t\t\t\t\t<div class=\"video-post_content\">\n\t\t\t\t\t\t\t<div class=\"title-left title-style03 underline03\">\n\t\t\t\t\t\t\t\t<h4><a href=\"https:\/\/tva.cv\/index.php\/2022\/04\/12\/ine-lanca-inquerito-as-despesas-e-receitas-familiares\/\" target=\"_self\">INE lan\u00e7a Inqu\u00e9rito \u00e0s Despesas e Receitas Familiares<\/a><\/h4>\n\t\t\t\t\t\t\t<\/div>\n\t\t\t\t\t\t\t<div class=\"content\">\n\t\t\t\t\t\t\t\t<p><a href=\"https:\/\/tva.cv\/index.php\/2022\/04\/12\/ine-lanca-inquerito-as-despesas-e-receitas-familiares\/\" target=\"_self\">\ufeff Determinar o n\u00edvel da pobreza em toda a dimens\u00e3o, em termos de pobreza extrema e absoluta, avaliar e medir o perfil&#8230;<\/a><\/p>\n\t\t\t\t\t\t\t<\/div>\n\t\t\t\t\t\t\t<ul class=\"social-links list-inline\">\n\t\t\t\t\t\t\t\t\t\t\t\t\t\t\t<\/ul><!-- \/.social-links list-inline -->\n\t\t\t\t\t\t<\/div><!-- \/.video-post_content -->\n\t\t\t\t\t<\/div><!-- \/.content-wrap -->\n\t\t\t\t        \n\t\t\t<\/div><!-- \/.col-xs-12 col-sm-4 col-md-4 -->\n\t\t<\/div><!-- \/.row no-gutter project-video -->\n\t\t[\/vc_column][\/vc_row][vc_row full_width=&#8221;stretch_row&#8221; css=&#8221;.vc_custom_1518678197361{background-color: #ececed !important;}&#8221;][vc_column]\t\t<div class=\"section-header-left \">\n\t\t\t<h2 class=\"section-title-left\">The Best Of the Best<span class=\"dot\">.<\/span><\/h2>\n\t\t\t\t\t\t\t<h4 class=\"section-subtitle\">When you think about it, it&#039;s not all that hard to find a car you love. Look at the sensuous lines and listen to the throaty exhaust of any sports car, and it&#039;s easy to see yourself flying down back<\/h4>\n\t\t\t\t\t<\/div><!-- \/.section-header-left -->\n\t\t\t\t<div class=\"\n\t\t\t\">\n\t\t\t\t\t\t\t\t\t\t<div class=\"article\">\n\t\t\t\t\t\t\t\t\t<div class=\"entry-block\">\n\t\t\t\t\t\t<div class=\"entry-image\">\n\t\t\t\t\t\t\t<a href=\"https:\/\/tva.cv\/index.php\/2022\/03\/29\/cmp-vai-ter-plataforma-de-investimento-da-diaspora-cabo-verdiana\/\" class=\"img-link\" target=\"_self\">\n\t\t\t\t\t\t\t\t\t\t\t\t\t\t\t\t\t\t\t\t\t\t\t<\/a>\n\t\t\t\t\t\t\t\t\t\t\t\t\t\t\t\t\t\t\t<span><a class=\"label-5\" href=\"https:\/\/tva.cv\/index.php\/category\/economia\/\" target=\"_self\">Economia<\/a><\/span>\n\t\t\t\t\t\t\t\t\t\t\t\t\t\t\t\t\t\t\t\t\n\t\t\t\t\t\t<\/div><!-- \/.image -->\t\t\t\t\t\t\n\t\t\t\t\t\t<div class=\"entry-content\">\n\t\t\t\t\t\t\t\t\t\t\t\t\t\t\t<div class=\"title-left title-style04 underline04\"> \n\t\t\t\t\t\t\t\t\t<h3>\n\t\t\t\t\t\t\t\t\t\t<a href=\"https:\/\/tva.cv\/index.php\/2022\/03\/29\/cmp-vai-ter-plataforma-de-investimento-da-diaspora-cabo-verdiana\/\" target=\"_self\">CMP Plataforma de Investimentos...<\/a>\n\t\t\t\t\t\t\t\t\t<\/h3> \n\t\t\t\t\t\t\t\t<\/div>\n\t\t\t\t\t\t\t\t\t\t\t\t\t        \n\t\t\t\t\t\t\t\t\t\t\t\t\t\t\t<p class=\"meta-date\">\n\t\t\t\t\t\t\t\t\t<i class=\"fa fa-clock-o\"><\/i>\n\t\t\t\t\t\t\t\t\t\t\t\t\t\t\t\t\t\t\t<span class=\"day\">abr 26, 2022<\/span>\n\t\t\t\t\t\t\t\t\t\t<span class=\"hour\">5:22 pm<\/span>\n\t\t\t\t\t\t\t\t\t\t\t\t\t\t\t\t\t<\/p>\n\t\t\t\t\t\t\t\t\t\t\t\t\t\t\t\t\t\t\t\t\t\t\n\t\t\t\t\t\t\t<div>\n\t\t\t\t\t\t\t\t\t\t\t\t\t\t\t\t\t<a href=\"https:\/\/tva.cv\/index.php\/2022\/03\/29\/cmp-vai-ter-plataforma-de-investimento-da-diaspora-cabo-verdiana\/\" target=\"_self\">\n\t\t\t\t\t\t\t\t\t\t<span class=\"read-more\">\n\t\t\t\t\t\t\t\t\t\t\tContinue reading\t\t\t\t\t\t\t\t\t\t<\/span>\n\t\t\t\t\t\t\t\t\t<\/a>\n\t\t\t\t\t\t\t\t\t\t\t\t\t\t\t<\/div>\n\t\t\t\t\t\t<\/div><!-- \/.entry-content -->\n\t\t\t\t\t<\/div><!-- \/.entry-block -->\n\t\t\t\t\t\t\t\t\t<div class=\"entry-block\">\n\t\t\t\t\t\t<div class=\"entry-image\">\n\t\t\t\t\t\t\t<a href=\"https:\/\/tva.cv\/index.php\/2022\/03\/30\/cmp-vai-construir-centro-comunitario-em-agua-funda\/\" class=\"img-link\" target=\"_self\">\n\t\t\t\t\t\t\t\t\t\t\t\t\t\t\t\t\t\t\t\t\t\t\t<\/a>\n\t\t\t\t\t\t\t\t\t\t\t\t\t\t\t\t\t\t\t<span><a class=\"label-6\" href=\"https:\/\/tva.cv\/index.php\/category\/cultura\/\" target=\"_self\">Cultura<\/a><\/span>\n\t\t\t\t\t\t\t\t\t\t\t\t\t\t\t\t\t\t\t\t\n\t\t\t\t\t\t<\/div><!-- \/.image -->\t\t\t\t\t\t\n\t\t\t\t\t\t<div class=\"entry-content\">\n\t\t\t\t\t\t\t\t\t\t\t\t\t\t\t<div class=\"title-left title-style04 underline04\"> \n\t\t\t\t\t\t\t\t\t<h3>\n\t\t\t\t\t\t\t\t\t\t<a href=\"https:\/\/tva.cv\/index.php\/2022\/03\/30\/cmp-vai-construir-centro-comunitario-em-agua-funda\/\" target=\"_self\">CMP vai construir Centro Comunit\u00e1rio...<\/a>\n\t\t\t\t\t\t\t\t\t<\/h3> \n\t\t\t\t\t\t\t\t<\/div>\n\t\t\t\t\t\t\t\t\t\t\t\t\t        \n\t\t\t\t\t\t\t\t\t\t\t\t\t\t\t<p class=\"meta-date\">\n\t\t\t\t\t\t\t\t\t<i class=\"fa fa-clock-o\"><\/i>\n\t\t\t\t\t\t\t\t\t\t\t\t\t\t\t\t\t\t\t<span class=\"day\">abr 26, 2022<\/span>\n\t\t\t\t\t\t\t\t\t\t<span class=\"hour\">5:28 pm<\/span>\n\t\t\t\t\t\t\t\t\t\t\t\t\t\t\t\t\t<\/p>\n\t\t\t\t\t\t\t\t\t\t\t\t\t\t\t\t\t\t\t\t\t\t\n\t\t\t\t\t\t\t<div>\n\t\t\t\t\t\t\t\t\t\t\t\t\t\t\t\t\t<a href=\"https:\/\/tva.cv\/index.php\/2022\/03\/30\/cmp-vai-construir-centro-comunitario-em-agua-funda\/\" target=\"_self\">\n\t\t\t\t\t\t\t\t\t\t<span class=\"read-more\">\n\t\t\t\t\t\t\t\t\t\t\tContinue reading\t\t\t\t\t\t\t\t\t\t<\/span>\n\t\t\t\t\t\t\t\t\t<\/a>\n\t\t\t\t\t\t\t\t\t\t\t\t\t\t\t<\/div>\n\t\t\t\t\t\t<\/div><!-- \/.entry-content -->\n\t\t\t\t\t<\/div><!-- \/.entry-block -->\n\t\t\t\t\t\t\t\t\t<div class=\"entry-block\">\n\t\t\t\t\t\t<div class=\"entry-image\">\n\t\t\t\t\t\t\t<a href=\"https:\/\/tva.cv\/index.php\/2022\/04\/12\/ine-lanca-inquerito-as-despesas-e-receitas-familiares\/\" class=\"img-link\" target=\"_self\">\n\t\t\t\t\t\t\t\t\t\t\t\t\t\t\t\t\t\t\t\t\t\t\t<\/a>\n\t\t\t\t\t\t\t\t\t\t\t\t\t\t\t\t\t\t\t<span><a class=\"label-7\" href=\"https:\/\/tva.cv\/index.php\/category\/economia\/\" target=\"_self\">Economia<\/a><\/span>\n\t\t\t\t\t\t\t\t\t\t\t\t\t\t\t\t\t\t\t\t\n\t\t\t\t\t\t<\/div><!-- \/.image -->\t\t\t\t\t\t\n\t\t\t\t\t\t<div class=\"entry-content\">\n\t\t\t\t\t\t\t\t\t\t\t\t\t\t\t<div class=\"title-left title-style04 underline04\"> \n\t\t\t\t\t\t\t\t\t<h3>\n\t\t\t\t\t\t\t\t\t\t<a href=\"https:\/\/tva.cv\/index.php\/2022\/04\/12\/ine-lanca-inquerito-as-despesas-e-receitas-familiares\/\" target=\"_self\">INE lan\u00e7a Inqu\u00e9rito \u00e0s Despesas...<\/a>\n\t\t\t\t\t\t\t\t\t<\/h3> \n\t\t\t\t\t\t\t\t<\/div>\n\t\t\t\t\t\t\t\t\t\t\t\t\t        \n\t\t\t\t\t\t\t\t\t\t\t\t\t\t\t<p class=\"meta-date\">\n\t\t\t\t\t\t\t\t\t<i class=\"fa fa-clock-o\"><\/i>\n\t\t\t\t\t\t\t\t\t\t\t\t\t\t\t\t\t\t\t<span class=\"day\">abr 26, 2022<\/span>\n\t\t\t\t\t\t\t\t\t\t<span class=\"hour\">5:29 pm<\/span>\n\t\t\t\t\t\t\t\t\t\t\t\t\t\t\t\t\t<\/p>\n\t\t\t\t\t\t\t\t\t\t\t\t\t\t\t\t\t\t\t\t\t\t\n\t\t\t\t\t\t\t<div>\n\t\t\t\t\t\t\t\t\t\t\t\t\t\t\t\t\t<a href=\"https:\/\/tva.cv\/index.php\/2022\/04\/12\/ine-lanca-inquerito-as-despesas-e-receitas-familiares\/\" target=\"_self\">\n\t\t\t\t\t\t\t\t\t\t<span class=\"read-more\">\n\t\t\t\t\t\t\t\t\t\t\tContinue reading\t\t\t\t\t\t\t\t\t\t<\/span>\n\t\t\t\t\t\t\t\t\t<\/a>\n\t\t\t\t\t\t\t\t\t\t\t\t\t\t\t<\/div>\n\t\t\t\t\t\t<\/div><!-- \/.entry-content -->\n\t\t\t\t\t<\/div><!-- \/.entry-block -->\n\t\t\t\t\t\t\t<\/div><!-- \/.article --> \n\t\t<\/div> \n\t\t\t\t<div class=\"outer\n\t\t\tmt-30\">\n\t\t\t \n\t\t\t\t<div class=\"breaking-ribbon\"> \n\t\t\t\t\t<h4>reendex On-Air<\/h4> \n\t\t\t\t<\/div><!-- \/.breaking-ribbon -->\n\t\t\t         \n\t\t\t<div class=\"news-on-air\"> \n\t\t\t\t<ul> \n\t\t\t\t\t<li> \n\t\t\t\t\t\t<h4><i class=\"fa fa-video-camera\" aria-hidden=\"true\"><\/i><a href=\"#\">Watch Reendex TV Online &amp; On Demand and Catch up on you favorite TV Shows &amp; Original Series. Watch, like and share live events!<\/a><\/h4> \n\t\t\t\t\t<\/li>                                     \n\t\t\t\t<\/ul>                                 \n\t\t\t<\/div> <!-- \/.news-on-air -->                            \n\t\t<\/div><!-- \/.outer -->\n\t\t[\/vc_column][\/vc_row][vc_row full_width=&#8221;stretch_row_content&#8221; el_class=&#8221;dark&#8221;][vc_column]\t\t<div class=\"instagram-wrapper \">\n\t\t\t<div class=\"row\">\n\t\t\t\t<div class=\"col-md-6\"> \n\t\t\t\t\t<div class=\"instagram-content\">  \n\t\t\t\t\t\t<h2 class=\"instagram-title\">Find us on Instagram!<\/h2>\n\t\t\t\t\t\t<h4 class=\"instagram-subtitle\">at @reendex to stay up to date with the latest.<\/h4>\n\t\t\t\t\t\t\t\t\t\t\t\t\t<p class=\"description\">Reendex\u2019s brand new breakfast show Good Morning UK launches on Monday 28 April - but that&#039;s not the only thing that&#039;s new.\nTo go with our new show we have a Good Morning UK Instagram account!\nCan\u2019t get enough of images from our collection? Want a behind-the-scenes look at the library and its events? You\u2019re in luck:<\/p>\n\t\t\t\t\t\t  \n\t\t\t\t\t\t<a href=\"#\" target=\"_self\" class=\"btn btn-default\">We are now on Instagram<\/a>                             \n\t\t\t\t\t<\/div>\n\t\t\t\t<\/div><!-- \/.col-md-6 -->\n\t\t\t\t<div class=\"col-md-6 reendex-instagram\">\n\t\t\t\t\t\t\t\t\t\tO Instagram n\u00e3o retornou 200.               \n\t\t\t\t<\/div><!-- \/.col-md-6 reendex-instagram -->\n\t\t\t<\/div><!-- \/.row -->\t\n\t\t<\/div><!-- \/.instagram-wrapper -->\n\t\t[\/vc_column][\/vc_row][vc_row full_width=&#8221;stretch_row&#8221; css=&#8221;.vc_custom_1518680048789{background-color: #ececed !important;}&#8221;][vc_column css=&#8221;.vc_custom_1516727136366{margin-top: -10px !important;}&#8221;]\t\t<div class=\"\">\n\t\t\t<div class=\"logo-gallery-header\">\n\t\t\t\t<h3 class=\"logo-gallery-title\">Our Partners<\/h3>\n\t\t\t<\/div><!-- \/.logo-gallery-header -->\n\t\t\t\t\t\t\t<div id=\"logo-gallery-slider\" class=\"owl-carousel\">\n\t\t\t\t\t\t\t\t\t<div class=\"partners\">                   \n\t\t\t\t\t\t<a href=\"#\" target=\"_self\">\n\t\t\t\t\t\t\t<img src=\" https:\/\/tva.cv\/wp-content\/uploads\/2018\/02\/partner6.png \" alt=\"  \" title=\" partner6 \">\t\t\t\t\t\t<\/a>\n\t\t\t\t\t<\/div><!-- \/.partners -->\n\t\t\t\t\t\t\t\t\t<div class=\"partners\">                   \n\t\t\t\t\t\t<a href=\"#\" target=\"_self\">\n\t\t\t\t\t\t\t<img src=\" https:\/\/tva.cv\/wp-content\/uploads\/2018\/02\/partner3.png \" alt=\"  \" title=\" partner3 \">\t\t\t\t\t\t<\/a>\n\t\t\t\t\t<\/div><!-- \/.partners -->\n\t\t\t\t\t\t\t\t\t<div class=\"partners\">                   \n\t\t\t\t\t\t<a href=\"#\" target=\"_self\">\n\t\t\t\t\t\t\t<img src=\" https:\/\/tva.cv\/wp-content\/uploads\/2018\/02\/partner5.png \" alt=\"  \" title=\" partner5 \">\t\t\t\t\t\t<\/a>\n\t\t\t\t\t<\/div><!-- \/.partners -->\n\t\t\t\t\t\t\t\t\t<div class=\"partners\">                   \n\t\t\t\t\t\t<a href=\"#\" target=\"_self\">\n\t\t\t\t\t\t\t<img src=\" https:\/\/tva.cv\/wp-content\/uploads\/2018\/02\/partner4.png \" alt=\"  \" title=\" partner4 \">\t\t\t\t\t\t<\/a>\n\t\t\t\t\t<\/div><!-- \/.partners -->\n\t\t\t\t\t\t\t\t\t<div class=\"partners\">                   \n\t\t\t\t\t\t<a href=\"#\" target=\"_self\">\n\t\t\t\t\t\t\t<img src=\" https:\/\/tva.cv\/wp-content\/uploads\/2018\/02\/partner8.png \" alt=\"  \" title=\" partner8 \">\t\t\t\t\t\t<\/a>\n\t\t\t\t\t<\/div><!-- \/.partners -->\n\t\t\t\t\t\t\t\t\t<div class=\"partners\">                   \n\t\t\t\t\t\t<a href=\"#\" target=\"_self\">\n\t\t\t\t\t\t\t<img src=\" https:\/\/tva.cv\/wp-content\/uploads\/2018\/02\/partner1.png \" alt=\"  \" title=\" partner1 \">\t\t\t\t\t\t<\/a>\n\t\t\t\t\t<\/div><!-- \/.partners -->\n\t\t\t\t\t\t\t\t\t<div class=\"partners\">                   \n\t\t\t\t\t\t<a href=\"#\" target=\"_self\">\n\t\t\t\t\t\t\t<img src=\" https:\/\/tva.cv\/wp-content\/uploads\/2018\/02\/partner7.png \" alt=\"  \" title=\" partner7 \">\t\t\t\t\t\t<\/a>\n\t\t\t\t\t<\/div><!-- \/.partners -->\n\t\t\t\t\t\t\t\t\t<div class=\"partners\">                   \n\t\t\t\t\t\t<a href=\"#\" target=\"_self\">\n\t\t\t\t\t\t\t<img src=\" https:\/\/tva.cv\/wp-content\/uploads\/2018\/02\/partner2.png \" alt=\"  \" title=\" partner2 \">\t\t\t\t\t\t<\/a>\n\t\t\t\t\t<\/div><!-- \/.partners -->\n\t\t\t\t\t\t\t<\/div><!-- \/#logo-gallery-slider -->\n\t\t<\/div>\n\t\t\t\t<div class=\"ad-wrapper \">\n\t\t\t\t\t\t<div class=\"ad-place\">\n\t\t\t\t<a href='#'><img class='ad-image' src='https:\/\/tva.cv\/wp-content\/uploads\/2018\/07\/ad_1248x100.jpg' alt=''><\/a>                                    \n\t\t\t<\/div><!-- \/.sidebar-ad-place -->\n\t\t<\/div>\t\n\t\t[\/vc_column][\/vc_row]<\/p>\n","protected":false},"excerpt":{"rendered":"<p>[vc_row full_width=&#8221;stretch_row_content_no_spaces&#8221;][vc_column][\/vc_column][\/vc_row][vc_row css=&#8221;.vc_custom_1505600922102{padding-top: 0px !important;}&#8221;][vc_column css=&#8221;.vc_custom_1505600947472{margin-top: -35px !important;}&#8221;][\/vc_column][\/vc_row][vc_row full_width=&#8221;stretch_row&#8221; equal_height=&#8221;yes&#8221; css=&#8221;.vc_custom_1518679857109{background-color: #fcfcfc !important;}&#8221;][vc_column offset=&#8221;vc_col-lg-8 vc_col-md-12&#8243;][\/vc_column][vc_column offset=&#8221;vc_col-lg-4 vc_col-md-12&#8243;][\/vc_column][\/vc_row][vc_row full_width=&#8221;stretch_row&#8221; el_class=&#8221;module dark&#8221;][vc_column css=&#8221;.vc_custom_1516301816999{padding-top: 0px !important;}&#8221;][\/vc_column][\/vc_row][vc_row full_width=&#8221;stretch_row&#8221; css=&#8221;.vc_custom_1516302650113{background-color: #ececed !important;}&#8221;][vc_column css=&#8221;.vc_custom_1516302661733{padding-top: 0px !important;}&#8221;][\/vc_column][\/vc_row][vc_row full_width=&#8221;stretch_row&#8221; equal_height=&#8221;yes&#8221; css=&#8221;.vc_custom_1511958539957{margin-bottom: -30px !important;background-color: #fcfcfc !important;}&#8221;][vc_column width=&#8221;1\/2&#8243; offset=&#8221;vc_col-lg-3&#8243;][\/vc_column][vc_column width=&#8221;1\/2&#8243; offset=&#8221;vc_col-lg-3&#8243; css=&#8221;.vc_custom_1511963682937{margin-bottom: -30px !important;}&#8221;][\/vc_column][vc_column width=&#8221;1\/2&#8243; offset=&#8221;vc_col-lg-3&#8243;][\/vc_column][vc_column width=&#8221;1\/2&#8243; offset=&#8221;vc_col-lg-3&#8243;][\/vc_column][\/vc_row][vc_row full_width=&#8221;stretch_row_content_no_spaces&#8221;][vc_column][\/vc_column][\/vc_row][vc_row full_width=&#8221;stretch_row&#8221;][vc_column][\/vc_column][\/vc_row][vc_row full_width=&#8221;stretch_row&#8221; css=&#8221;.vc_custom_1488622526809{background-color: #ececed !important;}&#8221;][vc_column][\/vc_column][\/vc_row][vc_row full_width=&#8221;stretch_row&#8221; el_class=&#8221;dark&#8221;][vc_column][\/vc_column][\/vc_row][vc_row full_width=&#8221;stretch_row&#8221; css=&#8221;.vc_custom_1518678197361{background-color: #ececed !important;}&#8221;][vc_column][\/vc_column][\/vc_row][vc_row full_width=&#8221;stretch_row_content&#8221; el_class=&#8221;dark&#8221;][vc_column][\/vc_column][\/vc_row][vc_row full_width=&#8221;stretch_row&#8221; css=&#8221;.vc_custom_1518680048789{background-color: #ececed !important;}&#8221;][vc_column css=&#8221;.vc_custom_1516727136366{margin-top: -10px !important;}&#8221;][\/vc_column][\/vc_row]<\/p>\n","protected":false},"author":1,"featured_media":0,"parent":0,"menu_order":0,"comment_status":"closed","ping_status":"closed","template":"template-parts\/front-page.php","meta":{"om_disable_all_campaigns":false,"_monsterinsights_skip_tracking":false,"_monsterinsights_sitenote_active":false,"_monsterinsights_sitenote_note":"","_monsterinsights_sitenote_category":0},"aioseo_notices":[],"_links":{"self":[{"href":"https:\/\/tva.cv\/index.php\/wp-json\/wp\/v2\/pages\/2175"}],"collection":[{"href":"https:\/\/tva.cv\/index.php\/wp-json\/wp\/v2\/pages"}],"about":[{"href":"https:\/\/tva.cv\/index.php\/wp-json\/wp\/v2\/types\/page"}],"author":[{"embeddable":true,"href":"https:\/\/tva.cv\/index.php\/wp-json\/wp\/v2\/users\/1"}],"replies":[{"embeddable":true,"href":"https:\/\/tva.cv\/index.php\/wp-json\/wp\/v2\/comments?post=2175"}],"version-history":[{"count":0,"href":"https:\/\/tva.cv\/index.php\/wp-json\/wp\/v2\/pages\/2175\/revisions"}],"wp:attachment":[{"href":"https:\/\/tva.cv\/index.php\/wp-json\/wp\/v2\/media?parent=2175"}],"curies":[{"name":"wp","href":"https:\/\/api.w.org\/{rel}","templated":true}]}}