{"id":2013,"date":"2017-03-05T04:46:22","date_gmt":"2017-03-05T04:46:22","guid":{"rendered":"http:\/\/reendex.via-theme.com\/?page_id=2013"},"modified":"2022-02-25T15:04:08","modified_gmt":"2022-02-25T18:04:08","slug":"web-shows","status":"publish","type":"page","link":"https:\/\/tva.cv\/index.php\/home\/web-shows\/","title":{"rendered":"Web Shows"},"content":{"rendered":"<p>[vc_row][vc_column]\t\t<div class=\"outer-rss \"> \n\t\t\t<div class=\"breaking-ribbon\"> \n\t\t\t\t<h4>Most Read Articles<\/h4> \n\t\t\t<\/div><!-- \/.breaking-ribbon -->\n\t\t\t<div class=\"newsticker-rss\">  \n\t\t\t\t\t\t\t\t\n\n\t\t\t\t\t<div class=\"news-ticker-rss\">\n<div class=\"ticker-wrap ticker-style-modern\" data-id=\"ticker-tab-\"><p><strong>Erro de RSS:<\/strong> WP HTTP Error: N\u00e3o foi fornecido um URL v\u00e1lido.<\/p><\/div>\n\n\t\t\t\t\t\t<div class=\"navi\"> \n\t\t\t\t\t\t\t<button class=\"up\">\n\t\t\t\t\t\t\t\t<i class=\"fa fa-caret-left\"><\/i>\n\t\t\t\t\t\t\t<\/button>                                     \n\t\t\t\t\t\t\t<button class=\"down\">\n\t\t\t\t\t\t\t\t<i class=\"fa fa-caret-right\"><\/i>\n\t\t\t\t\t\t\t<\/button>                                     \n\t\t\t\t\t\t<\/div>\n\t\t\t\t\t<\/div>\n\t\t\t\t\t\n\t\t\t\t\t\n\t\t\t<\/div><!-- \/.newsticker-rss -->\n\t\t<\/div><!-- \/.outer-rss -->    \n\t\t[\/vc_column][\/vc_row][vc_row full_width=&#8221;stretch_row&#8221; equal_height=&#8221;yes&#8221; css=&#8221;.vc_custom_1510004686228{background-color: #fcfcfc !important;}&#8221;][vc_column width=&#8221;1\/2&#8243; offset=&#8221;vc_col-lg-4 vc_col-md-6&#8243;]<a class=\"container-full\" href=\"http:\/\/reendex.via-theme.com\/follow-up-from-the-press-conference\/\" title=\"\" target=\"_blank\">\n\t\t\t<div class=\"entry-media\">\n\t\t\t\t<div class=\"image\" style=\"background-image: url(https:\/\/tva.cv\/wp-content\/uploads\/2017\/03\/webshows_1000x750.jpg)\">\n\t\t\t\t\t<div class=\"container-full-box-overlay\">\n\t\t\t\t\t\t<div class=\"content\">\n\t\t\t\t\t\t\t<h2>Follow up from the press conference<\/h2>\n\t\t\t\t\t\t\t<h4 class=\"external-link\">A simple, effective way to communicate message with Media<\/h4>\n\t\t\t\t\t\t<\/div>\n\t\t\t\t\t<\/div>\n\t\t\t\t<\/div>\n\t\t\t<\/div>\n\t\t<\/a>[\/vc_column][vc_column width=&#8221;1\/2&#8243; offset=&#8221;vc_col-lg-4 vc_col-md-6&#8243; css=&#8221;.vc_custom_1519622229031{margin-bottom: -30px !important;}&#8221;]\t\t<div class=\"article\n\t\t\t\"> \n\t\t\t\t\t\t\t<div class=\"container-half\">\n\t\t\t\t\t<div class=\"image\">\n\t\t\t\t\t\t\t\t\t\t\t<\/div><!-- \/.image -->\n\t\t\t\t\t<div class=\"item-content\">\n\t\t\t\t\t\t\t\t\t\t\t\t\t\t\t\t\t\t\t\t\t<div class=\"title-left title-style04\n\t\t\t\t\t\t\t\t\tunderline04\">\n\t\t\t\t\t\t\t\t\t<h3>\n\t\t\t\t\t\t\t\t\t\t<a href=\"https:\/\/tva.cv\/index.php\/2022\/03\/29\/cmp-vai-ter-plataforma-de-investimento-da-diaspora-cabo-verdiana\/\" target=\"_self\">CMP Plataforma de Investimentos...<\/a>\n\t\t\t\t\t\t\t\t\t<\/h3>\n\t\t\t\t\t\t\t\t<\/div>\n\t\t\t\t\t\t\t\t\t\t\t\t\t\t\t\t\t\t\t\t\t\t\t\t\t\t<div class=\"date\">\n\t\t\t\t\t\t\t\t<i class=\"fa fa-clock-o\"><\/i>\n\t\t\t\t\t\t\t\t\t\t\t\t\t\t\t\t\t<span class=\"day\">abr 26, 2022<\/span>\n\t\t\t\t\t\t\t\t\t<span class=\"hour\">5:22 pm<\/span>\n\t\t\t\t\t\t\t\t\t\t\t\t\t\t\t<\/div>\t\t\t\t\t\t\t\t\t\n\t\t\t\t\t\t\t\t\t\t\t\t\t\t\t\t\t\t\t<p class=\"external-link\"><a href=\"https:\/\/tva.cv\/index.php\/2022\/03\/29\/cmp-vai-ter-plataforma-de-investimento-da-diaspora-cabo-verdiana\/\" target=\"_self\">\ufeff A C\u00e2mara Municipal da Praia, em parceria com a empresa portuguesa Decisions Kingdom Consultoria&#8230;<\/a><\/p>\n\t\t\t\t\t\t\t\t\t\t\t<\/div><!-- \/.item-content -->\n\t\t\t\t<\/div><!-- \/.container-half -->\n\t\t\t\t\t\t\t<div class=\"container-half\">\n\t\t\t\t\t<div class=\"image\">\n\t\t\t\t\t\t\t\t\t\t\t<\/div><!-- \/.image -->\n\t\t\t\t\t<div class=\"item-content\">\n\t\t\t\t\t\t\t\t\t\t\t\t\t\t\t\t\t\t\t\t\t<div class=\"title-left title-style04\n\t\t\t\t\t\t\t\t\tunderline04\">\n\t\t\t\t\t\t\t\t\t<h3>\n\t\t\t\t\t\t\t\t\t\t<a href=\"https:\/\/tva.cv\/index.php\/2022\/03\/30\/cmp-vai-construir-centro-comunitario-em-agua-funda\/\" target=\"_self\">CMP vai construir Centro Comunit\u00e1rio em...<\/a>\n\t\t\t\t\t\t\t\t\t<\/h3>\n\t\t\t\t\t\t\t\t<\/div>\n\t\t\t\t\t\t\t\t\t\t\t\t\t\t\t\t\t\t\t\t\t\t\t\t\t\t<div class=\"date\">\n\t\t\t\t\t\t\t\t<i class=\"fa fa-clock-o\"><\/i>\n\t\t\t\t\t\t\t\t\t\t\t\t\t\t\t\t\t<span class=\"day\">abr 26, 2022<\/span>\n\t\t\t\t\t\t\t\t\t<span class=\"hour\">5:28 pm<\/span>\n\t\t\t\t\t\t\t\t\t\t\t\t\t\t\t<\/div>\t\t\t\t\t\t\t\t\t\n\t\t\t\t\t\t\t\t\t\t\t\t\t\t\t\t\t\t\t<p class=\"external-link\"><a href=\"https:\/\/tva.cv\/index.php\/2022\/03\/30\/cmp-vai-construir-centro-comunitario-em-agua-funda\/\" target=\"_self\">Moradores e profissionais da \u00e1rea de Constru\u00e7\u00e3o Civil da Comunidade de \u00c1gua Funda v\u00e3o&#8230;<\/a><\/p>\n\t\t\t\t\t\t\t\t\t\t\t<\/div><!-- \/.item-content -->\n\t\t\t\t<\/div><!-- \/.container-half -->\n\t\t\t\t\t<\/div><!-- \/.article --> \n\t\t[\/vc_column][vc_column offset=&#8221;vc_col-lg-4&#8243;]\t\t<div class=\"sidebar-block\">\n\t\t\t<div class=\"sidebar-schedule mb-30\">\n\t\t\t\t            \n\t\t\t\t<div id=\"sidebar-schedule-slider\" class=\"owl-carousel\">\n\t\t\t\t\t\t\t\t\t\t\t<div class=\"sidebar-schedule-slide\"> \n\t\t\t\t\t\t\t<div class=\"sidebar-schedule-slider-layer\"> \n\t\t\t\t\t\t\t\t<div class=\"content\"> \n\t\t\t\t\t\t\t\t\t<h3 class=\"hour-tag\">2:45<\/h3> \n\t\t\t\t\t\t\t\t\t<h4 class=\"sidebar-show-title bg-1\"><a href=\"https:\/\/tva.cv\/index.php\/tv_schedule\/world-news\/\" target=\"_self\">World News<\/a><\/h4>\n\t\t\t\t\t\t\t\t\t<p><a href=\"https:\/\/tva.cv\/index.php\/tv_schedule\/world-news\/\" target=\"_self\">Join Reendex for a night of news. Kerry. bring you the news that matters to you!<\/a><\/p>\n\t\t\t\t\t\t\t\t<\/div>                                                     \n\t\t\t\t\t\t\t\t<img width=\"400\" height=\"288\" src=\"https:\/\/tva.cv\/wp-content\/uploads\/2017\/03\/watch_576x288-image10-400x288.jpg\" class=\"img-responsive img-not-lazy wp-post-image\" alt=\"\" loading=\"lazy\" \/>\t\t\t\t\t\t\t<\/div><!-- \/.sidebar-schedule-slider-layer -->                                             \n\t\t\t\t\t\t<\/div><!-- \/.sidebar-schedule-slide -->\n\t\t\t\t\t\t\t\t\t\t\t<div class=\"sidebar-schedule-slide\"> \n\t\t\t\t\t\t\t<div class=\"sidebar-schedule-slider-layer\"> \n\t\t\t\t\t\t\t\t<div class=\"content\"> \n\t\t\t\t\t\t\t\t\t<h3 class=\"hour-tag\">1:05<\/h3> \n\t\t\t\t\t\t\t\t\t<h4 class=\"sidebar-show-title bg-1\"><a href=\"https:\/\/tva.cv\/index.php\/tv_schedule\/the-late-talk-show-with-k-c\/\" target=\"_self\">The Late Talk Show with<\/a><\/h4>\n\t\t\t\t\t\t\t\t\t<p><a href=\"https:\/\/tva.cv\/index.php\/tv_schedule\/the-late-talk-show-with-k-c\/\" target=\"_self\">Find out who this week&#8217;s guests are on &#8220;The Late Talk Show with K C&#8221;!&#8230;<\/a><\/p>\n\t\t\t\t\t\t\t\t<\/div>                                                     \n\t\t\t\t\t\t\t\t<img width=\"400\" height=\"288\" src=\"https:\/\/tva.cv\/wp-content\/uploads\/2017\/02\/index_824x412-image11-400x288.jpg\" class=\"img-responsive img-not-lazy wp-post-image\" alt=\"\" loading=\"lazy\" \/>\t\t\t\t\t\t\t<\/div><!-- \/.sidebar-schedule-slider-layer -->                                             \n\t\t\t\t\t\t<\/div><!-- \/.sidebar-schedule-slide -->\n\t\t\t\t\t\t\t\t\t\t\t<div class=\"sidebar-schedule-slide\"> \n\t\t\t\t\t\t\t<div class=\"sidebar-schedule-slider-layer\"> \n\t\t\t\t\t\t\t\t<div class=\"content\"> \n\t\t\t\t\t\t\t\t\t<h3 class=\"hour-tag\">23:00<\/h3> \n\t\t\t\t\t\t\t\t\t<h4 class=\"sidebar-show-title bg-1\"><a href=\"https:\/\/tva.cv\/index.php\/tv_schedule\/news-insight\/\" target=\"_self\">News Insight<\/a><\/h4>\n\t\t\t\t\t\t\t\t\t<p><a href=\"https:\/\/tva.cv\/index.php\/tv_schedule\/news-insight\/\" target=\"_self\">Get the context behind the news and find out how it will affect of the world.<\/a><\/p>\n\t\t\t\t\t\t\t\t<\/div>                                                     \n\t\t\t\t\t\t\t\t<img width=\"400\" height=\"288\" src=\"https:\/\/tva.cv\/wp-content\/uploads\/2017\/03\/index_824x412-image17-400x288.jpg\" class=\"img-responsive img-not-lazy wp-post-image\" alt=\"\" loading=\"lazy\" \/>\t\t\t\t\t\t\t<\/div><!-- \/.sidebar-schedule-slider-layer -->                                             \n\t\t\t\t\t\t<\/div><!-- \/.sidebar-schedule-slide -->\n\t\t\t\t\t\t\t\t\t\t\t<div class=\"sidebar-schedule-slide\"> \n\t\t\t\t\t\t\t<div class=\"sidebar-schedule-slider-layer\"> \n\t\t\t\t\t\t\t\t<div class=\"content\"> \n\t\t\t\t\t\t\t\t\t<h3 class=\"hour-tag\">22:00<\/h3> \n\t\t\t\t\t\t\t\t\t<h4 class=\"sidebar-show-title bg-1\"><a href=\"https:\/\/tva.cv\/index.php\/tv_schedule\/reendex-at-ten\/\" target=\"_self\">Reendex at Ten<\/a><\/h4>\n\t\t\t\t\t\t\t\t\t<p><a href=\"https:\/\/tva.cv\/index.php\/tv_schedule\/reendex-at-ten\/\" target=\"_self\">Latest National and International news, with reports correspondents worldwide.<\/a><\/p>\n\t\t\t\t\t\t\t\t<\/div>                                                     \n\t\t\t\t\t\t\t\t<img width=\"400\" height=\"288\" src=\"https:\/\/tva.cv\/wp-content\/uploads\/2017\/03\/news-store_576x288-image11-400x288.jpg\" class=\"img-responsive img-not-lazy wp-post-image\" alt=\"\" loading=\"lazy\" \/>\t\t\t\t\t\t\t<\/div><!-- \/.sidebar-schedule-slider-layer -->                                             \n\t\t\t\t\t\t<\/div><!-- \/.sidebar-schedule-slide -->\n\t\t\t\t\t\t\t\t\t\t\t<div class=\"sidebar-schedule-slide\"> \n\t\t\t\t\t\t\t<div class=\"sidebar-schedule-slider-layer\"> \n\t\t\t\t\t\t\t\t<div class=\"content\"> \n\t\t\t\t\t\t\t\t\t<h3 class=\"hour-tag\">20:00<\/h3> \n\t\t\t\t\t\t\t\t\t<h4 class=\"sidebar-show-title bg-1\"><a href=\"https:\/\/tva.cv\/index.php\/tv_schedule\/cook-like-a-chef\/\" target=\"_self\">Cook like a Chef<\/a><\/h4>\n\t\t\t\t\t\t\t\t\t<p><a href=\"https:\/\/tva.cv\/index.php\/tv_schedule\/cook-like-a-chef\/\" target=\"_self\">Do you know what really goes into being a Chef? Join us for the Grand Finale!<\/a><\/p>\n\t\t\t\t\t\t\t\t<\/div>                                                     \n\t\t\t\t\t\t\t\t<img width=\"400\" height=\"288\" src=\"https:\/\/tva.cv\/wp-content\/uploads\/2017\/04\/food_576x288-image09-400x288.jpg\" class=\"img-responsive img-not-lazy wp-post-image\" alt=\"\" loading=\"lazy\" \/>\t\t\t\t\t\t\t<\/div><!-- \/.sidebar-schedule-slider-layer -->                                             \n\t\t\t\t\t\t<\/div><!-- \/.sidebar-schedule-slide -->\n\t\t\t\t\t\t\t\t\t<\/div><!-- \/#sidebar-schedule-slider -->\n\t\t\t<\/div><!-- \/.sidebar-schedule -->\n\t\t<\/div><!-- \/.sidebar-block -->\n\t\t\t\t<div class=\"sidebar-block sidebar-wrapper\n\t\t\t\">\n\t\t\t\t\t\t\t<div class=\"\n\t\t\t\t\ttitle-style02\"\n\t\t\t\t\tstyle=\"\n\t\t\t\t\t\tmargin-bottom:30px;\"> \n\t\t\t\t\t<h3>Rethinking Reendex Experience<\/h3> \n\t\t\t\t<\/div>\n\t\t\t\t\t\t\t\t\t\t<div class=\"sidebar-image\"> \n\t\t\t\t\t<a href=\"https:\/\/tva.cv\/index.php\/2026\/04\/28\/cne-divulga-listas-de-candidaturas-dados-eleitorais-e-entrega-fac-simile-dos-boletins-de-voto\/\" target=\"_self\">\n\t\t\t\t\t\t<img width=\"400\" height=\"240\" src=\"https:\/\/tva.cv\/wp-content\/uploads\/2026\/04\/CNE-divulga-listas-de-candidaturas-dados-eleitorais-e-entrega-fac-simile-dos-boletins-de-voto.00_00_07_16.Still001-400x240.png\" class=\"attachment-reendex_news_gallery_thumb size-reendex_news_gallery_thumb wp-post-image\" alt=\"\" loading=\"lazy\" \/>\t\t\t\t\t\t\t\t\t\t\t<\/a>\n\t\t\t\t\t<div class=\"sidebar-content\">\n\t\t\t\t\t\t \n\t\t\t\t\t\t\t<div class=\"title-style04 underline04\">\n\t\t\t\t\t\t\t\t<h3><a href=\"https:\/\/tva.cv\/index.php\/2026\/04\/28\/cne-divulga-listas-de-candidaturas-dados-eleitorais-e-entrega-fac-simile-dos-boletins-de-voto\/\" target=\"_self\">CNE divulga listas de candidaturas,<\/a><\/h3>\n\t\t\t\t\t\t\t<\/div>\n\t\t\t\t\t\t\t\t\t\t\t\t\t\t    \n\t\t\t\t\t\t\t\t\t\t\t\t\t<div class=\"date\">\n\t\t\t\t\t\t\t\t<i class=\"fa fa-clock-o\"><\/i>\n\t\t\t\t\t\t\t\t\t\t\t\t\t\t\t\t\t<span class=\"day\">abr 28, 2026<\/span>\n\t\t\t\t\t\t\t\t\t<span class=\"hour\">8:20 pm<\/span>\n\t\t\t\t\t\t\t\t\t\t\t\t\t\t\t<\/div><!-- \/.date -->\t\t\t\t\t\t\t\t\t\t\n\t\t\t\t\t\t\t\t\t\t\t\t<p><a href=\"https:\/\/tva.cv\/index.php\/2026\/04\/28\/cne-divulga-listas-de-candidaturas-dados-eleitorais-e-entrega-fac-simile-dos-boletins-de-voto\/\" target=\"_self\">As elei\u00e7\u00f5es legislativas em Cabo Verde&#8230;<\/a><\/p>\n\t\t\t\t\t<\/div><!-- \/.sidebar-content -->\n\t\t\t\t<\/div><!-- \/.sidebar-image -->\n\t\t\t\t\t<\/div><!-- \/.sidebar-block --> \n\t\t[\/vc_column][\/vc_row][vc_row full_width=&#8221;stretch_row&#8221; css=&#8221;.vc_custom_1516164565903{background-color: #ececed !important;}&#8221;][vc_column css=&#8221;.vc_custom_1516164620823{margin-bottom: -35px !important;}&#8221;]\t\t<div class=\"section-header-left \">\n\t\t\t<h2 class=\"section-title-left\">Invention and implementation of the Web<span class=\"dot\">.<\/span><\/h2>\n\t\t\t\t\t\t\t<h4 class=\"section-subtitle\">The Web is a global information medium which users can read and write via computers connected to the Internet. Web is a service that operates over the Internet, just as e-mail also does. The history of the Internet dates back significantly further than that of the World Wide Web.<\/h4>\n\t\t\t\t\t<\/div><!-- \/.section-header-left -->\n\t\t[\/vc_column][\/vc_row][vc_row full_width=&#8221;stretch_row&#8221; el_class=&#8221;visible&#8221; css=&#8221;.vc_custom_1510217656807{background-color: #ececed !important;}&#8221;][vc_column offset=&#8221;vc_col-lg-8 vc_col-md-12&#8243; el_class=&#8221;sticky-module&#8221;]\t\t<div class=\"news1\n\t\t\t\"> \n\t\t\t\t\t\t\t \n\t\t\t\t\t<div class=\"module-title\">\n\t\t\t\t\t\t \n\t\t\t\t\t\t\t<h3 class=\"title\">\n\t\t\t\t\t\t\t\t<span class=\"bg-1\" style=\"\n\t\t\t\t\t\t\t\t\t\">\n\t\t\t\t\t\t\t\t\tPromoted Links\t\t\t\t\t\t\t\t<\/span>\n\t\t\t\t\t\t\t<\/h3>\n\t\t\t\t\t\t\t\t\t\t\t\t  \n\t\t\t\t\t\t\t<h3 class=\"subtitle\">From around the Web<\/h3>\n\t\t\t\t\t\t \n\t\t\t\t\t<\/div>\n\t\t\t\t                       \n\t\t\t<div class=\"row no-gutter\">\t\t\t<div class=\"news\"><div class=\"news-outer-wrapper\"> \t\t\t\t<div class=\"item-wrapper col-sm-0 col-md-0\">                                     \n\t\t\t\t\t<div class=\"item\">\n\t\t\t\t\t\t                                        \n\t\t\t\t\t\t<div class=\"item-content\"> \n\t\t\t\t\t\t\t<div class=\"title-left title-style04 underline04\"> \n\t\t\t\t\t\t\t\t<h3>\n\t\t\t\t\t\t\t\t\t<a href=\"https:\/\/tva.cv\/index.php\/2022\/03\/29\/cmp-vai-ter-plataforma-de-investimento-da-diaspora-cabo-verdiana\/\" target=\"_self\">CMP Plataforma de Investimentos<\/a>\n\t\t\t\t\t\t\t\t<\/h3> \n\t\t\t\t\t\t\t<\/div><!-- \/.title-left -->\n\t\t\t\t\t\t\t\t\t\t\t\t\t\t\t<div class=\"post-meta-elements\">\n\t\t\t\t\t\t\t\t\t<div class=\"post-meta-author\">\n\t\t\t\t\t\t\t\t\t\t<i class=\"fa fa-user\"><\/i>\n\t\t\t\t\t\t\t\t\t\t<a href=\"https:\/\/tva.cv\/index.php\/author\/arlinda-neves\/\">\n\t\t\t\t\t\t\t\t\t\t\tPor Arlinda Neves\t\t\t\t\t\t\t\t\t\t<\/a>\n\t\t\t\t\t\t\t\t\t<\/div>\n\t\t\t\t\t\t\t\t\t<div class=\"post-meta-date\">\n\t\t\t\t\t\t\t\t\t\t<i class=\"fa fa-calendar\"><\/i>\n\t\t\t\t\t\t\t\t\t\t\t\t\t\t\t\t\t\t\t\t\t<span class=\"date updated\">abril 26, 2022<\/span>\n\t\t\t\t\t\t\t\t\t\t\t\t\t\t\t\t\t\t\t<\/div><!-- \/.post-meta-date -->\n\t\t\t\t\t\t\t\t<\/div><!-- \/.post-meta-elements -->\n\t\t\t\t\t\t\t\t\t\t\t\t\t\t\t\t\t\t\t\t\t\t\t\t\t\t\t\t\t\t\t\t\t\t\t\t<div>\n\t\t\t\t\t\t\t\t\t<a href=\"https:\/\/tva.cv\/index.php\/2022\/03\/29\/cmp-vai-ter-plataforma-de-investimento-da-diaspora-cabo-verdiana\/\" target=\"_self\">\n\t\t\t\t\t\t\t\t\t\t<span class=\"read-more\">\n\t\t\t\t\t\t\t\t\t\t\tRead more\t\t\t\t\t\t\t\t\t\t<\/span>\n\t\t\t\t\t\t\t\t\t<\/a>\n\t\t\t\t\t\t\t\t<\/div>\n\t\t\t\t\t\t\t                                          \n\t\t\t\t\t\t<\/div><!-- \/.item-content -->                                         \n\t\t\t\t\t<\/div><!-- \/.item -->                                     \n\t\t\t\t<\/div><!-- \/.item-wrapper col-sm -->                                     \n\t\t\t\t<\/div><\/div><div class=\"news\"><div class=\"news-outer-wrapper\"> \t\t\t\t<div class=\"item-wrapper col-sm-0 col-md-0\">                                     \n\t\t\t\t\t<div class=\"item\">\n\t\t\t\t\t\t                                        \n\t\t\t\t\t\t<div class=\"item-content\"> \n\t\t\t\t\t\t\t<div class=\"title-left title-style04 underline04\"> \n\t\t\t\t\t\t\t\t<h3>\n\t\t\t\t\t\t\t\t\t<a href=\"https:\/\/tva.cv\/index.php\/2022\/03\/30\/cmp-vai-construir-centro-comunitario-em-agua-funda\/\" target=\"_self\">CMP vai construir Centro Comunit\u00e1rio em<\/a>\n\t\t\t\t\t\t\t\t<\/h3> \n\t\t\t\t\t\t\t<\/div><!-- \/.title-left -->\n\t\t\t\t\t\t\t\t\t\t\t\t\t\t\t<div class=\"post-meta-elements\">\n\t\t\t\t\t\t\t\t\t<div class=\"post-meta-author\">\n\t\t\t\t\t\t\t\t\t\t<i class=\"fa fa-user\"><\/i>\n\t\t\t\t\t\t\t\t\t\t<a href=\"https:\/\/tva.cv\/index.php\/author\/arlinda-neves\/\">\n\t\t\t\t\t\t\t\t\t\t\tPor Arlinda Neves\t\t\t\t\t\t\t\t\t\t<\/a>\n\t\t\t\t\t\t\t\t\t<\/div>\n\t\t\t\t\t\t\t\t\t<div class=\"post-meta-date\">\n\t\t\t\t\t\t\t\t\t\t<i class=\"fa fa-calendar\"><\/i>\n\t\t\t\t\t\t\t\t\t\t\t\t\t\t\t\t\t\t\t\t\t<span class=\"date updated\">abril 26, 2022<\/span>\n\t\t\t\t\t\t\t\t\t\t\t\t\t\t\t\t\t\t\t<\/div><!-- \/.post-meta-date -->\n\t\t\t\t\t\t\t\t<\/div><!-- \/.post-meta-elements -->\n\t\t\t\t\t\t\t\t\t\t\t\t\t\t\t\t\t\t\t\t\t\t\t\t\t\t\t\t\t\t\t\t\t\t\t\t<div>\n\t\t\t\t\t\t\t\t\t<a href=\"https:\/\/tva.cv\/index.php\/2022\/03\/30\/cmp-vai-construir-centro-comunitario-em-agua-funda\/\" target=\"_self\">\n\t\t\t\t\t\t\t\t\t\t<span class=\"read-more\">\n\t\t\t\t\t\t\t\t\t\t\tRead more\t\t\t\t\t\t\t\t\t\t<\/span>\n\t\t\t\t\t\t\t\t\t<\/a>\n\t\t\t\t\t\t\t\t<\/div>\n\t\t\t\t\t\t\t                                          \n\t\t\t\t\t\t<\/div><!-- \/.item-content -->                                         \n\t\t\t\t\t<\/div><!-- \/.item -->                                     \n\t\t\t\t<\/div><!-- \/.item-wrapper col-sm -->                                     \n\t\t\t\t<\/div><\/div><div class=\"news\"><div class=\"news-outer-wrapper\"> \t\t\t\t<div class=\"item-wrapper col-sm-0 col-md-0\">                                     \n\t\t\t\t\t<div class=\"item\">\n\t\t\t\t\t\t                                        \n\t\t\t\t\t\t<div class=\"item-content\"> \n\t\t\t\t\t\t\t<div class=\"title-left title-style04 underline04\"> \n\t\t\t\t\t\t\t\t<h3>\n\t\t\t\t\t\t\t\t\t<a href=\"https:\/\/tva.cv\/index.php\/2022\/04\/12\/ine-lanca-inquerito-as-despesas-e-receitas-familiares\/\" target=\"_self\">INE lan\u00e7a Inqu\u00e9rito \u00e0s Despesas e<\/a>\n\t\t\t\t\t\t\t\t<\/h3> \n\t\t\t\t\t\t\t<\/div><!-- \/.title-left -->\n\t\t\t\t\t\t\t\t\t\t\t\t\t\t\t<div class=\"post-meta-elements\">\n\t\t\t\t\t\t\t\t\t<div class=\"post-meta-author\">\n\t\t\t\t\t\t\t\t\t\t<i class=\"fa fa-user\"><\/i>\n\t\t\t\t\t\t\t\t\t\t<a href=\"https:\/\/tva.cv\/index.php\/author\/joao-rosario\/\">\n\t\t\t\t\t\t\t\t\t\t\tPor Jo\u00e3o Ros\u00e1rio\t\t\t\t\t\t\t\t\t\t<\/a>\n\t\t\t\t\t\t\t\t\t<\/div>\n\t\t\t\t\t\t\t\t\t<div class=\"post-meta-date\">\n\t\t\t\t\t\t\t\t\t\t<i class=\"fa fa-calendar\"><\/i>\n\t\t\t\t\t\t\t\t\t\t\t\t\t\t\t\t\t\t\t\t\t<span class=\"date updated\">abril 26, 2022<\/span>\n\t\t\t\t\t\t\t\t\t\t\t\t\t\t\t\t\t\t\t<\/div><!-- \/.post-meta-date -->\n\t\t\t\t\t\t\t\t<\/div><!-- \/.post-meta-elements -->\n\t\t\t\t\t\t\t\t\t\t\t\t\t\t\t\t\t\t\t\t\t\t\t\t\t\t\t\t\t\t\t\t\t\t\t\t<div>\n\t\t\t\t\t\t\t\t\t<a href=\"https:\/\/tva.cv\/index.php\/2022\/04\/12\/ine-lanca-inquerito-as-despesas-e-receitas-familiares\/\" target=\"_self\">\n\t\t\t\t\t\t\t\t\t\t<span class=\"read-more\">\n\t\t\t\t\t\t\t\t\t\t\tRead more\t\t\t\t\t\t\t\t\t\t<\/span>\n\t\t\t\t\t\t\t\t\t<\/a>\n\t\t\t\t\t\t\t\t<\/div>\n\t\t\t\t\t\t\t                                          \n\t\t\t\t\t\t<\/div><!-- \/.item-content -->                                         \n\t\t\t\t\t<\/div><!-- \/.item -->                                     \n\t\t\t\t<\/div><!-- \/.item-wrapper col-sm -->                                     \n\t\t\t\t<\/div><\/div>\t\t\t<\/div>\t\t<\/div><!-- \/.section-highlighs-wrapper -->\n\t\t\t\t<div class=\"news1\n\t\t\t\"> \n\t\t\t\t\t\t\t                       \n\t\t\t<div class=\"row no-gutter\">\t\t\t<div class=\"news\"><div class=\"news-outer-wrapper\"> \t\t\t\t<div class=\"item-wrapper col-sm-0 col-md-0\">                                     \n\t\t\t\t\t<div class=\"item\">\n\t\t\t\t\t\t                                        \n\t\t\t\t\t\t<div class=\"item-content\"> \n\t\t\t\t\t\t\t<div class=\"title-left title-style04 underline04\"> \n\t\t\t\t\t\t\t\t<h3>\n\t\t\t\t\t\t\t\t\t<a href=\"https:\/\/tva.cv\/index.php\/2022\/03\/29\/cmp-vai-ter-plataforma-de-investimento-da-diaspora-cabo-verdiana\/\" target=\"_self\">CMP Plataforma de Investimentos<\/a>\n\t\t\t\t\t\t\t\t<\/h3> \n\t\t\t\t\t\t\t<\/div><!-- \/.title-left -->\n\t\t\t\t\t\t\t\t\t\t\t\t\t\t\t<div class=\"post-meta-elements\">\n\t\t\t\t\t\t\t\t\t<div class=\"post-meta-author\">\n\t\t\t\t\t\t\t\t\t\t<i class=\"fa fa-user\"><\/i>\n\t\t\t\t\t\t\t\t\t\t<a href=\"https:\/\/tva.cv\/index.php\/author\/arlinda-neves\/\">\n\t\t\t\t\t\t\t\t\t\t\tPor Arlinda Neves\t\t\t\t\t\t\t\t\t\t<\/a>\n\t\t\t\t\t\t\t\t\t<\/div>\n\t\t\t\t\t\t\t\t\t<div class=\"post-meta-date\">\n\t\t\t\t\t\t\t\t\t\t<i class=\"fa fa-calendar\"><\/i>\n\t\t\t\t\t\t\t\t\t\t\t\t\t\t\t\t\t\t\t\t\t<span class=\"date updated\">abril 26, 2022<\/span>\n\t\t\t\t\t\t\t\t\t\t\t\t\t\t\t\t\t\t\t<\/div><!-- \/.post-meta-date -->\n\t\t\t\t\t\t\t\t<\/div><!-- \/.post-meta-elements -->\n\t\t\t\t\t\t\t\t\t\t\t\t\t\t\t\t\t\t\t\t\t\t\t\t\t\t\t\t\t\t\t\t\t\t\t\t<div>\n\t\t\t\t\t\t\t\t\t<a href=\"https:\/\/tva.cv\/index.php\/2022\/03\/29\/cmp-vai-ter-plataforma-de-investimento-da-diaspora-cabo-verdiana\/\" target=\"_self\">\n\t\t\t\t\t\t\t\t\t\t<span class=\"read-more\">\n\t\t\t\t\t\t\t\t\t\t\tRead more\t\t\t\t\t\t\t\t\t\t<\/span>\n\t\t\t\t\t\t\t\t\t<\/a>\n\t\t\t\t\t\t\t\t<\/div>\n\t\t\t\t\t\t\t                                          \n\t\t\t\t\t\t<\/div><!-- \/.item-content -->                                         \n\t\t\t\t\t<\/div><!-- \/.item -->                                     \n\t\t\t\t<\/div><!-- \/.item-wrapper col-sm -->                                     \n\t\t\t\t<\/div><\/div><div class=\"news\"><div class=\"news-outer-wrapper\"> \t\t\t\t<div class=\"item-wrapper col-sm-0 col-md-0\">                                     \n\t\t\t\t\t<div class=\"item\">\n\t\t\t\t\t\t                                        \n\t\t\t\t\t\t<div class=\"item-content\"> \n\t\t\t\t\t\t\t<div class=\"title-left title-style04 underline04\"> \n\t\t\t\t\t\t\t\t<h3>\n\t\t\t\t\t\t\t\t\t<a href=\"https:\/\/tva.cv\/index.php\/2022\/03\/30\/cmp-vai-construir-centro-comunitario-em-agua-funda\/\" target=\"_self\">CMP vai construir Centro Comunit\u00e1rio em<\/a>\n\t\t\t\t\t\t\t\t<\/h3> \n\t\t\t\t\t\t\t<\/div><!-- \/.title-left -->\n\t\t\t\t\t\t\t\t\t\t\t\t\t\t\t<div class=\"post-meta-elements\">\n\t\t\t\t\t\t\t\t\t<div class=\"post-meta-author\">\n\t\t\t\t\t\t\t\t\t\t<i class=\"fa fa-user\"><\/i>\n\t\t\t\t\t\t\t\t\t\t<a href=\"https:\/\/tva.cv\/index.php\/author\/arlinda-neves\/\">\n\t\t\t\t\t\t\t\t\t\t\tPor Arlinda Neves\t\t\t\t\t\t\t\t\t\t<\/a>\n\t\t\t\t\t\t\t\t\t<\/div>\n\t\t\t\t\t\t\t\t\t<div class=\"post-meta-date\">\n\t\t\t\t\t\t\t\t\t\t<i class=\"fa fa-calendar\"><\/i>\n\t\t\t\t\t\t\t\t\t\t\t\t\t\t\t\t\t\t\t\t\t<span class=\"date updated\">abril 26, 2022<\/span>\n\t\t\t\t\t\t\t\t\t\t\t\t\t\t\t\t\t\t\t<\/div><!-- \/.post-meta-date -->\n\t\t\t\t\t\t\t\t<\/div><!-- \/.post-meta-elements -->\n\t\t\t\t\t\t\t\t\t\t\t\t\t\t\t\t\t\t\t\t\t\t\t\t\t\t\t\t\t\t\t\t\t\t\t\t<div>\n\t\t\t\t\t\t\t\t\t<a href=\"https:\/\/tva.cv\/index.php\/2022\/03\/30\/cmp-vai-construir-centro-comunitario-em-agua-funda\/\" target=\"_self\">\n\t\t\t\t\t\t\t\t\t\t<span class=\"read-more\">\n\t\t\t\t\t\t\t\t\t\t\tRead more\t\t\t\t\t\t\t\t\t\t<\/span>\n\t\t\t\t\t\t\t\t\t<\/a>\n\t\t\t\t\t\t\t\t<\/div>\n\t\t\t\t\t\t\t                                          \n\t\t\t\t\t\t<\/div><!-- \/.item-content -->                                         \n\t\t\t\t\t<\/div><!-- \/.item -->                                     \n\t\t\t\t<\/div><!-- \/.item-wrapper col-sm -->                                     \n\t\t\t\t<\/div><\/div><div class=\"news\"><div class=\"news-outer-wrapper\"> \t\t\t\t<div class=\"item-wrapper col-sm-0 col-md-0\">                                     \n\t\t\t\t\t<div class=\"item\">\n\t\t\t\t\t\t                                        \n\t\t\t\t\t\t<div class=\"item-content\"> \n\t\t\t\t\t\t\t<div class=\"title-left title-style04 underline04\"> \n\t\t\t\t\t\t\t\t<h3>\n\t\t\t\t\t\t\t\t\t<a href=\"https:\/\/tva.cv\/index.php\/2022\/04\/12\/ine-lanca-inquerito-as-despesas-e-receitas-familiares\/\" target=\"_self\">INE lan\u00e7a Inqu\u00e9rito \u00e0s Despesas e<\/a>\n\t\t\t\t\t\t\t\t<\/h3> \n\t\t\t\t\t\t\t<\/div><!-- \/.title-left -->\n\t\t\t\t\t\t\t\t\t\t\t\t\t\t\t<div class=\"post-meta-elements\">\n\t\t\t\t\t\t\t\t\t<div class=\"post-meta-author\">\n\t\t\t\t\t\t\t\t\t\t<i class=\"fa fa-user\"><\/i>\n\t\t\t\t\t\t\t\t\t\t<a href=\"https:\/\/tva.cv\/index.php\/author\/joao-rosario\/\">\n\t\t\t\t\t\t\t\t\t\t\tPor Jo\u00e3o Ros\u00e1rio\t\t\t\t\t\t\t\t\t\t<\/a>\n\t\t\t\t\t\t\t\t\t<\/div>\n\t\t\t\t\t\t\t\t\t<div class=\"post-meta-date\">\n\t\t\t\t\t\t\t\t\t\t<i class=\"fa fa-calendar\"><\/i>\n\t\t\t\t\t\t\t\t\t\t\t\t\t\t\t\t\t\t\t\t\t<span class=\"date updated\">abril 26, 2022<\/span>\n\t\t\t\t\t\t\t\t\t\t\t\t\t\t\t\t\t\t\t<\/div><!-- \/.post-meta-date -->\n\t\t\t\t\t\t\t\t<\/div><!-- \/.post-meta-elements -->\n\t\t\t\t\t\t\t\t\t\t\t\t\t\t\t\t\t\t\t\t\t\t\t\t\t\t\t\t\t\t\t\t\t\t\t\t<div>\n\t\t\t\t\t\t\t\t\t<a href=\"https:\/\/tva.cv\/index.php\/2022\/04\/12\/ine-lanca-inquerito-as-despesas-e-receitas-familiares\/\" target=\"_self\">\n\t\t\t\t\t\t\t\t\t\t<span class=\"read-more\">\n\t\t\t\t\t\t\t\t\t\t\tRead more\t\t\t\t\t\t\t\t\t\t<\/span>\n\t\t\t\t\t\t\t\t\t<\/a>\n\t\t\t\t\t\t\t\t<\/div>\n\t\t\t\t\t\t\t                                          \n\t\t\t\t\t\t<\/div><!-- \/.item-content -->                                         \n\t\t\t\t\t<\/div><!-- \/.item -->                                     \n\t\t\t\t<\/div><!-- \/.item-wrapper col-sm -->                                     \n\t\t\t\t<\/div><\/div><div class=\"news\"><div class=\"news-outer-wrapper\"> \t\t\t\t<div class=\"item-wrapper col-sm-0 col-md-0\">                                     \n\t\t\t\t\t<div class=\"item\">\n\t\t\t\t\t\t \n\t\t\t\t\t\t\t<div class=\"item-image-3\">\n\t\t\t\t\t\t\t\t<a class=\"img-link\" href=\"https:\/\/tva.cv\/index.php\/2022\/04\/13\/cmp-homenageia-pugilista-sifonelo-borges\/\" target=\"_self\">\n\t\t\t\t\t\t\t\t\t<img width=\"1920\" height=\"1080\" src=\"https:\/\/tva.cv\/wp-content\/uploads\/2022\/04\/vlcsnap-2022-04-13-09h49m52s758.png\" class=\"img-responsive img-full wp-post-image\" alt=\"\" loading=\"lazy\" srcset=\"https:\/\/tva.cv\/wp-content\/uploads\/2022\/04\/vlcsnap-2022-04-13-09h49m52s758.png 1920w, https:\/\/tva.cv\/wp-content\/uploads\/2022\/04\/vlcsnap-2022-04-13-09h49m52s758-300x169.png 300w, https:\/\/tva.cv\/wp-content\/uploads\/2022\/04\/vlcsnap-2022-04-13-09h49m52s758-1024x576.png 1024w, https:\/\/tva.cv\/wp-content\/uploads\/2022\/04\/vlcsnap-2022-04-13-09h49m52s758-768x432.png 768w, https:\/\/tva.cv\/wp-content\/uploads\/2022\/04\/vlcsnap-2022-04-13-09h49m52s758-1536x864.png 1536w, https:\/\/tva.cv\/wp-content\/uploads\/2022\/04\/vlcsnap-2022-04-13-09h49m52s758-822x462.png 822w\" sizes=\"(max-width: 1920px) 100vw, 1920px\" \/>\t\t\t\t\t\t\t\t\t\t\t\t\t\t\t\t\t<\/a>\n\t\t\t\t\t\t\t\t\t\t\t\t\t\t\t<\/div>\n\t\t\t\t\t\t                                        \n\t\t\t\t\t\t<div class=\"item-content\"> \n\t\t\t\t\t\t\t<div class=\"title-left title-style04 underline04\"> \n\t\t\t\t\t\t\t\t<h3>\n\t\t\t\t\t\t\t\t\t<a href=\"https:\/\/tva.cv\/index.php\/2022\/04\/13\/cmp-homenageia-pugilista-sifonelo-borges\/\" target=\"_self\">CMP homenageia pugilista Sifonelo Borges<\/a>\n\t\t\t\t\t\t\t\t<\/h3> \n\t\t\t\t\t\t\t<\/div><!-- \/.title-left -->\n\t\t\t\t\t\t\t\t\t\t\t\t\t\t\t<div class=\"post-meta-elements\">\n\t\t\t\t\t\t\t\t\t<div class=\"post-meta-author\">\n\t\t\t\t\t\t\t\t\t\t<i class=\"fa fa-user\"><\/i>\n\t\t\t\t\t\t\t\t\t\t<a href=\"https:\/\/tva.cv\/index.php\/author\/stevenn-silva\/\">\n\t\t\t\t\t\t\t\t\t\t\tPor Stevenn Silva\t\t\t\t\t\t\t\t\t\t<\/a>\n\t\t\t\t\t\t\t\t\t<\/div>\n\t\t\t\t\t\t\t\t\t<div class=\"post-meta-date\">\n\t\t\t\t\t\t\t\t\t\t<i class=\"fa fa-calendar\"><\/i>\n\t\t\t\t\t\t\t\t\t\t\t\t\t\t\t\t\t\t\t\t\t<span class=\"date updated\">abril 26, 2022<\/span>\n\t\t\t\t\t\t\t\t\t\t\t\t\t\t\t\t\t\t\t<\/div><!-- \/.post-meta-date -->\n\t\t\t\t\t\t\t\t<\/div><!-- \/.post-meta-elements -->\n\t\t\t\t\t\t\t\t\t\t\t\t\t\t\t\t\t\t\t\t\t\t\t\t\t\t\t\t\t\t\t\t\t\t\t\t<div>\n\t\t\t\t\t\t\t\t\t<a href=\"https:\/\/tva.cv\/index.php\/2022\/04\/13\/cmp-homenageia-pugilista-sifonelo-borges\/\" target=\"_self\">\n\t\t\t\t\t\t\t\t\t\t<span class=\"read-more\">\n\t\t\t\t\t\t\t\t\t\t\tRead more\t\t\t\t\t\t\t\t\t\t<\/span>\n\t\t\t\t\t\t\t\t\t<\/a>\n\t\t\t\t\t\t\t\t<\/div>\n\t\t\t\t\t\t\t                                          \n\t\t\t\t\t\t<\/div><!-- \/.item-content -->                                         \n\t\t\t\t\t<\/div><!-- \/.item -->                                     \n\t\t\t\t<\/div><!-- \/.item-wrapper col-sm -->                                     \n\t\t\t\t<\/div><\/div>\t\t\t<\/div>\t\t<\/div><!-- \/.section-highlighs-wrapper -->\n\t\t[\/vc_column][vc_column offset=&#8221;vc_col-lg-4 vc_col-md-12&#8243;]\t\t\t\t\t<div class=\"title-style02\n\t\t\t\tmb-30\">\n\t\t\t\t<h3>Don\u2019t Need A Reason<\/h3>\n\t\t\t<\/div>\n\t\t\t\t<div class=\"video-promo-item mb-30\">\n\t\t\t<div class=\"video-promo-image\">\n\t\t\t\t<div class=\"video-full\">\n\t\t\t\t\t<div class=\"fitvids-video embed-container\">\n\t\t\t\t\t\t<iframe id=\"embeddedVideo\" src=\"https:\/\/player.vimeo.com\/video\/87602166?api=1&player_id=vimeo_player&autoplay=1&loop=1\" allow=\"autoplay; fullscreen\"><\/iframe>\n\t\t\t\t\t\t<input type=\"hidden\" id=\"video_mute\" value=\"1\">\n\t\t\t\t\t<\/div>\t\n\t\t\t\t<\/div>\n\t\t\t<\/div>\n\t\t\t<div class=\"video-promo-wrapper\">\n\t\t\t\t<div class=\"video-promo-content\" style=\"background:#212126;\">\n\t\t\t\t\t<span class=\"section-highlight-inner\"><a href=\" \" target=\"_self\">Great edit<\/a><\/span>\n\t\t\t\t\t<div class=\"programme-header\" style=\"color:#ced2d9; font-size:24px;\">Media Web<\/div>\n\t\t\t\t\t<div class=\"programme-name\" style=\"color:#ffffff; font-size:28px;\">The Web Shows you need<\/div>\n\t\t\t\t\t<p style=\"color:#ced2d9; font-size:14px; line-height:24px;\">The award winning Web Show features special guests and topics like web publishing, art direction, content strategy, typography, web technology, and more.<\/p>\n\t\t\t\t<\/div>\n\t\t\t<\/div><\/div>\t\t\t\t\t<div class=\"\n\t\t\t\ttitle-style02\"\n\t\t\t\tstyle=\"\n\t\t\t\t\tmargin-bottom:30px;\"> \n\t\t\t\t<h3>Reendex - News Feed<\/h3> \n\t\t\t<\/div>\n\t\t\t\t<div class=\"sidebar-newsfeed\n\t\t\tmb-30\"> \n\t\t\t<div class=\"\n\t\t\t\tnewsfeed-6\">\n\t\t\t\t \n\t\t\t\t<ul class=\"flex-module\"> \n\t\t\t\t\t\t\t\t\t\t\t<li> \n\t\t\t\t\t\t\t<div class=\"item\">\n\t\t\t\t\t\t\t\t \n\t\t\t\t\t\t\t\t\t<div class=\"item-image\">\n\t\t\t\t\t\t\t\t\t\t<a class=\"img-link\" href=\"https:\/\/tva.cv\/index.php\/2026\/04\/28\/cne-divulga-listas-de-candidaturas-dados-eleitorais-e-entrega-fac-simile-dos-boletins-de-voto\/\">\n\t\t\t\t\t\t\t\t\t\t\t<img width=\"400\" height=\"200\" src=\"https:\/\/tva.cv\/wp-content\/uploads\/2026\/04\/CNE-divulga-listas-de-candidaturas-dados-eleitorais-e-entrega-fac-simile-dos-boletins-de-voto.00_00_07_16.Still001-400x200.png\" class=\"img-responsive img-full wp-post-image\" alt=\"\" loading=\"lazy\" srcset=\"https:\/\/tva.cv\/wp-content\/uploads\/2026\/04\/CNE-divulga-listas-de-candidaturas-dados-eleitorais-e-entrega-fac-simile-dos-boletins-de-voto.00_00_07_16.Still001-400x200.png 400w, https:\/\/tva.cv\/wp-content\/uploads\/2026\/04\/CNE-divulga-listas-de-candidaturas-dados-eleitorais-e-entrega-fac-simile-dos-boletins-de-voto.00_00_07_16.Still001-576x288.png 576w\" sizes=\"(max-width: 400px) 100vw, 400px\" \/>\t\t\t\t\t\t\t\t\t\t\t\t\t\t\t\t\t\t\t\t\t<\/a>\n\t\t\t\t\t\t\t\t\t<\/div><!-- \/.item-image -->\n\t\t\t\t\t\t\t\t \n\t\t\t\t\t\t\t\t<div class=\"item-content text\">\n\t\t\t\t\t\t\t\t\t \n\t\t\t\t\t\t\t\t\t\t<h4 class=\"ellipsis\">\n\t\t\t\t\t\t\t\t\t\t\t<a href=\"https:\/\/tva.cv\/index.php\/2026\/04\/28\/cne-divulga-listas-de-candidaturas-dados-eleitorais-e-entrega-fac-simile-dos-boletins-de-voto\/\" target=\"_self\">\n\t\t\t\t\t\t\t\t\t\t\t\tCNE divulga listas\t\t\t\t\t\t\t\t\t\t\t\t\t\t\t\t\t\t\t\t\t\t\t\t\t<span class=\"post-meta-elements\">\n\t\t\t\t\t\t\t\t\t\t\t\t\t\t\t\t\t\t\t\t\t\t\t\t\t\t\t\t\t<span class=\"post-meta-date\"> <i class=\"fa fa-calendar\"><\/i>abril 28, 2026<\/span>\n\t\t\t\t\t\t\t\t\t\t\t\t\t\t\t\t\t\t\t\t\t\t\t\t\t\t\t<\/span>\n\t\t\t\t\t\t\t\t\t\t\t\t\t\t\t\t\t\t\t\t\t\t\t\n\t\t\t\t\t\t\t\t\t\t\t<\/a>\n\t\t\t\t\t\t\t\t\t\t<\/h4>\n\t\t\t\t\t\t\t\t\t\t\t\t\t\t\t\t\t\t \n\t\t\t\t\t\t\t\t\t\t<p><a class=\"text-concat\" href=\"https:\/\/tva.cv\/index.php\/2026\/04\/28\/cne-divulga-listas-de-candidaturas-dados-eleitorais-e-entrega-fac-simile-dos-boletins-de-voto\/\">As elei\u00e7\u00f5es legislativas em Cabo Verde est\u00e3o marcadas para o dia 17 de maio, e Comiss\u00e3o Nacional de Elei\u00e7\u00f5es, como entidade competente de administra\u00e7\u00e3o do processo eleitoral prestou esclarecimentos p\u00fablicos acerca do n\u00famero de partidos que concorrem, as estat\u00edsticas, a distribui\u00e7\u00e3o dos mandatos, bem como os respons\u00e1veis da CNE abordaram outros assuntos inerentes ao processo de sufr\u00e1gio em Cabo Verde.<\/a><a href=\"https:\/\/tva.cv\/index.php\/2026\/04\/28\/cne-divulga-listas-de-candidaturas-dados-eleitorais-e-entrega-fac-simile-dos-boletins-de-voto\/\" target=\"_self\"><span>Read more...<\/span><\/a><\/p>\n\t\t\t\t\t\t\t\t\t\t\t\t\t\t\t\t\t<\/div><!-- \/.item-content text -->                                                    \n\t\t\t\t\t\t\t<\/div><!-- \/.item -->                                                \n\t\t\t\t\t\t<\/li>\n\t\t\t\t\t\t\t\t\t\t\t<li> \n\t\t\t\t\t\t\t<div class=\"item\">\n\t\t\t\t\t\t\t\t \n\t\t\t\t\t\t\t\t\t<div class=\"item-image\">\n\t\t\t\t\t\t\t\t\t\t<a class=\"img-link\" href=\"https:\/\/tva.cv\/index.php\/2026\/04\/28\/aviacao-civil-governo-formaliza-privatizacao-da-cabo-verde-handling-com-a-swissport\/\">\n\t\t\t\t\t\t\t\t\t\t\t<img width=\"400\" height=\"200\" src=\"https:\/\/tva.cv\/wp-content\/uploads\/2026\/04\/Aviacao-Civil.00_00_08_13.Still001-400x200.png\" class=\"img-responsive img-full wp-post-image\" alt=\"\" loading=\"lazy\" srcset=\"https:\/\/tva.cv\/wp-content\/uploads\/2026\/04\/Aviacao-Civil.00_00_08_13.Still001-400x200.png 400w, https:\/\/tva.cv\/wp-content\/uploads\/2026\/04\/Aviacao-Civil.00_00_08_13.Still001-576x288.png 576w\" sizes=\"(max-width: 400px) 100vw, 400px\" \/>\t\t\t\t\t\t\t\t\t\t\t\t\t\t\t\t\t\t\t\t\t<\/a>\n\t\t\t\t\t\t\t\t\t<\/div><!-- \/.item-image -->\n\t\t\t\t\t\t\t\t \n\t\t\t\t\t\t\t\t<div class=\"item-content text\">\n\t\t\t\t\t\t\t\t\t \n\t\t\t\t\t\t\t\t\t\t<h4 class=\"ellipsis\">\n\t\t\t\t\t\t\t\t\t\t\t<a href=\"https:\/\/tva.cv\/index.php\/2026\/04\/28\/aviacao-civil-governo-formaliza-privatizacao-da-cabo-verde-handling-com-a-swissport\/\" target=\"_self\">\n\t\t\t\t\t\t\t\t\t\t\t\tAviacao Civil: Governo\t\t\t\t\t\t\t\t\t\t\t\t\t\t\t\t\t\t\t\t\t\t\t\t\t<span class=\"post-meta-elements\">\n\t\t\t\t\t\t\t\t\t\t\t\t\t\t\t\t\t\t\t\t\t\t\t\t\t\t\t\t\t<span class=\"post-meta-date\"> <i class=\"fa fa-calendar\"><\/i>abril 28, 2026<\/span>\n\t\t\t\t\t\t\t\t\t\t\t\t\t\t\t\t\t\t\t\t\t\t\t\t\t\t\t<\/span>\n\t\t\t\t\t\t\t\t\t\t\t\t\t\t\t\t\t\t\t\t\t\t\t\n\t\t\t\t\t\t\t\t\t\t\t<\/a>\n\t\t\t\t\t\t\t\t\t\t<\/h4>\n\t\t\t\t\t\t\t\t\t\t\t\t\t\t\t\t\t\t \n\t\t\t\t\t\t\t\t\t\t<p><a class=\"text-concat\" href=\"https:\/\/tva.cv\/index.php\/2026\/04\/28\/aviacao-civil-governo-formaliza-privatizacao-da-cabo-verde-handling-com-a-swissport\/\">O Governo de Cabo Verde formalizou nesta ter\u00e7a-feira, o contrato de compra e venda de a\u00e7\u00f5es da Cabo Verde Handling, qualidade de vendedora, e a Swissport, na qualidade de compradora, um marco que assinala uma nova etapa no processo de moderniza\u00e7\u00e3o, efici\u00eancia e refor\u00e7o da competitividade dos servi\u00e7os de handling no pa\u00eds.<\/a><a href=\"https:\/\/tva.cv\/index.php\/2026\/04\/28\/aviacao-civil-governo-formaliza-privatizacao-da-cabo-verde-handling-com-a-swissport\/\" target=\"_self\"><span>Read more...<\/span><\/a><\/p>\n\t\t\t\t\t\t\t\t\t\t\t\t\t\t\t\t\t<\/div><!-- \/.item-content text -->                                                    \n\t\t\t\t\t\t\t<\/div><!-- \/.item -->                                                \n\t\t\t\t\t\t<\/li>\n\t\t\t\t\t\t\t\t\t\t\t<li> \n\t\t\t\t\t\t\t<div class=\"item\">\n\t\t\t\t\t\t\t\t \n\t\t\t\t\t\t\t\t\t<div class=\"item-image\">\n\t\t\t\t\t\t\t\t\t\t<a class=\"img-link\" href=\"https:\/\/tva.cv\/index.php\/2026\/04\/28\/certame-acontera-nos-dias-26-27-e-28-de-junho-e-prestara-homenagem-a-romeu-di-lurdes\/\">\n\t\t\t\t\t\t\t\t\t\t\t<img width=\"400\" height=\"200\" src=\"https:\/\/tva.cv\/wp-content\/uploads\/2026\/04\/Festival-da-Gamboa-2026-peca-final.00_00_23_21.Still001-400x200.png\" class=\"img-responsive img-full wp-post-image\" alt=\"\" loading=\"lazy\" srcset=\"https:\/\/tva.cv\/wp-content\/uploads\/2026\/04\/Festival-da-Gamboa-2026-peca-final.00_00_23_21.Still001-400x200.png 400w, https:\/\/tva.cv\/wp-content\/uploads\/2026\/04\/Festival-da-Gamboa-2026-peca-final.00_00_23_21.Still001-576x288.png 576w\" sizes=\"(max-width: 400px) 100vw, 400px\" \/>\t\t\t\t\t\t\t\t\t\t\t\t\t\t\t\t\t\t\t\t\t<\/a>\n\t\t\t\t\t\t\t\t\t<\/div><!-- \/.item-image -->\n\t\t\t\t\t\t\t\t \n\t\t\t\t\t\t\t\t<div class=\"item-content text\">\n\t\t\t\t\t\t\t\t\t \n\t\t\t\t\t\t\t\t\t\t<h4 class=\"ellipsis\">\n\t\t\t\t\t\t\t\t\t\t\t<a href=\"https:\/\/tva.cv\/index.php\/2026\/04\/28\/certame-acontera-nos-dias-26-27-e-28-de-junho-e-prestara-homenagem-a-romeu-di-lurdes\/\" target=\"_self\">\n\t\t\t\t\t\t\t\t\t\t\t\tCertame aconter\u00e1 nos\t\t\t\t\t\t\t\t\t\t\t\t\t\t\t\t\t\t\t\t\t\t\t\t\t<span class=\"post-meta-elements\">\n\t\t\t\t\t\t\t\t\t\t\t\t\t\t\t\t\t\t\t\t\t\t\t\t\t\t\t\t\t<span class=\"post-meta-date\"> <i class=\"fa fa-calendar\"><\/i>abril 28, 2026<\/span>\n\t\t\t\t\t\t\t\t\t\t\t\t\t\t\t\t\t\t\t\t\t\t\t\t\t\t\t<\/span>\n\t\t\t\t\t\t\t\t\t\t\t\t\t\t\t\t\t\t\t\t\t\t\t\n\t\t\t\t\t\t\t\t\t\t\t<\/a>\n\t\t\t\t\t\t\t\t\t\t<\/h4>\n\t\t\t\t\t\t\t\t\t\t\t\t\t\t\t\t\t\t \n\t\t\t\t\t\t\t\t\t\t<p><a class=\"text-concat\" href=\"https:\/\/tva.cv\/index.php\/2026\/04\/28\/certame-acontera-nos-dias-26-27-e-28-de-junho-e-prestara-homenagem-a-romeu-di-lurdes\/\">A cidade da Praia acolhe, no pr\u00f3ximo m\u00eas de junho, a 32\u00aa edi\u00e7\u00e3o do Festival da Gamboa, que este ano foi adiado devido ao calend\u00e1rio eleitoral. O evento, que decorrer\u00e1 ao longo de tr\u00eas dias, contar\u00e1 com a participa\u00e7\u00e3o de 27 artistas selecionados por concurso p\u00fablico, numa iniciativa que visa garantir maior transpar\u00eancia e igualdade de oportunidades, al\u00e9m de homenagear o m\u00fasico Romeu de Lurdes e valorizar os talentos locais.<\/a><a href=\"https:\/\/tva.cv\/index.php\/2026\/04\/28\/certame-acontera-nos-dias-26-27-e-28-de-junho-e-prestara-homenagem-a-romeu-di-lurdes\/\" target=\"_self\"><span>Read more...<\/span><\/a><\/p>\n\t\t\t\t\t\t\t\t\t\t\t\t\t\t\t\t\t<\/div><!-- \/.item-content text -->                                                    \n\t\t\t\t\t\t\t<\/div><!-- \/.item -->                                                \n\t\t\t\t\t\t<\/li>\n\t\t\t\t\t\t\t\t\t\t\t<li> \n\t\t\t\t\t\t\t<div class=\"item\">\n\t\t\t\t\t\t\t\t \n\t\t\t\t\t\t\t\t\t<div class=\"item-image\">\n\t\t\t\t\t\t\t\t\t\t<a class=\"img-link\" href=\"https:\/\/tva.cv\/index.php\/2026\/04\/28\/kontornu-2026-danca-pensamento-e-transformacao-social-em-movimento\/\">\n\t\t\t\t\t\t\t\t\t\t\t<img width=\"400\" height=\"200\" src=\"https:\/\/tva.cv\/wp-content\/uploads\/2026\/04\/Festival-Kontornu-peca-1.00_00_28_05.Still001-400x200.png\" class=\"img-responsive img-full wp-post-image\" alt=\"\" loading=\"lazy\" srcset=\"https:\/\/tva.cv\/wp-content\/uploads\/2026\/04\/Festival-Kontornu-peca-1.00_00_28_05.Still001-400x200.png 400w, https:\/\/tva.cv\/wp-content\/uploads\/2026\/04\/Festival-Kontornu-peca-1.00_00_28_05.Still001-576x288.png 576w\" sizes=\"(max-width: 400px) 100vw, 400px\" \/>\t\t\t\t\t\t\t\t\t\t\t\t\t\t\t\t\t\t\t\t\t<\/a>\n\t\t\t\t\t\t\t\t\t<\/div><!-- \/.item-image -->\n\t\t\t\t\t\t\t\t \n\t\t\t\t\t\t\t\t<div class=\"item-content text\">\n\t\t\t\t\t\t\t\t\t \n\t\t\t\t\t\t\t\t\t\t<h4 class=\"ellipsis\">\n\t\t\t\t\t\t\t\t\t\t\t<a href=\"https:\/\/tva.cv\/index.php\/2026\/04\/28\/kontornu-2026-danca-pensamento-e-transformacao-social-em-movimento\/\" target=\"_self\">\n\t\t\t\t\t\t\t\t\t\t\t\tKontornu 2026: Dan\u00e7a,\t\t\t\t\t\t\t\t\t\t\t\t\t\t\t\t\t\t\t\t\t\t\t\t\t<span class=\"post-meta-elements\">\n\t\t\t\t\t\t\t\t\t\t\t\t\t\t\t\t\t\t\t\t\t\t\t\t\t\t\t\t\t<span class=\"post-meta-date\"> <i class=\"fa fa-calendar\"><\/i>abril 28, 2026<\/span>\n\t\t\t\t\t\t\t\t\t\t\t\t\t\t\t\t\t\t\t\t\t\t\t\t\t\t\t<\/span>\n\t\t\t\t\t\t\t\t\t\t\t\t\t\t\t\t\t\t\t\t\t\t\t\n\t\t\t\t\t\t\t\t\t\t\t<\/a>\n\t\t\t\t\t\t\t\t\t\t<\/h4>\n\t\t\t\t\t\t\t\t\t\t\t\t\t\t\t\t\t\t \n\t\t\t\t\t\t\t\t\t\t<p><a class=\"text-concat\" href=\"https:\/\/tva.cv\/index.php\/2026\/04\/28\/kontornu-2026-danca-pensamento-e-transformacao-social-em-movimento\/\">A cidade da Praia acolhe, de 11 a 16 de maio, a quarta edi\u00e7\u00e3o do Festival Kontornu. Um evento que cruza dan\u00e7a, reflex\u00e3o e interven\u00e7\u00e3o social. A apresenta\u00e7\u00e3o oficial decorreu esta segunda-feira e revelou uma programa\u00e7\u00e3o ambiciosa, com dimens\u00e3o internacional e forte liga\u00e7\u00e3o \u00e0s causas sociais.<\/a><a href=\"https:\/\/tva.cv\/index.php\/2026\/04\/28\/kontornu-2026-danca-pensamento-e-transformacao-social-em-movimento\/\" target=\"_self\"><span>Read more...<\/span><\/a><\/p>\n\t\t\t\t\t\t\t\t\t\t\t\t\t\t\t\t\t<\/div><!-- \/.item-content text -->                                                    \n\t\t\t\t\t\t\t<\/div><!-- \/.item -->                                                \n\t\t\t\t\t\t<\/li>\n\t\t\t\t\t\t\t\t\t\t\t<li> \n\t\t\t\t\t\t\t<div class=\"item\">\n\t\t\t\t\t\t\t\t \n\t\t\t\t\t\t\t\t\t<div class=\"item-image\">\n\t\t\t\t\t\t\t\t\t\t<a class=\"img-link\" href=\"https:\/\/tva.cv\/index.php\/2026\/04\/28\/arte-que-denuncia-sueline-furtado-leva-o-lixo-ao-palco-do-kontornu\/\">\n\t\t\t\t\t\t\t\t\t\t\t<img width=\"400\" height=\"200\" src=\"https:\/\/tva.cv\/wp-content\/uploads\/2026\/04\/Festival-Kontornu-peca-2.00_00_04_02.Still001-400x200.png\" class=\"img-responsive img-full wp-post-image\" alt=\"\" loading=\"lazy\" srcset=\"https:\/\/tva.cv\/wp-content\/uploads\/2026\/04\/Festival-Kontornu-peca-2.00_00_04_02.Still001-400x200.png 400w, https:\/\/tva.cv\/wp-content\/uploads\/2026\/04\/Festival-Kontornu-peca-2.00_00_04_02.Still001-576x288.png 576w\" sizes=\"(max-width: 400px) 100vw, 400px\" \/>\t\t\t\t\t\t\t\t\t\t\t\t\t\t\t\t\t\t\t\t\t<\/a>\n\t\t\t\t\t\t\t\t\t<\/div><!-- \/.item-image -->\n\t\t\t\t\t\t\t\t \n\t\t\t\t\t\t\t\t<div class=\"item-content text\">\n\t\t\t\t\t\t\t\t\t \n\t\t\t\t\t\t\t\t\t\t<h4 class=\"ellipsis\">\n\t\t\t\t\t\t\t\t\t\t\t<a href=\"https:\/\/tva.cv\/index.php\/2026\/04\/28\/arte-que-denuncia-sueline-furtado-leva-o-lixo-ao-palco-do-kontornu\/\" target=\"_self\">\n\t\t\t\t\t\t\t\t\t\t\t\tArte que denuncia:\t\t\t\t\t\t\t\t\t\t\t\t\t\t\t\t\t\t\t\t\t\t\t\t\t<span class=\"post-meta-elements\">\n\t\t\t\t\t\t\t\t\t\t\t\t\t\t\t\t\t\t\t\t\t\t\t\t\t\t\t\t\t<span class=\"post-meta-date\"> <i class=\"fa fa-calendar\"><\/i>abril 28, 2026<\/span>\n\t\t\t\t\t\t\t\t\t\t\t\t\t\t\t\t\t\t\t\t\t\t\t\t\t\t\t<\/span>\n\t\t\t\t\t\t\t\t\t\t\t\t\t\t\t\t\t\t\t\t\t\t\t\n\t\t\t\t\t\t\t\t\t\t\t<\/a>\n\t\t\t\t\t\t\t\t\t\t<\/h4>\n\t\t\t\t\t\t\t\t\t\t\t\t\t\t\t\t\t\t \n\t\t\t\t\t\t\t\t\t\t<p><a class=\"text-concat\" href=\"https:\/\/tva.cv\/index.php\/2026\/04\/28\/arte-que-denuncia-sueline-furtado-leva-o-lixo-ao-palco-do-kontornu\/\">No Festival Kontornu, a arte tamb\u00e9m \u00e9 den\u00fancia. A artista Sueline Furtado apresenta uma performance que chama a aten\u00e7\u00e3o para o problema do lixo na cidade da Praia, transformando o palco num espa\u00e7o de consciencializa\u00e7\u00e3o ambiental.<\/a><a href=\"https:\/\/tva.cv\/index.php\/2026\/04\/28\/arte-que-denuncia-sueline-furtado-leva-o-lixo-ao-palco-do-kontornu\/\" target=\"_self\"><span>Read more...<\/span><\/a><\/p>\n\t\t\t\t\t\t\t\t\t\t\t\t\t\t\t\t\t<\/div><!-- \/.item-content text -->                                                    \n\t\t\t\t\t\t\t<\/div><!-- \/.item -->                                                \n\t\t\t\t\t\t<\/li>\n\t\t\t\t\t\t\t\t\t\t\t<li> \n\t\t\t\t\t\t\t<div class=\"item\">\n\t\t\t\t\t\t\t\t \n\t\t\t\t\t\t\t\t\t<div class=\"item-image\">\n\t\t\t\t\t\t\t\t\t\t<a class=\"img-link\" href=\"https:\/\/tva.cv\/index.php\/2026\/04\/28\/kontornu-entre-prevencao-social-e-cruzamento-de-culturas\/\">\n\t\t\t\t\t\t\t\t\t\t\t<img width=\"400\" height=\"200\" src=\"https:\/\/tva.cv\/wp-content\/uploads\/2026\/04\/festival-kontornu-peca-3.00_00_05_15.Still001-400x200.png\" class=\"img-responsive img-full wp-post-image\" alt=\"\" loading=\"lazy\" srcset=\"https:\/\/tva.cv\/wp-content\/uploads\/2026\/04\/festival-kontornu-peca-3.00_00_05_15.Still001-400x200.png 400w, https:\/\/tva.cv\/wp-content\/uploads\/2026\/04\/festival-kontornu-peca-3.00_00_05_15.Still001-576x288.png 576w\" sizes=\"(max-width: 400px) 100vw, 400px\" \/>\t\t\t\t\t\t\t\t\t\t\t\t\t\t\t\t\t\t\t\t\t<\/a>\n\t\t\t\t\t\t\t\t\t<\/div><!-- \/.item-image -->\n\t\t\t\t\t\t\t\t \n\t\t\t\t\t\t\t\t<div class=\"item-content text\">\n\t\t\t\t\t\t\t\t\t \n\t\t\t\t\t\t\t\t\t\t<h4 class=\"ellipsis\">\n\t\t\t\t\t\t\t\t\t\t\t<a href=\"https:\/\/tva.cv\/index.php\/2026\/04\/28\/kontornu-entre-prevencao-social-e-cruzamento-de-culturas\/\" target=\"_self\">\n\t\t\t\t\t\t\t\t\t\t\t\tKontornu: Entre preven\u00e7\u00e3o\t\t\t\t\t\t\t\t\t\t\t\t\t\t\t\t\t\t\t\t\t\t\t\t\t<span class=\"post-meta-elements\">\n\t\t\t\t\t\t\t\t\t\t\t\t\t\t\t\t\t\t\t\t\t\t\t\t\t\t\t\t\t<span class=\"post-meta-date\"> <i class=\"fa fa-calendar\"><\/i>abril 28, 2026<\/span>\n\t\t\t\t\t\t\t\t\t\t\t\t\t\t\t\t\t\t\t\t\t\t\t\t\t\t\t<\/span>\n\t\t\t\t\t\t\t\t\t\t\t\t\t\t\t\t\t\t\t\t\t\t\t\n\t\t\t\t\t\t\t\t\t\t\t<\/a>\n\t\t\t\t\t\t\t\t\t\t<\/h4>\n\t\t\t\t\t\t\t\t\t\t\t\t\t\t\t\t\t\t \n\t\t\t\t\t\t\t\t\t\t<p><a class=\"text-concat\" href=\"https:\/\/tva.cv\/index.php\/2026\/04\/28\/kontornu-entre-prevencao-social-e-cruzamento-de-culturas\/\">O Festival Kontornu volta a afirmar-se como um espa\u00e7o onde a arte cruza causas sociais e experi\u00eancias globais. Nesta edi\u00e7\u00e3o, o evento refor\u00e7a a parceria com o programa Menos \u00c1lcool, Mais Vida e acolhe artistas com percursos internacionais, como Rony Blastoyse.<\/a><a href=\"https:\/\/tva.cv\/index.php\/2026\/04\/28\/kontornu-entre-prevencao-social-e-cruzamento-de-culturas\/\" target=\"_self\"><span>Read more...<\/span><\/a><\/p>\n\t\t\t\t\t\t\t\t\t\t\t\t\t\t\t\t\t<\/div><!-- \/.item-content text -->                                                    \n\t\t\t\t\t\t\t<\/div><!-- \/.item -->                                                \n\t\t\t\t\t\t<\/li>\n\t\t\t\t\t\t\t\t\t\t\t<li> \n\t\t\t\t\t\t\t<div class=\"item\">\n\t\t\t\t\t\t\t\t \n\t\t\t\t\t\t\t\t\t<div class=\"item-image\">\n\t\t\t\t\t\t\t\t\t\t<a class=\"img-link\" href=\"https:\/\/tva.cv\/index.php\/2026\/04\/28\/cedeao-apresenta-visao-2050-na-praia-com-apelo-a-integracao-e-cooperacao-regional\/\">\n\t\t\t\t\t\t\t\t\t\t\t<img width=\"400\" height=\"200\" src=\"https:\/\/tva.cv\/wp-content\/uploads\/2026\/04\/CEDEAO-apresenta-Visao-2050-na-Praia-com-apelo-a-integracao-e-cooperacao-regional.00_00_07_03.Still001-400x200.png\" class=\"img-responsive img-full wp-post-image\" alt=\"\" loading=\"lazy\" srcset=\"https:\/\/tva.cv\/wp-content\/uploads\/2026\/04\/CEDEAO-apresenta-Visao-2050-na-Praia-com-apelo-a-integracao-e-cooperacao-regional.00_00_07_03.Still001-400x200.png 400w, https:\/\/tva.cv\/wp-content\/uploads\/2026\/04\/CEDEAO-apresenta-Visao-2050-na-Praia-com-apelo-a-integracao-e-cooperacao-regional.00_00_07_03.Still001-576x288.png 576w\" sizes=\"(max-width: 400px) 100vw, 400px\" \/>\t\t\t\t\t\t\t\t\t\t\t\t\t\t\t\t\t\t\t\t\t<\/a>\n\t\t\t\t\t\t\t\t\t<\/div><!-- \/.item-image -->\n\t\t\t\t\t\t\t\t \n\t\t\t\t\t\t\t\t<div class=\"item-content text\">\n\t\t\t\t\t\t\t\t\t \n\t\t\t\t\t\t\t\t\t\t<h4 class=\"ellipsis\">\n\t\t\t\t\t\t\t\t\t\t\t<a href=\"https:\/\/tva.cv\/index.php\/2026\/04\/28\/cedeao-apresenta-visao-2050-na-praia-com-apelo-a-integracao-e-cooperacao-regional\/\" target=\"_self\">\n\t\t\t\t\t\t\t\t\t\t\t\tCEDEAO apresenta Vis\u00e3o\t\t\t\t\t\t\t\t\t\t\t\t\t\t\t\t\t\t\t\t\t\t\t\t\t<span class=\"post-meta-elements\">\n\t\t\t\t\t\t\t\t\t\t\t\t\t\t\t\t\t\t\t\t\t\t\t\t\t\t\t\t\t<span class=\"post-meta-date\"> <i class=\"fa fa-calendar\"><\/i>abril 28, 2026<\/span>\n\t\t\t\t\t\t\t\t\t\t\t\t\t\t\t\t\t\t\t\t\t\t\t\t\t\t\t<\/span>\n\t\t\t\t\t\t\t\t\t\t\t\t\t\t\t\t\t\t\t\t\t\t\t\n\t\t\t\t\t\t\t\t\t\t\t<\/a>\n\t\t\t\t\t\t\t\t\t\t<\/h4>\n\t\t\t\t\t\t\t\t\t\t\t\t\t\t\t\t\t\t \n\t\t\t\t\t\t\t\t\t\t<p><a class=\"text-concat\" href=\"https:\/\/tva.cv\/index.php\/2026\/04\/28\/cedeao-apresenta-visao-2050-na-praia-com-apelo-a-integracao-e-cooperacao-regional\/\">A cidade da Praia acolhe uma sess\u00e3o de sensibiliza\u00e7\u00e3o sobre a Vis\u00e3o 2050 da CEDEAO, sob o lema, CEDEAO dos Povos Paz e Prosperidade para Todos. O encontro re\u00fane autoridades nacionais e representantes da organiza\u00e7\u00e3o regional para refletir sobre o futuro da integra\u00e7\u00e3o na \u00c1frica Ocidental.<\/a><a href=\"https:\/\/tva.cv\/index.php\/2026\/04\/28\/cedeao-apresenta-visao-2050-na-praia-com-apelo-a-integracao-e-cooperacao-regional\/\" target=\"_self\"><span>Read more...<\/span><\/a><\/p>\n\t\t\t\t\t\t\t\t\t\t\t\t\t\t\t\t\t<\/div><!-- \/.item-content text -->                                                    \n\t\t\t\t\t\t\t<\/div><!-- \/.item -->                                                \n\t\t\t\t\t\t<\/li>\n\t\t\t\t\t\t\t\t\t\t\t<li> \n\t\t\t\t\t\t\t<div class=\"item\">\n\t\t\t\t\t\t\t\t \n\t\t\t\t\t\t\t\t\t<div class=\"item-image\">\n\t\t\t\t\t\t\t\t\t\t<a class=\"img-link\" href=\"https:\/\/tva.cv\/index.php\/2026\/04\/24\/suspeito-de-furto-na-boa-vista-fica-em-prisao-preventiva\/\">\n\t\t\t\t\t\t\t\t\t\t\t<img width=\"400\" height=\"200\" src=\"https:\/\/tva.cv\/wp-content\/uploads\/2026\/04\/Suspeito-de-furto-na-Boa-Vista-fica-em-prisao-preventiva.00_00_00_24.Still001-400x200.png\" class=\"img-responsive img-full wp-post-image\" alt=\"\" loading=\"lazy\" srcset=\"https:\/\/tva.cv\/wp-content\/uploads\/2026\/04\/Suspeito-de-furto-na-Boa-Vista-fica-em-prisao-preventiva.00_00_00_24.Still001-400x200.png 400w, https:\/\/tva.cv\/wp-content\/uploads\/2026\/04\/Suspeito-de-furto-na-Boa-Vista-fica-em-prisao-preventiva.00_00_00_24.Still001-576x288.png 576w\" sizes=\"(max-width: 400px) 100vw, 400px\" \/>\t\t\t\t\t\t\t\t\t\t\t\t\t\t\t\t\t\t\t\t\t<\/a>\n\t\t\t\t\t\t\t\t\t<\/div><!-- \/.item-image -->\n\t\t\t\t\t\t\t\t \n\t\t\t\t\t\t\t\t<div class=\"item-content text\">\n\t\t\t\t\t\t\t\t\t \n\t\t\t\t\t\t\t\t\t\t<h4 class=\"ellipsis\">\n\t\t\t\t\t\t\t\t\t\t\t<a href=\"https:\/\/tva.cv\/index.php\/2026\/04\/24\/suspeito-de-furto-na-boa-vista-fica-em-prisao-preventiva\/\" target=\"_self\">\n\t\t\t\t\t\t\t\t\t\t\t\tSuspeito de furto\t\t\t\t\t\t\t\t\t\t\t\t\t\t\t\t\t\t\t\t\t\t\t\t\t<span class=\"post-meta-elements\">\n\t\t\t\t\t\t\t\t\t\t\t\t\t\t\t\t\t\t\t\t\t\t\t\t\t\t\t\t\t<span class=\"post-meta-date\"> <i class=\"fa fa-calendar\"><\/i>abril 24, 2026<\/span>\n\t\t\t\t\t\t\t\t\t\t\t\t\t\t\t\t\t\t\t\t\t\t\t\t\t\t\t<\/span>\n\t\t\t\t\t\t\t\t\t\t\t\t\t\t\t\t\t\t\t\t\t\t\t\n\t\t\t\t\t\t\t\t\t\t\t<\/a>\n\t\t\t\t\t\t\t\t\t\t<\/h4>\n\t\t\t\t\t\t\t\t\t\t\t\t\t\t\t\t\t\t \n\t\t\t\t\t\t\t\t\t\t<p><a class=\"text-concat\" href=\"https:\/\/tva.cv\/index.php\/2026\/04\/24\/suspeito-de-furto-na-boa-vista-fica-em-prisao-preventiva\/\">O Tribunal da Comarca da Boa Vista decretou, esta quinta-feira, a pris\u00e3o preventiva a um homem de 28 anos, detido pela Pol\u00edcia Judici\u00e1ria (PJ) por suspeita da pr\u00e1tica do crime de furto qualificado, em coautoria.<\/a><a href=\"https:\/\/tva.cv\/index.php\/2026\/04\/24\/suspeito-de-furto-na-boa-vista-fica-em-prisao-preventiva\/\" target=\"_self\"><span>Read more...<\/span><\/a><\/p>\n\t\t\t\t\t\t\t\t\t\t\t\t\t\t\t\t\t<\/div><!-- \/.item-content text -->                                                    \n\t\t\t\t\t\t\t<\/div><!-- \/.item -->                                                \n\t\t\t\t\t\t<\/li>\n\t\t\t\t\t\t\t\t\t\t\t<li> \n\t\t\t\t\t\t\t<div class=\"item\">\n\t\t\t\t\t\t\t\t \n\t\t\t\t\t\t\t\t\t<div class=\"item-image\">\n\t\t\t\t\t\t\t\t\t\t<a class=\"img-link\" href=\"https:\/\/tva.cv\/index.php\/2026\/04\/24\/episodio-4-china-em-foco\/\">\n\t\t\t\t\t\t\t\t\t\t\t<img width=\"400\" height=\"200\" src=\"https:\/\/tva.cv\/wp-content\/uploads\/2026\/04\/China-em-Foco-Ep.4.00_00_00_00.Still001-400x200.png\" class=\"img-responsive img-full wp-post-image\" alt=\"\" loading=\"lazy\" srcset=\"https:\/\/tva.cv\/wp-content\/uploads\/2026\/04\/China-em-Foco-Ep.4.00_00_00_00.Still001-400x200.png 400w, https:\/\/tva.cv\/wp-content\/uploads\/2026\/04\/China-em-Foco-Ep.4.00_00_00_00.Still001-576x288.png 576w\" sizes=\"(max-width: 400px) 100vw, 400px\" \/>\t\t\t\t\t\t\t\t\t\t\t\t\t\t\t\t\t\t\t\t\t<\/a>\n\t\t\t\t\t\t\t\t\t<\/div><!-- \/.item-image -->\n\t\t\t\t\t\t\t\t \n\t\t\t\t\t\t\t\t<div class=\"item-content text\">\n\t\t\t\t\t\t\t\t\t \n\t\t\t\t\t\t\t\t\t\t<h4 class=\"ellipsis\">\n\t\t\t\t\t\t\t\t\t\t\t<a href=\"https:\/\/tva.cv\/index.php\/2026\/04\/24\/episodio-4-china-em-foco\/\" target=\"_self\">\n\t\t\t\t\t\t\t\t\t\t\t\tEpis\u00f3dio 4: China\t\t\t\t\t\t\t\t\t\t\t\t\t\t\t\t\t\t\t\t\t\t\t\t\t<span class=\"post-meta-elements\">\n\t\t\t\t\t\t\t\t\t\t\t\t\t\t\t\t\t\t\t\t\t\t\t\t\t\t\t\t\t<span class=\"post-meta-date\"> <i class=\"fa fa-calendar\"><\/i>abril 24, 2026<\/span>\n\t\t\t\t\t\t\t\t\t\t\t\t\t\t\t\t\t\t\t\t\t\t\t\t\t\t\t<\/span>\n\t\t\t\t\t\t\t\t\t\t\t\t\t\t\t\t\t\t\t\t\t\t\t\n\t\t\t\t\t\t\t\t\t\t\t<\/a>\n\t\t\t\t\t\t\t\t\t\t<\/h4>\n\t\t\t\t\t\t\t\t\t\t\t\t\t\t\t\t\t\t \n\t\t\t\t\t\t\t\t\t\t<p><a class=\"text-concat\" href=\"https:\/\/tva.cv\/index.php\/2026\/04\/24\/episodio-4-china-em-foco\/\">Uma produ\u00e7\u00e3o especial do Grupo de M\u00eddia da China e da TVA. Venha conhecer o Oriente e todos os aspectos da China.<\/a><a href=\"https:\/\/tva.cv\/index.php\/2026\/04\/24\/episodio-4-china-em-foco\/\" target=\"_self\"><span>Read more...<\/span><\/a><\/p>\n\t\t\t\t\t\t\t\t\t\t\t\t\t\t\t\t\t<\/div><!-- \/.item-content text -->                                                    \n\t\t\t\t\t\t\t<\/div><!-- \/.item -->                                                \n\t\t\t\t\t\t<\/li>\n\t\t\t\t\t\t\t\t\t<\/ul><!-- \/.flex-module -->                                         \n\t\t\t<\/div>                                     \n\t\t<\/div><!-- \/.sidebar-newsfeed -->\n\t\t\t\t<div class=\"ad-wrapper \">\n\t\t\t\t\t\t<div class=\"sidebar-ad-place\">\n\t\t\t\t<a href='#'><img class='ad-image' src='https:\/\/tva.cv\/wp-content\/uploads\/2017\/10\/ad_400x300_dark.jpg' alt=''><\/a>                                    \n\t\t\t<\/div><!-- \/.sidebar-ad-place -->\n\t\t<\/div>\t\n\t\t[\/vc_column][\/vc_row][vc_row full_width=&#8221;stretch_row&#8221; css=&#8221;.vc_custom_1520328791032{background-color: #ececed !important;}&#8221;][vc_column css=&#8221;.vc_custom_1520328812770{margin-top: -35px !important;}&#8221;]\t\t<div class=\"outer\n\t\t\t\">\n\t\t\t \n\t\t\t\t<div class=\"breaking-ribbon\"> \n\t\t\t\t\t<h4>Reendex On-Air<\/h4> \n\t\t\t\t<\/div><!-- \/.breaking-ribbon -->\n\t\t\t         \n\t\t\t<div class=\"news-on-air\"> \n\t\t\t\t<ul> \n\t\t\t\t\t<li> \n\t\t\t\t\t\t<h4><i class=\"fa fa-video-camera\" aria-hidden=\"true\"><\/i><a href=\"#\">Watch Reendex TV Online &amp; On Demand and Catch up on you favorite TV Shows &amp; Original Series. Don&#039;t miss the latest episodes.<\/a><\/h4> \n\t\t\t\t\t<\/li>                                     \n\t\t\t\t<\/ul>                                 \n\t\t\t<\/div> <!-- \/.news-on-air -->                            \n\t\t<\/div><!-- \/.outer -->\n\t\t[\/vc_column][\/vc_row][vc_row full_width=&#8221;stretch_row&#8221; el_class=&#8221;module dark vc_padding_t-0&#8243; css=&#8221;.vc_custom_1519589653949{padding-top: 0px !important;padding-bottom: 0px !important;background-color: #000000 !important;}&#8221;][vc_column css=&#8221;.vc_custom_1505459972318{padding-top: 0px !important;}&#8221;]\t\t<div class=\"tvbanner-area \"> \n\t\t\t<div class=\"show-info\">\n\t\t\t\t\t\t\t\t\t<h4 class=\"schedule-logo bg-1\">TV Schedule<\/h4>\n\t\t\t\t\t\t\t\t<div class=\"show-title\">\n\t\t\t\t\t \n\t\t\t\t\t\t<h2>News Insight<\/h2>\n\t\t\t\t\t \n\t\t\t\t\t<h3>Hosted by Hosted by Neal Bailey<\/h3> \n\t\t\t\t<\/div>\n\t\t\t\t                             \n\t\t\t\t\t<h4 class=\"show-info-button bg-1\"><a href=\"\" target=\"_self\">Watch the final presidential debate, moderated by Neal Bailey, Tonight at 10<\/a><\/h4>\n\t\t\t\t \n\t\t\t\t<div class=\"figure\">\n\t\t\t\t\t<img src=\" https:\/\/tva.cv\/wp-content\/uploads\/2017\/01\/schedule_figure.png \" alt=\"Hosted by Hosted by Neal Bailey\">\t\t\t\t<\/div><!-- \/.figure -->                             \n\t\t\t<\/div><!-- \/.show-info -->\n\t\t\t                         \n\t\t\t\t<div class=\"schedule-squares\">\n\t\t\t\t\t<span class=\"square2\"><\/span>\n\t\t\t\t\t<span class=\"square3\"><\/span>\n\t\t\t\t\t<span class=\"square4\"><\/span> \n\t\t\t\t\t<span class=\"square5\"><\/span>\n\t\t\t\t\t<span class=\"square6\"><\/span>\n\t\t\t\t\t<span class=\"square7\"><\/span>\n\t\t\t\t\t<span class=\"square8\"><\/span>\n\t\t\t\t\t<span class=\"square9\"><\/span>\n\t\t\t\t\t<span class=\"square10\"><\/span>\n\t\t\t\t\t<span class=\"square11\"><\/span>\n\t\t\t\t<\/div><!-- \/.schedule-squares -->\n\t\t\t                         \n\t\t<\/div><!-- \/.tvbanner-area -->\n\t\t[\/vc_column][\/vc_row][vc_row full_width=&#8221;stretch_row&#8221; el_class=&#8221;visible&#8221; css=&#8221;.vc_custom_1519637623563{margin-bottom: -10px !important;background-color: #ececed !important;}&#8221;][vc_column width=&#8221;2\/3&#8243; offset=&#8221;vc_col-lg-8 vc_col-md-12&#8243; css=&#8221;.vc_custom_1510217787558{padding-top: 35px !important;}&#8221; el_class=&#8221;sticky-module&#8221;]\t\t<div class=\"news1\n\t\t\t\"> \n\t\t\t\t\t\t\t \n\t\t\t\t\t<div class=\"module-title\">\n\t\t\t\t\t\t \n\t\t\t\t\t\t\t<h3 class=\"title\">\n\t\t\t\t\t\t\t\t<span class=\"bg-1\" style=\"\n\t\t\t\t\t\t\t\t\t\">\n\t\t\t\t\t\t\t\t\tMore Links\t\t\t\t\t\t\t\t<\/span>\n\t\t\t\t\t\t\t<\/h3>\n\t\t\t\t\t\t\t\t\t\t\t\t  \n\t\t\t\t\t\t\t<h3 class=\"subtitle\">From around the Web<\/h3>\n\t\t\t\t\t\t \n\t\t\t\t\t<\/div>\n\t\t\t\t                       \n\t\t\t<div class=\"row no-gutter\">\t\t\t<div class=\"news\"><div class=\"news-outer-wrapper\"> \t\t\t\t<div class=\"item-wrapper col-sm-0 col-md-0\">                                     \n\t\t\t\t\t<div class=\"item\">\n\t\t\t\t\t\t                                        \n\t\t\t\t\t\t<div class=\"item-content\"> \n\t\t\t\t\t\t\t<div class=\"title-left title-style04 underline04\"> \n\t\t\t\t\t\t\t\t<h3>\n\t\t\t\t\t\t\t\t\t<a href=\"https:\/\/tva.cv\/index.php\/2022\/03\/29\/cmp-vai-ter-plataforma-de-investimento-da-diaspora-cabo-verdiana\/\" target=\"_self\">CMP Plataforma de Investimentos<\/a>\n\t\t\t\t\t\t\t\t<\/h3> \n\t\t\t\t\t\t\t<\/div><!-- \/.title-left -->\n\t\t\t\t\t\t\t\t\t\t\t\t\t\t\t\t\t\t\t\t\t\t\t\t\t\t\t\t\t\t\t<div class=\"date\">\n\t\t\t\t\t\t\t\t\t\t<a href=\"https:\/\/tva.cv\/index.php\/2022\/03\/29\/cmp-vai-ter-plataforma-de-investimento-da-diaspora-cabo-verdiana\/\" target=\"_self\">\n\t\t\t\t\t\t\t\t\t\t\t<i class=\"fa fa-clock-o\"><\/i>\n\t\t\t\t\t\t\t\t\t\t\t<span class=\"day\"><strong>abr 26, 2022<\/strong><\/span>\n\t\t\t\t\t\t\t\t\t\t<\/a>\n\t\t\t\t\t\t\t\t\t<\/div>\n\t\t\t\t\t\t\t\t\t\t\t\t\t\t\t\t\t\t\t\t\t\t\t\t\t\t\t\t\t\t\t\t\t\t\t\t\t<div>\n\t\t\t\t\t\t\t\t\t<a href=\"https:\/\/tva.cv\/index.php\/2022\/03\/29\/cmp-vai-ter-plataforma-de-investimento-da-diaspora-cabo-verdiana\/\" target=\"_self\">\n\t\t\t\t\t\t\t\t\t\t<span class=\"read-more\">\n\t\t\t\t\t\t\t\t\t\t\tRead more\t\t\t\t\t\t\t\t\t\t<\/span>\n\t\t\t\t\t\t\t\t\t<\/a>\n\t\t\t\t\t\t\t\t<\/div>\n\t\t\t\t\t\t\t                                          \n\t\t\t\t\t\t<\/div><!-- \/.item-content -->                                         \n\t\t\t\t\t<\/div><!-- \/.item -->                                     \n\t\t\t\t<\/div><!-- \/.item-wrapper col-sm -->                                     \n\t\t\t\t<\/div><\/div><div class=\"news\"><div class=\"news-outer-wrapper\"> \t\t\t\t<div class=\"item-wrapper col-sm-0 col-md-0\">                                     \n\t\t\t\t\t<div class=\"item\">\n\t\t\t\t\t\t                                        \n\t\t\t\t\t\t<div class=\"item-content\"> \n\t\t\t\t\t\t\t<div class=\"title-left title-style04 underline04\"> \n\t\t\t\t\t\t\t\t<h3>\n\t\t\t\t\t\t\t\t\t<a href=\"https:\/\/tva.cv\/index.php\/2022\/03\/30\/cmp-vai-construir-centro-comunitario-em-agua-funda\/\" target=\"_self\">CMP vai construir Centro Comunit\u00e1rio<\/a>\n\t\t\t\t\t\t\t\t<\/h3> \n\t\t\t\t\t\t\t<\/div><!-- \/.title-left -->\n\t\t\t\t\t\t\t\t\t\t\t\t\t\t\t\t\t\t\t\t\t\t\t\t\t\t\t\t\t\t\t<div class=\"date\">\n\t\t\t\t\t\t\t\t\t\t<a href=\"https:\/\/tva.cv\/index.php\/2022\/03\/30\/cmp-vai-construir-centro-comunitario-em-agua-funda\/\" target=\"_self\">\n\t\t\t\t\t\t\t\t\t\t\t<i class=\"fa fa-clock-o\"><\/i>\n\t\t\t\t\t\t\t\t\t\t\t<span class=\"day\"><strong>abr 26, 2022<\/strong><\/span>\n\t\t\t\t\t\t\t\t\t\t<\/a>\n\t\t\t\t\t\t\t\t\t<\/div>\n\t\t\t\t\t\t\t\t\t\t\t\t\t\t\t\t\t\t\t\t\t\t\t\t\t\t\t\t\t\t\t\t\t\t\t\t\t<div>\n\t\t\t\t\t\t\t\t\t<a href=\"https:\/\/tva.cv\/index.php\/2022\/03\/30\/cmp-vai-construir-centro-comunitario-em-agua-funda\/\" target=\"_self\">\n\t\t\t\t\t\t\t\t\t\t<span class=\"read-more\">\n\t\t\t\t\t\t\t\t\t\t\tRead more\t\t\t\t\t\t\t\t\t\t<\/span>\n\t\t\t\t\t\t\t\t\t<\/a>\n\t\t\t\t\t\t\t\t<\/div>\n\t\t\t\t\t\t\t                                          \n\t\t\t\t\t\t<\/div><!-- \/.item-content -->                                         \n\t\t\t\t\t<\/div><!-- \/.item -->                                     \n\t\t\t\t<\/div><!-- \/.item-wrapper col-sm -->                                     \n\t\t\t\t<\/div><\/div><div class=\"news\"><div class=\"news-outer-wrapper\"> \t\t\t\t<div class=\"item-wrapper col-sm-0 col-md-0\">                                     \n\t\t\t\t\t<div class=\"item\">\n\t\t\t\t\t\t                                        \n\t\t\t\t\t\t<div class=\"item-content\"> \n\t\t\t\t\t\t\t<div class=\"title-left title-style04 underline04\"> \n\t\t\t\t\t\t\t\t<h3>\n\t\t\t\t\t\t\t\t\t<a href=\"https:\/\/tva.cv\/index.php\/2022\/04\/12\/ine-lanca-inquerito-as-despesas-e-receitas-familiares\/\" target=\"_self\">INE lan\u00e7a Inqu\u00e9rito \u00e0s Despesas<\/a>\n\t\t\t\t\t\t\t\t<\/h3> \n\t\t\t\t\t\t\t<\/div><!-- \/.title-left -->\n\t\t\t\t\t\t\t\t\t\t\t\t\t\t\t\t\t\t\t\t\t\t\t\t\t\t\t\t\t\t\t<div class=\"date\">\n\t\t\t\t\t\t\t\t\t\t<a href=\"https:\/\/tva.cv\/index.php\/2022\/04\/12\/ine-lanca-inquerito-as-despesas-e-receitas-familiares\/\" target=\"_self\">\n\t\t\t\t\t\t\t\t\t\t\t<i class=\"fa fa-clock-o\"><\/i>\n\t\t\t\t\t\t\t\t\t\t\t<span class=\"day\"><strong>abr 26, 2022<\/strong><\/span>\n\t\t\t\t\t\t\t\t\t\t<\/a>\n\t\t\t\t\t\t\t\t\t<\/div>\n\t\t\t\t\t\t\t\t\t\t\t\t\t\t\t\t\t\t\t\t\t\t\t\t\t\t\t\t\t\t\t\t\t\t\t\t\t<div>\n\t\t\t\t\t\t\t\t\t<a href=\"https:\/\/tva.cv\/index.php\/2022\/04\/12\/ine-lanca-inquerito-as-despesas-e-receitas-familiares\/\" target=\"_self\">\n\t\t\t\t\t\t\t\t\t\t<span class=\"read-more\">\n\t\t\t\t\t\t\t\t\t\t\tRead more\t\t\t\t\t\t\t\t\t\t<\/span>\n\t\t\t\t\t\t\t\t\t<\/a>\n\t\t\t\t\t\t\t\t<\/div>\n\t\t\t\t\t\t\t                                          \n\t\t\t\t\t\t<\/div><!-- \/.item-content -->                                         \n\t\t\t\t\t<\/div><!-- \/.item -->                                     \n\t\t\t\t<\/div><!-- \/.item-wrapper col-sm -->                                     \n\t\t\t\t<\/div><\/div><div class=\"news\"><div class=\"news-outer-wrapper\"> \t\t\t\t<div class=\"item-wrapper col-sm-0 col-md-0\">                                     \n\t\t\t\t\t<div class=\"item\">\n\t\t\t\t\t\t \n\t\t\t\t\t\t\t<div class=\"item-image-3\">\n\t\t\t\t\t\t\t\t<a class=\"img-link\" href=\"https:\/\/tva.cv\/index.php\/2022\/04\/13\/cmp-homenageia-pugilista-sifonelo-borges\/\" target=\"_self\">\n\t\t\t\t\t\t\t\t\t<img width=\"1920\" height=\"1080\" src=\"https:\/\/tva.cv\/wp-content\/uploads\/2022\/04\/vlcsnap-2022-04-13-09h49m52s758.png\" class=\"img-responsive img-full wp-post-image\" alt=\"\" loading=\"lazy\" srcset=\"https:\/\/tva.cv\/wp-content\/uploads\/2022\/04\/vlcsnap-2022-04-13-09h49m52s758.png 1920w, https:\/\/tva.cv\/wp-content\/uploads\/2022\/04\/vlcsnap-2022-04-13-09h49m52s758-300x169.png 300w, https:\/\/tva.cv\/wp-content\/uploads\/2022\/04\/vlcsnap-2022-04-13-09h49m52s758-1024x576.png 1024w, https:\/\/tva.cv\/wp-content\/uploads\/2022\/04\/vlcsnap-2022-04-13-09h49m52s758-768x432.png 768w, https:\/\/tva.cv\/wp-content\/uploads\/2022\/04\/vlcsnap-2022-04-13-09h49m52s758-1536x864.png 1536w, https:\/\/tva.cv\/wp-content\/uploads\/2022\/04\/vlcsnap-2022-04-13-09h49m52s758-822x462.png 822w\" sizes=\"(max-width: 1920px) 100vw, 1920px\" \/>\t\t\t\t\t\t\t\t\t\t\t\t\t\t\t\t\t<\/a>\n\t\t\t\t\t\t\t\t\t\t\t\t\t\t\t<\/div>\n\t\t\t\t\t\t                                        \n\t\t\t\t\t\t<div class=\"item-content\"> \n\t\t\t\t\t\t\t<div class=\"title-left title-style04 underline04\"> \n\t\t\t\t\t\t\t\t<h3>\n\t\t\t\t\t\t\t\t\t<a href=\"https:\/\/tva.cv\/index.php\/2022\/04\/13\/cmp-homenageia-pugilista-sifonelo-borges\/\" target=\"_self\">CMP homenageia pugilista Sifonelo Borges<\/a>\n\t\t\t\t\t\t\t\t<\/h3> \n\t\t\t\t\t\t\t<\/div><!-- \/.title-left -->\n\t\t\t\t\t\t\t\t\t\t\t\t\t\t\t\t\t\t\t\t\t\t\t\t\t\t\t\t\t\t\t<div class=\"date\">\n\t\t\t\t\t\t\t\t\t\t<a href=\"https:\/\/tva.cv\/index.php\/2022\/04\/13\/cmp-homenageia-pugilista-sifonelo-borges\/\" target=\"_self\">\n\t\t\t\t\t\t\t\t\t\t\t<i class=\"fa fa-clock-o\"><\/i>\n\t\t\t\t\t\t\t\t\t\t\t<span class=\"day\"><strong>abr 26, 2022<\/strong><\/span>\n\t\t\t\t\t\t\t\t\t\t<\/a>\n\t\t\t\t\t\t\t\t\t<\/div>\n\t\t\t\t\t\t\t\t\t\t\t\t\t\t\t\t\t\t\t\t\t\t\t\t\t\t\t\t\t\t\t\t\t\t\t\t\t<div>\n\t\t\t\t\t\t\t\t\t<a href=\"https:\/\/tva.cv\/index.php\/2022\/04\/13\/cmp-homenageia-pugilista-sifonelo-borges\/\" target=\"_self\">\n\t\t\t\t\t\t\t\t\t\t<span class=\"read-more\">\n\t\t\t\t\t\t\t\t\t\t\tRead more\t\t\t\t\t\t\t\t\t\t<\/span>\n\t\t\t\t\t\t\t\t\t<\/a>\n\t\t\t\t\t\t\t\t<\/div>\n\t\t\t\t\t\t\t                                          \n\t\t\t\t\t\t<\/div><!-- \/.item-content -->                                         \n\t\t\t\t\t<\/div><!-- \/.item -->                                     \n\t\t\t\t<\/div><!-- \/.item-wrapper col-sm -->                                     \n\t\t\t\t<\/div><\/div>\t\t\t<\/div>\t\t<\/div><!-- \/.section-highlighs-wrapper -->\n\t\t[\/vc_column][vc_column css=&#8221;.vc_custom_1519637615079{padding-top: 35px !important;}&#8221; offset=&#8221;vc_col-lg-4&#8243; el_class=&#8221;sticky-module&#8221;]\t\t\t\t\t<div class=\"title-style02\n\t\t\t\tmb-30\">\n\t\t\t\t<h3>Journalistic women<\/h3>\n\t\t\t<\/div>\n\t\t\t\t\t\t<div class=\"promo-item mb-30\">\n\t\t\t<div class=\"promo-image\">\n\t\t\t\t<img src=\"https:\/\/tva.cv\/wp-content\/uploads\/2017\/04\/types-of-trip_576x288-image01.jpg\" alt=\"\" title=\"types-of-trip_576x288-image01\">\n\t\t\t<\/div><!-- \/.promo-image -->\n\t\t\t<div class=\"promo-wrapper\">\n\t\t\t\t<span class=\"section-highlight-inner\">\n\t\t\t\t\t<a class=\"section-highlight-link\" href=\"\" target=\"_self\">Coming soon<\/a>\n\t\t\t\t<\/span>\n\t\t\t\t<div class=\"promo-content\" style=\"background:#f1f1f2\">\n\t\t\t\t\t<div class=\"programme-header\" style=\"color:#212126; font-size:18px;\">Beautiful, Dashing<\/div>\n\t\t\t\t\t<div class=\"programme-name\" style=\"color:#212126; font-size:28px;\">\n\t\t\t\t\t\tBest Reporters Women?\t\t\t\t\t<\/div>\n\t\t\t\t\t<div class=\"content-wrapper\">\n\t\t\t\t\t\t<p style=\"color:#555555; font-size:14px; line-height:24px;\">\n\t\t\t\t\t\t\tJournalism is not a job for the weak-hearted or the money-seeker and despite that.\nIt is not hard to find courageous and passionate journalists.\t\t\t\t\t\t<\/p>\n\t\t\t\t\t\t<a class=\"read-more\" href=\"http:\/\/reendex.via-theme.com\/9-top-10-best-reporters\/\" style=\"color:#999999\" target=\"_blank\">Continue Reading<\/a>\n\t\t\t\t\t<\/div>\n\t\t\t\t<\/div><!-- \/.promo-content-->\n\t\t\t<\/div><!-- \/.promo-wrapper-->\n\t\t<\/div><!-- \/.promo-item-->\n\t\t\t\t\t\t\t<div class=\"\n\t\t\t\tblock-title-1\"\n\t\t\t\tstyle=\"\n\t\t\t\tmargin-bottom:1px;\"> \n\t\t\t\t<h3>Web Feed<\/h3> \n\t\t\t<\/div>\n\t\t\t\t<div class=\"sidebar-post light\n\t\t\tmt-30\"> \n\t\t\t<ul class=\"flex-module\"> \n\t\t\t\t\t\t\t\t\t<li>\n\t\t\t\t\t\t<div class=\"item\">\n\t\t\t\t\t\t\t \n\t\t\t\t\t\t\t\t<div class=\"item-image\">\n\t\t\t\t\t\t\t\t\t<a class=\"img-link\" href=\"https:\/\/tva.cv\/index.php\/2026\/04\/28\/cne-divulga-listas-de-candidaturas-dados-eleitorais-e-entrega-fac-simile-dos-boletins-de-voto\/\" target=\"_self\">\n\t\t\t\t\t\t\t\t\t\t<img width=\"400\" height=\"200\" src=\"https:\/\/tva.cv\/wp-content\/uploads\/2026\/04\/CNE-divulga-listas-de-candidaturas-dados-eleitorais-e-entrega-fac-simile-dos-boletins-de-voto.00_00_07_16.Still001-400x200.png\" class=\"img-responsive img-full wp-post-image\" alt=\"\" loading=\"lazy\" srcset=\"https:\/\/tva.cv\/wp-content\/uploads\/2026\/04\/CNE-divulga-listas-de-candidaturas-dados-eleitorais-e-entrega-fac-simile-dos-boletins-de-voto.00_00_07_16.Still001-400x200.png 400w, https:\/\/tva.cv\/wp-content\/uploads\/2026\/04\/CNE-divulga-listas-de-candidaturas-dados-eleitorais-e-entrega-fac-simile-dos-boletins-de-voto.00_00_07_16.Still001-576x288.png 576w\" sizes=\"(max-width: 400px) 100vw, 400px\" \/>\t\t\t\t\t\t\t\t\t\t\t\t\t\t\t\t\t\t\t<\/a>\n\t\t\t\t\t\t\t\t<\/div><!-- \/.item -->\n\t\t\t\t\t\t\t\t\t\t\t\t\t\t<div class=\"item-content\">\n\t\t\t\t\t\t\t\t\t\t\t\t\t\t\t\t    \n\t\t\t\t\t\t\t\t \n\t\t\t\t\t\t\t\t\t<h4 class=\"ellipsis\">\n\t\t\t\t\t\t\t\t\t\t<a href=\"https:\/\/tva.cv\/index.php\/2026\/04\/28\/cne-divulga-listas-de-candidaturas-dados-eleitorais-e-entrega-fac-simile-dos-boletins-de-voto\/\" target=\"_self\">\n\t\t\t\t\t\t\t\t\t\t\tCNE divulga listas\t\t\t\t\t\t\t\t\t\t\t\t\t\t\t\t\t\t\t\t\t\t\t<span class=\"post-meta-elements\">\n\t\t\t\t\t\t\t\t\t\t\t\t\t\t\t\t\t\t\t\t\t\t\t\t\t\t\t<span class=\"post-meta-date\"> <i class=\"fa fa-calendar\"><\/i>abril 28, 2026<\/span>\n\t\t\t\t\t\t\t\t\t\t\t\t\t\t\t\t\t\t\t\t\t\t\t\t\t<\/span>\n\t\t\t\t\t\t\t\t\t\t\t\t\t\t\t\t\t\t\t\t\t\t\n\t\t\t\t\t\t\t\t\t\t<\/a>\n\t\t\t\t\t\t\t\t\t<\/h4>\n\t\t\t\t\t\t\t\t\t\t\t\t\t\t\t\t<p class=\"ellipsis\"><a class=\"external-link\" target=\"_self\" href=\"https:\/\/tva.cv\/index.php\/2026\/04\/28\/cne-divulga-listas-de-candidaturas-dados-eleitorais-e-entrega-fac-simile-dos-boletins-de-voto\/\">As elei\u00e7\u00f5es legislativas em&#8230;<\/a><\/p>\n\t\t\t\t\t\t\t<\/div><!-- \/.item-content -->                                                 \n\t\t\t\t\t\t<\/div><!-- \/.item -->\n\t\t\t\t\t<\/li>\n\t\t\t\t\t\t\t\t\t<li>\n\t\t\t\t\t\t<div class=\"item\">\n\t\t\t\t\t\t\t \n\t\t\t\t\t\t\t\t<div class=\"item-image\">\n\t\t\t\t\t\t\t\t\t<a class=\"img-link\" href=\"https:\/\/tva.cv\/index.php\/2026\/04\/28\/aviacao-civil-governo-formaliza-privatizacao-da-cabo-verde-handling-com-a-swissport\/\" target=\"_self\">\n\t\t\t\t\t\t\t\t\t\t<img width=\"400\" height=\"200\" src=\"https:\/\/tva.cv\/wp-content\/uploads\/2026\/04\/Aviacao-Civil.00_00_08_13.Still001-400x200.png\" class=\"img-responsive img-full wp-post-image\" alt=\"\" loading=\"lazy\" srcset=\"https:\/\/tva.cv\/wp-content\/uploads\/2026\/04\/Aviacao-Civil.00_00_08_13.Still001-400x200.png 400w, https:\/\/tva.cv\/wp-content\/uploads\/2026\/04\/Aviacao-Civil.00_00_08_13.Still001-576x288.png 576w\" sizes=\"(max-width: 400px) 100vw, 400px\" \/>\t\t\t\t\t\t\t\t\t\t\t\t\t\t\t\t\t\t\t<\/a>\n\t\t\t\t\t\t\t\t<\/div><!-- \/.item -->\n\t\t\t\t\t\t\t\t\t\t\t\t\t\t<div class=\"item-content\">\n\t\t\t\t\t\t\t\t\t\t\t\t\t\t\t\t    \n\t\t\t\t\t\t\t\t \n\t\t\t\t\t\t\t\t\t<h4 class=\"ellipsis\">\n\t\t\t\t\t\t\t\t\t\t<a href=\"https:\/\/tva.cv\/index.php\/2026\/04\/28\/aviacao-civil-governo-formaliza-privatizacao-da-cabo-verde-handling-com-a-swissport\/\" target=\"_self\">\n\t\t\t\t\t\t\t\t\t\t\tAviacao Civil: Governo\t\t\t\t\t\t\t\t\t\t\t\t\t\t\t\t\t\t\t\t\t\t\t<span class=\"post-meta-elements\">\n\t\t\t\t\t\t\t\t\t\t\t\t\t\t\t\t\t\t\t\t\t\t\t\t\t\t\t<span class=\"post-meta-date\"> <i class=\"fa fa-calendar\"><\/i>abril 28, 2026<\/span>\n\t\t\t\t\t\t\t\t\t\t\t\t\t\t\t\t\t\t\t\t\t\t\t\t\t<\/span>\n\t\t\t\t\t\t\t\t\t\t\t\t\t\t\t\t\t\t\t\t\t\t\n\t\t\t\t\t\t\t\t\t\t<\/a>\n\t\t\t\t\t\t\t\t\t<\/h4>\n\t\t\t\t\t\t\t\t\t\t\t\t\t\t\t\t<p class=\"ellipsis\"><a class=\"external-link\" target=\"_self\" href=\"https:\/\/tva.cv\/index.php\/2026\/04\/28\/aviacao-civil-governo-formaliza-privatizacao-da-cabo-verde-handling-com-a-swissport\/\">O Governo de Cabo Verde formalizou&#8230;<\/a><\/p>\n\t\t\t\t\t\t\t<\/div><!-- \/.item-content -->                                                 \n\t\t\t\t\t\t<\/div><!-- \/.item -->\n\t\t\t\t\t<\/li>\n\t\t\t\t\t\t\t\t\t<li>\n\t\t\t\t\t\t<div class=\"item\">\n\t\t\t\t\t\t\t \n\t\t\t\t\t\t\t\t<div class=\"item-image\">\n\t\t\t\t\t\t\t\t\t<a class=\"img-link\" href=\"https:\/\/tva.cv\/index.php\/2026\/04\/28\/certame-acontera-nos-dias-26-27-e-28-de-junho-e-prestara-homenagem-a-romeu-di-lurdes\/\" target=\"_self\">\n\t\t\t\t\t\t\t\t\t\t<img width=\"400\" height=\"200\" src=\"https:\/\/tva.cv\/wp-content\/uploads\/2026\/04\/Festival-da-Gamboa-2026-peca-final.00_00_23_21.Still001-400x200.png\" class=\"img-responsive img-full wp-post-image\" alt=\"\" loading=\"lazy\" srcset=\"https:\/\/tva.cv\/wp-content\/uploads\/2026\/04\/Festival-da-Gamboa-2026-peca-final.00_00_23_21.Still001-400x200.png 400w, https:\/\/tva.cv\/wp-content\/uploads\/2026\/04\/Festival-da-Gamboa-2026-peca-final.00_00_23_21.Still001-576x288.png 576w\" sizes=\"(max-width: 400px) 100vw, 400px\" \/>\t\t\t\t\t\t\t\t\t\t\t\t\t\t\t\t\t\t\t<\/a>\n\t\t\t\t\t\t\t\t<\/div><!-- \/.item -->\n\t\t\t\t\t\t\t\t\t\t\t\t\t\t<div class=\"item-content\">\n\t\t\t\t\t\t\t\t\t\t\t\t\t\t\t\t    \n\t\t\t\t\t\t\t\t \n\t\t\t\t\t\t\t\t\t<h4 class=\"ellipsis\">\n\t\t\t\t\t\t\t\t\t\t<a href=\"https:\/\/tva.cv\/index.php\/2026\/04\/28\/certame-acontera-nos-dias-26-27-e-28-de-junho-e-prestara-homenagem-a-romeu-di-lurdes\/\" target=\"_self\">\n\t\t\t\t\t\t\t\t\t\t\tCertame aconter\u00e1 nos\t\t\t\t\t\t\t\t\t\t\t\t\t\t\t\t\t\t\t\t\t\t\t<span class=\"post-meta-elements\">\n\t\t\t\t\t\t\t\t\t\t\t\t\t\t\t\t\t\t\t\t\t\t\t\t\t\t\t<span class=\"post-meta-date\"> <i class=\"fa fa-calendar\"><\/i>abril 28, 2026<\/span>\n\t\t\t\t\t\t\t\t\t\t\t\t\t\t\t\t\t\t\t\t\t\t\t\t\t<\/span>\n\t\t\t\t\t\t\t\t\t\t\t\t\t\t\t\t\t\t\t\t\t\t\n\t\t\t\t\t\t\t\t\t\t<\/a>\n\t\t\t\t\t\t\t\t\t<\/h4>\n\t\t\t\t\t\t\t\t\t\t\t\t\t\t\t\t<p class=\"ellipsis\"><a class=\"external-link\" target=\"_self\" href=\"https:\/\/tva.cv\/index.php\/2026\/04\/28\/certame-acontera-nos-dias-26-27-e-28-de-junho-e-prestara-homenagem-a-romeu-di-lurdes\/\">A cidade da Praia acolhe, no pr\u00f3ximo&#8230;<\/a><\/p>\n\t\t\t\t\t\t\t<\/div><!-- \/.item-content -->                                                 \n\t\t\t\t\t\t<\/div><!-- \/.item -->\n\t\t\t\t\t<\/li>\n\t\t\t\t\t\t\t\t\t<li>\n\t\t\t\t\t\t<div class=\"item\">\n\t\t\t\t\t\t\t \n\t\t\t\t\t\t\t\t<div class=\"item-image\">\n\t\t\t\t\t\t\t\t\t<a class=\"img-link\" href=\"https:\/\/tva.cv\/index.php\/2026\/04\/28\/kontornu-2026-danca-pensamento-e-transformacao-social-em-movimento\/\" target=\"_self\">\n\t\t\t\t\t\t\t\t\t\t<img width=\"400\" height=\"200\" src=\"https:\/\/tva.cv\/wp-content\/uploads\/2026\/04\/Festival-Kontornu-peca-1.00_00_28_05.Still001-400x200.png\" class=\"img-responsive img-full wp-post-image\" alt=\"\" loading=\"lazy\" srcset=\"https:\/\/tva.cv\/wp-content\/uploads\/2026\/04\/Festival-Kontornu-peca-1.00_00_28_05.Still001-400x200.png 400w, https:\/\/tva.cv\/wp-content\/uploads\/2026\/04\/Festival-Kontornu-peca-1.00_00_28_05.Still001-576x288.png 576w\" sizes=\"(max-width: 400px) 100vw, 400px\" \/>\t\t\t\t\t\t\t\t\t\t\t\t\t\t\t\t\t\t\t<\/a>\n\t\t\t\t\t\t\t\t<\/div><!-- \/.item -->\n\t\t\t\t\t\t\t\t\t\t\t\t\t\t<div class=\"item-content\">\n\t\t\t\t\t\t\t\t\t\t\t\t\t\t\t\t    \n\t\t\t\t\t\t\t\t \n\t\t\t\t\t\t\t\t\t<h4 class=\"ellipsis\">\n\t\t\t\t\t\t\t\t\t\t<a href=\"https:\/\/tva.cv\/index.php\/2026\/04\/28\/kontornu-2026-danca-pensamento-e-transformacao-social-em-movimento\/\" target=\"_self\">\n\t\t\t\t\t\t\t\t\t\t\tKontornu 2026: Dan\u00e7a,\t\t\t\t\t\t\t\t\t\t\t\t\t\t\t\t\t\t\t\t\t\t\t<span class=\"post-meta-elements\">\n\t\t\t\t\t\t\t\t\t\t\t\t\t\t\t\t\t\t\t\t\t\t\t\t\t\t\t<span class=\"post-meta-date\"> <i class=\"fa fa-calendar\"><\/i>abril 28, 2026<\/span>\n\t\t\t\t\t\t\t\t\t\t\t\t\t\t\t\t\t\t\t\t\t\t\t\t\t<\/span>\n\t\t\t\t\t\t\t\t\t\t\t\t\t\t\t\t\t\t\t\t\t\t\n\t\t\t\t\t\t\t\t\t\t<\/a>\n\t\t\t\t\t\t\t\t\t<\/h4>\n\t\t\t\t\t\t\t\t\t\t\t\t\t\t\t\t<p class=\"ellipsis\"><a class=\"external-link\" target=\"_self\" href=\"https:\/\/tva.cv\/index.php\/2026\/04\/28\/kontornu-2026-danca-pensamento-e-transformacao-social-em-movimento\/\">A cidade da Praia acolhe, de 11&#8230;<\/a><\/p>\n\t\t\t\t\t\t\t<\/div><!-- \/.item-content -->                                                 \n\t\t\t\t\t\t<\/div><!-- \/.item -->\n\t\t\t\t\t<\/li>\n\t\t\t\t\t\t\t\t\t<li>\n\t\t\t\t\t\t<div class=\"item\">\n\t\t\t\t\t\t\t \n\t\t\t\t\t\t\t\t<div class=\"item-image\">\n\t\t\t\t\t\t\t\t\t<a class=\"img-link\" href=\"https:\/\/tva.cv\/index.php\/2026\/04\/28\/arte-que-denuncia-sueline-furtado-leva-o-lixo-ao-palco-do-kontornu\/\" target=\"_self\">\n\t\t\t\t\t\t\t\t\t\t<img width=\"400\" height=\"200\" src=\"https:\/\/tva.cv\/wp-content\/uploads\/2026\/04\/Festival-Kontornu-peca-2.00_00_04_02.Still001-400x200.png\" class=\"img-responsive img-full wp-post-image\" alt=\"\" loading=\"lazy\" srcset=\"https:\/\/tva.cv\/wp-content\/uploads\/2026\/04\/Festival-Kontornu-peca-2.00_00_04_02.Still001-400x200.png 400w, https:\/\/tva.cv\/wp-content\/uploads\/2026\/04\/Festival-Kontornu-peca-2.00_00_04_02.Still001-576x288.png 576w\" sizes=\"(max-width: 400px) 100vw, 400px\" \/>\t\t\t\t\t\t\t\t\t\t\t\t\t\t\t\t\t\t\t<\/a>\n\t\t\t\t\t\t\t\t<\/div><!-- \/.item -->\n\t\t\t\t\t\t\t\t\t\t\t\t\t\t<div class=\"item-content\">\n\t\t\t\t\t\t\t\t\t\t\t\t\t\t\t\t    \n\t\t\t\t\t\t\t\t \n\t\t\t\t\t\t\t\t\t<h4 class=\"ellipsis\">\n\t\t\t\t\t\t\t\t\t\t<a href=\"https:\/\/tva.cv\/index.php\/2026\/04\/28\/arte-que-denuncia-sueline-furtado-leva-o-lixo-ao-palco-do-kontornu\/\" target=\"_self\">\n\t\t\t\t\t\t\t\t\t\t\tArte que denuncia:\t\t\t\t\t\t\t\t\t\t\t\t\t\t\t\t\t\t\t\t\t\t\t<span class=\"post-meta-elements\">\n\t\t\t\t\t\t\t\t\t\t\t\t\t\t\t\t\t\t\t\t\t\t\t\t\t\t\t<span class=\"post-meta-date\"> <i class=\"fa fa-calendar\"><\/i>abril 28, 2026<\/span>\n\t\t\t\t\t\t\t\t\t\t\t\t\t\t\t\t\t\t\t\t\t\t\t\t\t<\/span>\n\t\t\t\t\t\t\t\t\t\t\t\t\t\t\t\t\t\t\t\t\t\t\n\t\t\t\t\t\t\t\t\t\t<\/a>\n\t\t\t\t\t\t\t\t\t<\/h4>\n\t\t\t\t\t\t\t\t\t\t\t\t\t\t\t\t<p class=\"ellipsis\"><a class=\"external-link\" target=\"_self\" href=\"https:\/\/tva.cv\/index.php\/2026\/04\/28\/arte-que-denuncia-sueline-furtado-leva-o-lixo-ao-palco-do-kontornu\/\">No Festival Kontornu, a arte tamb\u00e9m&#8230;<\/a><\/p>\n\t\t\t\t\t\t\t<\/div><!-- \/.item-content -->                                                 \n\t\t\t\t\t\t<\/div><!-- \/.item -->\n\t\t\t\t\t<\/li>\n\t\t\t\t\t\t\t\t\t<li>\n\t\t\t\t\t\t<div class=\"item\">\n\t\t\t\t\t\t\t \n\t\t\t\t\t\t\t\t<div class=\"item-image\">\n\t\t\t\t\t\t\t\t\t<a class=\"img-link\" href=\"https:\/\/tva.cv\/index.php\/2026\/04\/28\/kontornu-entre-prevencao-social-e-cruzamento-de-culturas\/\" target=\"_self\">\n\t\t\t\t\t\t\t\t\t\t<img width=\"400\" height=\"200\" src=\"https:\/\/tva.cv\/wp-content\/uploads\/2026\/04\/festival-kontornu-peca-3.00_00_05_15.Still001-400x200.png\" class=\"img-responsive img-full wp-post-image\" alt=\"\" loading=\"lazy\" srcset=\"https:\/\/tva.cv\/wp-content\/uploads\/2026\/04\/festival-kontornu-peca-3.00_00_05_15.Still001-400x200.png 400w, https:\/\/tva.cv\/wp-content\/uploads\/2026\/04\/festival-kontornu-peca-3.00_00_05_15.Still001-576x288.png 576w\" sizes=\"(max-width: 400px) 100vw, 400px\" \/>\t\t\t\t\t\t\t\t\t\t\t\t\t\t\t\t\t\t\t<\/a>\n\t\t\t\t\t\t\t\t<\/div><!-- \/.item -->\n\t\t\t\t\t\t\t\t\t\t\t\t\t\t<div class=\"item-content\">\n\t\t\t\t\t\t\t\t\t\t\t\t\t\t\t\t    \n\t\t\t\t\t\t\t\t \n\t\t\t\t\t\t\t\t\t<h4 class=\"ellipsis\">\n\t\t\t\t\t\t\t\t\t\t<a href=\"https:\/\/tva.cv\/index.php\/2026\/04\/28\/kontornu-entre-prevencao-social-e-cruzamento-de-culturas\/\" target=\"_self\">\n\t\t\t\t\t\t\t\t\t\t\tKontornu: Entre preven\u00e7\u00e3o\t\t\t\t\t\t\t\t\t\t\t\t\t\t\t\t\t\t\t\t\t\t\t<span class=\"post-meta-elements\">\n\t\t\t\t\t\t\t\t\t\t\t\t\t\t\t\t\t\t\t\t\t\t\t\t\t\t\t<span class=\"post-meta-date\"> <i class=\"fa fa-calendar\"><\/i>abril 28, 2026<\/span>\n\t\t\t\t\t\t\t\t\t\t\t\t\t\t\t\t\t\t\t\t\t\t\t\t\t<\/span>\n\t\t\t\t\t\t\t\t\t\t\t\t\t\t\t\t\t\t\t\t\t\t\n\t\t\t\t\t\t\t\t\t\t<\/a>\n\t\t\t\t\t\t\t\t\t<\/h4>\n\t\t\t\t\t\t\t\t\t\t\t\t\t\t\t\t<p class=\"ellipsis\"><a class=\"external-link\" target=\"_self\" href=\"https:\/\/tva.cv\/index.php\/2026\/04\/28\/kontornu-entre-prevencao-social-e-cruzamento-de-culturas\/\">O Festival Kontornu volta a afirmar-se&#8230;<\/a><\/p>\n\t\t\t\t\t\t\t<\/div><!-- \/.item-content -->                                                 \n\t\t\t\t\t\t<\/div><!-- \/.item -->\n\t\t\t\t\t<\/li>\n\t\t\t\t\t\t\t\t\t<li>\n\t\t\t\t\t\t<div class=\"item\">\n\t\t\t\t\t\t\t \n\t\t\t\t\t\t\t\t<div class=\"item-image\">\n\t\t\t\t\t\t\t\t\t<a class=\"img-link\" href=\"https:\/\/tva.cv\/index.php\/2026\/04\/28\/cedeao-apresenta-visao-2050-na-praia-com-apelo-a-integracao-e-cooperacao-regional\/\" target=\"_self\">\n\t\t\t\t\t\t\t\t\t\t<img width=\"400\" height=\"200\" src=\"https:\/\/tva.cv\/wp-content\/uploads\/2026\/04\/CEDEAO-apresenta-Visao-2050-na-Praia-com-apelo-a-integracao-e-cooperacao-regional.00_00_07_03.Still001-400x200.png\" class=\"img-responsive img-full wp-post-image\" alt=\"\" loading=\"lazy\" srcset=\"https:\/\/tva.cv\/wp-content\/uploads\/2026\/04\/CEDEAO-apresenta-Visao-2050-na-Praia-com-apelo-a-integracao-e-cooperacao-regional.00_00_07_03.Still001-400x200.png 400w, https:\/\/tva.cv\/wp-content\/uploads\/2026\/04\/CEDEAO-apresenta-Visao-2050-na-Praia-com-apelo-a-integracao-e-cooperacao-regional.00_00_07_03.Still001-576x288.png 576w\" sizes=\"(max-width: 400px) 100vw, 400px\" \/>\t\t\t\t\t\t\t\t\t\t\t\t\t\t\t\t\t\t\t<\/a>\n\t\t\t\t\t\t\t\t<\/div><!-- \/.item -->\n\t\t\t\t\t\t\t\t\t\t\t\t\t\t<div class=\"item-content\">\n\t\t\t\t\t\t\t\t\t\t\t\t\t\t\t\t    \n\t\t\t\t\t\t\t\t \n\t\t\t\t\t\t\t\t\t<h4 class=\"ellipsis\">\n\t\t\t\t\t\t\t\t\t\t<a href=\"https:\/\/tva.cv\/index.php\/2026\/04\/28\/cedeao-apresenta-visao-2050-na-praia-com-apelo-a-integracao-e-cooperacao-regional\/\" target=\"_self\">\n\t\t\t\t\t\t\t\t\t\t\tCEDEAO apresenta Vis\u00e3o\t\t\t\t\t\t\t\t\t\t\t\t\t\t\t\t\t\t\t\t\t\t\t<span class=\"post-meta-elements\">\n\t\t\t\t\t\t\t\t\t\t\t\t\t\t\t\t\t\t\t\t\t\t\t\t\t\t\t<span class=\"post-meta-date\"> <i class=\"fa fa-calendar\"><\/i>abril 28, 2026<\/span>\n\t\t\t\t\t\t\t\t\t\t\t\t\t\t\t\t\t\t\t\t\t\t\t\t\t<\/span>\n\t\t\t\t\t\t\t\t\t\t\t\t\t\t\t\t\t\t\t\t\t\t\n\t\t\t\t\t\t\t\t\t\t<\/a>\n\t\t\t\t\t\t\t\t\t<\/h4>\n\t\t\t\t\t\t\t\t\t\t\t\t\t\t\t\t<p class=\"ellipsis\"><a class=\"external-link\" target=\"_self\" href=\"https:\/\/tva.cv\/index.php\/2026\/04\/28\/cedeao-apresenta-visao-2050-na-praia-com-apelo-a-integracao-e-cooperacao-regional\/\">A cidade da Praia acolhe uma sess\u00e3o&#8230;<\/a><\/p>\n\t\t\t\t\t\t\t<\/div><!-- \/.item-content -->                                                 \n\t\t\t\t\t\t<\/div><!-- \/.item -->\n\t\t\t\t\t<\/li>\n\t\t\t\t\t\t\t\t\t<li>\n\t\t\t\t\t\t<div class=\"item\">\n\t\t\t\t\t\t\t \n\t\t\t\t\t\t\t\t<div class=\"item-image\">\n\t\t\t\t\t\t\t\t\t<a class=\"img-link\" href=\"https:\/\/tva.cv\/index.php\/2026\/04\/24\/suspeito-de-furto-na-boa-vista-fica-em-prisao-preventiva\/\" target=\"_self\">\n\t\t\t\t\t\t\t\t\t\t<img width=\"400\" height=\"200\" src=\"https:\/\/tva.cv\/wp-content\/uploads\/2026\/04\/Suspeito-de-furto-na-Boa-Vista-fica-em-prisao-preventiva.00_00_00_24.Still001-400x200.png\" class=\"img-responsive img-full wp-post-image\" alt=\"\" loading=\"lazy\" srcset=\"https:\/\/tva.cv\/wp-content\/uploads\/2026\/04\/Suspeito-de-furto-na-Boa-Vista-fica-em-prisao-preventiva.00_00_00_24.Still001-400x200.png 400w, https:\/\/tva.cv\/wp-content\/uploads\/2026\/04\/Suspeito-de-furto-na-Boa-Vista-fica-em-prisao-preventiva.00_00_00_24.Still001-576x288.png 576w\" sizes=\"(max-width: 400px) 100vw, 400px\" \/>\t\t\t\t\t\t\t\t\t\t\t\t\t\t\t\t\t\t\t<\/a>\n\t\t\t\t\t\t\t\t<\/div><!-- \/.item -->\n\t\t\t\t\t\t\t\t\t\t\t\t\t\t<div class=\"item-content\">\n\t\t\t\t\t\t\t\t\t\t\t\t\t\t\t\t    \n\t\t\t\t\t\t\t\t \n\t\t\t\t\t\t\t\t\t<h4 class=\"ellipsis\">\n\t\t\t\t\t\t\t\t\t\t<a href=\"https:\/\/tva.cv\/index.php\/2026\/04\/24\/suspeito-de-furto-na-boa-vista-fica-em-prisao-preventiva\/\" target=\"_self\">\n\t\t\t\t\t\t\t\t\t\t\tSuspeito de furto\t\t\t\t\t\t\t\t\t\t\t\t\t\t\t\t\t\t\t\t\t\t\t<span class=\"post-meta-elements\">\n\t\t\t\t\t\t\t\t\t\t\t\t\t\t\t\t\t\t\t\t\t\t\t\t\t\t\t<span class=\"post-meta-date\"> <i class=\"fa fa-calendar\"><\/i>abril 24, 2026<\/span>\n\t\t\t\t\t\t\t\t\t\t\t\t\t\t\t\t\t\t\t\t\t\t\t\t\t<\/span>\n\t\t\t\t\t\t\t\t\t\t\t\t\t\t\t\t\t\t\t\t\t\t\n\t\t\t\t\t\t\t\t\t\t<\/a>\n\t\t\t\t\t\t\t\t\t<\/h4>\n\t\t\t\t\t\t\t\t\t\t\t\t\t\t\t\t<p class=\"ellipsis\"><a class=\"external-link\" target=\"_self\" href=\"https:\/\/tva.cv\/index.php\/2026\/04\/24\/suspeito-de-furto-na-boa-vista-fica-em-prisao-preventiva\/\">O Tribunal da Comarca da Boa Vista&#8230;<\/a><\/p>\n\t\t\t\t\t\t\t<\/div><!-- \/.item-content -->                                                 \n\t\t\t\t\t\t<\/div><!-- \/.item -->\n\t\t\t\t\t<\/li>\n\t\t\t\t                   \n\t\t\t<\/ul><!-- \/.flex-module -->                                     \n\t\t<\/div><!-- \/.sidebar-post light -->\n\t\t[\/vc_column][\/vc_row][vc_row full_width=&#8221;stretch_row&#8221; css=&#8221;.vc_custom_1519589840436{background-color: #ececed !important;}&#8221;][vc_column css=&#8221;.vc_custom_1519589830988{margin-top: -35px !important;}&#8221;]\t\t<div class=\"section-highlighs-wrapper mb-0\">\n\t\t\t<span class=\"section-highlight-inner\">\n\t\t\t\t<a href=\"#\" target=\"_self\" class=\"section-highlight-link\">Story highlights<\/a>\n\t\t\t<\/span>\n\t\t\t\t\t\t\t<h4 class=\"section-highlighs\">At Reendex we see breaking news events as unexpected, momentous or informative topics like web publishing, art direction, content strategy, typography, web technology that are relevant to a wide audience.<\/h4>\n\t\t\t\t\t<\/div><!-- \/.section-highlighs-wrapper -->\n\t\t[\/vc_column][\/vc_row][vc_row full_width=&#8221;stretch_row_content_no_spaces&#8221; el_class=&#8221;vc_padding_t-0&#8243;][vc_column css=&#8221;.vc_custom_1519637483314{margin-top: -35px !important;}&#8221;]\t\t<div class=\"\">\n\t\t\t<div id=\"parallax-section1\"> \n\t\t\t\t<div class=\"image3 img-overlay1\" style=\"\n\t\t\t\t\tbackground-image:url( https:\/\/tva.cv\/wp-content\/uploads\/2017\/01\/parallax-image03.jpg )\"> \n\t\t\t\t\t<div class=\"container\"> \n\t\t\t\t\t\t<div class=\"caption text-center\"> \n\t\t\t\t\t\t\t<h2 class=\"color-white weight-300 small-caption\">We introduce you our Reendex Team! Get more information about us here!<\/h2> \n\t\t\t\t\t\t\t<a href=\"#\" target=\"_self\" class=\"btn btn-default\">About Us<\/a> \n\t\t\t\t\t\t<\/div>                             \n\t\t\t\t\t<\/div><!-- \/.container -->                         \n\t\t\t\t<\/div><!-- \/.image3 img-overlay1 -->                     \n\t\t\t<\/div><!-- \/#parallax-section1 -->\n\t\t<\/div>\n\t\t\t\t<div class=\"ad-wrapper \">\n\t\t\t\t\t\t<div class=\"ad-place\">\n\t\t\t\t<a href='#'><img class='ad-image' src='https:\/\/tva.cv\/wp-content\/uploads\/2017\/03\/ad_820x100.jpg' alt=''><\/a>                                    \n\t\t\t<\/div><!-- \/.sidebar-ad-place -->\n\t\t<\/div>\t\n\t\t\t\t<div class=\"title-area mt-30\">\n\t\t\t<h2 class=\"title-style05 style-02\">\n\t\t\t\tmore headlines in our\t\t\t\t<span><a href=\"#\" target=\"_self\">item sections<\/a><\/span>\n\t\t\t<\/h2>\n\t\t\t\t\t\t\t<div class=\"center-title\">\n\t\t\t\t\t<span class=\"title-line-left\"><\/span>\n\t\t\t\t\t<h4 class=\"title-style05 style-01\">latest # news<\/h4>\n\t\t\t\t\t<span class=\"title-line-right\"><\/span>\n\t\t\t\t<\/div>\n\t\t\t\t\t<\/div><!-- \/.title-area -->\n\t\t[\/vc_column][\/vc_row][vc_row full_width=&#8221;stretch_row&#8221; css=&#8221;.vc_custom_1494231479385{margin-bottom: 0px !important;}&#8221;][vc_column]\t\t<div class=\"gallery-video\">\n\t\t\t\t\t\t\t<div class=\"carousel-title\" style=\"\n\t\t\t\t\tbackground-color:#212126;\t\t\t\t\tmargin-bottom:5px;\">\n\t\t\t\t\tFeatured videos you might like\t\t\t\t<\/div><!-- \/.carousel-title -->\n\t\t\t\t\t\t<div id=\"big-gallery-slider-3\" class=\"owl-carousel\">\n\t\t\t\t\t\t\t<\/div>\n\t\t<\/div><!-- \/.gallery-video -->\n\t\t[\/vc_column][\/vc_row][vc_row full_width=&#8221;stretch_row&#8221; el_class=&#8221;visible&#8221; css=&#8221;.vc_custom_1510217713224{background-color: #ececed !important;}&#8221;][vc_column offset=&#8221;vc_col-lg-8 vc_col-md-12&#8243; el_class=&#8221;sticky-module&#8221;]\t\t<div class=\"news1\n\t\t\t\"> \n\t\t\t\t\t\t\t \n\t\t\t\t\t<div class=\"module-title\">\n\t\t\t\t\t\t \n\t\t\t\t\t\t\t<h3 class=\"title\">\n\t\t\t\t\t\t\t\t<span class=\"bg-1\" style=\"\n\t\t\t\t\t\t\t\t\t\">\n\t\t\t\t\t\t\t\t\tReendex\t\t\t\t\t\t\t\t<\/span>\n\t\t\t\t\t\t\t<\/h3>\n\t\t\t\t\t\t\t\t\t\t\t\t  \n\t\t\t\t\t\t\t<h3 class=\"subtitle\">Web TV Shows<\/h3>\n\t\t\t\t\t\t \n\t\t\t\t\t<\/div>\n\t\t\t\t                       \n\t\t\t<div class=\"row no-gutter\">\t\t\t<div class=\"news\"><div class=\"news-outer-wrapper\"> \t\t\t\t<div class=\"item-wrapper col-sm-0 col-md-0\">                                     \n\t\t\t\t\t<div class=\"item\">\n\t\t\t\t\t\t                                        \n\t\t\t\t\t\t<div class=\"item-content\"> \n\t\t\t\t\t\t\t<div class=\"title-left title-style04 underline04\"> \n\t\t\t\t\t\t\t\t<h3>\n\t\t\t\t\t\t\t\t\t<a href=\"https:\/\/tva.cv\/index.php\/2022\/03\/29\/cmp-vai-ter-plataforma-de-investimento-da-diaspora-cabo-verdiana\/\" target=\"_self\">CMP Plataforma de Investimentos<\/a>\n\t\t\t\t\t\t\t\t<\/h3> \n\t\t\t\t\t\t\t<\/div><!-- \/.title-left -->\n\t\t\t\t\t\t\t\t\t\t\t\t\t\t\t\t\t\t\t\t\t\t\t\t\t\t\t\t\t\t\t<div class=\"date\">\n\t\t\t\t\t\t\t\t\t\t<a href=\"https:\/\/tva.cv\/index.php\/2022\/03\/29\/cmp-vai-ter-plataforma-de-investimento-da-diaspora-cabo-verdiana\/\" target=\"_self\">\n\t\t\t\t\t\t\t\t\t\t\t<i class=\"fa fa-clock-o\"><\/i>\n\t\t\t\t\t\t\t\t\t\t\t<span class=\"day\"><strong>abr 26, 2022<\/strong><\/span>\n\t\t\t\t\t\t\t\t\t\t<\/a>\n\t\t\t\t\t\t\t\t\t<\/div>\n\t\t\t\t\t\t\t\t\t\t\t\t\t\t\t\t\t\t\t\t\t\t\t\t\t\t\t\t\t\t\t\t\t\t\t\t\t<div>\n\t\t\t\t\t\t\t\t\t<a href=\"https:\/\/tva.cv\/index.php\/2022\/03\/29\/cmp-vai-ter-plataforma-de-investimento-da-diaspora-cabo-verdiana\/\" target=\"_self\">\n\t\t\t\t\t\t\t\t\t\t<span class=\"read-more\">\n\t\t\t\t\t\t\t\t\t\t\tContinue reading\t\t\t\t\t\t\t\t\t\t<\/span>\n\t\t\t\t\t\t\t\t\t<\/a>\n\t\t\t\t\t\t\t\t<\/div>\n\t\t\t\t\t\t\t                                          \n\t\t\t\t\t\t<\/div><!-- \/.item-content -->                                         \n\t\t\t\t\t<\/div><!-- \/.item -->                                     \n\t\t\t\t<\/div><!-- \/.item-wrapper col-sm -->                                     \n\t\t\t\t<\/div><\/div><div class=\"news\"><div class=\"news-outer-wrapper\"> \t\t\t\t<div class=\"item-wrapper col-sm-0 col-md-0\">                                     \n\t\t\t\t\t<div class=\"item\">\n\t\t\t\t\t\t                                        \n\t\t\t\t\t\t<div class=\"item-content\"> \n\t\t\t\t\t\t\t<div class=\"title-left title-style04 underline04\"> \n\t\t\t\t\t\t\t\t<h3>\n\t\t\t\t\t\t\t\t\t<a href=\"https:\/\/tva.cv\/index.php\/2022\/03\/30\/cmp-vai-construir-centro-comunitario-em-agua-funda\/\" target=\"_self\">CMP vai construir Centro Comunit\u00e1rio<\/a>\n\t\t\t\t\t\t\t\t<\/h3> \n\t\t\t\t\t\t\t<\/div><!-- \/.title-left -->\n\t\t\t\t\t\t\t\t\t\t\t\t\t\t\t\t\t\t\t\t\t\t\t\t\t\t\t\t\t\t\t<div class=\"date\">\n\t\t\t\t\t\t\t\t\t\t<a href=\"https:\/\/tva.cv\/index.php\/2022\/03\/30\/cmp-vai-construir-centro-comunitario-em-agua-funda\/\" target=\"_self\">\n\t\t\t\t\t\t\t\t\t\t\t<i class=\"fa fa-clock-o\"><\/i>\n\t\t\t\t\t\t\t\t\t\t\t<span class=\"day\"><strong>abr 26, 2022<\/strong><\/span>\n\t\t\t\t\t\t\t\t\t\t<\/a>\n\t\t\t\t\t\t\t\t\t<\/div>\n\t\t\t\t\t\t\t\t\t\t\t\t\t\t\t\t\t\t\t\t\t\t\t\t\t\t\t\t\t\t\t\t\t\t\t\t\t<div>\n\t\t\t\t\t\t\t\t\t<a href=\"https:\/\/tva.cv\/index.php\/2022\/03\/30\/cmp-vai-construir-centro-comunitario-em-agua-funda\/\" target=\"_self\">\n\t\t\t\t\t\t\t\t\t\t<span class=\"read-more\">\n\t\t\t\t\t\t\t\t\t\t\tContinue reading\t\t\t\t\t\t\t\t\t\t<\/span>\n\t\t\t\t\t\t\t\t\t<\/a>\n\t\t\t\t\t\t\t\t<\/div>\n\t\t\t\t\t\t\t                                          \n\t\t\t\t\t\t<\/div><!-- \/.item-content -->                                         \n\t\t\t\t\t<\/div><!-- \/.item -->                                     \n\t\t\t\t<\/div><!-- \/.item-wrapper col-sm -->                                     \n\t\t\t\t<\/div><\/div><div class=\"news\"><div class=\"news-outer-wrapper\"> \t\t\t\t<div class=\"item-wrapper col-sm-0 col-md-0\">                                     \n\t\t\t\t\t<div class=\"item\">\n\t\t\t\t\t\t                                        \n\t\t\t\t\t\t<div class=\"item-content\"> \n\t\t\t\t\t\t\t<div class=\"title-left title-style04 underline04\"> \n\t\t\t\t\t\t\t\t<h3>\n\t\t\t\t\t\t\t\t\t<a href=\"https:\/\/tva.cv\/index.php\/2022\/04\/12\/ine-lanca-inquerito-as-despesas-e-receitas-familiares\/\" target=\"_self\">INE lan\u00e7a Inqu\u00e9rito \u00e0s Despesas<\/a>\n\t\t\t\t\t\t\t\t<\/h3> \n\t\t\t\t\t\t\t<\/div><!-- \/.title-left -->\n\t\t\t\t\t\t\t\t\t\t\t\t\t\t\t\t\t\t\t\t\t\t\t\t\t\t\t\t\t\t\t<div class=\"date\">\n\t\t\t\t\t\t\t\t\t\t<a href=\"https:\/\/tva.cv\/index.php\/2022\/04\/12\/ine-lanca-inquerito-as-despesas-e-receitas-familiares\/\" target=\"_self\">\n\t\t\t\t\t\t\t\t\t\t\t<i class=\"fa fa-clock-o\"><\/i>\n\t\t\t\t\t\t\t\t\t\t\t<span class=\"day\"><strong>abr 26, 2022<\/strong><\/span>\n\t\t\t\t\t\t\t\t\t\t<\/a>\n\t\t\t\t\t\t\t\t\t<\/div>\n\t\t\t\t\t\t\t\t\t\t\t\t\t\t\t\t\t\t\t\t\t\t\t\t\t\t\t\t\t\t\t\t\t\t\t\t\t<div>\n\t\t\t\t\t\t\t\t\t<a href=\"https:\/\/tva.cv\/index.php\/2022\/04\/12\/ine-lanca-inquerito-as-despesas-e-receitas-familiares\/\" target=\"_self\">\n\t\t\t\t\t\t\t\t\t\t<span class=\"read-more\">\n\t\t\t\t\t\t\t\t\t\t\tContinue reading\t\t\t\t\t\t\t\t\t\t<\/span>\n\t\t\t\t\t\t\t\t\t<\/a>\n\t\t\t\t\t\t\t\t<\/div>\n\t\t\t\t\t\t\t                                          \n\t\t\t\t\t\t<\/div><!-- \/.item-content -->                                         \n\t\t\t\t\t<\/div><!-- \/.item -->                                     \n\t\t\t\t<\/div><!-- \/.item-wrapper col-sm -->                                     \n\t\t\t\t<\/div><\/div>\t\t\t<\/div>\t\t<\/div><!-- \/.section-highlighs-wrapper -->\n\t\t[\/vc_column][vc_column offset=&#8221;vc_col-lg-4 vc_col-md-12&#8243; css=&#8221;.vc_custom_1518930860972{margin-bottom: -30px !important;}&#8221;][vc_wp_calendar]\t\t<div id=\"weather\" class=\"sidebar-weather mb-30\">\n\t\t\t<div class='panel'>\n\t\t\t\t<div class=\"block-title-1\">\n\t\t\t\t\t<span class='city' id='city'><\/span>\n\t\t\t\t<\/div>\n\t\t\t\t<div class=\"weather-card\">\n\t\t\t\t\t<div class='weather'>\n\t\t\t\t\t\t<div class='temperature' id='temperature'>\n\t\t\t\t\t\t\t<div class='temp' id='temp'>\n\t\t\t\t\t\t\t\t<i id='condition'><\/i>\n\t\t\t\t\t\t\t\t<span id='num'><\/span>\n\t\t\t\t\t\t\t\t<a class='fahrenheit active' id='fahrenheit' href=\"#\">&deg;F<\/a>\n\t\t\t\t\t\t\t\t<span class='divider secondary'>|<\/span>\n\t\t\t\t\t\t\t\t<a class='celsius' id='celsius' href=\"#\">&deg;C<\/a>\n\t\t\t\t\t\t\t<\/div>\n\t\t\t\t\t\t<\/div>\n\t\t\t\t\t\t<div class='group secondary'>\n\t\t\t\t\t\t\t<div id='haze' class=\"desc-text\"><\/div>\n\t\t\t\t\t\t\t<div id='wind' class=\"desc-text\"><\/div>\n\t\t\t\t\t\t\t<div id='humidity' class=\"desc-text\"><\/div>\n\t\t\t\t\t\t<\/div>\n\t\t\t\t\t\t<div class='forecast' id='forecast'><\/div>\t\t\t\t\t\n\t\t\t\t\t<\/div><!-- \/.weather --> \n\t\t\t\t<\/div><!-- \/.weather-card --> \n\t\t\t<\/div><!-- \/.panel -->\n\t\t<\/div><!-- \/#weather --> \n\t\t\t\t<div class=\"sidebar-social-icons \"> \n\t\t\t                                   \n\t\t\t\t<div class=\"sidebar-social-icons-inner\"> \n\t\t\t\t\t<h5>Stay Connected<\/h5> \n\t\t\t\t<\/div>                                     \n\t\t\t                                     \n\t\t\t<div class=\"sidebar-social-icons-wrapper\">\n\t\t\t\t<ul>\n\t\t\t\t\t \n\t\t\t\t\t\t<li> \n\t\t\t\t\t\t\t<a class=\"facebook\" href=\"#\" target=\"_self\">\n\t\t\t\t\t\t\t\t<i class=\"fa fa-facebook\"><\/i>\n\t\t\t\t\t\t\t<\/a> \n\t\t\t\t\t\t<\/li>                                         \n\t\t\t\t\t \n\t\t\t\t\t\t<li> \n\t\t\t\t\t\t\t<a class=\"youtube\" href=\"#\" target=\"_self\">\n\t\t\t\t\t\t\t\t<i class=\"fa fa-youtube\"><\/i>\n\t\t\t\t\t\t\t<\/a> \n\t\t\t\t\t\t<\/li>                                         \n\t\t\t\t\t \n\t\t\t\t\t\t<li> \n\t\t\t\t\t\t\t<a class=\"twitter\" href=\"#\" target=\"_self\">\n\t\t\t\t\t\t\t\t<i class=\"fa fa-twitter\"><\/i>\n\t\t\t\t\t\t\t<\/a> \n\t\t\t\t\t\t<\/li>                                         \n\t\t\t\t\t \n\t\t\t\t\t\t<li> \n\t\t\t\t\t\t\t<a class=\"linkedin\" href=\"#\" target=\"_self\">\n\t\t\t\t\t\t\t\t<i class=\"fa fa-linkedin\"><\/i>\n\t\t\t\t\t\t\t<\/a> \n\t\t\t\t\t\t<\/li>                                         \n\t\t\t\t\t \n\t\t\t\t\t\t<li> \n\t\t\t\t\t\t\t<a class=\"pinterest\" href=\"#\" target=\"_self\">\n\t\t\t\t\t\t\t\t<i class=\"fa fa-pinterest\"><\/i>\n\t\t\t\t\t\t\t<\/a> \n\t\t\t\t\t\t<\/li>                                         \n\t\t\t\t\t \n\t\t\t\t\t\t<li> \n\t\t\t\t\t\t\t<a class=\"rss\" href=\"#\" target=\"_self\">\n\t\t\t\t\t\t\t\t<i class=\"fa fa-rss\"><\/i>\n\t\t\t\t\t\t\t<\/a> \n\t\t\t\t\t\t<\/li>                                         \n\t\t\t\t\t \n\t\t\t\t\t\t<li> \n\t\t\t\t\t\t\t<a class=\"tumblr\" href=\"#\" target=\"_self\">\n\t\t\t\t\t\t\t\t<i class=\"fa fa-tumblr\"><\/i>\n\t\t\t\t\t\t\t<\/a> \n\t\t\t\t\t\t<\/li>                                         \n\t\t\t\t\t                                        \n\t\t\t\t<\/ul>\n\t\t\t<\/div><!-- \/.sidebar-social-icons-wrapper -->\n\t\t<\/div><!-- \/.sidebar-social-icons -->\n\t\t[vc_column_text css=&#8221;.vc_custom_1518867391861{margin-bottom: 30px !important;}&#8221;]<script>(function() {\n\twindow.mc4wp = window.mc4wp || {\n\t\tlisteners: [],\n\t\tforms: {\n\t\t\ton: function(evt, cb) {\n\t\t\t\twindow.mc4wp.listeners.push(\n\t\t\t\t\t{\n\t\t\t\t\t\tevent   : evt,\n\t\t\t\t\t\tcallback: cb\n\t\t\t\t\t}\n\t\t\t\t);\n\t\t\t}\n\t\t}\n\t}\n})();\n<\/script><!-- Mailchimp for WordPress v4.8.10 - https:\/\/wordpress.org\/plugins\/mailchimp-for-wp\/ --><form id=\"mc4wp-form-1\" class=\"mc4wp-form mc4wp-form-261\" method=\"post\" data-id=\"261\" data-name=\"Newsletter\" ><div class=\"mc4wp-form-fields\"><div id=\"sidebar-newsletter\">\n  <div class=\"sidebar-newsletter-inner\">\n    <h5>Newsletter<\/h5> \n  <\/div>  \n  <div class=\"sidebar-newsletter-form\">\n    <div class=\"input-group\">\n        <input type=\"email\" name=\"EMAIL\" class=\"form-control\" placeholder=\"Your email address\" required \/>\n      \t<span class=\"input-group-btn\"><button type=\"submit\" class=\"btn btn-success\"> SUBSCRIBE  <\/button><\/span>\n    <\/div>\n  <\/div>\n<\/div><\/div><label style=\"display: none !important;\">Leave this field empty if you're human: <input type=\"text\" name=\"_mc4wp_honeypot\" value=\"\" tabindex=\"-1\" autocomplete=\"off\" \/><\/label><input type=\"hidden\" name=\"_mc4wp_timestamp\" value=\"1777514888\" \/><input type=\"hidden\" name=\"_mc4wp_form_id\" value=\"261\" \/><input type=\"hidden\" name=\"_mc4wp_form_element_id\" value=\"mc4wp-form-1\" \/><div class=\"mc4wp-response\"><\/div><\/form><!-- \/ Mailchimp for WordPress Plugin -->[\/vc_column_text][\/vc_column][\/vc_row][vc_row full_width=&#8221;stretch_row&#8221;][vc_column]\t\t<div class=\"\">\n\t\t\t\t\t\t\t<div class=\"carousel-title\" style=\"\n\t\t\t\t\tbackground-color:#d4000e;\t\t\t\t\tmargin-bottom:5px;\">\n\t\t\t\t\tPrimetime News\t\t\t\t<\/div><!-- \/.carousel-title -->\n\t\t\t\t\t\t<div id=\"small-gallery-slider\" class=\"owl-carousel\">\n\t\t\t\t\t\t\t\t\t<div class=\"small-gallery\">\n\t\t\t\t\t\t<a href=\"https:\/\/tva.cv\/index.php\/2026\/04\/28\/cne-divulga-listas-de-candidaturas-dados-eleitorais-e-entrega-fac-simile-dos-boletins-de-voto\/\" target=\"_self\">\n\t\t\t\t\t\t\t<img width=\"108\" height=\"108\" src=\"https:\/\/tva.cv\/wp-content\/uploads\/2026\/04\/CNE-divulga-listas-de-candidaturas-dados-eleitorais-e-entrega-fac-simile-dos-boletins-de-voto.00_00_07_16.Still001-108x108.png\" class=\"img-responsive wp-post-image\" alt=\"\" loading=\"lazy\" srcset=\"https:\/\/tva.cv\/wp-content\/uploads\/2026\/04\/CNE-divulga-listas-de-candidaturas-dados-eleitorais-e-entrega-fac-simile-dos-boletins-de-voto.00_00_07_16.Still001-108x108.png 108w, https:\/\/tva.cv\/wp-content\/uploads\/2026\/04\/CNE-divulga-listas-de-candidaturas-dados-eleitorais-e-entrega-fac-simile-dos-boletins-de-voto.00_00_07_16.Still001-150x150.png 150w\" sizes=\"(max-width: 108px) 100vw, 108px\" \/>\t\t\t\t\t\t<\/a>\n\t\t\t\t\t\t<div class=\"post-content\">\n\t\t\t\t\t\t\t\t\t\t\t\t\t\t\t\t\t\t\t<a href=\"https:\/\/tva.cv\/index.php\/tag\/destaque\/\" target=\"_self\">\n\t\t\t\t\t\t\t\t\t\t\t\t\tDestaque\t\t\t\t\t\t\t\t\t\t\t\t<\/a>\n\t\t\t\t\t\t\t\t\t\t\t\t\t\t\t\t\t\t\n\t\t\t\t\t\t\t<p><a href=\"https:\/\/tva.cv\/index.php\/2026\/04\/28\/cne-divulga-listas-de-candidaturas-dados-eleitorais-e-entrega-fac-simile-dos-boletins-de-voto\/\" target=\"_self\">CNE divulga listas<\/a><\/p>\n\t\t\t\t\t\t\t<i class=\"fa fa-clock-o\"><\/i>\n\t\t\t\t\t\t\t\t\t\t\t\t\t\t\t<span class=\"day\">ter, 28 abr, 2026<\/span>\n\t\t\t\t\t\t\t\t\t\t\t\t\t<\/div><!-- \/.post-content -->                                 \n\t\t\t\t\t<\/div><!-- \/.small-gallery -->\n\t\t\t\t\t\t\t\t\t<div class=\"small-gallery\">\n\t\t\t\t\t\t<a href=\"https:\/\/tva.cv\/index.php\/2026\/04\/28\/aviacao-civil-governo-formaliza-privatizacao-da-cabo-verde-handling-com-a-swissport\/\" target=\"_self\">\n\t\t\t\t\t\t\t<img width=\"108\" height=\"108\" src=\"https:\/\/tva.cv\/wp-content\/uploads\/2026\/04\/Aviacao-Civil.00_00_08_13.Still001-108x108.png\" class=\"img-responsive wp-post-image\" alt=\"\" loading=\"lazy\" srcset=\"https:\/\/tva.cv\/wp-content\/uploads\/2026\/04\/Aviacao-Civil.00_00_08_13.Still001-108x108.png 108w, https:\/\/tva.cv\/wp-content\/uploads\/2026\/04\/Aviacao-Civil.00_00_08_13.Still001-150x150.png 150w\" sizes=\"(max-width: 108px) 100vw, 108px\" \/>\t\t\t\t\t\t<\/a>\n\t\t\t\t\t\t<div class=\"post-content\">\n\t\t\t\t\t\t\t\t\t\t\t\t\t\t\t\t\t\t\t<a href=\"https:\/\/tva.cv\/index.php\/tag\/destaque\/\" target=\"_self\">\n\t\t\t\t\t\t\t\t\t\t\t\t\tDestaque\t\t\t\t\t\t\t\t\t\t\t\t<\/a>\n\t\t\t\t\t\t\t\t\t\t\t\t\t\t\t\t\t\t\n\t\t\t\t\t\t\t<p><a href=\"https:\/\/tva.cv\/index.php\/2026\/04\/28\/aviacao-civil-governo-formaliza-privatizacao-da-cabo-verde-handling-com-a-swissport\/\" target=\"_self\">Aviacao Civil: Governo<\/a><\/p>\n\t\t\t\t\t\t\t<i class=\"fa fa-clock-o\"><\/i>\n\t\t\t\t\t\t\t\t\t\t\t\t\t\t\t<span class=\"day\">ter, 28 abr, 2026<\/span>\n\t\t\t\t\t\t\t\t\t\t\t\t\t<\/div><!-- \/.post-content -->                                 \n\t\t\t\t\t<\/div><!-- \/.small-gallery -->\n\t\t\t\t\t\t\t\t\t<div class=\"small-gallery\">\n\t\t\t\t\t\t<a href=\"https:\/\/tva.cv\/index.php\/2026\/04\/28\/certame-acontera-nos-dias-26-27-e-28-de-junho-e-prestara-homenagem-a-romeu-di-lurdes\/\" target=\"_self\">\n\t\t\t\t\t\t\t<img width=\"108\" height=\"108\" src=\"https:\/\/tva.cv\/wp-content\/uploads\/2026\/04\/Festival-da-Gamboa-2026-peca-final.00_00_23_21.Still001-108x108.png\" class=\"img-responsive wp-post-image\" alt=\"\" loading=\"lazy\" srcset=\"https:\/\/tva.cv\/wp-content\/uploads\/2026\/04\/Festival-da-Gamboa-2026-peca-final.00_00_23_21.Still001-108x108.png 108w, https:\/\/tva.cv\/wp-content\/uploads\/2026\/04\/Festival-da-Gamboa-2026-peca-final.00_00_23_21.Still001-150x150.png 150w\" sizes=\"(max-width: 108px) 100vw, 108px\" \/>\t\t\t\t\t\t<\/a>\n\t\t\t\t\t\t<div class=\"post-content\">\n\t\t\t\t\t\t\t\t\t\t\t\t\t\t\t\t\t\t\t<a href=\"https:\/\/tva.cv\/index.php\/tag\/destaque\/\" target=\"_self\">\n\t\t\t\t\t\t\t\t\t\t\t\t\tDestaque\t\t\t\t\t\t\t\t\t\t\t\t<\/a>\n\t\t\t\t\t\t\t\t\t\t\t\t\t\t\t\t\t\t\n\t\t\t\t\t\t\t<p><a href=\"https:\/\/tva.cv\/index.php\/2026\/04\/28\/certame-acontera-nos-dias-26-27-e-28-de-junho-e-prestara-homenagem-a-romeu-di-lurdes\/\" target=\"_self\">Certame aconter\u00e1 nos<\/a><\/p>\n\t\t\t\t\t\t\t<i class=\"fa fa-clock-o\"><\/i>\n\t\t\t\t\t\t\t\t\t\t\t\t\t\t\t<span class=\"day\">ter, 28 abr, 2026<\/span>\n\t\t\t\t\t\t\t\t\t\t\t\t\t<\/div><!-- \/.post-content -->                                 \n\t\t\t\t\t<\/div><!-- \/.small-gallery -->\n\t\t\t\t\t\t\t\t\t<div class=\"small-gallery\">\n\t\t\t\t\t\t<a href=\"https:\/\/tva.cv\/index.php\/2026\/04\/28\/kontornu-2026-danca-pensamento-e-transformacao-social-em-movimento\/\" target=\"_self\">\n\t\t\t\t\t\t\t<img width=\"108\" height=\"108\" src=\"https:\/\/tva.cv\/wp-content\/uploads\/2026\/04\/Festival-Kontornu-peca-1.00_00_28_05.Still001-108x108.png\" class=\"img-responsive wp-post-image\" alt=\"\" loading=\"lazy\" srcset=\"https:\/\/tva.cv\/wp-content\/uploads\/2026\/04\/Festival-Kontornu-peca-1.00_00_28_05.Still001-108x108.png 108w, https:\/\/tva.cv\/wp-content\/uploads\/2026\/04\/Festival-Kontornu-peca-1.00_00_28_05.Still001-150x150.png 150w\" sizes=\"(max-width: 108px) 100vw, 108px\" \/>\t\t\t\t\t\t<\/a>\n\t\t\t\t\t\t<div class=\"post-content\">\n\t\t\t\t\t\t\t\t\t\t\t\t\t\t\t\t\t\t\t<a href=\"https:\/\/tva.cv\/index.php\/tag\/destaque\/\" target=\"_self\">\n\t\t\t\t\t\t\t\t\t\t\t\t\tDestaque\t\t\t\t\t\t\t\t\t\t\t\t<\/a>\n\t\t\t\t\t\t\t\t\t\t\t\t\t\t\t\t\t\t\n\t\t\t\t\t\t\t<p><a href=\"https:\/\/tva.cv\/index.php\/2026\/04\/28\/kontornu-2026-danca-pensamento-e-transformacao-social-em-movimento\/\" target=\"_self\">Kontornu 2026: Dan\u00e7a,<\/a><\/p>\n\t\t\t\t\t\t\t<i class=\"fa fa-clock-o\"><\/i>\n\t\t\t\t\t\t\t\t\t\t\t\t\t\t\t<span class=\"day\">ter, 28 abr, 2026<\/span>\n\t\t\t\t\t\t\t\t\t\t\t\t\t<\/div><!-- \/.post-content -->                                 \n\t\t\t\t\t<\/div><!-- \/.small-gallery -->\n\t\t\t\t\t\t\t\t\t<div class=\"small-gallery\">\n\t\t\t\t\t\t<a href=\"https:\/\/tva.cv\/index.php\/2026\/04\/28\/arte-que-denuncia-sueline-furtado-leva-o-lixo-ao-palco-do-kontornu\/\" target=\"_self\">\n\t\t\t\t\t\t\t<img width=\"108\" height=\"108\" src=\"https:\/\/tva.cv\/wp-content\/uploads\/2026\/04\/Festival-Kontornu-peca-2.00_00_04_02.Still001-108x108.png\" class=\"img-responsive wp-post-image\" alt=\"\" loading=\"lazy\" srcset=\"https:\/\/tva.cv\/wp-content\/uploads\/2026\/04\/Festival-Kontornu-peca-2.00_00_04_02.Still001-108x108.png 108w, https:\/\/tva.cv\/wp-content\/uploads\/2026\/04\/Festival-Kontornu-peca-2.00_00_04_02.Still001-150x150.png 150w\" sizes=\"(max-width: 108px) 100vw, 108px\" \/>\t\t\t\t\t\t<\/a>\n\t\t\t\t\t\t<div class=\"post-content\">\n\t\t\t\t\t\t\t\t\t\t\t\t\t\t\t\t\t\t\t<a href=\"https:\/\/tva.cv\/index.php\/tag\/destaque\/\" target=\"_self\">\n\t\t\t\t\t\t\t\t\t\t\t\t\tDestaque\t\t\t\t\t\t\t\t\t\t\t\t<\/a>\n\t\t\t\t\t\t\t\t\t\t\t\t\t\t\t\t\t\t\n\t\t\t\t\t\t\t<p><a href=\"https:\/\/tva.cv\/index.php\/2026\/04\/28\/arte-que-denuncia-sueline-furtado-leva-o-lixo-ao-palco-do-kontornu\/\" target=\"_self\">Arte que denuncia:<\/a><\/p>\n\t\t\t\t\t\t\t<i class=\"fa fa-clock-o\"><\/i>\n\t\t\t\t\t\t\t\t\t\t\t\t\t\t\t<span class=\"day\">ter, 28 abr, 2026<\/span>\n\t\t\t\t\t\t\t\t\t\t\t\t\t<\/div><!-- \/.post-content -->                                 \n\t\t\t\t\t<\/div><!-- \/.small-gallery -->\n\t\t\t\t\t\t\t\t\t<div class=\"small-gallery\">\n\t\t\t\t\t\t<a href=\"https:\/\/tva.cv\/index.php\/2026\/04\/28\/kontornu-entre-prevencao-social-e-cruzamento-de-culturas\/\" target=\"_self\">\n\t\t\t\t\t\t\t<img width=\"108\" height=\"108\" src=\"https:\/\/tva.cv\/wp-content\/uploads\/2026\/04\/festival-kontornu-peca-3.00_00_05_15.Still001-108x108.png\" class=\"img-responsive wp-post-image\" alt=\"\" loading=\"lazy\" srcset=\"https:\/\/tva.cv\/wp-content\/uploads\/2026\/04\/festival-kontornu-peca-3.00_00_05_15.Still001-108x108.png 108w, https:\/\/tva.cv\/wp-content\/uploads\/2026\/04\/festival-kontornu-peca-3.00_00_05_15.Still001-150x150.png 150w\" sizes=\"(max-width: 108px) 100vw, 108px\" \/>\t\t\t\t\t\t<\/a>\n\t\t\t\t\t\t<div class=\"post-content\">\n\t\t\t\t\t\t\t\t\t\t\t\t\t\t\t\t\t\t\t<a href=\"https:\/\/tva.cv\/index.php\/tag\/destaque\/\" target=\"_self\">\n\t\t\t\t\t\t\t\t\t\t\t\t\tDestaque\t\t\t\t\t\t\t\t\t\t\t\t<\/a>\n\t\t\t\t\t\t\t\t\t\t\t\t\t\t\t\t\t\t\n\t\t\t\t\t\t\t<p><a href=\"https:\/\/tva.cv\/index.php\/2026\/04\/28\/kontornu-entre-prevencao-social-e-cruzamento-de-culturas\/\" target=\"_self\">Kontornu: Entre preven\u00e7\u00e3o<\/a><\/p>\n\t\t\t\t\t\t\t<i class=\"fa fa-clock-o\"><\/i>\n\t\t\t\t\t\t\t\t\t\t\t\t\t\t\t<span class=\"day\">ter, 28 abr, 2026<\/span>\n\t\t\t\t\t\t\t\t\t\t\t\t\t<\/div><!-- \/.post-content -->                                 \n\t\t\t\t\t<\/div><!-- \/.small-gallery -->\n\t\t\t\t\t\t\t\t\t<div class=\"small-gallery\">\n\t\t\t\t\t\t<a href=\"https:\/\/tva.cv\/index.php\/2026\/04\/28\/cedeao-apresenta-visao-2050-na-praia-com-apelo-a-integracao-e-cooperacao-regional\/\" target=\"_self\">\n\t\t\t\t\t\t\t<img width=\"108\" height=\"108\" src=\"https:\/\/tva.cv\/wp-content\/uploads\/2026\/04\/CEDEAO-apresenta-Visao-2050-na-Praia-com-apelo-a-integracao-e-cooperacao-regional.00_00_07_03.Still001-108x108.png\" class=\"img-responsive wp-post-image\" alt=\"\" loading=\"lazy\" srcset=\"https:\/\/tva.cv\/wp-content\/uploads\/2026\/04\/CEDEAO-apresenta-Visao-2050-na-Praia-com-apelo-a-integracao-e-cooperacao-regional.00_00_07_03.Still001-108x108.png 108w, https:\/\/tva.cv\/wp-content\/uploads\/2026\/04\/CEDEAO-apresenta-Visao-2050-na-Praia-com-apelo-a-integracao-e-cooperacao-regional.00_00_07_03.Still001-150x150.png 150w\" sizes=\"(max-width: 108px) 100vw, 108px\" \/>\t\t\t\t\t\t<\/a>\n\t\t\t\t\t\t<div class=\"post-content\">\n\t\t\t\t\t\t\t\t\t\t\t\t\t\t\t\t\t\t\t<a href=\"https:\/\/tva.cv\/index.php\/tag\/destaque\/\" target=\"_self\">\n\t\t\t\t\t\t\t\t\t\t\t\t\tDestaque\t\t\t\t\t\t\t\t\t\t\t\t<\/a>\n\t\t\t\t\t\t\t\t\t\t\t\t\t\t\t\t\t\t\n\t\t\t\t\t\t\t<p><a href=\"https:\/\/tva.cv\/index.php\/2026\/04\/28\/cedeao-apresenta-visao-2050-na-praia-com-apelo-a-integracao-e-cooperacao-regional\/\" target=\"_self\">CEDEAO apresenta Vis\u00e3o<\/a><\/p>\n\t\t\t\t\t\t\t<i class=\"fa fa-clock-o\"><\/i>\n\t\t\t\t\t\t\t\t\t\t\t\t\t\t\t<span class=\"day\">ter, 28 abr, 2026<\/span>\n\t\t\t\t\t\t\t\t\t\t\t\t\t<\/div><!-- \/.post-content -->                                 \n\t\t\t\t\t<\/div><!-- \/.small-gallery -->\n\t\t\t\t\t\t\t\t\t<div class=\"small-gallery\">\n\t\t\t\t\t\t<a href=\"https:\/\/tva.cv\/index.php\/2026\/04\/24\/suspeito-de-furto-na-boa-vista-fica-em-prisao-preventiva\/\" target=\"_self\">\n\t\t\t\t\t\t\t<img width=\"108\" height=\"108\" src=\"https:\/\/tva.cv\/wp-content\/uploads\/2026\/04\/Suspeito-de-furto-na-Boa-Vista-fica-em-prisao-preventiva.00_00_00_24.Still001-108x108.png\" class=\"img-responsive wp-post-image\" alt=\"\" loading=\"lazy\" srcset=\"https:\/\/tva.cv\/wp-content\/uploads\/2026\/04\/Suspeito-de-furto-na-Boa-Vista-fica-em-prisao-preventiva.00_00_00_24.Still001-108x108.png 108w, https:\/\/tva.cv\/wp-content\/uploads\/2026\/04\/Suspeito-de-furto-na-Boa-Vista-fica-em-prisao-preventiva.00_00_00_24.Still001-150x150.png 150w\" sizes=\"(max-width: 108px) 100vw, 108px\" \/>\t\t\t\t\t\t<\/a>\n\t\t\t\t\t\t<div class=\"post-content\">\n\t\t\t\t\t\t\t\t\t\t\t\t\t\t\t\t\t\t\t<a href=\"https:\/\/tva.cv\/index.php\/tag\/destaque\/\" target=\"_self\">\n\t\t\t\t\t\t\t\t\t\t\t\t\tDestaque\t\t\t\t\t\t\t\t\t\t\t\t<\/a>\n\t\t\t\t\t\t\t\t\t\t\t\t\t\t\t\t\t\t\n\t\t\t\t\t\t\t<p><a href=\"https:\/\/tva.cv\/index.php\/2026\/04\/24\/suspeito-de-furto-na-boa-vista-fica-em-prisao-preventiva\/\" target=\"_self\">Suspeito de furto<\/a><\/p>\n\t\t\t\t\t\t\t<i class=\"fa fa-clock-o\"><\/i>\n\t\t\t\t\t\t\t\t\t\t\t\t\t\t\t<span class=\"day\">sex, 24 abr, 2026<\/span>\n\t\t\t\t\t\t\t\t\t\t\t\t\t<\/div><!-- \/.post-content -->                                 \n\t\t\t\t\t<\/div><!-- \/.small-gallery -->\n\t\t\t\t\t\t\t\t\t<div class=\"small-gallery\">\n\t\t\t\t\t\t<a href=\"https:\/\/tva.cv\/index.php\/2026\/04\/24\/episodio-4-china-em-foco\/\" target=\"_self\">\n\t\t\t\t\t\t\t<img width=\"108\" height=\"108\" src=\"https:\/\/tva.cv\/wp-content\/uploads\/2026\/04\/China-em-Foco-Ep.4.00_00_00_00.Still001-108x108.png\" class=\"img-responsive wp-post-image\" alt=\"\" loading=\"lazy\" srcset=\"https:\/\/tva.cv\/wp-content\/uploads\/2026\/04\/China-em-Foco-Ep.4.00_00_00_00.Still001-108x108.png 108w, https:\/\/tva.cv\/wp-content\/uploads\/2026\/04\/China-em-Foco-Ep.4.00_00_00_00.Still001-150x150.png 150w\" sizes=\"(max-width: 108px) 100vw, 108px\" \/>\t\t\t\t\t\t<\/a>\n\t\t\t\t\t\t<div class=\"post-content\">\n\t\t\t\t\t\t\t\t\t\t\t\t\t\t\t\t\t\t\t<a href=\"https:\/\/tva.cv\/index.php\/tag\/destaque\/\" target=\"_self\">\n\t\t\t\t\t\t\t\t\t\t\t\t\tDestaque\t\t\t\t\t\t\t\t\t\t\t\t<\/a>\n\t\t\t\t\t\t\t\t\t\t\t\t\t\t\t\t\t\t\n\t\t\t\t\t\t\t<p><a href=\"https:\/\/tva.cv\/index.php\/2026\/04\/24\/episodio-4-china-em-foco\/\" target=\"_self\">Epis\u00f3dio 4: China<\/a><\/p>\n\t\t\t\t\t\t\t<i class=\"fa fa-clock-o\"><\/i>\n\t\t\t\t\t\t\t\t\t\t\t\t\t\t\t<span class=\"day\">sex, 24 abr, 2026<\/span>\n\t\t\t\t\t\t\t\t\t\t\t\t\t<\/div><!-- \/.post-content -->                                 \n\t\t\t\t\t<\/div><!-- \/.small-gallery -->\n\t\t\t\t\t\t\t\t\t<div class=\"small-gallery\">\n\t\t\t\t\t\t<a href=\"https:\/\/tva.cv\/index.php\/2026\/04\/23\/sindicatos-dos-professores-dividem-dia-entre-celebracao-e-criticas-ao-novo-pcfr\/\" target=\"_self\">\n\t\t\t\t\t\t\t<img width=\"108\" height=\"108\" src=\"https:\/\/tva.cv\/wp-content\/uploads\/2026\/04\/Dia-dos-Professores-Cabo-verdianos.00_02_28_11.Still001-108x108.png\" class=\"img-responsive wp-post-image\" alt=\"\" loading=\"lazy\" srcset=\"https:\/\/tva.cv\/wp-content\/uploads\/2026\/04\/Dia-dos-Professores-Cabo-verdianos.00_02_28_11.Still001-108x108.png 108w, https:\/\/tva.cv\/wp-content\/uploads\/2026\/04\/Dia-dos-Professores-Cabo-verdianos.00_02_28_11.Still001-150x150.png 150w\" sizes=\"(max-width: 108px) 100vw, 108px\" \/>\t\t\t\t\t\t<\/a>\n\t\t\t\t\t\t<div class=\"post-content\">\n\t\t\t\t\t\t\t\t\t\t\t\t\t\t\t\t\t\t\t<a href=\"https:\/\/tva.cv\/index.php\/tag\/destaque\/\" target=\"_self\">\n\t\t\t\t\t\t\t\t\t\t\t\t\tDestaque\t\t\t\t\t\t\t\t\t\t\t\t<\/a>\n\t\t\t\t\t\t\t\t\t\t\t\t\t\t\t\t\t\t\n\t\t\t\t\t\t\t<p><a href=\"https:\/\/tva.cv\/index.php\/2026\/04\/23\/sindicatos-dos-professores-dividem-dia-entre-celebracao-e-criticas-ao-novo-pcfr\/\" target=\"_self\">Sindicatos dos professores<\/a><\/p>\n\t\t\t\t\t\t\t<i class=\"fa fa-clock-o\"><\/i>\n\t\t\t\t\t\t\t\t\t\t\t\t\t\t\t<span class=\"day\">qui, 23 abr, 2026<\/span>\n\t\t\t\t\t\t\t\t\t\t\t\t\t<\/div><!-- \/.post-content -->                                 \n\t\t\t\t\t<\/div><!-- \/.small-gallery -->\n\t\t\t\t\t\t\t<\/div><!-- \/.small-gallery-slider -->\n\t\t<\/div>\n\t\t\t\t<div class=\"ad-wrapper \">\n\t\t\t\t\t\t<div class=\"ad-place\">\n\t\t\t\t<a href='#'><img class='ad-image' src='https:\/\/tva.cv\/wp-content\/uploads\/2018\/07\/ad_1248x100.jpg' alt=''><\/a>                                    \n\t\t\t<\/div><!-- \/.sidebar-ad-place -->\n\t\t<\/div>\t\n\t\t[\/vc_column][\/vc_row]<\/p>\n","protected":false},"excerpt":{"rendered":"<p>[vc_row][vc_column][\/vc_column][\/vc_row][vc_row full_width=&#8221;stretch_row&#8221; equal_height=&#8221;yes&#8221; css=&#8221;.vc_custom_1510004686228{background-color: #fcfcfc !important;}&#8221;][vc_column width=&#8221;1\/2&#8243; offset=&#8221;vc_col-lg-4 vc_col-md-6&#8243;][\/vc_column][vc_column width=&#8221;1\/2&#8243; offset=&#8221;vc_col-lg-4 vc_col-md-6&#8243; css=&#8221;.vc_custom_1519622229031{margin-bottom: -30px !important;}&#8221;][\/vc_column][vc_column offset=&#8221;vc_col-lg-4&#8243;][\/vc_column][\/vc_row][vc_row full_width=&#8221;stretch_row&#8221; css=&#8221;.vc_custom_1516164565903{background-color: #ececed !important;}&#8221;][vc_column css=&#8221;.vc_custom_1516164620823{margin-bottom: -35px !important;}&#8221;][\/vc_column][\/vc_row][vc_row full_width=&#8221;stretch_row&#8221; el_class=&#8221;visible&#8221; css=&#8221;.vc_custom_1510217656807{background-color: #ececed !important;}&#8221;][vc_column offset=&#8221;vc_col-lg-8 vc_col-md-12&#8243; el_class=&#8221;sticky-module&#8221;][\/vc_column][vc_column offset=&#8221;vc_col-lg-4 vc_col-md-12&#8243;][\/vc_column][\/vc_row][vc_row full_width=&#8221;stretch_row&#8221; css=&#8221;.vc_custom_1520328791032{background-color: #ececed !important;}&#8221;][vc_column css=&#8221;.vc_custom_1520328812770{margin-top: -35px !important;}&#8221;][\/vc_column][\/vc_row][vc_row full_width=&#8221;stretch_row&#8221; el_class=&#8221;module dark vc_padding_t-0&#8243; css=&#8221;.vc_custom_1519589653949{padding-top: 0px !important;padding-bottom: 0px !important;background-color: #000000 !important;}&#8221;][vc_column css=&#8221;.vc_custom_1505459972318{padding-top: 0px !important;}&#8221;][\/vc_column][\/vc_row][vc_row full_width=&#8221;stretch_row&#8221; el_class=&#8221;visible&#8221; css=&#8221;.vc_custom_1519637623563{margin-bottom: -10px !important;background-color: #ececed !important;}&#8221;][vc_column width=&#8221;2\/3&#8243; offset=&#8221;vc_col-lg-8 vc_col-md-12&#8243; css=&#8221;.vc_custom_1510217787558{padding-top: 35px !important;}&#8221; el_class=&#8221;sticky-module&#8221;][\/vc_column][vc_column css=&#8221;.vc_custom_1519637615079{padding-top: 35px !important;}&#8221; offset=&#8221;vc_col-lg-4&#8243; el_class=&#8221;sticky-module&#8221;][\/vc_column][\/vc_row][vc_row full_width=&#8221;stretch_row&#8221; css=&#8221;.vc_custom_1519589840436{background-color: #ececed !important;}&#8221;][vc_column css=&#8221;.vc_custom_1519589830988{margin-top: -35px !important;}&#8221;][\/vc_column][\/vc_row][vc_row full_width=&#8221;stretch_row_content_no_spaces&#8221; el_class=&#8221;vc_padding_t-0&#8243;][vc_column css=&#8221;.vc_custom_1519637483314{margin-top: -35px !important;}&#8221;][\/vc_column][\/vc_row][vc_row full_width=&#8221;stretch_row&#8221; css=&#8221;.vc_custom_1494231479385{margin-bottom: 0px !important;}&#8221;][vc_column][\/vc_column][\/vc_row][vc_row full_width=&#8221;stretch_row&#8221; el_class=&#8221;visible&#8221; css=&#8221;.vc_custom_1510217713224{background-color: #ececed !important;}&#8221;][vc_column offset=&#8221;vc_col-lg-8 vc_col-md-12&#8243; el_class=&#8221;sticky-module&#8221;][\/vc_column][vc_column offset=&#8221;vc_col-lg-4 vc_col-md-12&#8243; css=&#8221;.vc_custom_1518930860972{margin-bottom: [&hellip;]<\/p>\n","protected":false},"author":1,"featured_media":0,"parent":81,"menu_order":0,"comment_status":"closed","ping_status":"closed","template":"template-parts\/front-page.php","meta":{"om_disable_all_campaigns":false,"_monsterinsights_skip_tracking":false,"_monsterinsights_sitenote_active":false,"_monsterinsights_sitenote_note":"","_monsterinsights_sitenote_category":0},"aioseo_notices":[],"_links":{"self":[{"href":"https:\/\/tva.cv\/index.php\/wp-json\/wp\/v2\/pages\/2013"}],"collection":[{"href":"https:\/\/tva.cv\/index.php\/wp-json\/wp\/v2\/pages"}],"about":[{"href":"https:\/\/tva.cv\/index.php\/wp-json\/wp\/v2\/types\/page"}],"author":[{"embeddable":true,"href":"https:\/\/tva.cv\/index.php\/wp-json\/wp\/v2\/users\/1"}],"replies":[{"embeddable":true,"href":"https:\/\/tva.cv\/index.php\/wp-json\/wp\/v2\/comments?post=2013"}],"version-history":[{"count":1,"href":"https:\/\/tva.cv\/index.php\/wp-json\/wp\/v2\/pages\/2013\/revisions"}],"predecessor-version":[{"id":35791,"href":"https:\/\/tva.cv\/index.php\/wp-json\/wp\/v2\/pages\/2013\/revisions\/35791"}],"up":[{"embeddable":true,"href":"https:\/\/tva.cv\/index.php\/wp-json\/wp\/v2\/pages\/81"}],"wp:attachment":[{"href":"https:\/\/tva.cv\/index.php\/wp-json\/wp\/v2\/media?parent=2013"}],"curies":[{"name":"wp","href":"https:\/\/api.w.org\/{rel}","templated":true}]}}